{"id":5102,"date":"2021-05-12T21:42:40","date_gmt":"2021-05-13T00:42:40","guid":{"rendered":"https:\/\/webjornalismo.unicap.br\/sexualidade\/?page_id=5102"},"modified":"2021-06-09T16:22:21","modified_gmt":"2021-06-09T19:22:21","slug":"alem-da-deficiencia","status":"publish","type":"page","link":"https:\/\/webjornalismo.unicap.br\/sexualidade\/alem-da-deficiencia\/","title":{"rendered":"Al\u00e9m da defici\u00eancia"},"content":{"rendered":"<p>[et_pb_section fb_built=&#8221;1&#8243; _builder_version=&#8221;4.9.4&#8243; _module_preset=&#8221;default&#8221; use_background_color_gradient=&#8221;on&#8221; background_color_gradient_start=&#8221;rgba(0,0,0,0.8)&#8221; background_color_gradient_end=&#8221;rgba(0,0,0,0.7)&#8221; background_color_gradient_overlays_image=&#8221;on&#8221; background_image=&#8221;https:\/\/webjornalismo.unicap.br\/sexualidade\/wp-content\/uploads\/2021\/05\/WhatsApp-Image-2021-05-16-at-11.46.22-5.jpeg&#8221; custom_padding=&#8221;20vh||20vh||true|false&#8221;][et_pb_row _builder_version=&#8221;4.9.4&#8243; _module_preset=&#8221;default&#8221; width_tablet=&#8221;&#8221; width_phone=&#8221;&#8221; width_last_edited=&#8221;on|desktop&#8221; max_width=&#8221;900px&#8221; module_alignment=&#8221;center&#8221; global_colors_info=&#8221;{}&#8221;][et_pb_column type=&#8221;4_4&#8243; _builder_version=&#8221;4.9.4&#8243; _module_preset=&#8221;default&#8221;][et_pb_text _builder_version=&#8221;4.9.4&#8243; _module_preset=&#8221;default&#8221; header_font=&#8221;|700|||||||&#8221; header_text_align=&#8221;center&#8221; header_text_color=&#8221;#FFFFFF&#8221; header_font_size=&#8221;50px&#8221; header_line_height=&#8221;1.2em&#8221; header_2_font=&#8221;|||on|||||&#8221; header_2_text_align=&#8221;center&#8221; header_2_text_color=&#8221;#e1069c&#8221; header_2_font_size=&#8221;20px&#8221; text_orientation=&#8221;center&#8221; background_layout=&#8221;dark&#8221; locked=&#8221;off&#8221;]<\/p>\n<h2>al\u00e9m da defici\u00eancia<\/h2>\n<h1>Uma luta pelo<br \/>\ndireito de ser m\u00e3e<\/h1>\n<p>[\/et_pb_text][\/et_pb_column][\/et_pb_row][\/et_pb_section][et_pb_section fb_built=&#8221;1&#8243; _builder_version=&#8221;4.9.4&#8243; _module_preset=&#8221;default&#8221; background_color_gradient_direction=&#8221;255deg&#8221; background_image=&#8221;https:\/\/webjornalismo.unicap.br\/sexualidade\/wp-content\/uploads\/2021\/05\/BG.png&#8221; parallax=&#8221;on&#8221; module_alignment=&#8221;center&#8221;][et_pb_row _builder_version=&#8221;4.9.4&#8243; _module_preset=&#8221;default&#8221; width_tablet=&#8221;&#8221; width_phone=&#8221;&#8221; width_last_edited=&#8221;on|desktop&#8221; max_width=&#8221;900px&#8221; module_alignment=&#8221;center&#8221;][et_pb_column type=&#8221;4_4&#8243; _builder_version=&#8221;4.9.4&#8243; _module_preset=&#8221;default&#8221;][et_pb_text _builder_version=&#8221;4.9.4&#8243; _module_preset=&#8221;default&#8221;]Toda mulher tem o direito de escolher viver a maternidade ou n\u00e3o. Por\u00e9m, a mulher com defici\u00eancia \u00e9 questionada sobre a sua capacidade de ser m\u00e3e mais que qualquer outra. Muitas mulheres PCDs ainda escutam que n\u00e3o podem ter filhos por serem consideradas incapazes de viver essa maternidade. Al\u00e9m disso, h\u00e1 um estigma de que toda mulher com defici\u00eancia \u00e9 est\u00e9ril. Esse julgamento acerca da maternidade da mulher PCD traz um peso ainda maior para um momento que deveria ser especial.[\/et_pb_text][\/et_pb_column][\/et_pb_row][et_pb_row column_structure=&#8221;1_3,2_3&#8243; _builder_version=&#8221;4.9.4&#8243; _module_preset=&#8221;default&#8221; width_tablet=&#8221;&#8221; width_phone=&#8221;&#8221; width_last_edited=&#8221;on|desktop&#8221; max_width=&#8221;900px&#8221; module_alignment=&#8221;center&#8221; custom_padding=&#8221;0px||0px|||&#8221;][et_pb_column type=&#8221;1_3&#8243; _builder_version=&#8221;4.9.4&#8243; _module_preset=&#8221;default&#8221;][et_pb_image src=&#8221;https:\/\/webjornalismo.unicap.br\/sexualidade\/wp-content\/uploads\/2021\/06\/WhatsApp-Image-2021-05-29-at-11.04.44-1.jpeg&#8221; alt=&#8221;Mirelly est\u00e1 deitada de bru\u00e7os em uma cama com os p\u00e9s na cabeceira. Junto de seu rosto est\u00e1 seu beb\u00ea usando uma camiseta amarela, cal\u00e7a azul e sapatinhos&#8221; title_text=&#8221;Mirelly est\u00e1 deitada de bru\u00e7os em uma cama com os p\u00e9s na cabeceira. Junto de seu rosto est\u00e1 seu beb\u00ea usando uma camiseta amarela, cal\u00e7a azul e sapatinhos&#8221; _builder_version=&#8221;4.9.4&#8243; _module_preset=&#8221;default&#8221;][\/et_pb_image][\/et_pb_column][et_pb_column type=&#8221;2_3&#8243; _builder_version=&#8221;4.9.4&#8243; _module_preset=&#8221;default&#8221;][et_pb_text _builder_version=&#8221;4.9.4&#8243; _module_preset=&#8221;default&#8221; locked=&#8221;off&#8221;]Tornar-se m\u00e3e para uma mulher com defici\u00eancia tamb\u00e9m \u00e9 um desafio, j\u00e1 que al\u00e9m de adaptar-se \u00e0 maternidade, ela precisa tornar acess\u00edveis os cuidados com o beb\u00ea.  Essa \u00e9 a realidade de Mirelly Botelho, que durante toda a gravidez teve sua capacidade como m\u00e3e questionada por ser uma mulher PCD. Portadora de Agenesia, Mirelly possui apenas uma das m\u00e3os e precisou adaptar-se \u00e0 essa nova realidade.[\/et_pb_text][\/et_pb_column][\/et_pb_row][et_pb_row _builder_version=&#8221;4.9.4&#8243; _module_preset=&#8221;default&#8221; width_tablet=&#8221;&#8221; width_phone=&#8221;&#8221; width_last_edited=&#8221;on|desktop&#8221; max_width=&#8221;900px&#8221; module_alignment=&#8221;center&#8221; global_colors_info=&#8221;{}&#8221;][et_pb_column type=&#8221;4_4&#8243; _builder_version=&#8221;4.9.4&#8243; _module_preset=&#8221;default&#8221;][et_pb_code _builder_version=&#8221;4.9.4&#8243; _module_preset=&#8221;default&#8221;]<iframe loading=\"lazy\" width=\"100%\" height=\"166\" scrolling=\"no\" frameborder=\"no\" allow=\"autoplay\" src=\"https:\/\/w.soundcloud.com\/player\/?url=https%3A\/\/api.soundcloud.com\/tracks\/1057637707&#038;color=%23e1089c&#038;auto_play=false&#038;hide_related=false&#038;show_comments=true&#038;show_user=true&#038;show_reposts=false&#038;show_teaser=true\"><\/iframe><!-- [et_pb_line_break_holder] --><!-- [et_pb_line_break_holder] --><\/p>\n<div style=\"font-size: 10px; color: #cccccc;line-break: anywhere;word-break: normal;overflow: hidden;white-space: nowrap;text-overflow: ellipsis; font-family: Interstate,Lucida Grande,Lucida Sans Unicode,Lucida Sans,Garuda,Verdana,Tahoma,sans-serif;font-weight: 100;\"><a href=\"https:\/\/webjornalismo.unicap.br\/sexualidade\/wp-content\/uploads\/2021\/05\/transcricao_mirelly.txt\" title=\"Transcri\u00e7\u00e3o\" target=\"_blank\" style=\"color: #666666; text-decoration: none;\" rel=\"noopener\"> VER TRANSCRI\u00c7\u00c3O (.txt)<\/a><\/div>\n<p>[\/et_pb_code][\/et_pb_column][\/et_pb_row][et_pb_row _builder_version=&#8221;4.9.4&#8243; _module_preset=&#8221;default&#8221; width_tablet=&#8221;&#8221; width_phone=&#8221;&#8221; width_last_edited=&#8221;on|desktop&#8221; max_width=&#8221;900px&#8221; module_alignment=&#8221;center&#8221;][et_pb_column type=&#8221;4_4&#8243; _builder_version=&#8221;4.9.4&#8243; _module_preset=&#8221;default&#8221;][et_pb_text _builder_version=&#8221;4.9.4&#8243; _module_preset=&#8221;default&#8221;]<\/p>\n<p>M\u00edsia Gouveia tamb\u00e9m \u00e9 m\u00e3e com defici\u00eancia e teve que se adaptar \u00e0 maternidade. Portadora de paralisia cerebral, ela desde muito nova utiliza a cadeira de rodas para a sua locomo\u00e7\u00e3o e no aux\u00edlio \u00e0 cria\u00e7\u00e3o e desenvolvimento de seu filho, de 10 anos. Para ela, a defici\u00eancia n\u00e3o limita o amor e o cuidado, por\u00e9m muitos duvidaram de que ela fosse capaz de proteger e zelar pela crian\u00e7a. \u201cO amor que tenho pelo meu filho vai al\u00e9m das minhas limita\u00e7\u00f5es, pois \u00e9 ele que faz com que nada me impe\u00e7a de viver a maternidade. Al\u00e9m disso, a maternidade faz com que eu prove a todos o quanto eu sou capaz, independente do que pensem de mim,\u201d dispara.<\/p>\n<p>No Brasil, n\u00e3o existe nenhuma pol\u00edtica p\u00fablica direcionada \u00e0s mulheres com defici\u00eancia. Desta forma, o grupo feminino PCD ainda continua em extrema invisibilidade social, principalmente no \u00e2mbito da sa\u00fade. O sistema \u00danico de Sa\u00fade n\u00e3o oferece suporte adequado para conduzir essas mulheres a uma obstetr\u00edcia acess\u00edvel, j\u00e1 que os hospitais n\u00e3o possuem uma acessibilidade adequada para exames preventivos e obst\u00e9tricos. Al\u00e9m disso, existe o mito de que mulheres com defici\u00eancia n\u00e3o possuem uma vida sexualmente ativa.<\/p>\n<p>De acordo com Ana Luiza (n\u00e3o identificada), seu maior constrangimento como mulher PCD foi ao tentar fazer o exame de preven\u00e7\u00e3o. \u201cN\u00e3o pude fazer o preventivo porque, de acordo com a enfermeira, eu era virgem, s\u00f3 de olhar para minha defici\u00eancia f\u00edsica. Para ela, estar em uma cadeira de rodas me desclassificava de fazer o exame, j\u00e1 que fui taxada como assexuada. Fiquei em choque, por ter a minha sexualidade questionada na frente de todos,\u201d relata.<\/p>\n<p>Os hospitais p\u00fablicos tentam adaptar-se \u00e0 realidade dessas mulheres, mas barreiras como: estrutura f\u00edsica, que muitas vezes s\u00e3o antigas, e a falta de verba impossibilitam que os atendimentos sejam adequados. Essa \u00e9 uma das reclama\u00e7\u00f5es feitas pela enfermeira-chefe do Departamento de Reprodu\u00e7\u00e3o Assistida do Hospital\/Maternidade CISAM, Maria Benita Alves da Silva. Para ela, muitas vezes, a falta de recurso e estrutura impossibilita o atendimento, mas \u00e9 imprescind\u00edvel que essas mulheres sejam atendidas. Al\u00e9m disso, Benita tamb\u00e9m considera de extrema import\u00e2ncia para a sa\u00fade da mulher a realiza\u00e7\u00e3o do exame preventivo.<\/p>\n<p>[\/et_pb_text][\/et_pb_column][\/et_pb_row][et_pb_row _builder_version=&#8221;4.9.4&#8243; _module_preset=&#8221;default&#8221; width_tablet=&#8221;&#8221; width_phone=&#8221;&#8221; width_last_edited=&#8221;on|desktop&#8221; max_width=&#8221;900px&#8221; module_alignment=&#8221;center&#8221; global_colors_info=&#8221;{}&#8221;][et_pb_column type=&#8221;4_4&#8243; _builder_version=&#8221;4.9.4&#8243; _module_preset=&#8221;default&#8221;][et_pb_code _builder_version=&#8221;4.9.4&#8243; _module_preset=&#8221;default&#8221; hover_enabled=&#8221;0&#8243; sticky_enabled=&#8221;0&#8243;]<iframe loading=\"lazy\" width=\"100%\" height=\"166\" scrolling=\"no\" frameborder=\"no\" allow=\"autoplay\" src=\"https:\/\/w.soundcloud.com\/player\/?url=https%3A\/\/api.soundcloud.com\/tracks\/1065236155&#038;color=%23e1089c&#038;auto_play=false&#038;hide_related=false&#038;show_comments=true&#038;show_user=true&#038;show_reposts=false&#038;show_teaser=true\"><\/iframe><!-- [et_pb_line_break_holder] --><!-- [et_pb_line_break_holder] --><\/p>\n<div style=\"font-size: 10px; color: #cccccc;line-break: anywhere;word-break: normal;overflow: hidden;white-space: nowrap;text-overflow: ellipsis; font-family: Interstate,Lucida Grande,Lucida Sans Unicode,Lucida Sans,Garuda,Verdana,Tahoma,sans-serif;font-weight: 100;\"><a href=\"https:\/\/webjornalismo.unicap.br\/sexualidade\/wp-content\/uploads\/2021\/05\/transcricao_enfermeira_maria.txt\" title=\"Transcri\u00e7\u00e3o\" target=\"_blank\" style=\"color: #666666; text-decoration: none;\" rel=\"noopener\"> VER TRANSCRI\u00c7\u00c3O (.txt)<\/a><\/div>\n<p>[\/et_pb_code][\/et_pb_column][\/et_pb_row][et_pb_row _builder_version=&#8221;4.9.4&#8243; _module_preset=&#8221;default&#8221; width_tablet=&#8221;&#8221; width_phone=&#8221;&#8221; width_last_edited=&#8221;on|desktop&#8221; max_width=&#8221;900px&#8221; module_alignment=&#8221;center&#8221;][et_pb_column type=&#8221;4_4&#8243; _builder_version=&#8221;4.9.4&#8243; _module_preset=&#8221;default&#8221;][et_pb_text _builder_version=&#8221;4.9.4&#8243; _module_preset=&#8221;default&#8221;]<\/p>\n<p><span style=\"font-size: 18px;\">Poucos s\u00e3o os hospitais que possuem acessibilidade para as mulheres com defici\u00eancia, j\u00e1 que h\u00e1 uma escassez de aparelhos adaptados para exames de mama e de preven\u00e7\u00e3o. Abaixo, voc\u00ea confere alguns hospitais dos bairros do Recife que possuem acessibilidade para mulheres PCDs.<\/span><\/p>\n<p>[\/et_pb_text][\/et_pb_column][\/et_pb_row][et_pb_row _builder_version=&#8221;4.9.4&#8243; _module_preset=&#8221;default&#8221; width_tablet=&#8221;&#8221; width_phone=&#8221;&#8221; width_last_edited=&#8221;on|desktop&#8221; max_width=&#8221;900px&#8221; module_alignment=&#8221;center&#8221;][et_pb_column type=&#8221;4_4&#8243; _builder_version=&#8221;4.9.4&#8243; _module_preset=&#8221;default&#8221;][et_pb_code _builder_version=&#8221;4.9.4&#8243; _module_preset=&#8221;default&#8221;]<iframe loading=\"lazy\" src=\"https:\/\/www.google.com\/maps\/d\/u\/0\/embed?mid=1Qzp1im5K4Lf3uG3onm9QsuEtHDbWYnOz\" width=\"100%\" height=\"480\"><\/iframe>[\/et_pb_code][\/et_pb_column][\/et_pb_row][et_pb_row _builder_version=&#8221;4.9.4&#8243; _module_preset=&#8221;default&#8221; width_tablet=&#8221;&#8221; width_phone=&#8221;&#8221; width_last_edited=&#8221;on|desktop&#8221; max_width=&#8221;900px&#8221; module_alignment=&#8221;center&#8221; global_colors_info=&#8221;{}&#8221;][et_pb_column type=&#8221;4_4&#8243; _builder_version=&#8221;4.9.4&#8243; _module_preset=&#8221;default&#8221;][et_pb_text _builder_version=&#8221;4.9.4&#8243; _module_preset=&#8221;default&#8221;]Mas nem todas as mulheres com defici\u00eancia conseguem realizar o sonho de serem m\u00e3es de forma natural. Algumas s\u00e3o LGBTQIA +. Nesses casos, elas podem recorrem \u00e0 ado\u00e7\u00e3o para realizarem o desejo da maternidade. Contudo, como o Sistema Brasileiro de Ado\u00e7\u00e3o v\u00ea o desejo dessas mulheres?<\/p>\n<p>De acordo com a advogada Vit\u00f3ria Ten\u00f3rio, o Estatuto da Pessoa com Defici\u00eancia,  (LEI N\u00ba 13.146, DE 6 DE JULHO DE 2015, art. 6\u00ba) declara que a referida condi\u00e7\u00e3o n\u00e3o afeta a capacidade civil de algu\u00e9m, ou seja, n\u00e3o impede que possa adotar, ou casar, exercer seus direitos sexuais e reprodutivos, dentre outros aspectos que dizem respeito ao seu exerc\u00edcio civil. Deste modo, a Lei assegura que a mulher com defici\u00eancia acesse o sistema de ado\u00e7\u00e3o. Mas n\u00e3o \u00e9 t\u00e3o f\u00e1cil na pr\u00e1tica. Para ela h\u00e1 um estigma social que atinge as mulheres com defici\u00eancia durante o processo de ado\u00e7\u00e3o. \u201cExiste um desenvolvimento que, socialmente, as mulheres passam para alcan\u00e7ar a condi\u00e7\u00e3o de igualdade perante a sociedade. Entretanto, alguns ju\u00edzes ainda consideram as mulheres com defici\u00eancia incapazes de adotar uma crian\u00e7a devido aos estigmas sociais e por acharem elas incapazes. J\u00e1 tive conhecimento de alguns casos de ado\u00e7\u00e3o que o requerente era uma pessoa com defici\u00eancia e o processo se tornou um pouco mais longo,\u201d explica.<\/p>\n<p>\u00c9 imprescind\u00edvel que essas mulheres tenham autonomia para realizarem seus sonhos na sociedade. Desta forma, \u00e9 necess\u00e1rio repensar a maneira de fazer pol\u00edticas p\u00fablicas para estas mulheres para que elas acessem seus direitos como \u00e9 garantido no sistema jur\u00eddico brasileiro. [\/et_pb_text][\/et_pb_column][\/et_pb_row][et_pb_row _builder_version=&#8221;4.9.4&#8243; _module_preset=&#8221;default&#8221; width_tablet=&#8221;&#8221; width_phone=&#8221;&#8221; width_last_edited=&#8221;on|desktop&#8221; max_width=&#8221;900px&#8221; module_alignment=&#8221;center&#8221; global_colors_info=&#8221;{}&#8221;][et_pb_column type=&#8221;4_4&#8243; _builder_version=&#8221;4.9.4&#8243; _module_preset=&#8221;default&#8221;][et_pb_text _builder_version=&#8221;4.9.4&#8243; _module_preset=&#8221;default&#8221; header_font=&#8221;|700|||||||&#8221; header_text_color=&#8221;#e1049c&#8221;]<\/p>\n<h1>Devotees: mitos e preconceitos<\/h1>\n<p>Para quem nunca ouviu falar, os <em>Devotees<\/em> s\u00e3o pessoas, homens ou mulheres, heterossexuais ou homossexuais que sentem atra\u00e7\u00e3o por pessoas com defici\u00eancia. De acordo com o artigo do Dr. Richard L. Bruno, do Instituto de P\u00f3s-p\u00f3lio do Hospital de <em>Englewood<\/em>, de Nova Jersey, EUA, h\u00e1 relatos de devotees desde 1800. Contudo, foi s\u00f3 a partir do nascimento das redes sociais que eles ganharam espa\u00e7o na sociedade. Essa pr\u00e1tica tornou-se t\u00e3o comum ao ponto de existirem sites de pornografia e relacionamentos voltados apenas para este p\u00fablico.<\/p>\n<p>Muitas pessoas com defici\u00eancia ainda n\u00e3o possuem conhecimento sobre a tem\u00e1tica devotee e quando tomam ci\u00eancia, rejeitam o pensamento de que pessoas consideradas \u201cperfeitas\u201d sentem prazer por algu\u00e9m com defici\u00eancia. Esse \u00e9 o caso de Ana Luiza (n\u00e3o identificada), que ao descobrir sobre o devote\u00edsmo, demorou a aceitar que poderia ser desejada. \u201cPrimeiro, eu pensei que isso fosse mentira da internet, depois me veio o medo do desconhecido, mas, parei para pensar: se n\u00e3o me fizer mal o que me custa tentar? Ent\u00e3o, criei uma conta no aplicativo de relacionamento devotee e conheci v\u00e1rios caras legais e alguns nem tanto assim.\u201d relata.<\/p>\n<p>Existem dois lados da moeda dentro do universo do devote\u00edsmo: os que desejam um relacionamento e sentem-se atra\u00eddos por PCDs e os que querem algo de momento e buscam sem pensar se v\u00e3o machucar a outra pessoa. De acordo com Guilherme Medeiros, participante da rede social Devotee, ele est\u00e1 em busca de um amor al\u00e9m da apar\u00eancia f\u00edsica. \u201cSou um devotee porque gosto de cuidar de pessoas com defici\u00eancia, mas um devotado, como a palavra mesmo diz, \u00e9 ser cuidadoso e amoroso com a pessoa. S\u00f3 me relaciono com mulheres PCDs, mas nunca as destratei. Contudo, conhe\u00e7o devotees que realmente humilham essas mulheres,\u201d. explica.<\/p>\n<p>Desta forma, h\u00e1 devotees que s\u00f3 desejam satisfazer seus fetiches e, em alguns casos, isso pode virar at\u00e9 uma obsess\u00e3o. Nesses epis\u00f3dios, o indiv\u00edduo s\u00f3 procura a defici\u00eancia e esquece a pessoa. Isso torna-se um tipo de relacionamento t\u00f3xico, j\u00e1 que muitos PCDs s\u00e3o humilhados e sofrem abusos psicol\u00f3gicos e sexuais.<\/p>\n<p>Esses tipos de abusos poderiam ser evitados com a educa\u00e7\u00e3o sexual necess\u00e1ria, j\u00e1 que a maioria das mulheres com defici\u00eancia cresce sem o conhecimento b\u00e1sico dos limites de seus pr\u00f3prios corpos. Para a pedagoga Amanda Kerline, meninas com defici\u00eancia s\u00e3o educadas como eternas crian\u00e7as e isso traz um grande preju\u00edzo, j\u00e1 que muitas das vezes elas n\u00e3o conseguem distinguir o que \u00e9 um abuso. Al\u00e9m disso, para ela, a educa\u00e7\u00e3o sexual precisa adequar-se \u00e0s experi\u00eancias psicossociais que cada mulher PCD est\u00e1 inserida.<\/p>\n<p>[\/et_pb_text][\/et_pb_column][\/et_pb_row][et_pb_row _builder_version=&#8221;4.9.4&#8243; _module_preset=&#8221;default&#8221; width_tablet=&#8221;&#8221; width_phone=&#8221;&#8221; width_last_edited=&#8221;on|desktop&#8221; max_width=&#8221;900px&#8221; module_alignment=&#8221;center&#8221; locked=&#8221;off&#8221; global_colors_info=&#8221;{}&#8221;][et_pb_column type=&#8221;4_4&#8243; _builder_version=&#8221;4.9.4&#8243; _module_preset=&#8221;default&#8221;][et_pb_code _builder_version=&#8221;4.9.4&#8243; _module_preset=&#8221;default&#8221;]<iframe loading=\"lazy\" width=\"100%\" height=\"166\" scrolling=\"no\" frameborder=\"no\" allow=\"autoplay\" src=\"https:\/\/w.soundcloud.com\/player\/?url=https%3A\/\/api.soundcloud.com\/tracks\/1057357747&#038;color=%23e1089c&#038;auto_play=false&#038;hide_related=false&#038;show_comments=true&#038;show_user=true&#038;show_reposts=false&#038;show_teaser=true\"><\/iframe><!-- [et_pb_line_break_holder] --><!-- [et_pb_line_break_holder] --><\/p>\n<div style=\"font-size: 10px; color: #cccccc;line-break: anywhere;word-break: normal;overflow: hidden;white-space: nowrap;text-overflow: ellipsis; font-family: Interstate,Lucida Grande,Lucida Sans Unicode,Lucida Sans,Garuda,Verdana,Tahoma,sans-serif;font-weight: 100;\"><a href=\"https:\/\/webjornalismo.unicap.br\/sexualidade\/wp-content\/uploads\/2021\/05\/transcricao_amanda.txt\" title=\"Transcri\u00e7\u00e3o\" target=\"_blank\" style=\"color: #666666; text-decoration: none;\" rel=\"noopener\"> VER TRANSCRI\u00c7\u00c3O (.txt)<\/a><\/div>\n<p>[\/et_pb_code][\/et_pb_column][\/et_pb_row][et_pb_row _builder_version=&#8221;4.9.4&#8243; _module_preset=&#8221;default&#8221; width_tablet=&#8221;&#8221; width_phone=&#8221;&#8221; width_last_edited=&#8221;on|desktop&#8221; max_width=&#8221;900px&#8221; module_alignment=&#8221;center&#8221; global_colors_info=&#8221;{}&#8221;][et_pb_column type=&#8221;4_4&#8243; _builder_version=&#8221;4.9.4&#8243; _module_preset=&#8221;default&#8221;][et_pb_text _builder_version=&#8221;4.9.4&#8243; _module_preset=&#8221;default&#8221;]As mulheres com defici\u00eancia t\u00eam o direito de viver a sua sexualidade, e n\u00e3o precisam se privar de um relacionamento amoroso por medo, mas \u00e9 necess\u00e1rio manter-se cautelosa durante o processo de conhecimento para n\u00e3o ser enganada por pessoas abusivas.[\/et_pb_text][\/et_pb_column][\/et_pb_row][\/et_pb_section]<\/p>\n","protected":false},"excerpt":{"rendered":"<p>al\u00e9m da defici\u00eancia Uma luta pelo direito de ser m\u00e3eToda mulher tem o direito de escolher viver a maternidade ou n\u00e3o. Por\u00e9m, a mulher com defici\u00eancia \u00e9 questionada sobre a sua capacidade de ser m\u00e3e mais que qualquer outra. Muitas mulheres PCDs ainda escutam que n\u00e3o podem ter filhos por serem consideradas incapazes de viver [&hellip;]<\/p>\n","protected":false},"author":1,"featured_media":0,"parent":0,"menu_order":0,"comment_status":"closed","ping_status":"closed","template":"","meta":{"_et_pb_use_builder":"on","_et_pb_old_content":"","_et_gb_content_width":""},"_links":{"self":[{"href":"https:\/\/webjornalismo.unicap.br\/sexualidade\/wp-json\/wp\/v2\/pages\/5102"}],"collection":[{"href":"https:\/\/webjornalismo.unicap.br\/sexualidade\/wp-json\/wp\/v2\/pages"}],"about":[{"href":"https:\/\/webjornalismo.unicap.br\/sexualidade\/wp-json\/wp\/v2\/types\/page"}],"author":[{"embeddable":true,"href":"https:\/\/webjornalismo.unicap.br\/sexualidade\/wp-json\/wp\/v2\/users\/1"}],"replies":[{"embeddable":true,"href":"https:\/\/webjornalismo.unicap.br\/sexualidade\/wp-json\/wp\/v2\/comments?post=5102"}],"version-history":[{"count":13,"href":"https:\/\/webjornalismo.unicap.br\/sexualidade\/wp-json\/wp\/v2\/pages\/5102\/revisions"}],"predecessor-version":[{"id":5490,"href":"https:\/\/webjornalismo.unicap.br\/sexualidade\/wp-json\/wp\/v2\/pages\/5102\/revisions\/5490"}],"wp:attachment":[{"href":"https:\/\/webjornalismo.unicap.br\/sexualidade\/wp-json\/wp\/v2\/media?parent=5102"}],"curies":[{"name":"wp","href":"https:\/\/api.w.org\/{rel}","templated":true}]}}