{"id":5098,"date":"2021-05-12T21:42:14","date_gmt":"2021-05-13T00:42:14","guid":{"rendered":"https:\/\/webjornalismo.unicap.br\/sexualidade\/?page_id=5098"},"modified":"2021-05-31T20:41:57","modified_gmt":"2021-05-31T23:41:57","slug":"diversidade-na-deficiencia","status":"publish","type":"page","link":"https:\/\/webjornalismo.unicap.br\/sexualidade\/diversidade-na-deficiencia\/","title":{"rendered":"Diversidade na defici\u00eancia"},"content":{"rendered":"<p>[et_pb_section fb_built=&#8221;1&#8243; _builder_version=&#8221;4.9.4&#8243; _module_preset=&#8221;default&#8221; use_background_color_gradient=&#8221;on&#8221; background_color_gradient_start=&#8221;rgba(0,0,0,0.8)&#8221; background_color_gradient_end=&#8221;rgba(0,0,0,0.7)&#8221; background_color_gradient_overlays_image=&#8221;on&#8221; background_image=&#8221;https:\/\/webjornalismo.unicap.br\/sexualidade\/wp-content\/uploads\/2021\/05\/WhatsApp-Image-2021-05-16-at-11.46.22-7.jpeg&#8221; custom_padding=&#8221;20vh||20vh||true|false&#8221;][et_pb_row _builder_version=&#8221;4.9.4&#8243; _module_preset=&#8221;default&#8221; width_tablet=&#8221;&#8221; width_phone=&#8221;&#8221; width_last_edited=&#8221;on|desktop&#8221; max_width=&#8221;900px&#8221; module_alignment=&#8221;center&#8221; global_colors_info=&#8221;{}&#8221;][et_pb_column type=&#8221;4_4&#8243; _builder_version=&#8221;4.9.4&#8243; _module_preset=&#8221;default&#8221;][et_pb_text _builder_version=&#8221;4.9.4&#8243; _module_preset=&#8221;default&#8221; header_font=&#8221;|700|||||||&#8221; header_text_align=&#8221;center&#8221; header_text_color=&#8221;#FFFFFF&#8221; header_font_size=&#8221;50px&#8221; header_line_height=&#8221;1.2em&#8221; header_2_font=&#8221;|||on|||||&#8221; header_2_text_align=&#8221;center&#8221; header_2_text_color=&#8221;#e1069c&#8221; header_2_font_size=&#8221;20px&#8221; text_orientation=&#8221;center&#8221; background_layout=&#8221;dark&#8221; locked=&#8221;off&#8221;]<\/p>\n<h2>diversidade na defici\u00eancia<\/h2>\n<h1>Mulher LGBTQIA + com defici\u00eancia: m\u00faltiplos estigmas<\/h1>\n<p>[\/et_pb_text][\/et_pb_column][\/et_pb_row][\/et_pb_section][et_pb_section fb_built=&#8221;1&#8243; _builder_version=&#8221;4.9.4&#8243; _module_preset=&#8221;default&#8221; background_color_gradient_direction=&#8221;255deg&#8221; background_image=&#8221;https:\/\/webjornalismo.unicap.br\/sexualidade\/wp-content\/uploads\/2021\/05\/BG.png&#8221; parallax=&#8221;on&#8221; module_alignment=&#8221;center&#8221;][et_pb_row _builder_version=&#8221;4.9.4&#8243; _module_preset=&#8221;default&#8221; width_tablet=&#8221;&#8221; width_phone=&#8221;&#8221; width_last_edited=&#8221;on|desktop&#8221; max_width=&#8221;900px&#8221; module_alignment=&#8221;center&#8221;][et_pb_column type=&#8221;4_4&#8243; _builder_version=&#8221;4.9.4&#8243; _module_preset=&#8221;default&#8221;][et_pb_text _builder_version=&#8221;4.9.4&#8243; _module_preset=&#8221;default&#8221;]<\/p>\n<p>Pode-se considerar que a representatividade do grupo feminino com defici\u00eancia na cultura LGBTQIA + no Brasil beira a zero, j\u00e1 que este grupo \u00e9 invisibilizado socialmente. Muitos acham que por serem pessoas com defici\u00eancia, estas mulheres n\u00e3o t\u00eam o direito a desfrutarem da sua orienta\u00e7\u00e3o sexual.<\/p>\n<p>In\u00fameras mulheres LGBTQIA + com defici\u00eancia n\u00e3o conseguem revelar sua orienta\u00e7\u00e3o sexual por medo de serem julgadas incapazes, al\u00e9m de n\u00e3o terem o apoio necess\u00e1rio para viverem livremente essa sexualidade. Desta forma, muitas ainda vivem a homossexualidade escondida dos amigos e de familiares. Esse \u00e9 o caso de Daniela (nome fict\u00edcio), que desde os dezesseis anos descobriu ser uma mulher l\u00e9sbica, mas nunca conseguiu revelar a fam\u00edlia. Daniela possui uma defici\u00eancia f\u00edsica cong\u00eanita nos p\u00e9s, que a impossibilita de andar. Para ela, \u00e9 bem mais dificil ser uma mulher homossexual e ter uma deficiencia fisica. \u201cEu sou uma mulher, tenho uma defici\u00eancia e sou l\u00e9sbica. \u00c9 um peso muito grande, socialmente falando, e quando n\u00e3o se tem o apoio da fam\u00edlia torna-se ainda mais complicado. Nunca consegui revelar a minha sexualidade aos meus pais, o que escuto dentro da minha casa j\u00e1 d\u00e1 pra saber que eles n\u00e3o aceitariam ter uma filha com defici\u00eancia LGBTQIA +,\u201d lamenta.<\/p>\n<p>Esse quadro tamb\u00e9m \u00e9 vivido pela estudante de Direito Ravanny Landim. Ela tem uma defici\u00eancia sensorial conhecida como vulvod\u00ednia. Ravanny sofre diariamente de dores cr\u00f4nicas na \u00e1rea p\u00e9lvica e tamb\u00e9m \u00e9 questionada sobre a veracidade da sua defici\u00eancia, al\u00e9m de sofrer o preconceito por ser uma mulher bissexual.<\/p>\n<p>[\/et_pb_text][\/et_pb_column][\/et_pb_row][et_pb_row _builder_version=&#8221;4.9.4&#8243; _module_preset=&#8221;default&#8221; width_tablet=&#8221;&#8221; width_phone=&#8221;&#8221; width_last_edited=&#8221;on|desktop&#8221; max_width=&#8221;900px&#8221; module_alignment=&#8221;center&#8221; global_colors_info=&#8221;{}&#8221;][et_pb_column type=&#8221;4_4&#8243; _builder_version=&#8221;4.9.4&#8243; _module_preset=&#8221;default&#8221;][et_pb_code _builder_version=&#8221;4.9.4&#8243; _module_preset=&#8221;default&#8221; hover_enabled=&#8221;0&#8243; sticky_enabled=&#8221;0&#8243;]<iframe loading=\"lazy\" width=\"100%\" height=\"166\" scrolling=\"no\" frameborder=\"no\" allow=\"autoplay\" src=\"https:\/\/w.soundcloud.com\/player\/?url=https%3A\/\/api.soundcloud.com\/tracks\/1051071091&#038;color=%23e1089c&#038;auto_play=false&#038;hide_related=false&#038;show_comments=true&#038;show_user=true&#038;show_reposts=false&#038;show_teaser=true\"><\/iframe><!-- [et_pb_line_break_holder] --><!-- [et_pb_line_break_holder] --><\/p>\n<div style=\"font-size: 10px; color: #cccccc;line-break: anywhere;word-break: normal;overflow: hidden;white-space: nowrap;text-overflow: ellipsis; font-family: Interstate,Lucida Grande,Lucida Sans Unicode,Lucida Sans,Garuda,Verdana,Tahoma,sans-serif;font-weight: 100;\"><a href=\"https:\/\/webjornalismo.unicap.br\/sexualidade\/wp-content\/uploads\/2021\/05\/transcricao_ravanny.txt\" title=\"Transcri\u00e7\u00e3o\" target=\"_blank\" style=\"color: #666666; text-decoration: none;\" rel=\"noopener\"> VER TRANSCRI\u00c7\u00c3O (.txt)<\/a><\/div>\n<p>[\/et_pb_code][\/et_pb_column][\/et_pb_row][et_pb_row _builder_version=&#8221;4.9.4&#8243; _module_preset=&#8221;default&#8221; width_tablet=&#8221;&#8221; width_phone=&#8221;&#8221; width_last_edited=&#8221;on|desktop&#8221; max_width=&#8221;900px&#8221; module_alignment=&#8221;center&#8221; global_colors_info=&#8221;{}&#8221;][et_pb_column type=&#8221;4_4&#8243; _builder_version=&#8221;4.9.4&#8243; _module_preset=&#8221;default&#8221;][et_pb_text _builder_version=&#8221;4.9.4&#8243; _module_preset=&#8221;default&#8221;]Muitas mulheres PCDs ainda encontram diversas barreiras para assumirem a homosexualidade, principalmente no \u00e2mbito familiar. Ainda existe uma vis\u00e3o limitada de que a sexualidade do grupo feminino com defici\u00eancia exige um padr\u00e3o social a ser seguido. Desse modo, parece ser inaceit\u00e1vel para a sociedade que a mulher com defici\u00eancia tenha o direito \u00e0 liberdade de viver sua sexualidade. Quando uma  mulher PCD assume sua homossexualidade, ela \u00e9, por diversas vezes, questionada. <\/p>\n<p>Esse questionamento foi vivido pela psic\u00f3loga Priscila Siqueira, que desde crian\u00e7a entendia-se como bissexual. Priscila \u00e9 portadora de nanismo e sempre teve sua sexualidade questionada por ser uma mulher com defici\u00eancia. De acordo com ela, sua fam\u00edlia n\u00e3o aceita sua orienta\u00e7\u00e3o sexual, al\u00e9m disso o assunto tornou-se tabu dentro de casa. [\/et_pb_text][\/et_pb_column][\/et_pb_row][et_pb_row _builder_version=&#8221;4.9.4&#8243; _module_preset=&#8221;default&#8221; width_tablet=&#8221;&#8221; width_phone=&#8221;&#8221; width_last_edited=&#8221;on|desktop&#8221; max_width=&#8221;900px&#8221; module_alignment=&#8221;center&#8221; global_colors_info=&#8221;{}&#8221;][et_pb_column type=&#8221;4_4&#8243; _builder_version=&#8221;4.9.4&#8243; _module_preset=&#8221;default&#8221;][et_pb_video src=&#8221;https:\/\/www.youtube.com\/watch?v=4DM-IzncI-Y&#8221; image_src=&#8221;\/\/i.ytimg.com\/vi\/4DM-IzncI-Y\/hqdefault.jpg&#8221; _builder_version=&#8221;4.9.4&#8243; _module_preset=&#8221;default&#8221;][\/et_pb_video][\/et_pb_column][\/et_pb_row][et_pb_row _builder_version=&#8221;4.9.4&#8243; _module_preset=&#8221;default&#8221; width_tablet=&#8221;&#8221; width_phone=&#8221;&#8221; width_last_edited=&#8221;on|desktop&#8221; max_width=&#8221;900px&#8221; module_alignment=&#8221;center&#8221; global_colors_info=&#8221;{}&#8221;][et_pb_column type=&#8221;4_4&#8243; _builder_version=&#8221;4.9.4&#8243; _module_preset=&#8221;default&#8221;][et_pb_text _builder_version=&#8221;4.9.4&#8243; _module_preset=&#8221;default&#8221;]<\/p>\n<p>Existe dentro do grupo feminino com defici\u00eancia uma grande diversidade de corpos LGBTQIA +. Deste modo, tamb\u00e9m h\u00e1 mulheres trans com defici\u00eancia, contudo a grande maioria segue invisibilizada por ser considerada fora dos padr\u00f5es aceit\u00e1veis socialmente.<\/p>\n<p>Raquel da Silva \u00e9 uma mulher trans, surda, que teve sua hist\u00f3ria constru\u00edda atrav\u00e9s de muita luta contra o preconceito e a transfobia. Para ela, ser uma mulher trans com defici\u00eancia \u00e9 ser uma mulher como qualquer outra. Contudo, a sociedade \u00e9 quem a exclui e a distingue. \u201cSou uma mulher trans, surda e nunca me senti menos mulher por ser trans ou uma pessoa com defici\u00eancia. Sou casada h\u00e1 cinco anos e meu esposo tamb\u00e9m \u00e9 surdo. O que sofremos diariamente \u00e9 o preconceito de que n\u00e3o podemos ter um relacionamento por sermos considerados fora do padr\u00e3o social. Mas isso n\u00e3o me abala, tenho a minha fam\u00edlia e sou feliz do meu jeito,&#8221; dispara.<\/p>\n<p>Tha\u00eds tamb\u00e9m \u00e9 uma mulher trans, surda e que luta diariamente pelo direito de ser quem ela \u00e9. Para ela, a transfobia e o preconceito s\u00e3o tristes realidades que marcaram sua vida. \u201cA minha fam\u00edlia me aceitou muito bem. Contudo, a sociedade n\u00e3o nos deixa viver como queremos. Ser uma mulher trans com defici\u00eancia \u00e9 muito dif\u00edcil. Se voc\u00ea n\u00e3o sofrer por ser LGBTQIA +, com certeza, voc\u00ea \u00e9 desvalorizada por ter uma defici\u00eancia. Acham que porque sou surda, n\u00e3o consigo compreender os gestos e olhares transf\u00f3bicos e preconceituosos ao meu respeito. Mas o importante \u00e9 manter-se de cabe\u00e7a erguida,\u201d aposta.<\/p>\n<p>De acordo com a primeira deputada transexual Robeyonc\u00e9 Lima, a luta pela visibilidade do grupo LGBTQIA + com defici\u00eancia deve come\u00e7ar a partir de pol\u00edticas p\u00fablicas que asseguram o direito dessa parcela populacional. \u201c\u00c9 fundamental a acessibilidade para que este grupo tenha mais autonomia social. As Juntas lutam pela cria\u00e7\u00e3o de pol\u00edticas p\u00fablicas para mulheres LGBTQIA +, bem como para pessoas com defici\u00eancia.\u201d relata.<\/p>\n<p>Distante de serem alcan\u00e7adas pelas pol\u00edticas p\u00fablicas, muitas dessas mulheres tamb\u00e9m n\u00e3o se sentem aceitas na sociedade, principalmente nos grupos religiosos. Na contram\u00e3o dos processos excludentes, o movimento crist\u00e3o chamado \u201cIgreja Inclusiva\u201d, nasceu com o intuito de acolher o grupo LGBTQIA+, tamb\u00e9m como qualquer outro grupo exclu\u00eddo pela sociedade. Para a pastora e l\u00edder da igreja inclusiva no Recife, Daniela Rocha, a sexualidade faz parte do ser humano e n\u00e3o deve nunca ser julgada, al\u00e9m de n\u00f3s aceitarmos que existe uma diversidade de corpos na sociedade. No v\u00eddeo abaixo, ela tamb\u00e9m conta sobre o nascimento do movimento crist\u00e3o e sua vis\u00e3o religiosa acerca das mulheres LGBTQIA + com defici\u00eancia.<\/p>\n<p>[\/et_pb_text][\/et_pb_column][\/et_pb_row][et_pb_row _builder_version=&#8221;4.9.4&#8243; _module_preset=&#8221;default&#8221; width_tablet=&#8221;&#8221; width_phone=&#8221;&#8221; width_last_edited=&#8221;on|desktop&#8221; max_width=&#8221;900px&#8221; module_alignment=&#8221;center&#8221; global_colors_info=&#8221;{}&#8221;][et_pb_column type=&#8221;4_4&#8243; _builder_version=&#8221;4.9.4&#8243; _module_preset=&#8221;default&#8221;][et_pb_video src=&#8221;https:\/\/www.youtube.com\/watch?v=gSx8IjAh4Cc&#8221; image_src=&#8221;\/\/i.ytimg.com\/vi\/gSx8IjAh4Cc\/hqdefault.jpg&#8221; _builder_version=&#8221;4.9.4&#8243; _module_preset=&#8221;default&#8221;][\/et_pb_video][\/et_pb_column][\/et_pb_row][et_pb_row _builder_version=&#8221;4.9.4&#8243; _module_preset=&#8221;default&#8221; width_tablet=&#8221;&#8221; width_phone=&#8221;&#8221; width_last_edited=&#8221;on|desktop&#8221; max_width=&#8221;900px&#8221; module_alignment=&#8221;center&#8221; global_colors_info=&#8221;{}&#8221;][et_pb_column type=&#8221;4_4&#8243; _builder_version=&#8221;4.9.4&#8243; _module_preset=&#8221;default&#8221;][et_pb_text _builder_version=&#8221;4.9.4&#8243; _module_preset=&#8221;default&#8221;]<\/p>\n<p>Ainda \u00e9 muito pouco a representatividade das mulheres LGBTQIA+ com defici\u00eancia. Por\u00e9m, ela vem aumentando pouco a pouco. As redes sociais s\u00e3o um lugar de fala para que estas mulheres ganhem destaque social. Muitas utilizam a comunica\u00e7\u00e3o para amplificar a voz e a luta contra a homofobia, a transfobia e o preconceito contra a pessoa com defici\u00eancia. Abaixo, listamos mulheres LGBTQIA + com defici\u00eancia para voc\u00ea acompanhar no Instagram e conhecer mais sobre suas hist\u00f3rias e trajet\u00f3rias.<\/p>\n<p>[\/et_pb_text][et_pb_text _builder_version=&#8221;4.9.4&#8243; _module_preset=&#8221;default&#8221;]<\/p>\n<h3>Oito mulheres LGBTQIA + para voc\u00ea possa seguir!<\/h3>\n<p>[\/et_pb_text][et_pb_code _builder_version=&#8221;4.9.4&#8243; _module_preset=&#8221;default&#8221;]<iframe loading=\"lazy\" width=\"960\" height=\"960\" data-original-width=\"1080\" data-original-height=\"1080\" src=\"https:\/\/www.thinglink.com\/card\/1454081530577027075\" type=\"text\/html\" frameborder=\"0\" webkitallowfullscreen mozallowfullscreen allowfullscreen scrolling=\"no\"><\/iframe><script async src=\"\/\/cdn.thinglink.me\/jse\/responsive.js\"><\/script>[\/et_pb_code][\/et_pb_column][\/et_pb_row][et_pb_row _builder_version=&#8221;4.9.4&#8243; _module_preset=&#8221;default&#8221; width_tablet=&#8221;&#8221; width_phone=&#8221;&#8221; width_last_edited=&#8221;on|desktop&#8221; max_width=&#8221;900px&#8221; module_alignment=&#8221;center&#8221; global_colors_info=&#8221;{}&#8221;][et_pb_column type=&#8221;4_4&#8243; _builder_version=&#8221;4.9.4&#8243; _module_preset=&#8221;default&#8221;][et_pb_text _builder_version=&#8221;4.9.4&#8243; _module_preset=&#8221;default&#8221; header_font=&#8221;|700|||||||&#8221; header_text_color=&#8221;#e1049c&#8221;]<\/p>\n<h1>Uma luta di\u00e1ria pela aceita\u00e7\u00e3o social!<\/h1>\n<p>&nbsp;<br \/>\nAs mulheres s\u00e3o programadas para serem perfeitas aos olhos da sociedade. Desde os cabelos, roupas e at\u00e9 procedimentos est\u00e9ticos invasivos, os grupos femininos s\u00e3o levados a um ideal de perfei\u00e7\u00e3o inating\u00edvel. Essa auto imagem inalcan\u00e7\u00e1vel causa severos dist\u00farbios de imagem ou dismorfia corporal, que \u00e9 um termo utilizado para diferenciar aquilo que a pessoa acredita ser do que ela realmente \u00e9, ou seja, a dismorfia corporal \u00e9 um transtorno psicol\u00f3gico onde a pessoa acredita ter defeitos f\u00edsicos que n\u00e3o possuem ou, ent\u00e3o, possuem em pequenos n\u00edveis, mas acredita serem grandiosos.<\/p>\n<p>Essa \u00e9 a realidade de Isabella (nome fict\u00edcio), que desde muito nova n\u00e3o consegue aceitar o pr\u00f3prio corpo PCD. Bella, relata que nunca conseguiu olhar-se no espelho ou tirar uma foto. \u201cEu n\u00e3o consigo conviver com o meu pr\u00f3prio corpo e com a defici\u00eancia que tenho. Me olhar no espelho e aceitar que tenho uma defici\u00eancia motora e que uso muletas \u00e9 horr\u00edvel, n\u00e3o consigo mudar isso em mim&#8221;, lamenta.<\/p>\n<p>Bella descobriu-se l\u00e9sbica aos 15 anos. Por\u00e9m, sua orienta\u00e7\u00e3o sexual nunca foi revelada \u00e0 fam\u00edlia. \u201cN\u00e3o me sinto confort\u00e1vel em revelar quem eu realmente sou aos meus parentes. Sou uma mulher l\u00e9sbica com defici\u00eancia e meu maior medo \u00e9 n\u00e3o ser aceita pelos meus familiares. Falando como mulher PCD, n\u00e3o me sinto no direito de ter a minha orienta\u00e7\u00e3o sexual revelada&#8221;, finaliza.<\/p>\n<p>Essa \u00e9 a realidade de muitas mulheres LGBTQIA+ com defici\u00eancia, j\u00e1 que a invisibilidade desse grupo acarreta em uma sobrecarga emocional e psicol\u00f3gica. Ser uma mulher com defici\u00eancia LGBTQIA+ carrega em si um sofrimento muito maior em rela\u00e7\u00e3o a aceita\u00e7\u00e3o da auto imagem e da sexualidade. Deste modo, esse grupo \u00e9 triplamente atacado pela sociedade: primeiro por ser mulher, segundo por ser pessoa com defici\u00eancia e terceiro por ser LGBTQIA+.<\/p>\n<p>De acordo com a psic\u00f3loga Elisabeth Lucena Miranda, \u00e9 mais dif\u00edcil para as mulheres com defici\u00eancia assumirem-se homossexuais, j\u00e1 que muitas destas ainda s\u00e3o infantilizadas e objetificadas. No v\u00eddeo a seguir, Elisabeth destaca a import\u00e2ncia da aceita\u00e7\u00e3o da auto imagem e da identidade de g\u00eanero.[\/et_pb_text][\/et_pb_column][\/et_pb_row][et_pb_row _builder_version=&#8221;4.9.4&#8243; _module_preset=&#8221;default&#8221; width_tablet=&#8221;&#8221; width_phone=&#8221;&#8221; width_last_edited=&#8221;on|desktop&#8221; max_width=&#8221;900px&#8221; module_alignment=&#8221;center&#8221; global_colors_info=&#8221;{}&#8221;][et_pb_column type=&#8221;4_4&#8243; _builder_version=&#8221;4.9.4&#8243; _module_preset=&#8221;default&#8221;][et_pb_video src=&#8221;https:\/\/www.youtube.com\/watch?v=zz4GmGmVIek&#8221; image_src=&#8221;\/\/i.ytimg.com\/vi\/zz4GmGmVIek\/hqdefault.jpg&#8221; _builder_version=&#8221;4.9.4&#8243; _module_preset=&#8221;default&#8221;][\/et_pb_video][\/et_pb_column][\/et_pb_row][et_pb_row _builder_version=&#8221;4.9.4&#8243; _module_preset=&#8221;default&#8221; width_tablet=&#8221;&#8221; width_phone=&#8221;&#8221; width_last_edited=&#8221;on|desktop&#8221; max_width=&#8221;900px&#8221; module_alignment=&#8221;center&#8221; global_colors_info=&#8221;{}&#8221;][et_pb_column type=&#8221;4_4&#8243; _builder_version=&#8221;4.9.4&#8243; _module_preset=&#8221;default&#8221;][et_pb_text _builder_version=&#8221;4.9.4&#8243; _module_preset=&#8221;default&#8221;]\u00c9 fundamental aceitar quem somos diante das nossas limita\u00e7\u00f5es, pois o mais importante \u00e9 saber que a beleza est\u00e1 na imperfei\u00e7\u00e3o e na liberdade de escolher o que podemos ser. \u00c9 preciso ressignificar diversos estere\u00f3tipos em rela\u00e7\u00e3o \u00e0s imagens dos corpos femininos, al\u00e9m de aceitar a sexualidade que cada uma tem o direito de ter.[\/et_pb_text][\/et_pb_column][\/et_pb_row][\/et_pb_section]<\/p>\n","protected":false},"excerpt":{"rendered":"<p>diversidade na defici\u00eancia Mulher LGBTQIA + com defici\u00eancia: m\u00faltiplos estigmasPode-se considerar que a representatividade do grupo feminino com defici\u00eancia na cultura LGBTQIA + no Brasil beira a zero, j\u00e1 que este grupo \u00e9 invisibilizado socialmente. Muitos acham que por serem pessoas com defici\u00eancia, estas mulheres n\u00e3o t\u00eam o direito a desfrutarem da sua orienta\u00e7\u00e3o sexual. [&hellip;]<\/p>\n","protected":false},"author":1,"featured_media":0,"parent":0,"menu_order":0,"comment_status":"closed","ping_status":"closed","template":"","meta":{"_et_pb_use_builder":"on","_et_pb_old_content":"","_et_gb_content_width":""},"_links":{"self":[{"href":"https:\/\/webjornalismo.unicap.br\/sexualidade\/wp-json\/wp\/v2\/pages\/5098"}],"collection":[{"href":"https:\/\/webjornalismo.unicap.br\/sexualidade\/wp-json\/wp\/v2\/pages"}],"about":[{"href":"https:\/\/webjornalismo.unicap.br\/sexualidade\/wp-json\/wp\/v2\/types\/page"}],"author":[{"embeddable":true,"href":"https:\/\/webjornalismo.unicap.br\/sexualidade\/wp-json\/wp\/v2\/users\/1"}],"replies":[{"embeddable":true,"href":"https:\/\/webjornalismo.unicap.br\/sexualidade\/wp-json\/wp\/v2\/comments?post=5098"}],"version-history":[{"count":12,"href":"https:\/\/webjornalismo.unicap.br\/sexualidade\/wp-json\/wp\/v2\/pages\/5098\/revisions"}],"predecessor-version":[{"id":5401,"href":"https:\/\/webjornalismo.unicap.br\/sexualidade\/wp-json\/wp\/v2\/pages\/5098\/revisions\/5401"}],"wp:attachment":[{"href":"https:\/\/webjornalismo.unicap.br\/sexualidade\/wp-json\/wp\/v2\/media?parent=5098"}],"curies":[{"name":"wp","href":"https:\/\/api.w.org\/{rel}","templated":true}]}}