{"id":5071,"date":"2021-05-12T01:05:04","date_gmt":"2021-05-12T04:05:04","guid":{"rendered":"https:\/\/webjornalismo.unicap.br\/sexualidade\/?page_id=5071"},"modified":"2021-06-04T12:03:52","modified_gmt":"2021-06-04T15:03:52","slug":"florescer","status":"publish","type":"page","link":"https:\/\/webjornalismo.unicap.br\/sexualidade\/florescer\/","title":{"rendered":"Florescer"},"content":{"rendered":"<p>[et_pb_section fb_built=&#8221;1&#8243; _builder_version=&#8221;4.9.4&#8243; _module_preset=&#8221;default&#8221; use_background_color_gradient=&#8221;on&#8221; background_color_gradient_start=&#8221;rgba(0,0,0,0.8)&#8221; background_color_gradient_end=&#8221;rgba(0,0,0,0.7)&#8221; background_color_gradient_overlays_image=&#8221;on&#8221; background_image=&#8221;https:\/\/webjornalismo.unicap.br\/sexualidade\/wp-content\/uploads\/2021\/05\/tcc-5.jpg&#8221; custom_padding=&#8221;20vh||20vh||true|false&#8221;][et_pb_row _builder_version=&#8221;4.9.4&#8243; _module_preset=&#8221;default&#8221; width_tablet=&#8221;&#8221; width_phone=&#8221;&#8221; width_last_edited=&#8221;on|desktop&#8221; max_width=&#8221;900px&#8221; module_alignment=&#8221;center&#8221; global_colors_info=&#8221;{}&#8221;][et_pb_column type=&#8221;4_4&#8243; _builder_version=&#8221;4.9.4&#8243; _module_preset=&#8221;default&#8221;][et_pb_text _builder_version=&#8221;4.9.4&#8243; _module_preset=&#8221;default&#8221; header_font=&#8221;|700|||||||&#8221; header_text_align=&#8221;center&#8221; header_text_color=&#8221;#FFFFFF&#8221; header_font_size=&#8221;50px&#8221; header_line_height=&#8221;1.2em&#8221; header_2_font=&#8221;|||on|||||&#8221; header_2_text_align=&#8221;center&#8221; header_2_text_color=&#8221;#e1069c&#8221; header_2_font_size=&#8221;20px&#8221; text_orientation=&#8221;center&#8221; background_layout=&#8221;dark&#8221; locked=&#8221;off&#8221;]<\/p>\n<h2>florescer<\/h2>\n<h1>Hist\u00f3ria mal contada da luta pela sobreviv\u00eancia e direitos<\/h1>\n<p>[\/et_pb_text][\/et_pb_column][\/et_pb_row][\/et_pb_section][et_pb_section fb_built=&#8221;1&#8243; _builder_version=&#8221;4.9.4&#8243; _module_preset=&#8221;default&#8221; background_color_gradient_direction=&#8221;227deg&#8221; background_enable_image=&#8221;off&#8221; parallax=&#8221;on&#8221; custom_margin=&#8221;||0px||false|false&#8221; custom_padding=&#8221;0px||0px||false|false&#8221;][et_pb_row _builder_version=&#8221;4.9.4&#8243; _module_preset=&#8221;default&#8221; width=&#8221;100%&#8221; width_tablet=&#8221;&#8221; width_phone=&#8221;&#8221; width_last_edited=&#8221;on|desktop&#8221; max_width=&#8221;2560px&#8221; module_alignment=&#8221;center&#8221; custom_padding=&#8221;0px||0px|||&#8221; global_colors_info=&#8221;{}&#8221;][et_pb_column type=&#8221;4_4&#8243; _builder_version=&#8221;4.9.4&#8243; _module_preset=&#8221;default&#8221;][et_pb_code _builder_version=&#8221;4.9.4&#8243; _module_preset=&#8221;default&#8221;]<iframe src='https:\/\/cdn.knightlab.com\/libs\/timeline3\/latest\/embed\/index.html?source=1nqYVJ13uspAkN3KiCnXCjcczPhyhfLZcLs-2wxG-N4A&#038;font=Default&#038;lang=en&#038;initial_zoom=2&#038;height=650' width='100%' height='650' webkitallowfullscreen mozallowfullscreen allowfullscreen frameborder='0'><\/iframe>[\/et_pb_code][\/et_pb_column][\/et_pb_row][\/et_pb_section][et_pb_section fb_built=&#8221;1&#8243; _builder_version=&#8221;4.9.4&#8243; _module_preset=&#8221;default&#8221; background_color_gradient_direction=&#8221;255deg&#8221; background_image=&#8221;https:\/\/webjornalismo.unicap.br\/sexualidade\/wp-content\/uploads\/2021\/05\/BG.png&#8221; parallax=&#8221;on&#8221; module_alignment=&#8221;center&#8221;][et_pb_row _builder_version=&#8221;4.9.4&#8243; _module_preset=&#8221;default&#8221; width_tablet=&#8221;&#8221; width_phone=&#8221;&#8221; width_last_edited=&#8221;on|desktop&#8221; max_width=&#8221;900px&#8221; module_alignment=&#8221;center&#8221;][et_pb_column type=&#8221;4_4&#8243; _builder_version=&#8221;4.9.4&#8243; _module_preset=&#8221;default&#8221;][et_pb_text _builder_version=&#8221;4.9.4&#8243; _module_preset=&#8221;default&#8221;]N\u00e3o existem relatos exatos sobre a hist\u00f3ria da sexualidade da mulher PCD. O que encontra-se s\u00e3o narrativas separadas entre g\u00eanero, sexualidade e defici\u00eancia.  Essa vis\u00e3o hist\u00f3rica \u00e9 t\u00e3o nebulosa que h\u00e1 uma necessidade de repartir o olhar sobre o assunto, para que entenda-se como e o porqu\u00ea delas serem t\u00e3o esquecidas socialmente. <\/p>\n<p>Primeiro \u00e9 essencial pensar o quanto foi dolorosa a constru\u00e7\u00e3o social das pessoas com defici\u00eancia. De acordo com o professor de Hist\u00f3ria Talmon Trajano, o grupo PCD carrega um peso hist\u00f3rico de enorme rejei\u00e7\u00e3o, sendo julgados por serem quem s\u00e3o, sofrendo diversos estigmas. \u201cA hist\u00f3ria  da pessoa com defici\u00eancia \u00e9 muito recente. Isto se d\u00e1 pelo fato de que no per\u00edodo da Antiguidade os \u00fanicos relatos dessas pessoas na sociedade eram a tentativa de extingui-las cruelmente.  Enquanto os escravos estavam lutando por sua liberdade, a pessoa com defici\u00eancia ainda era assassinada pela pr\u00f3pria fam\u00edlia,\u201d afirma. <\/p>\n<p>Tamb\u00e9m \u00e9 fundamental olhar de perto a hist\u00f3ria da sexualidade da mulher, j\u00e1 que por muito tempo esta era tratada como algo proibido e prom\u00edscuo pela sociedade. De acordo com a historiadora F\u00e1tima Seabra, a constru\u00e7\u00e3o hist\u00f3rica da sexualidade da mulher foi de grande repress\u00e3o e persegui\u00e7\u00e3o social. No v\u00eddeo a seguir,  ela ressalta como eram as dificuldades dos grupos femininos em reivindicarem sua sexualidade, al\u00e9m dos estigmas sociais da \u00e9poca diante das mulheres com defici\u00eancia.[\/et_pb_text][\/et_pb_column][\/et_pb_row][et_pb_row _builder_version=&#8221;4.9.4&#8243; _module_preset=&#8221;default&#8221; width_tablet=&#8221;&#8221; width_phone=&#8221;&#8221; width_last_edited=&#8221;on|desktop&#8221; max_width=&#8221;900px&#8221; module_alignment=&#8221;center&#8221; global_colors_info=&#8221;{}&#8221;][et_pb_column type=&#8221;4_4&#8243; _builder_version=&#8221;4.9.4&#8243; _module_preset=&#8221;default&#8221;][et_pb_video src=&#8221;https:\/\/www.youtube.com\/watch?v=koZcyI_Wm7U&#8221; image_src=&#8221;\/\/i.ytimg.com\/vi\/koZcyI_Wm7U\/hqdefault.jpg&#8221; _builder_version=&#8221;4.9.4&#8243; _module_preset=&#8221;default&#8221;][\/et_pb_video][\/et_pb_column][\/et_pb_row][et_pb_row column_structure=&#8221;2_5,3_5&#8243; _builder_version=&#8221;4.9.4&#8243; _module_preset=&#8221;default&#8221; width_tablet=&#8221;&#8221; width_phone=&#8221;&#8221; width_last_edited=&#8221;on|desktop&#8221; max_width=&#8221;900px&#8221; module_alignment=&#8221;center&#8221; global_colors_info=&#8221;{}&#8221;][et_pb_column type=&#8221;2_5&#8243; _builder_version=&#8221;4.9.4&#8243; _module_preset=&#8221;default&#8221;][et_pb_image src=&#8221;https:\/\/webjornalismo.unicap.br\/sexualidade\/wp-content\/uploads\/2021\/05\/WhatsApp-Image-2021-05-17-at-13.50.50.jpeg&#8221; title_text=&#8221;Foto de Arenilda sentada sorridente em sua cadeira de rodas&#8221; _builder_version=&#8221;4.9.4&#8243; _module_preset=&#8221;default&#8221; hover_enabled=&#8221;0&#8243; alt=&#8221;Foto de Arenilda sentada sorridente em sua cadeira de rodas&#8221; sticky_enabled=&#8221;0&#8243;][\/et_pb_image][\/et_pb_column][et_pb_column type=&#8221;3_5&#8243; _builder_version=&#8221;4.9.4&#8243; _module_preset=&#8221;default&#8221;][et_pb_text _builder_version=&#8221;4.9.4&#8243; _module_preset=&#8221;default&#8221;]De acordo com a pedagoga e especialista em g\u00eanero e defici\u00eancia,  Arenilda Duque da Silva, essa constru\u00e7\u00e3o social ainda conduz o grupo feminino PCD \u00e0 marginaliza\u00e7\u00e3o. Segundo ela, por diversas vezes, este processo exclui a mulher e enxerga apenas a defici\u00eancia de seus corpos.[\/et_pb_text][et_pb_code _builder_version=&#8221;4.9.4&#8243; _module_preset=&#8221;default&#8221;]<iframe loading=\"lazy\" width=\"100%\" height=\"166\" scrolling=\"no\" frameborder=\"no\" allow=\"autoplay\" src=\"https:\/\/w.soundcloud.com\/player\/?url=https%3A\/\/api.soundcloud.com\/tracks\/1047789133&#038;color=%23e1089c&#038;auto_play=false&#038;hide_related=false&#038;show_comments=true&#038;show_user=true&#038;show_reposts=false&#038;show_teaser=true\"><\/iframe><!-- [et_pb_line_break_holder] --><!-- [et_pb_line_break_holder] --><\/p>\n<div style=\"font-size: 10px; color: #cccccc;line-break: anywhere;word-break: normal;overflow: hidden;white-space: nowrap;text-overflow: ellipsis; font-family: Interstate,Lucida Grande,Lucida Sans Unicode,Lucida Sans,Garuda,Verdana,Tahoma,sans-serif;font-weight: 100;\"><a href=\"https:\/\/webjornalismo.unicap.br\/sexualidade\/wp-content\/uploads\/2021\/05\/transcricao_arenilda.txt\" title=\"Transcri\u00e7\u00e3o\" target=\"_blank\" style=\"color: #666666; text-decoration: none;\" rel=\"noopener\"> VER TRANSCRI\u00c7\u00c3O (.txt)<\/a><\/div>\n<p>[\/et_pb_code][\/et_pb_column][\/et_pb_row][et_pb_row _builder_version=&#8221;4.9.4&#8243; _module_preset=&#8221;default&#8221; width_tablet=&#8221;&#8221; width_phone=&#8221;&#8221; width_last_edited=&#8221;on|desktop&#8221; max_width=&#8221;900px&#8221; module_alignment=&#8221;center&#8221; global_colors_info=&#8221;{}&#8221;][et_pb_column type=&#8221;4_4&#8243; _builder_version=&#8221;4.9.4&#8243; _module_preset=&#8221;default&#8221;][et_pb_text _builder_version=&#8221;4.9.4&#8243; _module_preset=&#8221;default&#8221;]Sabe-se que algumas vis\u00f5es hist\u00f3ricas sobre a sexualidade da mulher com defici\u00eancia surgiram a partir dos dogmas religiosos que comandaram durante s\u00e9culos o cen\u00e1rio  social. Com a evolu\u00e7\u00e3o da sociedade, as religi\u00f5es tamb\u00e9m tiveram que adaptar-se a uma nova estrutura. Desta forma, as convic\u00e7\u00f5es  religiosas foram moldadas de acordo com transforma\u00e7\u00f5es sociais. Ao refletir-se sobre esses avan\u00e7os, como est\u00e1 a vis\u00e3o sobre a sexualidade das mulheres com defici\u00eancia nas religi\u00f5es,nos tempos atuais? <\/p>\n<p>No v\u00eddeo a seguir, quatro l\u00edderes religiosos de diferentes doutrinas contam como sua orienta\u00e7\u00e3o religiosa observa o tema:[\/et_pb_text][\/et_pb_column][\/et_pb_row][et_pb_row _builder_version=&#8221;4.9.4&#8243; _module_preset=&#8221;default&#8221; width_tablet=&#8221;&#8221; width_phone=&#8221;&#8221; width_last_edited=&#8221;on|desktop&#8221; max_width=&#8221;900px&#8221; module_alignment=&#8221;center&#8221; global_colors_info=&#8221;{}&#8221;][et_pb_column type=&#8221;4_4&#8243; _builder_version=&#8221;4.9.4&#8243; _module_preset=&#8221;default&#8221;][et_pb_video src=&#8221;https:\/\/www.youtube.com\/watch?v=KGSASugUZfU&#8221; image_src=&#8221;\/\/i.ytimg.com\/vi\/KGSASugUZfU\/hqdefault.jpg&#8221; _builder_version=&#8221;4.9.4&#8243; _module_preset=&#8221;default&#8221;][\/et_pb_video][\/et_pb_column][\/et_pb_row][et_pb_row _builder_version=&#8221;4.9.4&#8243; _module_preset=&#8221;default&#8221; width_tablet=&#8221;&#8221; width_phone=&#8221;&#8221; width_last_edited=&#8221;on|desktop&#8221; max_width=&#8221;900px&#8221; module_alignment=&#8221;center&#8221; global_colors_info=&#8221;{}&#8221;][et_pb_column type=&#8221;4_4&#8243; _builder_version=&#8221;4.9.4&#8243; _module_preset=&#8221;default&#8221;][et_pb_text _builder_version=&#8221;4.9.4&#8243; _module_preset=&#8221;default&#8221; header_font=&#8221;|700|||||||&#8221; header_text_color=&#8221;#e1049c&#8221;]<\/p>\n<h1>Da opress\u00e3o \u00e0 liberdade:<br \/>\nAs batalhas di\u00e1rias pelo direito<br \/>\nao empoderamento sexual.<\/h1>\n<p>&nbsp;<br \/>\nPor muito tempo, sexo e defici\u00eancia eram pautas t\u00e3o distantes que n\u00e3o faziam parte dos debates em torno da mulher com defici\u00eancia. Essa vis\u00e3o simplista est\u00e1 diretamente ligada aos estigmas sociais que as mulheres PCDs encontram em rela\u00e7\u00e3o a sua sexualidade.<\/p>\n<p>Este grupo feminino sofre automaticamente uma dupla discrimina\u00e7\u00e3o social. A primeira por ser mulher e a segunda por ser uma pessoa com defici\u00eancia. Esta vis\u00e3o est\u00e1 relacionada \u00e0s quest\u00f5es de g\u00eanero, que ainda s\u00e3o fatores predominantes na forma\u00e7\u00e3o social do ser humano. Esse cen\u00e1rio sexista em rela\u00e7\u00e3o \u00e0s mulheres PCDs apresenta-se de forma expressiva na popula\u00e7\u00e3o brasileira. De acordo com o IBGE, cerca de 6,4% dos habitantes t\u00eam algum tipo de defici\u00eancia, seja ela: f\u00edsica, auditiva, visual, intelectual ou m\u00faltipla. Por\u00e9m, a grande maioria PCD \u00e9 composta por mulheres que s\u00e3o invisibilizadas e mal representadas.[\/et_pb_text][\/et_pb_column][\/et_pb_row][et_pb_row _builder_version=&#8221;4.9.4&#8243; _module_preset=&#8221;default&#8221; width_tablet=&#8221;&#8221; width_phone=&#8221;&#8221; width_last_edited=&#8221;on|desktop&#8221; max_width=&#8221;900px&#8221; module_alignment=&#8221;center&#8221; global_colors_info=&#8221;{}&#8221;][et_pb_column type=&#8221;4_4&#8243; _builder_version=&#8221;4.9.4&#8243; _module_preset=&#8221;default&#8221;][et_pb_code _builder_version=&#8221;4.9.4&#8243; _module_preset=&#8221;default&#8221;]<\/p>\n<div class=\"infogram-embed\" data-id=\"120f0cce-d900-4b69-a4bf-a5c11fa00163\" data-type=\"interactive\" data-title=\"Timeline Infographic\"><\/div>\n<p><script>!function(e,i,n,s){var t=\"InfogramEmbeds\",d=e.getElementsByTagName(\"script\")[0];if(window[t]&&window[t].initialized)window[t].process&&window[t].process();else if(!e.getElementById(n)){var o=e.createElement(\"script\");o.async=1,o.id=n,o.src=\"https:\/\/e.infogram.com\/js\/dist\/embed-loader-min.js\",d.parentNode.insertBefore(o,d)}}(document,0,\"infogram-async\");<\/script>[\/et_pb_code][\/et_pb_column][\/et_pb_row][et_pb_row _builder_version=&#8221;4.9.4&#8243; _module_preset=&#8221;default&#8221; width_tablet=&#8221;&#8221; width_phone=&#8221;&#8221; width_last_edited=&#8221;on|desktop&#8221; max_width=&#8221;900px&#8221; module_alignment=&#8221;center&#8221; global_colors_info=&#8221;{}&#8221;][et_pb_column type=&#8221;4_4&#8243; _builder_version=&#8221;4.9.4&#8243; _module_preset=&#8221;default&#8221;][et_pb_text _builder_version=&#8221;4.9.4&#8243; _module_preset=&#8221;default&#8221;]Mesmo sendo a maior parte do grupo PCD, as mulheres com defici\u00eancia se sentem exclu\u00eddas e convivem muito mais com o capacitismo do que os homens. Elas s\u00e3o representadas de forma limitada e rotulada, j\u00e1 que a cultura capacitista torna muito mais evidente os estigmas em rela\u00e7\u00e3o ao papel da mulher na sociedade. De acordo com a soci\u00f3loga Vera Borges, os estere\u00f3tipos pr\u00e9 concebidos referentes a mulher est\u00e3o diretamente ligados \u00e0 cultura patriarcalista. No v\u00eddeo abaixo, Vera  tamb\u00e9m reitera a necessidade de um cuidado maior sobre a sexualidade das mulheres PCDs, para que elas n\u00e3o sejam objetificadas pelo machismo.[\/et_pb_text][\/et_pb_column][\/et_pb_row][et_pb_row _builder_version=&#8221;4.9.4&#8243; _module_preset=&#8221;default&#8221; width_tablet=&#8221;&#8221; width_phone=&#8221;&#8221; width_last_edited=&#8221;on|desktop&#8221; max_width=&#8221;900px&#8221; module_alignment=&#8221;center&#8221; global_colors_info=&#8221;{}&#8221;][et_pb_column type=&#8221;4_4&#8243; _builder_version=&#8221;4.9.4&#8243; _module_preset=&#8221;default&#8221;][et_pb_video src=&#8221;https:\/\/www.youtube.com\/watch?v=BxJWJY0gd3E&#8221; image_src=&#8221;\/\/i.ytimg.com\/vi\/BxJWJY0gd3E\/hqdefault.jpg&#8221; _builder_version=&#8221;4.9.4&#8243; _module_preset=&#8221;default&#8221;][\/et_pb_video][\/et_pb_column][\/et_pb_row][et_pb_row _builder_version=&#8221;4.9.4&#8243; _module_preset=&#8221;default&#8221; width_tablet=&#8221;&#8221; width_phone=&#8221;&#8221; width_last_edited=&#8221;on|desktop&#8221; max_width=&#8221;900px&#8221; module_alignment=&#8221;center&#8221; global_colors_info=&#8221;{}&#8221;][et_pb_column type=&#8221;4_4&#8243; _builder_version=&#8221;4.9.4&#8243; _module_preset=&#8221;default&#8221;][et_pb_text _builder_version=&#8221;4.9.4&#8243; _module_preset=&#8221;default&#8221;]A rotula\u00e7\u00e3o capacitista n\u00e3o enxerga que a mulher PCD exala sentimentos, os quais a levam a sonhar, namorar, casar, construir, desconstruir e viver al\u00e9m das suas limita\u00e7\u00f5es. Essa \u00e9 a realidade de Lilian Lima. Diagnosticada com Esclerose Lateral Amiotr\u00f3fica, desde muito nova sente-se rejeitada pela sociedade por ser uma mulher PCD. \u201cSou uma mulher com defici\u00eancia, m\u00e3e, preta e pobre. Os estigmas para mim s\u00e3o m\u00faltiplos. Quando tive meu filho, me disseram que eu n\u00e3o poderia cumprir meu papel de m\u00e3e, pois n\u00e3o conseguiria lavar um prato, fazer o almo\u00e7o ou varrer a casa. Minha maternidade foi reduzida a simples trabalhos dom\u00e9sticos, isso \u00e9 o que o capacitismo faz. Contudo, dei todo o meu amor ao meu filho, independente da minha defici\u00eancia. Sou uma mulher como qualquer outra, com desejos e fetiches, por\u00e9m quando quero me aventurar na minha sexualidade n\u00e3o consigo achar muitos mot\u00e9is acess\u00edveis,\u201d criticou.  <\/p>\n<p>A defici\u00eancia \u00e0s vezes \u00e9 algo inesperado para uma mulher e pode chegar em qualquer fase da vida. Esse novo cen\u00e1rio traz a necessidade de aprender a conviver com limita\u00e7\u00f5es f\u00edsicas, al\u00e9m de ter que suportar um novo olhar da sociedade sobre elas. Reescrever uma nova hist\u00f3ria \u00e9 o que Mirelly Almeida Xavier faz todos os dias depois de receber o diagn\u00f3stico de paraplegia, ap\u00f3s um acidente automotivo. Para Mirelly, as maiores dificuldades enfrentadas depois de tornar-se uma pessoa com defici\u00eancia s\u00e3o os estigmas sociais em rela\u00e7\u00e3o a nova  condi\u00e7\u00e3o f\u00edsica. Ela tamb\u00e9m relata as experi\u00eancias e supera\u00e7\u00f5es depois do final conturbado de seu relacionamento, no v\u00eddeo abaixo: [\/et_pb_text][\/et_pb_column][\/et_pb_row][et_pb_row _builder_version=&#8221;4.9.4&#8243; _module_preset=&#8221;default&#8221; width_tablet=&#8221;&#8221; width_phone=&#8221;&#8221; width_last_edited=&#8221;on|desktop&#8221; max_width=&#8221;900px&#8221; module_alignment=&#8221;center&#8221; global_colors_info=&#8221;{}&#8221;][et_pb_column type=&#8221;4_4&#8243; _builder_version=&#8221;4.9.4&#8243; _module_preset=&#8221;default&#8221;][et_pb_video src=&#8221;https:\/\/www.youtube.com\/watch?v=7zDz8f8pgSI&#8221; image_src=&#8221;\/\/i.ytimg.com\/vi\/7zDz8f8pgSI\/hqdefault.jpg&#8221; _builder_version=&#8221;4.9.4&#8243; _module_preset=&#8221;default&#8221;][\/et_pb_video][\/et_pb_column][\/et_pb_row][et_pb_row _builder_version=&#8221;4.9.4&#8243; _module_preset=&#8221;default&#8221; width_tablet=&#8221;&#8221; width_phone=&#8221;&#8221; width_last_edited=&#8221;on|desktop&#8221; max_width=&#8221;900px&#8221; module_alignment=&#8221;center&#8221; global_colors_info=&#8221;{}&#8221;][et_pb_column type=&#8221;4_4&#8243; _builder_version=&#8221;4.9.4&#8243; _module_preset=&#8221;default&#8221;][et_pb_text _builder_version=&#8221;4.9.4&#8243; _module_preset=&#8221;default&#8221;]Essa tamb\u00e9m \u00e9 a realidade de Josenilda Julia Pereira, que tornou-se uma pessoa com defici\u00eancia ap\u00f3s um Acidente Vascular Cerebral. A hist\u00f3ria de J\u00falia come\u00e7a na Alemanha, quando seu ent\u00e3o marido a abandonou ap\u00f3s ter contra\u00eddo hepatite B. For\u00e7ada a voltar para o Brasil, Julia sofre o primeiro AVC. Mais de dois meses em um hospital e com o lado esquerdo do corpo totalmente paralisado, ela teve que reinventar seu jeito de viver:[\/et_pb_text][\/et_pb_column][\/et_pb_row][et_pb_row _builder_version=&#8221;4.9.4&#8243; _module_preset=&#8221;default&#8221; width_tablet=&#8221;&#8221; width_phone=&#8221;&#8221; width_last_edited=&#8221;on|desktop&#8221; max_width=&#8221;900px&#8221; module_alignment=&#8221;center&#8221; global_colors_info=&#8221;{}&#8221;][et_pb_column type=&#8221;4_4&#8243; _builder_version=&#8221;4.9.4&#8243; _module_preset=&#8221;default&#8221;][et_pb_code _builder_version=&#8221;4.9.4&#8243; _module_preset=&#8221;default&#8221;]<iframe loading=\"lazy\" width=\"100%\" height=\"166\" scrolling=\"no\" frameborder=\"no\" allow=\"autoplay\" src=\"https:\/\/w.soundcloud.com\/player\/?url=https%3A\/\/api.soundcloud.com\/tracks\/1047787375&#038;color=%23e1089c&#038;auto_play=false&#038;hide_related=false&#038;show_comments=true&#038;show_user=true&#038;show_reposts=false&#038;show_teaser=true\"><\/iframe><!-- [et_pb_line_break_holder] --><!-- [et_pb_line_break_holder] --><\/p>\n<div style=\"font-size: 10px; color: #cccccc;line-break: anywhere;word-break: normal;overflow: hidden;white-space: nowrap;text-overflow: ellipsis; font-family: Interstate,Lucida Grande,Lucida Sans Unicode,Lucida Sans,Garuda,Verdana,Tahoma,sans-serif;font-weight: 100;\"><a href=\"https:\/\/webjornalismo.unicap.br\/sexualidade\/wp-content\/uploads\/2021\/05\/transcricao_julia.txt\" title=\"Transcri\u00e7\u00e3o\" target=\"_blank\" style=\"color: #666666; text-decoration: none;\" rel=\"noopener\"> VER TRANSCRI\u00c7\u00c3O (.txt)<\/a><\/div>\n<p>[\/et_pb_code][\/et_pb_column][\/et_pb_row][et_pb_row _builder_version=&#8221;4.9.4&#8243; _module_preset=&#8221;default&#8221; width_tablet=&#8221;&#8221; width_phone=&#8221;&#8221; width_last_edited=&#8221;on|desktop&#8221; max_width=&#8221;900px&#8221; module_alignment=&#8221;center&#8221; global_colors_info=&#8221;{}&#8221;][et_pb_column type=&#8221;4_4&#8243; _builder_version=&#8221;4.9.4&#8243; _module_preset=&#8221;default&#8221;][et_pb_text _builder_version=&#8221;4.9.4&#8243; _module_preset=&#8221;default&#8221; custom_padding=&#8221;||0px|||&#8221;]<\/p>\n<p>Os estigmas em torno das mulheres com defici\u00eancia tamb\u00e9m est\u00e3o presentes no meio art\u00edstico. De acordo com ag\u00eancia Head, a representatividade de pessoas PCDs em comerciais brasileiros n\u00e3o chegou a 0,12% no \u00faltimo ano. Um outro estudo, o Diversity and Social Change Initiative, analisou os 100 principais filmes lan\u00e7ados em 2015 e percebeu que o n\u00famero de personagens com defici\u00eancia foi de apenas 2,4%. J\u00e1 na m\u00fasica, poucas s\u00e3o as artistas com defici\u00eancia que conseguem alcan\u00e7ar alguma representatividade na m\u00eddia. Por\u00e9m, esses n\u00fameros n\u00e3o representam a classe PCD que existe no meio art\u00edstico:<\/p>\n<p>Esse \u00e9 o caso de Amanda Lyra. Mulher PCD, cantora, produtora musical e CEO de uma empresa de publicidade, ela luta em busca do empoderamento e visibilidade das mulheres com defici\u00eancia. No v\u00eddeo abaixo, Amanda relata como \u00e9 ser uma artista com defici\u00eancia, al\u00e9m da trajet\u00f3ria at\u00e9 a sua conquista pelo empoderamento sexual.<\/p>\n<p>[\/et_pb_text][\/et_pb_column][\/et_pb_row][et_pb_row _builder_version=&#8221;4.9.4&#8243; _module_preset=&#8221;default&#8221; width_tablet=&#8221;&#8221; width_phone=&#8221;&#8221; width_last_edited=&#8221;on|desktop&#8221; max_width=&#8221;900px&#8221; module_alignment=&#8221;center&#8221; locked=&#8221;off&#8221; global_colors_info=&#8221;{}&#8221;][et_pb_column type=&#8221;4_4&#8243; _builder_version=&#8221;4.9.4&#8243; _module_preset=&#8221;default&#8221;][et_pb_video src=&#8221;https:\/\/www.youtube.com\/watch?v=GMFzmgVhvKg&#8221; image_src=&#8221;\/\/i.ytimg.com\/vi\/GMFzmgVhvKg\/hqdefault.jpg&#8221; _builder_version=&#8221;4.9.4&#8243; _module_preset=&#8221;default&#8221;][\/et_pb_video][\/et_pb_column][\/et_pb_row][et_pb_row _builder_version=&#8221;4.9.4&#8243; _module_preset=&#8221;default&#8221; width_tablet=&#8221;&#8221; width_phone=&#8221;&#8221; width_last_edited=&#8221;on|desktop&#8221; max_width=&#8221;900px&#8221; module_alignment=&#8221;center&#8221; global_colors_info=&#8221;{}&#8221;][et_pb_column type=&#8221;4_4&#8243; _builder_version=&#8221;4.9.4&#8243; _module_preset=&#8221;default&#8221;][et_pb_text _builder_version=&#8221;4.9.4&#8243; _module_preset=&#8221;default&#8221;]A vis\u00e3o capacitista tamb\u00e9m \u00e9 recorrente no universo da moda. Isto \u00e9 causado pela baixa representatividade dos corpos femininos PCDs, desde o processo de cria\u00e7\u00e3o dos designers at\u00e9 o desenvolvimento de grandes desfiles e lojas de departamento. No entanto, essa  realidade tem mudado atrav\u00e9s da moda inclusiva. A categoria surgiu em 2008 e tem o objetivo de integrar as pessoas com defici\u00eancia no universo fashionista. De acordo com a estilista e especialista em pesquisa e desenvolvimento de roupas para pessoas com defici\u00eancia, Drika Val\u00e9ria, as roupas adaptadas conseguem dar poder para mulheres PCDs. No v\u00eddeo a seguir, Drika tamb\u00e9m ressalta a import\u00e2ncia da Moda Inclusiva e conta como o mercado fashionista enxerga as mulheres com defici\u00eancia.[\/et_pb_text][\/et_pb_column][\/et_pb_row][et_pb_row _builder_version=&#8221;4.9.4&#8243; _module_preset=&#8221;default&#8221; width_tablet=&#8221;&#8221; width_phone=&#8221;&#8221; width_last_edited=&#8221;on|desktop&#8221; max_width=&#8221;900px&#8221; module_alignment=&#8221;center&#8221; locked=&#8221;off&#8221; global_colors_info=&#8221;{}&#8221;][et_pb_column type=&#8221;4_4&#8243; _builder_version=&#8221;4.9.4&#8243; _module_preset=&#8221;default&#8221;][et_pb_video src=&#8221;https:\/\/www.youtube.com\/watch?v=yAJWyx_G1eQ&#8221; image_src=&#8221;\/\/i.ytimg.com\/vi\/yAJWyx_G1eQ\/hqdefault.jpg&#8221; _builder_version=&#8221;4.9.4&#8243; _module_preset=&#8221;default&#8221;][\/et_pb_video][\/et_pb_column][\/et_pb_row][et_pb_row _builder_version=&#8221;4.9.4&#8243; _module_preset=&#8221;default&#8221; width_tablet=&#8221;&#8221; width_phone=&#8221;&#8221; width_last_edited=&#8221;on|desktop&#8221; max_width=&#8221;900px&#8221; module_alignment=&#8221;center&#8221; global_colors_info=&#8221;{}&#8221;][et_pb_column type=&#8221;4_4&#8243; _builder_version=&#8221;4.9.4&#8243; _module_preset=&#8221;default&#8221;][et_pb_text _builder_version=&#8221;4.9.4&#8243; _module_preset=&#8221;default&#8221;]A partir deste cen\u00e1rio, v\u00e1rias iniciativas foram criadas em prol do empoderamento das mulheres com defici\u00eancia. Uma dessas iniciativas \u00e9 o projeto Eficientes <a href=\"http:\/\/www.eficientespcd.com.br\/\" target=\"_blank\" rel=\"noopener\">http:\/\/www.eficientespcd.com.br\/<\/a> , que tem como objetivo informar as pessoas PCDs e mostrar a import\u00e2ncia da integra\u00e7\u00e3o delas na sociedade. No v\u00eddeo abaixo, a jornalista e uma das fundadoras Larissa Pontes, relata como surgiu o projeto e como este ajuda no empoderamento do grupo PCD.[\/et_pb_text][\/et_pb_column][\/et_pb_row][et_pb_row _builder_version=&#8221;4.9.4&#8243; _module_preset=&#8221;default&#8221; width_tablet=&#8221;&#8221; width_phone=&#8221;&#8221; width_last_edited=&#8221;on|desktop&#8221; max_width=&#8221;900px&#8221; module_alignment=&#8221;center&#8221; locked=&#8221;off&#8221; global_colors_info=&#8221;{}&#8221;][et_pb_column type=&#8221;4_4&#8243; _builder_version=&#8221;4.9.4&#8243; _module_preset=&#8221;default&#8221;][et_pb_video src=&#8221;https:\/\/www.youtube.com\/watch?v=2MLhWt9WnyA&#8221; image_src=&#8221;\/\/i.ytimg.com\/vi\/2MLhWt9WnyA\/hqdefault.jpg&#8221; _builder_version=&#8221;4.9.4&#8243; _module_preset=&#8221;default&#8221;][\/et_pb_video][\/et_pb_column][\/et_pb_row][et_pb_row _builder_version=&#8221;4.9.4&#8243; _module_preset=&#8221;default&#8221; width_tablet=&#8221;&#8221; width_phone=&#8221;&#8221; width_last_edited=&#8221;on|desktop&#8221; max_width=&#8221;900px&#8221; module_alignment=&#8221;center&#8221; global_colors_info=&#8221;{}&#8221;][et_pb_column type=&#8221;4_4&#8243; _builder_version=&#8221;4.9.4&#8243; _module_preset=&#8221;default&#8221;][et_pb_text _builder_version=&#8221;4.9.4&#8243; _module_preset=&#8221;default&#8221;]As batalhas di\u00e1rias que as mulheres com defici\u00eancia enfrentam para terem  o direito a viver a sexualidade, muitas vezes s\u00e3o deslegitimadas, por serem mais uma vez estigmatizadas como incapazes. Contudo, \u00e9 necess\u00e1rio desconstruir o discurso capacitista e resignificar o olhar da sociedade sobre elas.[\/et_pb_text][\/et_pb_column][\/et_pb_row][\/et_pb_section]<\/p>\n","protected":false},"excerpt":{"rendered":"<p>florescer Hist\u00f3ria mal contada da luta pela sobreviv\u00eancia e direitosN\u00e3o existem relatos exatos sobre a hist\u00f3ria da sexualidade da mulher PCD. O que encontra-se s\u00e3o narrativas separadas entre g\u00eanero, sexualidade e defici\u00eancia. Essa vis\u00e3o hist\u00f3rica \u00e9 t\u00e3o nebulosa que h\u00e1 uma necessidade de repartir o olhar sobre o assunto, para que entenda-se como e o [&hellip;]<\/p>\n","protected":false},"author":1,"featured_media":0,"parent":0,"menu_order":0,"comment_status":"closed","ping_status":"closed","template":"","meta":{"_et_pb_use_builder":"on","_et_pb_old_content":"","_et_gb_content_width":""},"_links":{"self":[{"href":"https:\/\/webjornalismo.unicap.br\/sexualidade\/wp-json\/wp\/v2\/pages\/5071"}],"collection":[{"href":"https:\/\/webjornalismo.unicap.br\/sexualidade\/wp-json\/wp\/v2\/pages"}],"about":[{"href":"https:\/\/webjornalismo.unicap.br\/sexualidade\/wp-json\/wp\/v2\/types\/page"}],"author":[{"embeddable":true,"href":"https:\/\/webjornalismo.unicap.br\/sexualidade\/wp-json\/wp\/v2\/users\/1"}],"replies":[{"embeddable":true,"href":"https:\/\/webjornalismo.unicap.br\/sexualidade\/wp-json\/wp\/v2\/comments?post=5071"}],"version-history":[{"count":37,"href":"https:\/\/webjornalismo.unicap.br\/sexualidade\/wp-json\/wp\/v2\/pages\/5071\/revisions"}],"predecessor-version":[{"id":5488,"href":"https:\/\/webjornalismo.unicap.br\/sexualidade\/wp-json\/wp\/v2\/pages\/5071\/revisions\/5488"}],"wp:attachment":[{"href":"https:\/\/webjornalismo.unicap.br\/sexualidade\/wp-json\/wp\/v2\/media?parent=5071"}],"curies":[{"name":"wp","href":"https:\/\/api.w.org\/{rel}","templated":true}]}}