{"id":90,"date":"2021-11-17T15:04:29","date_gmt":"2021-11-17T18:04:29","guid":{"rendered":"https:\/\/webjornalismo.unicap.br\/racismo-no-futebol\/?page_id=90"},"modified":"2021-12-02T11:34:19","modified_gmt":"2021-12-02T14:34:19","slug":"timeline","status":"publish","type":"page","link":"https:\/\/webjornalismo.unicap.br\/racismo-no-futebol\/timeline\/","title":{"rendered":"Timeline"},"content":{"rendered":"<p>[et_pb_section fb_built=&#8221;1&#8243; fullwidth=&#8221;on&#8221; _builder_version=&#8221;4.13.1&#8243; _module_preset=&#8221;default&#8221; global_colors_info=&#8221;{}&#8221;][et_pb_fullwidth_header title=&#8221;Epis\u00f3dios racistas ao longo da hist\u00f3ria&#8221; background_overlay_color=&#8221;rgba(255,255,255,0.5)&#8221; content_max_width=&#8221;65%&#8221; _builder_version=&#8221;4.14.1&#8243; _module_preset=&#8221;default&#8221; title_font=&#8221;|700||on|||||&#8221; title_text_color=&#8221;#000000&#8243; title_font_size=&#8221;60px&#8221; content_font=&#8221;|300|||||||&#8221; content_text_color=&#8221;#000000&#8243; background_enable_color=&#8221;off&#8221; background_video_mp4=&#8221;https:\/\/webjornalismo.unicap.br\/racismo-no-futebol\/wp-content\/uploads\/2021\/11\/instant_timeline2.mp4&#8243; background_video_width=&#8221;1280&#8243; background_video_height=&#8221;360&#8243; background_layout=&#8221;light&#8221; hover_enabled=&#8221;0&#8243; global_colors_info=&#8221;{}&#8221; sticky_enabled=&#8221;0&#8243;]O futebol chegou ao Brasil com status de esporte de elite. Na Inglaterra, j\u00e1 era praticado por oper\u00e1rios de f\u00e1bricas, mas chegou nas Am\u00e9ricas por meio de estudantes de classe alta, que voltavam do Reino Unido com bolas e chuteiras na bagagem, como foram os casos de Charles Miller e Oscar Cox, os pioneiros da modalidade no Brasil.<br \/>\n&nbsp;<br \/>\nO futebol manifestava um dos problemas cruciais da transi\u00e7\u00e3o do Imp\u00e9rio para a Rep\u00fablica do Brasil, ou seja, a integra\u00e7\u00e3o do negro na sociedade de classes. A aboli\u00e7\u00e3o, sem a reforma agr\u00e1ria, privou os negros rec\u00e9m-libertos e seus descendentes de condi\u00e7\u00f5es m\u00ednimas para que pudessem iniciar uma nova vida. Os in\u00fameros preconceitos bloquearam a incorpora\u00e7\u00e3o dos negros na ind\u00fastria nascente e no setor de servi\u00e7os. E tudo isso respingou no futebol\u2026[\/et_pb_fullwidth_header][\/et_pb_section][et_pb_section fb_built=&#8221;1&#8243; specialty=&#8221;on&#8221; admin_label=&#8221;Timeline&#8221; _builder_version=&#8221;4.0.6&#8243; background_color=&#8221;#efefef&#8221; global_colors_info=&#8221;{}&#8221;][et_pb_column type=&#8221;1_3&#8243; _builder_version=&#8221;3.25&#8243; custom_padding=&#8221;|||&#8221; global_colors_info=&#8221;{}&#8221; custom_padding__hover=&#8221;|||&#8221;][et_pb_text _builder_version=&#8221;4.13.1&#8243; text_font=&#8221;|600|||||||&#8221; text_line_height=&#8221;1.8em&#8221; header_2_font=&#8221;|700||on|||||&#8221; header_2_font_size=&#8221;40px&#8221; header_4_font=&#8221;Merriweather||||||||&#8221; header_4_text_color=&#8221;#e94558&#8243; header_4_line_height=&#8221;1.4em&#8221; header_2_font_size_tablet=&#8221;60px&#8221; header_2_font_size_phone=&#8221;35px&#8221; header_2_font_size_last_edited=&#8221;on|phone&#8221; header_4_font_size_tablet=&#8221;20px&#8221; header_4_font_size_phone=&#8221;14px&#8221; header_4_font_size_last_edited=&#8221;on|phone&#8221; locked=&#8221;off&#8221; global_colors_info=&#8221;{}&#8221;]<\/p>\n<h2>A pele preta num esporte<br \/>\nde elite<\/h2>\n<p>[\/et_pb_text][\/et_pb_column][et_pb_column type=&#8221;2_3&#8243; specialty_columns=&#8221;2&#8243; _builder_version=&#8221;3.25&#8243; custom_padding=&#8221;|||&#8221; global_colors_info=&#8221;{}&#8221; custom_padding__hover=&#8221;|||&#8221;][et_pb_row_inner column_structure=&#8221;1_2,1_2&#8243; _builder_version=&#8221;4.13.1&#8243; custom_padding=&#8221;|||30px|false|false&#8221; border_color_all=&#8221;#3d97d3&#8243; border_width_left=&#8221;2px&#8221; global_colors_info=&#8221;{}&#8221;][et_pb_column_inner type=&#8221;1_2&#8243; saved_specialty_column_type=&#8221;2_3&#8243; _builder_version=&#8221;4.0.6&#8243; global_colors_info=&#8221;{}&#8221;][et_pb_blurb title=&#8221;Linha do Tempo&#8221; use_icon=&#8221;on&#8221; font_icon=&#8221;&#x5e;||divi||400&#8243; icon_placement=&#8221;left&#8221; image_icon_width=&#8221;40px&#8221; content_max_width=&#8221;100%&#8221; _builder_version=&#8221;4.13.1&#8243; header_level=&#8221;h5&#8243; header_text_color=&#8221;#3d97d3&#8243; header_line_height=&#8221;1.4em&#8221; body_font=&#8221;|700|||||||&#8221; body_text_color=&#8221;#333333&#8243; body_font_size=&#8221;20px&#8221; body_line_height=&#8221;1.8em&#8221; custom_margin=&#8221;|||-51px|false|false&#8221; body_font_size_tablet=&#8221;18px&#8221; body_font_size_phone=&#8221;16px&#8221; body_font_size_last_edited=&#8221;on|phone&#8221; icon_font_size=&#8221;40px&#8221; locked=&#8221;off&#8221; global_colors_info=&#8221;{}&#8221;]<\/p>\n<p>Brancos contra pobres<\/p>\n<p>[\/et_pb_blurb][\/et_pb_column_inner][et_pb_column_inner type=&#8221;1_2&#8243; saved_specialty_column_type=&#8221;2_3&#8243; _builder_version=&#8221;4.0.6&#8243; global_colors_info=&#8221;{}&#8221;][et_pb_text _builder_version=&#8221;4.13.1&#8243; text_font=&#8221;|300|||||||&#8221; text_line_height=&#8221;1.8em&#8221; locked=&#8221;off&#8221; global_colors_info=&#8221;{}&#8221;]<\/p>\n<p>Nesse processo de democratiza\u00e7\u00e3o da pr\u00e1tica do futebol, um dos momentos mais tensos foi a inser\u00e7\u00e3o do negro nos grandes clubes e principais campeonatos do futebol brasileiro. As primeiras evid\u00eancias de racismo estiveram presentes numa fase muito importante de sua hist\u00f3ria: a passagem do amadorismo para o profissionalismo. Essa transi\u00e7\u00e3o no futebol foi marcada pelo ingresso de atletas pertencentes \u00e0s classes populares menos abastadas, formando equipes especialmente de negros e mesti\u00e7os.<\/p>\n<p>A presen\u00e7a de jogadores negros e mesti\u00e7os nos clubes pequenos era tolerada pela aristocracia, desde que n\u00e3o incomodasse o poder dos grandes clubes. Para as classes dominantes, era at\u00e9 bom jogar contra uma equipe formada por negros, mesti\u00e7os e brancos pobres, uma vez que, ao derrotar esse time, estava sendo ratificada a preponder\u00e2ncia de classe e de cor.<\/p>\n<p>[\/et_pb_text][\/et_pb_column_inner][\/et_pb_row_inner][et_pb_row_inner column_structure=&#8221;1_2,1_2&#8243; _builder_version=&#8221;4.13.1&#8243; custom_padding=&#8221;|||30px|false|false&#8221; border_color_all=&#8221;#3d97d3&#8243; border_width_left=&#8221;2px&#8221; global_colors_info=&#8221;{}&#8221;][et_pb_column_inner type=&#8221;1_2&#8243; saved_specialty_column_type=&#8221;2_3&#8243; _builder_version=&#8221;4.0.6&#8243; global_colors_info=&#8221;{}&#8221;][et_pb_blurb title=&#8221;1905&#8243; use_icon=&#8221;on&#8221; font_icon=&#8221;&#x5e;||divi||400&#8243; icon_placement=&#8221;left&#8221; image_icon_width=&#8221;40px&#8221; content_max_width=&#8221;100%&#8221; _builder_version=&#8221;4.13.1&#8243; header_level=&#8221;h5&#8243; header_text_color=&#8221;#3d97d3&#8243; header_line_height=&#8221;1.4em&#8221; body_font=&#8221;|700|||||||&#8221; body_text_color=&#8221;#333333&#8243; body_font_size=&#8221;20px&#8221; body_line_height=&#8221;1.8em&#8221; custom_margin=&#8221;|||-51px|false|false&#8221; body_font_size_tablet=&#8221;18px&#8221; body_font_size_phone=&#8221;16px&#8221; body_font_size_last_edited=&#8221;on|phone&#8221; icon_font_size=&#8221;40px&#8221; locked=&#8221;off&#8221; global_colors_info=&#8221;{}&#8221;]<\/p>\n<p>O pioneirismo do Bangu<\/p>\n<p>[\/et_pb_blurb][\/et_pb_column_inner][et_pb_column_inner type=&#8221;1_2&#8243; saved_specialty_column_type=&#8221;2_3&#8243; _builder_version=&#8221;4.0.6&#8243; global_colors_info=&#8221;{}&#8221;][et_pb_text _builder_version=&#8221;4.13.1&#8243; text_font=&#8221;|300|||||||&#8221; text_line_height=&#8221;1.8em&#8221; locked=&#8221;off&#8221; global_colors_info=&#8221;{}&#8221;]N\u00e3o demorou muito para que o futebol conquistasse os oper\u00e1rios e trabalhadores do Brasil. O exemplo mais simb\u00f3lico \u00e9 o do Bangu Atl\u00e9tico Clube, time fundado por ingleses, mas formado, em grande parte, pelos oper\u00e1rios da F\u00e1brica de Tecidos Bangu, no sub\u00farbio do Rio de Janeiro. O clube foi o primeiro no estado a escalar um atleta negro: Francisco Carregal, em 1905. Isso fez com que, em 1907, a Liga Metropolitana de Football (equivalente \u00e0 atual Federa\u00e7\u00e3o do Estado do Rio de Janeiro \u2013 a FERJ) publicasse uma nota proibindo o registro de \u201cpessoas de cor\u201d como atletas amadores de futebol. O clube, ent\u00e3o, optou por abandonar a Liga e n\u00e3o disputar o Campeonato Carioca.[\/et_pb_text][\/et_pb_column_inner][\/et_pb_row_inner][et_pb_row_inner column_structure=&#8221;1_2,1_2&#8243; _builder_version=&#8221;4.13.1&#8243; custom_padding=&#8221;|||30px|false|false&#8221; border_color_all=&#8221;#3d97d3&#8243; border_width_left=&#8221;2px&#8221; global_colors_info=&#8221;{}&#8221;][et_pb_column_inner type=&#8221;1_2&#8243; saved_specialty_column_type=&#8221;2_3&#8243; _builder_version=&#8221;4.0.6&#8243; global_colors_info=&#8221;{}&#8221;][et_pb_blurb title=&#8221;1905&#8243; use_icon=&#8221;on&#8221; font_icon=&#8221;&#x5e;||divi||400&#8243; icon_placement=&#8221;left&#8221; image_icon_width=&#8221;40px&#8221; content_max_width=&#8221;100%&#8221; _builder_version=&#8221;4.13.1&#8243; header_level=&#8221;h5&#8243; header_text_color=&#8221;#3d97d3&#8243; header_line_height=&#8221;1.4em&#8221; body_font=&#8221;|700|||||||&#8221; body_text_color=&#8221;#333333&#8243; body_font_size=&#8221;20px&#8221; body_line_height=&#8221;1.8em&#8221; custom_margin=&#8221;|||-51px|false|false&#8221; body_font_size_tablet=&#8221;18px&#8221; body_font_size_phone=&#8221;16px&#8221; body_font_size_last_edited=&#8221;on|phone&#8221; icon_font_size=&#8221;40px&#8221; locked=&#8221;off&#8221; global_colors_info=&#8221;{}&#8221;]<\/p>\n<p>Vit\u00f3ria do Vasco da Gama com jogadores negros<\/p>\n<p>[\/et_pb_blurb][\/et_pb_column_inner][et_pb_column_inner type=&#8221;1_2&#8243; saved_specialty_column_type=&#8221;2_3&#8243; _builder_version=&#8221;4.0.6&#8243; global_colors_info=&#8221;{}&#8221;][et_pb_text _builder_version=&#8221;4.13.1&#8243; text_font=&#8221;|300|||||||&#8221; text_line_height=&#8221;1.8em&#8221; locked=&#8221;off&#8221; global_colors_info=&#8221;{}&#8221;]<\/p>\n<p>O Bangu ficou conhecido como um clube s\u00edmbolo da luta contra o racismo no futebol brasileiro, mas foi o Vasco da Gama que entrou para a hist\u00f3ria ao conquistar um t\u00edtulo com um plantel composto quase que inteiramente por jogadores negros, muitos deles \u201ccontratados\u201d junto ao Bangu (\u00e0 \u00e9poca, o futebol ainda era amador, e n\u00e3o haviam contrata\u00e7\u00f5es formais de atletas). O clube, que em 1905 j\u00e1 havia elegido um presidente mulato \u2014 C\u00e2ndido Jos\u00e9 de Ara\u00fajo \u2014, foi campe\u00e3o carioca em 1923, seu ano de estreia na Primeira Divis\u00e3o, e despertou a ira dos rivais. No ano seguinte, Fluminense, Flamengo, Botafogo e outros times abandonaram a Liga e fundaram a Associa\u00e7\u00e3o Metropolitana de Esportes Atl\u00e9ticos (AMEA), entidade \u00e0 qual o Vasco s\u00f3 poderia se filiar se dispensasse seus 12 atletas negros.<\/p>\n<p>[\/et_pb_text][\/et_pb_column_inner][\/et_pb_row_inner][et_pb_row_inner column_structure=&#8221;1_2,1_2&#8243; _builder_version=&#8221;4.13.1&#8243; custom_padding=&#8221;|||30px|false|false&#8221; border_color_all=&#8221;#3d97d3&#8243; border_width_left=&#8221;2px&#8221; global_colors_info=&#8221;{}&#8221;][et_pb_column_inner type=&#8221;1_2&#8243; saved_specialty_column_type=&#8221;2_3&#8243; _builder_version=&#8221;4.0.6&#8243; global_colors_info=&#8221;{}&#8221;][et_pb_blurb title=&#8221;1914&#8243; use_icon=&#8221;on&#8221; font_icon=&#8221;&#x5e;||divi||400&#8243; icon_placement=&#8221;left&#8221; image_icon_width=&#8221;40px&#8221; content_max_width=&#8221;100%&#8221; _builder_version=&#8221;4.13.1&#8243; header_level=&#8221;h5&#8243; header_text_color=&#8221;#3d97d3&#8243; header_line_height=&#8221;1.4em&#8221; body_font=&#8221;|700|||||||&#8221; body_text_color=&#8221;#333333&#8243; body_font_size=&#8221;20px&#8221; body_line_height=&#8221;1.8em&#8221; custom_margin=&#8221;|||-51px|false|false&#8221; body_font_size_tablet=&#8221;18px&#8221; body_font_size_phone=&#8221;16px&#8221; body_font_size_last_edited=&#8221;on|phone&#8221; icon_font_size=&#8221;40px&#8221; locked=&#8221;off&#8221; global_colors_info=&#8221;{}&#8221;]<\/p>\n<p>O famigerado p\u00f3 de arroz<\/p>\n<p>[\/et_pb_blurb][\/et_pb_column_inner][et_pb_column_inner type=&#8221;1_2&#8243; saved_specialty_column_type=&#8221;2_3&#8243; _builder_version=&#8221;4.0.6&#8243; global_colors_info=&#8221;{}&#8221;][et_pb_text _builder_version=&#8221;4.13.1&#8243; text_font=&#8221;|300|||||||&#8221; text_line_height=&#8221;1.8em&#8221; locked=&#8221;off&#8221; global_colors_info=&#8221;{}&#8221;]<\/p>\n<p>T\u00e1tica semelhante foi usada por Carlos Alberto, jogador que trocou o Am\u00e9rica pelo Fluminense em 1914. Como a camisa branca do clube de elite da zona sul contrastava com sua pele mulata, Carlos Alberto entrava em campo maquiado com p\u00f3 de arroz. Ao longo da partida, o material ia escorrendo junto ao suor. Naquela \u00e9poca, o p\u00f3 de arroz era usado como base para deixar a pele mais homog\u00eanea, com menos marcas, mais bonita e mais jovem.<br \/>A torcida ent\u00e3o passou a gritar \u201cp\u00f3 de arroz\u201d, que posteriormente se tornaria um apelido dos apoiadores do Fluminense. Alguns registros tamb\u00e9m apontam que o clube era chamado de &#8220;p\u00f3 de arroz&#8221; pela sua forma\u00e7\u00e3o social e pela participa\u00e7\u00e3o das mulheres na torcida.<\/p>\n<p>[\/et_pb_text][\/et_pb_column_inner][\/et_pb_row_inner][et_pb_row_inner column_structure=&#8221;1_2,1_2&#8243; _builder_version=&#8221;4.13.1&#8243; custom_padding=&#8221;|||30px|false|false&#8221; border_color_all=&#8221;#3d97d3&#8243; border_width_left=&#8221;2px&#8221; global_colors_info=&#8221;{}&#8221;][et_pb_column_inner type=&#8221;1_2&#8243; saved_specialty_column_type=&#8221;2_3&#8243; _builder_version=&#8221;4.0.6&#8243; global_colors_info=&#8221;{}&#8221;][et_pb_blurb title=&#8221;1919&#8243; use_icon=&#8221;on&#8221; font_icon=&#8221;&#x5e;||divi||400&#8243; icon_placement=&#8221;left&#8221; image_icon_width=&#8221;40px&#8221; content_max_width=&#8221;100%&#8221; _builder_version=&#8221;4.13.1&#8243; header_level=&#8221;h5&#8243; header_text_color=&#8221;#3d97d3&#8243; header_line_height=&#8221;1.4em&#8221; body_font=&#8221;|700|||||||&#8221; body_text_color=&#8221;#333333&#8243; body_font_size=&#8221;20px&#8221; body_line_height=&#8221;1.8em&#8221; custom_margin=&#8221;|||-51px|false|false&#8221; body_font_size_tablet=&#8221;18px&#8221; body_font_size_phone=&#8221;16px&#8221; body_font_size_last_edited=&#8221;on|phone&#8221; icon_font_size=&#8221;40px&#8221; locked=&#8221;off&#8221; global_colors_info=&#8221;{}&#8221;]<\/p>\n<p>Olhos azuis, cabelo esticado<\/p>\n<p>[\/et_pb_blurb][\/et_pb_column_inner][et_pb_column_inner type=&#8221;1_2&#8243; saved_specialty_column_type=&#8221;2_3&#8243; _builder_version=&#8221;4.0.6&#8243; global_colors_info=&#8221;{}&#8221;][et_pb_text _builder_version=&#8221;4.13.1&#8243; text_font=&#8221;|300|||||||&#8221; text_line_height=&#8221;1.8em&#8221; locked=&#8221;off&#8221; global_colors_info=&#8221;{}&#8221;]<\/p>\n<p>Apesar da forte presen\u00e7a do racismo no futebol brasileiro no in\u00edcio do s\u00e9culo XX, o primeiro grande \u00eddolo da modalidade no pa\u00eds foi justamente um mulato. Filho de um alem\u00e3o com uma brasileira negra, Arthur Friedenreich foi o maior jogador brasileiro na \u00e9poca do futebol amador. Autor do gol que daria o primeiro t\u00edtulo \u00e0 Sele\u00e7\u00e3o Brasileira, o Campeonato Sul-Americano de 1919, Friedenreich era mulato e tinha olhos verdes. Antes de entrar em campo, o atacante esticava o cabelo, tomando uma maior parte da cabe\u00e7a para parecer mais branco.<\/p>\n<p>[\/et_pb_text][\/et_pb_column_inner][\/et_pb_row_inner][et_pb_row_inner column_structure=&#8221;1_2,1_2&#8243; _builder_version=&#8221;4.13.1&#8243; custom_padding=&#8221;|||30px|false|false&#8221; border_color_all=&#8221;#3d97d3&#8243; border_width_left=&#8221;2px&#8221; global_colors_info=&#8221;{}&#8221;][et_pb_column_inner type=&#8221;1_2&#8243; saved_specialty_column_type=&#8221;2_3&#8243; _builder_version=&#8221;4.0.6&#8243; global_colors_info=&#8221;{}&#8221;][et_pb_blurb title=&#8221;1930&#8243; use_icon=&#8221;on&#8221; font_icon=&#8221;&#x5e;||divi||400&#8243; icon_placement=&#8221;left&#8221; image_icon_width=&#8221;40px&#8221; content_max_width=&#8221;100%&#8221; _builder_version=&#8221;4.13.1&#8243; header_level=&#8221;h5&#8243; header_text_color=&#8221;#3d97d3&#8243; header_line_height=&#8221;1.4em&#8221; body_font=&#8221;|700|||||||&#8221; body_text_color=&#8221;#333333&#8243; body_font_size=&#8221;20px&#8221; body_line_height=&#8221;1.8em&#8221; custom_margin=&#8221;|||-51px|false|false&#8221; body_font_size_tablet=&#8221;18px&#8221; body_font_size_phone=&#8221;16px&#8221; body_font_size_last_edited=&#8221;on|phone&#8221; icon_font_size=&#8221;40px&#8221; locked=&#8221;off&#8221; global_colors_info=&#8221;{}&#8221;]<\/p>\n<p>No Fluminense, jogadores s\u00f3 pela porta dos funcion\u00e1rios<\/p>\n<p>[\/et_pb_blurb][\/et_pb_column_inner][et_pb_column_inner type=&#8221;1_2&#8243; saved_specialty_column_type=&#8221;2_3&#8243; _builder_version=&#8221;4.0.6&#8243; global_colors_info=&#8221;{}&#8221;][et_pb_text _builder_version=&#8221;4.13.1&#8243; text_font=&#8221;|300|||||||&#8221; text_line_height=&#8221;1.8em&#8221; locked=&#8221;off&#8221; global_colors_info=&#8221;{}&#8221;]<\/p>\n<p>O Fluminense, ali\u00e1s, tamb\u00e9m teve sua participa\u00e7\u00e3o na luta contra o racismo no futebol, apesar de involuntariamente. \u00c0 medida que a presen\u00e7a de negros e mulatos foi se tornando cada vez mais aceita dentro dos elencos \u2013 ou necess\u00e1ria, pois o n\u00edvel do futebol praticado em campo ia melhorando e os times se viam obrigados a contar com jogadores de todos os tons de pele para poder competir em p\u00e9 de igualdade com seus rivais \u2013 o clube das Laranjeiras viu aumentar o preconceito dos s\u00f3cios com os jogadores negros que frequentavam sua sede.<\/p>\n<p>Como uma medida para separar s\u00f3cios de jogadores, o Fluminense entrou na briga pela profissionaliza\u00e7\u00e3o do futebol no in\u00edcio da d\u00e9cada de 1930, fazendo com que seus jogadores, que passavam a ser empregados assalariados, entrassem na sede das Laranjeiras pela porta de funcion\u00e1rios e n\u00e3o mais tivessem contato com os s\u00f3cios elitistas.<\/p>\n<p>[\/et_pb_text][\/et_pb_column_inner][\/et_pb_row_inner][et_pb_row_inner column_structure=&#8221;1_2,1_2&#8243; _builder_version=&#8221;4.13.1&#8243; custom_padding=&#8221;|||30px|false|false&#8221; border_color_all=&#8221;#3d97d3&#8243; border_width_left=&#8221;2px&#8221; global_colors_info=&#8221;{}&#8221;][et_pb_column_inner type=&#8221;1_2&#8243; saved_specialty_column_type=&#8221;2_3&#8243; _builder_version=&#8221;4.0.6&#8243; global_colors_info=&#8221;{}&#8221;][et_pb_blurb title=&#8221;1938&#8243; use_icon=&#8221;on&#8221; font_icon=&#8221;&#x5e;||divi||400&#8243; icon_placement=&#8221;left&#8221; image_icon_width=&#8221;40px&#8221; content_max_width=&#8221;100%&#8221; _builder_version=&#8221;4.13.1&#8243; header_level=&#8221;h5&#8243; header_text_color=&#8221;#3d97d3&#8243; header_line_height=&#8221;1.4em&#8221; body_font=&#8221;|700|||||||&#8221; body_text_color=&#8221;#333333&#8243; body_font_size=&#8221;20px&#8221; body_line_height=&#8221;1.8em&#8221; custom_margin=&#8221;|||-51px|false|false&#8221; body_font_size_tablet=&#8221;18px&#8221; body_font_size_phone=&#8221;16px&#8221; body_font_size_last_edited=&#8221;on|phone&#8221; icon_font_size=&#8221;40px&#8221; locked=&#8221;off&#8221; global_colors_info=&#8221;{}&#8221;]<\/p>\n<p>O aporte da profissionaliza\u00e7\u00e3o<\/p>\n<p>[\/et_pb_blurb][\/et_pb_column_inner][et_pb_column_inner type=&#8221;1_2&#8243; saved_specialty_column_type=&#8221;2_3&#8243; _builder_version=&#8221;4.0.6&#8243; global_colors_info=&#8221;{}&#8221;][et_pb_text _builder_version=&#8221;4.13.1&#8243; text_font=&#8221;|300|||||||&#8221; text_line_height=&#8221;1.8em&#8221; locked=&#8221;off&#8221; global_colors_info=&#8221;{}&#8221;]<\/p>\n<p>A profissionaliza\u00e7\u00e3o do futebol no Brasil foi um grande passo para a redu\u00e7\u00e3o do racismo no ambiente do esporte. Como os atletas passaram a ser contratados e pagos de acordo com seu n\u00edvel t\u00e9cnico, a cor de pele dos jogadores deixou de ser um empecilho profissional. A nova situa\u00e7\u00e3o do futebol brasileiro propiciou o reconhecimento de talentos como Le\u00f4nidas da Silva, o Diamante Negro, que encantou o mundo na Copa do Mundo de 1938, na Fran\u00e7a. Antes disso, a presen\u00e7a de negros na Sele\u00e7\u00e3o Brasileira ainda era vista com maus olhos.<\/p>\n<p>Em 1921, por exemplo, o ent\u00e3o presidente da Rep\u00fablica, Epit\u00e1cio Pessoa, sugeriu que n\u00e3o fossem convocados jogadores negros para a disputa do Sul-Americano daquele ano. De acordo com ele, deveria ser projetada no exterior \u201cuma imagem composta pelo melhor da sociedade brasileira\u201d.<\/p>\n<p>[\/et_pb_text][\/et_pb_column_inner][\/et_pb_row_inner][et_pb_row_inner column_structure=&#8221;1_2,1_2&#8243; _builder_version=&#8221;4.13.1&#8243; custom_padding=&#8221;|||30px|false|false&#8221; border_color_all=&#8221;#3d97d3&#8243; border_width_left=&#8221;2px&#8221; global_colors_info=&#8221;{}&#8221;][et_pb_column_inner type=&#8221;1_2&#8243; saved_specialty_column_type=&#8221;2_3&#8243; _builder_version=&#8221;4.0.6&#8243; global_colors_info=&#8221;{}&#8221;][et_pb_blurb title=&#8221;1980 &#8211; 2000&#8243; use_icon=&#8221;on&#8221; font_icon=&#8221;&#x5e;||divi||400&#8243; icon_placement=&#8221;left&#8221; image_icon_width=&#8221;40px&#8221; content_max_width=&#8221;100%&#8221; _builder_version=&#8221;4.13.1&#8243; header_level=&#8221;h5&#8243; header_text_color=&#8221;#3d97d3&#8243; header_line_height=&#8221;1.4em&#8221; body_font=&#8221;|700|||||||&#8221; body_text_color=&#8221;#333333&#8243; body_font_size=&#8221;20px&#8221; body_line_height=&#8221;1.8em&#8221; custom_margin=&#8221;|||-51px|false|false&#8221; body_font_size_tablet=&#8221;18px&#8221; body_font_size_phone=&#8221;16px&#8221; body_font_size_last_edited=&#8221;on|phone&#8221; icon_font_size=&#8221;40px&#8221; locked=&#8221;off&#8221; global_colors_info=&#8221;{}&#8221;]<\/p>\n<p>Jornalismo racista<\/p>\n<p>[\/et_pb_blurb][\/et_pb_column_inner][et_pb_column_inner type=&#8221;1_2&#8243; saved_specialty_column_type=&#8221;2_3&#8243; _builder_version=&#8221;4.0.6&#8243; global_colors_info=&#8221;{}&#8221;][et_pb_text _builder_version=&#8221;4.13.1&#8243; text_font=&#8221;|300|||||||&#8221; text_line_height=&#8221;1.8em&#8221; locked=&#8221;off&#8221; global_colors_info=&#8221;{}&#8221;]<\/p>\n<p>Muitos pesquisadores ainda tentam entender a aus\u00eancia do debate sobre racismo no fim do s\u00e9culo XX. Os casos n\u00e3o se restringiam aos campos, vesti\u00e1rios e bastidores, mas estampavam jornais, programas televisivos e notici\u00e1rios radiof\u00f4nicos. Os insucessos da Sele\u00e7\u00e3o Brasileira em edi\u00e7\u00f5es sucessivas da Copa do Mundo, como 1982, 1986 e 1990, trouxeram elementos capazes de apontar uma diferen\u00e7a no tratamento de jogadores brancos e jogadores pretos. \u00c9 o que exemplifica essas manchetes do jornal O Dia, do Rio de Janeiro, nos tratamentos a Dunga e Ronaldinho Ga\u00facho, dois dos maiores emblemas da hist\u00f3ria da Sele\u00e7\u00e3o Brasileira:<\/p>\n<p><em><strong>&#8220;J\u00e1 era Dunga. N\u00e3o deu certo a tentativa de esquematizar o futebol brasileiro, abrindo m\u00e3o do talento natural e do improviso em benef\u00edcio de um padr\u00e3o mais r\u00edgido, de marca\u00e7\u00e3o, ao estilo europeu, acabou na desclassifica\u00e7\u00e3o (\u2026) A Era Dunga n\u00e3o chegou (\u2026) O proveito da derrota passa pela necessidade do reexame desses conceitos de futebol-for\u00e7a.\u201d (25\/06\/1990)<\/strong><\/em><\/p>\n<p><em><strong>&#8220;Ronaldinho amarela antes do jogo e abala a sele\u00e7\u00e3o.&#8221; (13\/07\/1998)<\/strong><\/em><\/p>\n<p>A m\u00eddia, na entrada dos anos 2000, colaborou diretamente para a exist\u00eancia de cunhos racistas que ganharam a mesa do bar, as reuni\u00f5es nas ruas e, principalmente, os torcedores nas arquibancadas. Express\u00f5es como &#8220;coisa de crioulo&#8221;, &#8220;preto quando n\u00e3o suja na entrada, suja na sa\u00edda&#8221;, &#8220;negrinho&#8221;, &#8220;negr\u00e3o&#8221;, &#8220;dinheiro branqueia&#8221;, &#8220;negro de alma branca&#8221;, &#8220;negro de vergonha na cara&#8221;, &#8220;negro limpo&#8221; foram ganhando ainda mais for\u00e7a no dito popular.<\/p>\n<p>[\/et_pb_text][et_pb_video src=&#8221;https:\/\/www.youtube.com\/watch?v=Mq8Aq8sqQYw&#8221; _builder_version=&#8221;4.13.1&#8243; _module_preset=&#8221;default&#8221; global_colors_info=&#8221;{}&#8221;][\/et_pb_video][et_pb_text _builder_version=&#8221;4.13.1&#8243; text_font=&#8221;|300|||||||&#8221; text_line_height=&#8221;1.8em&#8221; locked=&#8221;off&#8221; global_colors_info=&#8221;{}&#8221;]O estere\u00f3tipo presente em an\u00e1lises referentes ao jogo propriamente dito ganhou p\u00e1ginas e mais p\u00e1ginas naquilo que conhecemos como jornalismo esportivo. A associa\u00e7\u00e3o de for\u00e7a com a cor da pele, al\u00e9m da sutileza e talento atribu\u00eddos ao que \u00e9 \u201cdivino\u201d fazem com que alguns desafios sejam encarados at\u00e9 os tempos de hoje, com epis\u00f3dios como o protagonizado pelo narrador Haroldo Souza, da R\u00e1dio Grenal, que chamou, no in\u00edcio deste ano, o jogador Lucas Braga, do Santos, de \u201ccrioulinho\u201d. [\/et_pb_text][et_pb_code _builder_version=&#8221;4.13.1&#8243; _module_preset=&#8221;default&#8221; global_colors_info=&#8221;{}&#8221;]<\/p>\n<blockquote class=\"twitter-tweet\" data-lang=\"pt\"><pee lang=\"pt\" dir=\"ltr\">Filho de negro<!\u2013- [et_pb_br_holder] -\u2013>Casado com mulher dara\u00e7a negra<!\u2013- [et_pb_br_holder] -\u2013>Acusado de racismo.<!\u2013- [et_pb_br_holder] -\u2013><!\u2013- [et_pb_br_holder] -\u2013>Gente &#8211; por favor. Me desculpem se ofendi qd disse neguinho narrando? E qd chamo de alem\u00e3o branco sarar\u00e1 mulato polaco japinha baixinho magrelo ! Idoso suficiente pra nao assimilar maldades<\/pee>\u2014 Haroldo de Souza (@haroldodesouza) <a href=\"https:\/\/twitter.com\/haroldodesouza\/status\/1357170026118324224?ref_src=twsrc%5Etfw\">4 de fevereiro de 2021<\/a><\/p><\/blockquote>\n<p> <script async src=\"https:\/\/platform.twitter.com\/widgets.js\" charset=\"utf-8\"><\/script>[\/et_pb_code][\/et_pb_column_inner][\/et_pb_row_inner][et_pb_row_inner column_structure=&#8221;1_2,1_2&#8243; _builder_version=&#8221;4.13.1&#8243; custom_padding=&#8221;|||30px|false|false&#8221; border_color_all=&#8221;#3d97d3&#8243; border_width_left=&#8221;2px&#8221; global_colors_info=&#8221;{}&#8221;][et_pb_column_inner type=&#8221;1_2&#8243; saved_specialty_column_type=&#8221;2_3&#8243; _builder_version=&#8221;4.0.6&#8243; global_colors_info=&#8221;{}&#8221;][et_pb_blurb title=&#8221;2010 &#8211; &#8221; use_icon=&#8221;on&#8221; font_icon=&#8221;&#x5e;||divi||400&#8243; icon_placement=&#8221;left&#8221; image_icon_width=&#8221;40px&#8221; content_max_width=&#8221;100%&#8221; _builder_version=&#8221;4.13.1&#8243; header_level=&#8221;h5&#8243; header_text_color=&#8221;#3d97d3&#8243; header_line_height=&#8221;1.4em&#8221; body_font=&#8221;|700|||||||&#8221; body_text_color=&#8221;#333333&#8243; body_font_size=&#8221;20px&#8221; body_line_height=&#8221;1.8em&#8221; custom_margin=&#8221;|||-51px|false|false&#8221; body_font_size_tablet=&#8221;18px&#8221; body_font_size_phone=&#8221;16px&#8221; body_font_size_last_edited=&#8221;on|phone&#8221; icon_font_size=&#8221;40px&#8221; locked=&#8221;off&#8221; global_colors_info=&#8221;{}&#8221;]<\/p>\n<p>A press\u00e3o das redes sociais<\/p>\n<p>[\/et_pb_blurb][\/et_pb_column_inner][et_pb_column_inner type=&#8221;1_2&#8243; saved_specialty_column_type=&#8221;2_3&#8243; _builder_version=&#8221;4.0.6&#8243; global_colors_info=&#8221;{}&#8221;][et_pb_text _builder_version=&#8221;4.13.1&#8243; text_font=&#8221;|300|||||||&#8221; text_line_height=&#8221;1.8em&#8221; locked=&#8221;off&#8221; global_colors_info=&#8221;{}&#8221;]Epis\u00f3dios recentes ajudam a entender a forma como o racismo \u00e9 vigiado num momento t\u00e3o complexo da sociedade, onde as informa\u00e7\u00f5es circulam e, consequentemente, h\u00e1 maior cobran\u00e7a. Em 2014, o goleiro Aranha, ent\u00e3o no Santos, foi chamado de macaco em uma partida diante do Gr\u00eamio, no Rio Grande do Sul. A exclus\u00e3o do time ga\u00facho na competi\u00e7\u00e3o e o indiciamento de quatro torcedores envolvidos no epis\u00f3dio s\u00e3o encarados como uma virada de chave no combate ao racismo no futebol brasileiro.<\/p>\n<p>Naquele mesmo ano, um epis\u00f3dio sofrido pelo multicampe\u00e3o Daniel Alves no futebol espanhol fez com que as redes sociais entrassem numa grande mobiliza\u00e7\u00e3o chamada \u201cSomos todos macacos\u201d. No caso, um torcedor do Villarreal atirou uma banana em dire\u00e7\u00e3o ao atleta, que defendia o Barcelona. A cena do lateral-direito recolhendo a fruta e mordendo rodou o planeta, com diversas manifesta\u00e7\u00f5es de apoio sendo compartilhadas, fazendo alus\u00e3o \u00e0 banana e ao sentimento de solidariedade \u00e0 v\u00edtima. <\/p>\n<p>Os sucessivos casos sofridos por brasileiros dentro e fora do pa\u00eds aumentaram ainda mais a press\u00e3o para que as entidades sejam mais r\u00edgidas no combate aos agressores. Na 21\u00aa rodada da S\u00e9rie B de 2021, o meio-campo Celsinho, do Londrina, registrou boletim de ocorr\u00eancia por ouvir, de um membro do staff do Brusque: \u201cVai cortar esse cabelo, seu cachopa de abelha&#8221;.  Caracterizado por inj\u00faria racial, o epis\u00f3dio foi registrado na s\u00famula do \u00e1rbitro da partida e o Superior Tribunal de Justi\u00e7a Desportiva, o STJD, puniu o Brusque com a perda de tr\u00eas pontos na segunda divis\u00e3o do futebol brasileiro.[\/et_pb_text][\/et_pb_column_inner][\/et_pb_row_inner][\/et_pb_column][\/et_pb_section]<\/p>\n","protected":false},"excerpt":{"rendered":"<p>O futebol chegou ao Brasil com status de esporte de elite. Na Inglaterra, j\u00e1 era praticado por oper\u00e1rios de f\u00e1bricas, mas chegou nas Am\u00e9ricas por meio de estudantes de classe alta, que voltavam do Reino Unido com bolas e chuteiras na bagagem, como foram os casos de Charles Miller e Oscar Cox, os pioneiros da [&hellip;]<\/p>\n","protected":false},"author":2,"featured_media":0,"parent":0,"menu_order":0,"comment_status":"closed","ping_status":"closed","template":"","meta":{"_et_pb_use_builder":"on","_et_pb_old_content":"","_et_gb_content_width":""},"_links":{"self":[{"href":"https:\/\/webjornalismo.unicap.br\/racismo-no-futebol\/wp-json\/wp\/v2\/pages\/90"}],"collection":[{"href":"https:\/\/webjornalismo.unicap.br\/racismo-no-futebol\/wp-json\/wp\/v2\/pages"}],"about":[{"href":"https:\/\/webjornalismo.unicap.br\/racismo-no-futebol\/wp-json\/wp\/v2\/types\/page"}],"author":[{"embeddable":true,"href":"https:\/\/webjornalismo.unicap.br\/racismo-no-futebol\/wp-json\/wp\/v2\/users\/2"}],"replies":[{"embeddable":true,"href":"https:\/\/webjornalismo.unicap.br\/racismo-no-futebol\/wp-json\/wp\/v2\/comments?post=90"}],"version-history":[{"count":13,"href":"https:\/\/webjornalismo.unicap.br\/racismo-no-futebol\/wp-json\/wp\/v2\/pages\/90\/revisions"}],"predecessor-version":[{"id":368,"href":"https:\/\/webjornalismo.unicap.br\/racismo-no-futebol\/wp-json\/wp\/v2\/pages\/90\/revisions\/368"}],"wp:attachment":[{"href":"https:\/\/webjornalismo.unicap.br\/racismo-no-futebol\/wp-json\/wp\/v2\/media?parent=90"}],"curies":[{"name":"wp","href":"https:\/\/api.w.org\/{rel}","templated":true}]}}