{"id":9,"date":"2021-11-12T22:46:05","date_gmt":"2021-11-13T01:46:05","guid":{"rendered":"https:\/\/webjornalismo.unicap.br\/racismo-no-futebol\/?page_id=9"},"modified":"2021-12-13T11:46:58","modified_gmt":"2021-12-13T14:46:58","slug":"pagina-inicial","status":"publish","type":"page","link":"https:\/\/webjornalismo.unicap.br\/racismo-no-futebol\/","title":{"rendered":"P\u00e1gina Inicial"},"content":{"rendered":"<p>[et_pb_section fb_built=&#8221;1&#8243; fullwidth=&#8221;on&#8221; _builder_version=&#8221;4.13.1&#8243; _module_preset=&#8221;default&#8221; global_colors_info=&#8221;{}&#8221;][et_pb_fullwidth_header text_orientation=&#8221;center&#8221; header_fullscreen=&#8221;on&#8221; logo_image_url=&#8221;https:\/\/webjornalismo.unicap.br\/racismo-no-futebol\/wp-content\/uploads\/2021\/11\/marca2.png&#8221; _builder_version=&#8221;4.13.1&#8243; _module_preset=&#8221;default&#8221; background_color=&#8221;#003259&#8243; background_video_mp4=&#8221;https:\/\/webjornalismo.unicap.br\/racismo-no-futebol\/wp-content\/uploads\/2021\/11\/bg-topo.mp4&#8243; background_video_width=&#8221;1920&#8243; background_video_height=&#8221;1080&#8243; custom_css_logo=&#8221;max-width:70% !important;&#8221; global_colors_info=&#8221;{}&#8221; custom_css_logo_last_edited=&#8221;on|phone&#8221; custom_css_logo_phone=&#8221;max-width:100% !important;&#8221; custom_css_logo_tablet=&#8221;max-width:70% !important;&#8221;][\/et_pb_fullwidth_header][\/et_pb_section][et_pb_section fb_built=&#8221;1&#8243; _builder_version=&#8221;4.13.1&#8243; _module_preset=&#8221;default&#8221; global_colors_info=&#8221;{}&#8221;][et_pb_row _builder_version=&#8221;4.13.1&#8243; _module_preset=&#8221;default&#8221; background_color=&#8221;#FFFFFF&#8221; custom_margin=&#8221;-100px||||false|false&#8221; custom_padding=&#8221;60px|60px|60px|60px|true|true&#8221; box_shadow_style=&#8221;preset3&#8243; box_shadow_blur=&#8221;40px&#8221; box_shadow_color=&#8221;rgba(0,0,0,0.2)&#8221; global_colors_info=&#8221;{}&#8221;][et_pb_column type=&#8221;4_4&#8243; _builder_version=&#8221;4.13.1&#8243; _module_preset=&#8221;default&#8221; global_colors_info=&#8221;{}&#8221;][et_pb_text _builder_version=&#8221;4.14.1&#8243; _module_preset=&#8221;default&#8221; text_font=&#8221;|300|||||||&#8221; text_orientation=&#8221;center&#8221; width=&#8221;80%&#8221; module_alignment=&#8221;center&#8221; hover_enabled=&#8221;0&#8243; global_colors_info=&#8221;{}&#8221; sticky_enabled=&#8221;0&#8243;]<\/p>\n<p>Pa\u00edses mais relevantes das Am\u00e9ricas na hist\u00f3ria do futebol mundial, Argentina e Brasil tamb\u00e9m carregam consigo marcas hist\u00f3ricas que os colocam no centro da discuss\u00e3o acerca do racismo instaurado no futebol sul-americano. O <strong><em>Pelota racista \u2013 O racismo no futebol da Argentina e do Brasil<\/em><\/strong> <em>\u2013<\/em> se prop\u00f5e a apresentar e discutir esse comportamento nada honroso para as duas na\u00e7\u00f5es irm\u00e3s. Neste site, voc\u00ea est\u00e1 convidado a se deparar com o assunto a partir de uma an\u00e1lise hist\u00f3rica de ambos os pa\u00edses, passando por casos e dados que ajudam a entender a dificuldade encontrada para fiscalizar e combater os epis\u00f3dios de discrimina\u00e7\u00e3o.<\/p>\n<p>[\/et_pb_text][et_pb_cta _builder_version=&#8221;4.13.1&#8243; _dynamic_attributes=&#8221;link_option_url&#8221; _module_preset=&#8221;default&#8221; header_font=&#8221;|||on|||||&#8221; header_font_size=&#8221;18px&#8221; body_font_size=&#8221;20px&#8221; width=&#8221;50%&#8221; module_alignment=&#8221;center&#8221; custom_margin=&#8221;||||false|false&#8221; custom_padding=&#8221;20px||0px||false|false&#8221; link_option_url=&#8221;@ET-DC@eyJkeW5hbWljIjp0cnVlLCJjb250ZW50IjoicG9zdF9saW5rX3VybF9wYWdlIiwic2V0dGluZ3MiOnsicG9zdF9pZCI6IjE3MCJ9fQ==@&#8221; border_radii=&#8221;on|10px|10px|10px|10px&#8221; global_colors_info=&#8221;{}&#8221;]<\/p>\n<p>Leia Mais<\/p>\n<p>[\/et_pb_cta][\/et_pb_column][\/et_pb_row][\/et_pb_section][et_pb_section fb_built=&#8221;1&#8243; _builder_version=&#8221;4.13.1&#8243; _module_preset=&#8221;default&#8221; background_size=&#8221;contain&#8221; background_position=&#8221;top_right&#8221; background_video_mp4=&#8221;https:\/\/webjornalismo.unicap.br\/racismo-no-futebol\/wp-content\/uploads\/2021\/11\/instant_timeline2.mp4&#8243; background_video_width=&#8221;1280&#8243; background_video_height=&#8221;720&#8243; custom_padding=&#8221;0px|||||&#8221; global_colors_info=&#8221;{}&#8221;][et_pb_row column_structure=&#8221;1_2,1_2&#8243; make_equal=&#8221;on&#8221; _builder_version=&#8221;4.13.1&#8243; _module_preset=&#8221;default&#8221; background_enable_color=&#8221;off&#8221; use_background_color_gradient=&#8221;on&#8221; background_color_gradient_start=&#8221;rgba(255,255,255,0)&#8221; background_color_gradient_end=&#8221;#ffffff&#8221; background_color_gradient_direction=&#8221;270deg&#8221; background_enable_video_mp4=&#8221;off&#8221; background_video_width=&#8221;1280&#8243; background_video_height=&#8221;360&#8243; global_colors_info=&#8221;{}&#8221;][et_pb_column type=&#8221;1_2&#8243; _builder_version=&#8221;4.13.1&#8243; _module_preset=&#8221;default&#8221; global_colors_info=&#8221;{}&#8221;][et_pb_text _builder_version=&#8221;4.13.1&#8243; _module_preset=&#8221;default&#8221; header_2_font=&#8221;|600||on|||||&#8221; header_2_font_size=&#8221;44px&#8221; header_3_font_size=&#8221;24px&#8221; custom_margin=&#8221;||10px||false|false&#8221; global_colors_info=&#8221;{}&#8221;]<\/p>\n<h3>Hist\u00f3ria<\/h3>\n<h2>Linha do Tempo<\/h2>\n<p>[\/et_pb_text][et_pb_divider divider_weight=&#8221;8px&#8221; _builder_version=&#8221;4.13.1&#8243; _module_preset=&#8221;default&#8221; width=&#8221;40%&#8221; custom_margin=&#8221;0px||||false|false&#8221; custom_padding=&#8221;0px||||false|false&#8221; global_colors_info=&#8221;{}&#8221;][\/et_pb_divider][et_pb_text _builder_version=&#8221;4.14.1&#8243; _module_preset=&#8221;default&#8221; text_font=&#8221;|300|||||||&#8221; link_option_url=&#8221;#&#8221; global_colors_info=&#8221;{}&#8221;]O futebol chegou ao Brasil com status de esporte de elite. Na Inglaterra, j\u00e1 era praticado por oper\u00e1rios de f\u00e1bricas, mas chegou nas Am\u00e9ricas por meio de estudantes de classe alta, que voltavam do Reino Unido com bolas e chuteiras na bagagem, como foram os casos de Charles Miller e Oscar Cox, os pioneiros da modalidade no Brasil.[\/et_pb_text][et_pb_cta _builder_version=&#8221;4.13.1&#8243; _dynamic_attributes=&#8221;link_option_url&#8221; _module_preset=&#8221;default&#8221; header_font=&#8221;|||on|||||&#8221; header_font_size=&#8221;18px&#8221; body_font_size=&#8221;20px&#8221; width=&#8221;50%&#8221; module_alignment=&#8221;left&#8221; custom_margin=&#8221;||||false|false&#8221; custom_padding=&#8221;20px||0px||false|false&#8221; link_option_url=&#8221;@ET-DC@eyJkeW5hbWljIjp0cnVlLCJjb250ZW50IjoicG9zdF9saW5rX3VybF9wYWdlIiwic2V0dGluZ3MiOnsicG9zdF9pZCI6IjkwIn19@&#8221; border_radii=&#8221;on|10px|10px|10px|10px&#8221; locked=&#8221;off&#8221; global_colors_info=&#8221;{}&#8221;]<\/p>\n<p>Leia Mais<\/p>\n<p>[\/et_pb_cta][\/et_pb_column][et_pb_column type=&#8221;1_2&#8243; _builder_version=&#8221;4.13.1&#8243; _module_preset=&#8221;default&#8221; background_enable_video_mp4=&#8221;off&#8221; global_colors_info=&#8221;{}&#8221;][\/et_pb_column][\/et_pb_row][\/et_pb_section][et_pb_section fb_built=&#8221;1&#8243; _builder_version=&#8221;4.13.1&#8243; _module_preset=&#8221;default&#8221; background_enable_video_mp4=&#8221;off&#8221; custom_padding=&#8221;0px|||||&#8221; global_colors_info=&#8221;{}&#8221;][et_pb_row module_id=&#8221;personagens&#8221; _builder_version=&#8221;4.13.1&#8243; _module_preset=&#8221;default&#8221; custom_padding=&#8221;0px|||||&#8221; global_colors_info=&#8221;{}&#8221;][et_pb_column type=&#8221;4_4&#8243; _builder_version=&#8221;4.13.1&#8243; _module_preset=&#8221;default&#8221; global_colors_info=&#8221;{}&#8221;][et_pb_text _builder_version=&#8221;4.13.1&#8243; _module_preset=&#8221;default&#8221; header_2_font=&#8221;|600||on|||||&#8221; header_2_font_size=&#8221;44px&#8221; header_3_font_size=&#8221;24px&#8221; custom_margin=&#8221;60px||10px||false|false&#8221; locked=&#8221;off&#8221; global_colors_info=&#8221;{}&#8221;]<\/p>\n<h3>Personagens<\/h3>\n<h2>Conhe\u00e7a<\/h2>\n<p>[\/et_pb_text][et_pb_divider color=&#8221;#238340&#8243; divider_weight=&#8221;8px&#8221; _builder_version=&#8221;4.13.1&#8243; _module_preset=&#8221;default&#8221; width=&#8221;20%&#8221; custom_margin=&#8221;0px||||false|false&#8221; custom_padding=&#8221;0px||||false|false&#8221; locked=&#8221;off&#8221; global_colors_info=&#8221;{}&#8221;][\/et_pb_divider][dgbm_blog_module type=&#8221;3&#8243; include_categories=&#8221;2&#8243; orderby=&#8221;2&#8243; show_excerpt=&#8221;off&#8221; show_categories=&#8221;off&#8221; show_author=&#8221;off&#8221; show_date=&#8221;off&#8221; show_pagination=&#8221;off&#8221; layout=&#8221;masonry&#8221; space_between=&#8221;20px&#8221; image_size=&#8221;default_image&#8221; image_overlay=&#8221;on&#8221; overlay_color=&#8221;rgba(0,0,0,0.7)&#8221; use_overlay_icon=&#8221;on&#8221; select_overlay_icon=&#8221;&#xe02b;||divi||400&#8243; image_scale_on_hover=&#8221;on&#8221; container_margin=&#8221;||||false|false&#8221; container_padding=&#8221;||||false|false&#8221; title_margin=&#8221;20px||20px||false|false&#8221; _builder_version=&#8221;4.13.1&#8243; _module_preset=&#8221;default&#8221; title_text_align=&#8221;center&#8221; title_font_size=&#8221;24px&#8221; title_text_color_last_edited=&#8221;off|desktop&#8221; global_colors_info=&#8221;{}&#8221; title_text_color__hover_enabled=&#8221;on|hover&#8221; title_text_color__hover=&#8221;#FFFFFF&#8221;][\/dgbm_blog_module][\/et_pb_column][\/et_pb_row][\/et_pb_section][et_pb_section fb_built=&#8221;1&#8243; _builder_version=&#8221;4.14.1&#8243; _module_preset=&#8221;default&#8221; background_image=&#8221;https:\/\/webjornalismo.unicap.br\/racismo-no-futebol\/wp-content\/uploads\/2021\/11\/bg-selecao.jpg&#8221; parallax=&#8221;on&#8221; parallax_method=&#8221;off&#8221; background_enable_video_mp4=&#8221;off&#8221; custom_padding=&#8221;||||false|false&#8221; global_colors_info=&#8221;{}&#8221;][et_pb_row _builder_version=&#8221;4.13.1&#8243; _module_preset=&#8221;default&#8221; global_colors_info=&#8221;{}&#8221;][et_pb_column type=&#8221;4_4&#8243; _builder_version=&#8221;4.13.1&#8243; _module_preset=&#8221;default&#8221; global_colors_info=&#8221;{}&#8221;][et_pb_text _builder_version=&#8221;4.14.1&#8243; _module_preset=&#8221;default&#8221; header_2_font=&#8221;|600||on|||||&#8221; header_2_font_size=&#8221;44px&#8221; header_3_font_size=&#8221;24px&#8221; custom_margin=&#8221;||10px||false|false&#8221; locked=&#8221;off&#8221; global_colors_info=&#8221;{}&#8221;]<\/p>\n<h3>Debate<\/h3>\n<h2>NEGROS NA SELE\u00c7\u00c3O argentina<\/h2>\n<p>[\/et_pb_text][et_pb_divider color=&#8221;gcid-a15ace4b-b7dd-45ab-8e11-5a24a1ec15b6&#8243; divider_weight=&#8221;8px&#8221; _builder_version=&#8221;4.13.1&#8243; _module_preset=&#8221;default&#8221; width=&#8221;20%&#8221; custom_margin=&#8221;0px||||false|false&#8221; custom_padding=&#8221;0px||||false|false&#8221; locked=&#8221;off&#8221; global_colors_info=&#8221;{%22gcid-a15ace4b-b7dd-45ab-8e11-5a24a1ec15b6%22:%91%22color%22%93}&#8221;][\/et_pb_divider][\/et_pb_column][\/et_pb_row][et_pb_row column_structure=&#8221;1_2,1_2&#8243; _builder_version=&#8221;4.13.1&#8243; _module_preset=&#8221;default&#8221; global_colors_info=&#8221;{}&#8221;][et_pb_column type=&#8221;1_2&#8243; _builder_version=&#8221;4.13.1&#8243; _module_preset=&#8221;default&#8221; global_colors_info=&#8221;{}&#8221;][et_pb_image src=&#8221;https:\/\/webjornalismo.unicap.br\/racismo-no-futebol\/wp-content\/uploads\/2021\/12\/image1.jpg&#8221; title_text=&#8221;image1&#8243; _builder_version=&#8221;4.14.1&#8243; _module_preset=&#8221;default&#8221; hover_enabled=&#8221;0&#8243; global_colors_info=&#8221;{}&#8221; show_bottom_space=&#8221;off&#8221; sticky_enabled=&#8221;0&#8243;][\/et_pb_image][et_pb_text _builder_version=&#8221;4.14.1&#8243; _module_preset=&#8221;default&#8221; text_font=&#8221;|300|||||||&#8221; text_font_size=&#8221;13px&#8221; hover_enabled=&#8221;0&#8243; global_colors_info=&#8221;{}&#8221; sticky_enabled=&#8221;0&#8243;]<\/p>\n<p>\u00c0 esquerda, Ramos Delgado pelo Lan\u00fas e como capit\u00e3o da sele\u00e7\u00e3o argentina; \u00e0 direita, H\u00e9ctor Baley: ambos disputaram dois Mundiais. Foto: Arquivo\/Futebol Portenho<\/p>\n<p>[\/et_pb_text][et_pb_image src=&#8221;https:\/\/webjornalismo.unicap.br\/racismo-no-futebol\/wp-content\/uploads\/2021\/11\/image001.jpg&#8221; title_text=&#8221;image001&#8243; show_bottom_space=&#8221;off&#8221; _builder_version=&#8221;4.14.1&#8243; _module_preset=&#8221;default&#8221; global_colors_info=&#8221;{}&#8221;][\/et_pb_image][et_pb_text _builder_version=&#8221;4.14.1&#8243; _module_preset=&#8221;default&#8221; text_font=&#8221;|300|||||||&#8221; text_font_size=&#8221;13px&#8221; hover_enabled=&#8221;0&#8243; global_colors_info=&#8221;{}&#8221; sticky_enabled=&#8221;0&#8243;]Argentina na Copa Am\u00e9rica de 2019, disputada no Brasil, sem a presen\u00e7a de negros. Foto: Gaspar Nobrega\/Copa America[\/et_pb_text][\/et_pb_column][et_pb_column type=&#8221;1_2&#8243; _builder_version=&#8221;4.13.1&#8243; _module_preset=&#8221;default&#8221; global_colors_info=&#8221;{}&#8221;][et_pb_text _builder_version=&#8221;4.14.1&#8243; _module_preset=&#8221;default&#8221; text_font=&#8221;|300|||||||&#8221; background_color=&#8221;#FFFFFF&#8221; custom_margin=&#8221;-26px||0px||false|false&#8221; custom_padding=&#8221;20px|20px|20px||true|false&#8221; global_colors_info=&#8221;{}&#8221;]Um dos debates pouco difundidos na m\u00eddia esportiva, por\u00e9m de uma riqueza hist\u00f3ria e social inquestion\u00e1vel, diz respeito \u00e0 aus\u00eancia de negros nas equipes que representam a Argentina nas competi\u00e7\u00f5es esportivas. Na sele\u00e7\u00e3o de futebol, por exemplo, n\u00e3o h\u00e1 registros de jogadores negros no time argentinos dos anos 2000 para c\u00e1. <\/p>\n<p>Aqui, temos um levantamento de jogadores negros not\u00e1veis que tiveram a oportunidade de vestir a camisa da Albiceleste. A maioria deles, com passagens relevantes por grandes clubes do pa\u00eds. [\/et_pb_text][et_pb_text _builder_version=&#8221;4.14.1&#8243; _module_preset=&#8221;default&#8221; text_font=&#8221;|300|||||||&#8221; background_color=&#8221;#FFFFFF&#8221; custom_padding=&#8221;|20px|20px||false|false&#8221; global_colors_info=&#8221;{}&#8221;]<\/p>\n<p><strong>Jos\u00e9 Laguna \u2013 Hurac\u00e1n (d\u00e9cada de 1910. Foto \u00e0 direita)<\/strong><br \/>Miguel Dellavalle \u2013 Belgrano (d\u00e9cada de 1920)<br \/>Alejandro de los Santos \u2013 San Lorenzo e Hurac\u00e1n (1921\/1931)<br \/>Rinaldo Fioramonte Martino \u2013 San Lorenzo (d\u00e9cada de 1940)<br \/>Alberto Arc\u00e1ngel Britos Ramos \u2013 Independiente (1952\/1959)<br \/>Jos\u00e9 Manuel Ramos Delgado \u2013 Lan\u00fas, Banfield (d\u00e9cada de 1960)<br \/>H\u00e9ctor Rodolfo Baley \u2013 Col\u00f3n de Santa Fe, Talleres e Hurac\u00e1n (1975\/1982)<br \/>Ernesto Picot \u2013 San Lorenzo (1947\/1954)<br \/>Julio Luis Benav\u00eddez \u2013 Boca Juniors (d\u00e9cada de 1930)<br \/>Jorge Trezeguet \u2013 Estudiantes de Buenos Aires, Almagro, Deportivo Espa\u00f1ol e Sportivo Italiano (d\u00e9cada de 1970)<br \/>Miguel \u00c1ngel Ludue\u00f1a \u2013 Belgrano, Talleres, Racing e Independiente (d\u00e9cadas de 1980 e 1990).<\/p>\n<p>[\/et_pb_text][\/et_pb_column][\/et_pb_row][\/et_pb_section][et_pb_section fb_built=&#8221;1&#8243; _builder_version=&#8221;4.14.1&#8243; _module_preset=&#8221;default&#8221; background_enable_image=&#8221;off&#8221; parallax=&#8221;on&#8221; background_enable_video_mp4=&#8221;off&#8221; custom_padding=&#8221;||||false|false&#8221; global_colors_info=&#8221;{}&#8221;][et_pb_row module_id=&#8221;materias&#8221; _builder_version=&#8221;4.13.1&#8243; _module_preset=&#8221;default&#8221; global_colors_info=&#8221;{}&#8221;][et_pb_column type=&#8221;4_4&#8243; _builder_version=&#8221;4.13.1&#8243; _module_preset=&#8221;default&#8221; global_colors_info=&#8221;{}&#8221;][et_pb_text _builder_version=&#8221;4.14.1&#8243; _module_preset=&#8221;default&#8221; header_2_font=&#8221;|600||on|||||&#8221; header_2_font_size=&#8221;44px&#8221; header_3_font_size=&#8221;24px&#8221; custom_margin=&#8221;||10px||false|false&#8221; locked=&#8221;off&#8221; global_colors_info=&#8221;{}&#8221;]<\/p>\n<h3>Mat\u00e9rias<\/h3>\n<h2>Leia Mais<\/h2>\n<p>[\/et_pb_text][et_pb_divider color=&#8221;gcid-e8f98027-9f1c-42df-a2f9-1ccd9637fbb4&#8243; divider_weight=&#8221;8px&#8221; _builder_version=&#8221;4.13.1&#8243; _module_preset=&#8221;default&#8221; width=&#8221;20%&#8221; custom_margin=&#8221;0px||||false|false&#8221; custom_padding=&#8221;0px||||false|false&#8221; locked=&#8221;off&#8221; global_colors_info=&#8221;{%22gcid-e8f98027-9f1c-42df-a2f9-1ccd9637fbb4%22:%91%22color%22%93}&#8221;][\/et_pb_divider][dgbm_blog_module post_type=&#8221;project&#8221; show_categories=&#8221;off&#8221; show_author=&#8221;off&#8221; show_date=&#8221;off&#8221; show_pagination=&#8221;off&#8221; item_in_desktop=&#8221;2&#8243; image_size=&#8221;default_image&#8221; title_margin=&#8221;40px||20px||false|false&#8221; _builder_version=&#8221;4.14.1&#8243; _module_preset=&#8221;default&#8221; title_font_size=&#8221;28px&#8221; title_line_height=&#8221;1.4em&#8221; content_font=&#8221;|300|||||||&#8221; global_colors_info=&#8221;{}&#8221;][\/dgbm_blog_module][\/et_pb_column][\/et_pb_row][\/et_pb_section][et_pb_section fb_built=&#8221;1&#8243; _builder_version=&#8221;4.14.1&#8243; _module_preset=&#8221;default&#8221; background_color=&#8221;#ededed&#8221; global_colors_info=&#8221;{}&#8221;][et_pb_row column_structure=&#8221;1_3,2_3&#8243; _builder_version=&#8221;4.14.1&#8243; _module_preset=&#8221;default&#8221; global_colors_info=&#8221;{}&#8221;][et_pb_column type=&#8221;1_3&#8243; _builder_version=&#8221;4.14.1&#8243; _module_preset=&#8221;default&#8221; global_colors_info=&#8221;{}&#8221;][et_pb_image src=&#8221;https:\/\/webjornalismo.unicap.br\/racismo-no-futebol\/wp-content\/uploads\/2021\/12\/Alexandre.jpg&#8221; title_text=&#8221;Alexandre&#8221; _builder_version=&#8221;4.14.1&#8243; _module_preset=&#8221;default&#8221; global_colors_info=&#8221;{}&#8221;][\/et_pb_image][\/et_pb_column][et_pb_column type=&#8221;2_3&#8243; _builder_version=&#8221;4.14.1&#8243; _module_preset=&#8221;default&#8221; global_colors_info=&#8221;{}&#8221;][et_pb_text _builder_version=&#8221;4.14.1&#8243; _module_preset=&#8221;default&#8221; header_2_font=&#8221;|600||on|||||&#8221; header_2_font_size=&#8221;44px&#8221; header_3_font_size=&#8221;24px&#8221; custom_margin=&#8221;||10px||false|false&#8221; locked=&#8221;off&#8221; global_colors_info=&#8221;{}&#8221;]<\/p>\n<h3><span>Expediente<\/span><\/h3>\n<h2>Sobre o Pelota Racista<\/h2>\n<p>[\/et_pb_text][et_pb_divider color=&#8221;#238340&#8243; divider_weight=&#8221;8px&#8221; _builder_version=&#8221;4.13.1&#8243; _module_preset=&#8221;default&#8221; width=&#8221;20%&#8221; custom_margin=&#8221;0px||||false|false&#8221; custom_padding=&#8221;0px||||false|false&#8221; locked=&#8221;off&#8221; global_colors_info=&#8221;{}&#8221;][\/et_pb_divider][et_pb_text _builder_version=&#8221;4.14.1&#8243; _module_preset=&#8221;default&#8221; text_font=&#8221;|300|||||||&#8221; global_colors_info=&#8221;{}&#8221;]<\/p>\n<p><strong>Reportagens:<\/strong> Alexandre Ricardo<br \/><strong>Edi\u00e7\u00e3o:<\/strong> Adriana D\u00f3ria<br \/><strong>Webdesign:<\/strong> Jota Bosco<\/p>\n<p>Trabalho apresentado como conclus\u00e3o do curso de Jornalismo da Universidade Cat\u00f3lica de Pernambuco<\/p>\n<p>[\/et_pb_text][\/et_pb_column][\/et_pb_row][\/et_pb_section]<\/p>\n","protected":false},"excerpt":{"rendered":"<p>Pa\u00edses mais relevantes das Am\u00e9ricas na hist\u00f3ria do futebol mundial, Argentina e Brasil tamb\u00e9m carregam consigo marcas hist\u00f3ricas que os colocam no centro da discuss\u00e3o acerca do racismo instaurado no futebol sul-americano. O Pelota racista \u2013 O racismo no futebol da Argentina e do Brasil \u2013 se prop\u00f5e a apresentar e discutir esse comportamento nada [&hellip;]<\/p>\n","protected":false},"author":2,"featured_media":0,"parent":0,"menu_order":0,"comment_status":"closed","ping_status":"closed","template":"","meta":{"_et_pb_use_builder":"on","_et_pb_old_content":"","_et_gb_content_width":""},"_links":{"self":[{"href":"https:\/\/webjornalismo.unicap.br\/racismo-no-futebol\/wp-json\/wp\/v2\/pages\/9"}],"collection":[{"href":"https:\/\/webjornalismo.unicap.br\/racismo-no-futebol\/wp-json\/wp\/v2\/pages"}],"about":[{"href":"https:\/\/webjornalismo.unicap.br\/racismo-no-futebol\/wp-json\/wp\/v2\/types\/page"}],"author":[{"embeddable":true,"href":"https:\/\/webjornalismo.unicap.br\/racismo-no-futebol\/wp-json\/wp\/v2\/users\/2"}],"replies":[{"embeddable":true,"href":"https:\/\/webjornalismo.unicap.br\/racismo-no-futebol\/wp-json\/wp\/v2\/comments?post=9"}],"version-history":[{"count":53,"href":"https:\/\/webjornalismo.unicap.br\/racismo-no-futebol\/wp-json\/wp\/v2\/pages\/9\/revisions"}],"predecessor-version":[{"id":375,"href":"https:\/\/webjornalismo.unicap.br\/racismo-no-futebol\/wp-json\/wp\/v2\/pages\/9\/revisions\/375"}],"wp:attachment":[{"href":"https:\/\/webjornalismo.unicap.br\/racismo-no-futebol\/wp-json\/wp\/v2\/media?parent=9"}],"curies":[{"name":"wp","href":"https:\/\/api.w.org\/{rel}","templated":true}]}}