{"id":213,"date":"2021-11-24T22:00:09","date_gmt":"2021-11-25T01:00:09","guid":{"rendered":"https:\/\/webjornalismo.unicap.br\/nautico\/?page_id=213"},"modified":"2021-12-01T18:30:03","modified_gmt":"2021-12-01T21:30:03","slug":"sobre","status":"publish","type":"page","link":"https:\/\/webjornalismo.unicap.br\/nautico\/sobre\/","title":{"rendered":"Sobre"},"content":{"rendered":"<p>[et_pb_section fb_built=&#8221;1&#8243; _builder_version=&#8221;4.13.0&#8243; _module_preset=&#8221;default&#8221; global_colors_info=&#8221;{}&#8221;][et_pb_row _builder_version=&#8221;4.14.1&#8243; _module_preset=&#8221;default&#8221; width=&#8221;50%&#8221; module_alignment=&#8221;center&#8221; custom_margin=&#8221;||12vh||false|false&#8221; global_colors_info=&#8221;{}&#8221;][et_pb_column type=&#8221;4_4&#8243; _builder_version=&#8221;4.13.0&#8243; _module_preset=&#8221;default&#8221; global_colors_info=&#8221;{}&#8221;][et_pb_text _builder_version=&#8221;4.13.0&#8243; _module_preset=&#8221;default&#8221; header_font=&#8221;|700|||||||&#8221; header_text_color=&#8221;#E02B20&#8243; header_font_size=&#8221;50px&#8221; header_2_text_color=&#8221;#E02B20&#8243; global_colors_info=&#8221;{}&#8221;]<\/p>\n<h1>Sobre<\/h1>\n<p>[\/et_pb_text][et_pb_text _builder_version=&#8221;4.14.1&#8243; _module_preset=&#8221;default&#8221; text_font=&#8221;|300|||||||&#8221; header_font=&#8221;|700||on|||||&#8221; header_text_color=&#8221;#E02B20&#8243; global_colors_info=&#8221;{}&#8221;]<\/p>\n<p>Esse projeto \u00e9 um site jornal\u00edstico que tem como objetivo analisar o clube N\u00e1utico Capibaribe em seus \u00faltimos 5 anos, com a colabora\u00e7\u00e3o de torcedores e jornalistas, pois esse foi um per\u00edodo muito importante na hist\u00f3ria do clube com muitos temas para abordar.<\/p>\n<p>A constru\u00e7\u00e3o do Website N\u00e1utico do inferno \u00e0 reestrutura\u00e7\u00e3o pretende tra\u00e7ar uma linha do tempo sobre os \u00faltimos cinco anos do Clube N\u00e1utico Capibaribe, de 2017 at\u00e9 2021, apresentando os principais acontecimentos sobre o time pernambucano neste per\u00edodo, que estava na s\u00e9rie C, em um dos seus piores momentos at\u00e9 a sua reestrutura\u00e7\u00e3o.<\/p>\n<p>Passando por uma das maiores crises da hist\u00f3ria do time, como por exemplo o excesso de d\u00edvidas, rebaixamento para a s\u00e9rie C em 2017, retorno ao est\u00e1dio dos Aflitos, em 2018, como um recome\u00e7o; al\u00e9m das dificuldades trazidas pelo per\u00edodo atual de pandemia.<\/p>\n<p>[\/et_pb_text][et_pb_divider _builder_version=&#8221;4.14.1&#8243; _module_preset=&#8221;default&#8221; width=&#8221;20%&#8221; custom_margin=&#8221;60px||0px||false|false&#8221; hover_enabled=&#8221;0&#8243; global_colors_info=&#8221;{}&#8221; sticky_enabled=&#8221;0&#8243;][\/et_pb_divider][et_pb_text _builder_version=&#8221;4.14.1&#8243; _module_preset=&#8221;default&#8221; text_font=&#8221;|300|||||||&#8221; header_font=&#8221;|700||on|||||&#8221; header_text_color=&#8221;#E02B20&#8243; global_colors_info=&#8221;{}&#8221;]<\/p>\n<p><strong>Produ\u00e7\u00e3o:<\/strong> Victor Tadeu<br \/><strong>Orienta\u00e7\u00e3o, edi\u00e7\u00e3o e revis\u00e3o de texto:<\/strong> Filipe Falc\u00e3o<br \/><strong>Webdesign:<\/strong> Jota Bosco<\/p>\n<p>[\/et_pb_text][\/et_pb_column][\/et_pb_row][\/et_pb_section]<\/p>\n","protected":false},"excerpt":{"rendered":"<p>SobreEsse projeto \u00e9 um site jornal\u00edstico que tem como objetivo analisar o clube N\u00e1utico Capibaribe em seus \u00faltimos 5 anos, com a colabora\u00e7\u00e3o de torcedores e jornalistas, pois esse foi um per\u00edodo muito importante na hist\u00f3ria do clube com muitos temas para abordar. A constru\u00e7\u00e3o do Website N\u00e1utico do inferno \u00e0 reestrutura\u00e7\u00e3o pretende tra\u00e7ar uma [&hellip;]<\/p>\n","protected":false},"author":1,"featured_media":0,"parent":0,"menu_order":0,"comment_status":"closed","ping_status":"closed","template":"","meta":{"_et_pb_use_builder":"on","_et_pb_old_content":"","_et_gb_content_width":""},"_links":{"self":[{"href":"https:\/\/webjornalismo.unicap.br\/nautico\/wp-json\/wp\/v2\/pages\/213"}],"collection":[{"href":"https:\/\/webjornalismo.unicap.br\/nautico\/wp-json\/wp\/v2\/pages"}],"about":[{"href":"https:\/\/webjornalismo.unicap.br\/nautico\/wp-json\/wp\/v2\/types\/page"}],"author":[{"embeddable":true,"href":"https:\/\/webjornalismo.unicap.br\/nautico\/wp-json\/wp\/v2\/users\/1"}],"replies":[{"embeddable":true,"href":"https:\/\/webjornalismo.unicap.br\/nautico\/wp-json\/wp\/v2\/comments?post=213"}],"version-history":[{"count":5,"href":"https:\/\/webjornalismo.unicap.br\/nautico\/wp-json\/wp\/v2\/pages\/213\/revisions"}],"predecessor-version":[{"id":334,"href":"https:\/\/webjornalismo.unicap.br\/nautico\/wp-json\/wp\/v2\/pages\/213\/revisions\/334"}],"wp:attachment":[{"href":"https:\/\/webjornalismo.unicap.br\/nautico\/wp-json\/wp\/v2\/media?parent=213"}],"curies":[{"name":"wp","href":"https:\/\/api.w.org\/{rel}","templated":true}]}}