{"id":203,"date":"2021-11-24T21:56:31","date_gmt":"2021-11-25T00:56:31","guid":{"rendered":"https:\/\/webjornalismo.unicap.br\/nautico\/?page_id=203"},"modified":"2021-12-06T16:18:23","modified_gmt":"2021-12-06T19:18:23","slug":"aflitos-x-arena","status":"publish","type":"page","link":"https:\/\/webjornalismo.unicap.br\/nautico\/aflitos-x-arena\/","title":{"rendered":"Aflitos X Arena"},"content":{"rendered":"<p>[et_pb_section fb_built=&#8221;1&#8243; _builder_version=&#8221;4.13.0&#8243; _module_preset=&#8221;default&#8221; global_colors_info=&#8221;{}&#8221;][et_pb_row _builder_version=&#8221;4.13.0&#8243; _module_preset=&#8221;default&#8221; width=&#8221;50%&#8221; module_alignment=&#8221;center&#8221; global_colors_info=&#8221;{}&#8221;][et_pb_column type=&#8221;4_4&#8243; _builder_version=&#8221;4.13.0&#8243; _module_preset=&#8221;default&#8221; global_colors_info=&#8221;{}&#8221;][et_pb_text _builder_version=&#8221;4.14.1&#8243; _module_preset=&#8221;default&#8221; header_font=&#8221;|700|||||||&#8221; header_text_color=&#8221;#E02B20&#8243; header_font_size=&#8221;50px&#8221; header_2_text_color=&#8221;#E02B20&#8243; global_colors_info=&#8221;{}&#8221;]<\/p>\n<h1>Aflitos X Arena<\/h1>\n<p>[\/et_pb_text][et_pb_text _builder_version=&#8221;4.14.1&#8243; _module_preset=&#8221;default&#8221; text_font=&#8221;|300|||||||&#8221; header_font=&#8221;|700||on|||||&#8221; header_text_color=&#8221;#E02B20&#8243; global_colors_info=&#8221;{}&#8221;]<\/p>\n<p><span style=\"font-weight: 400;\">A Arena nunca foi um lar para o torcedor alvirrubro, muito distante do centro e com transporte prec\u00e1rio at\u00e9 S\u00e3o Louren\u00e7o,\u00a0 era comum em jogos do N\u00e1utico poucos torcedores e\u00a0 muitas cadeiras vazias e um\u00a0 sil\u00eancio incomum, um ambiente frio e muitas vezes sendo tratado como campo neutro pelos rivais.\u00a0<\/span><\/p>\n<p><span style=\"font-weight: 400;\">Na \u00e9poca em que foi assinado o contrato, a rela\u00e7\u00e3o com a Arena era vista com muito entusiasmo, de um clube que tinha ambi\u00e7\u00f5es grandes e uma vontade enorme de crescer. O entusiasmo logo virou decep\u00e7\u00e3o, e o torcedor passou a sonhar com a volta aos aflitos.\u00a0<\/span><\/p>\n<p><span style=\"font-weight: 400;\">Voltar para os aflitos sem d\u00favidas foi uma grande marca desse per\u00edodo no clube. N\u00e3o s\u00f3 voltar, mas como reformar o est\u00e1dio e deixar ele mais confort\u00e1vel para o torcedor. A Arena Pernambuco nunca conseguiu ser uma casa para o torcedor, muito distante do torcedor e das ra\u00edzes do clube.<\/span><\/p>\n<p>[\/et_pb_text][et_pb_text _builder_version=&#8221;4.14.2&#8243; _module_preset=&#8221;default&#8221; text_font=&#8221;|300|||||||&#8221; header_font=&#8221;|700|||||||&#8221; header_text_color=&#8221;#E02B20&#8243; custom_margin=&#8221;60px|||||&#8221; hover_enabled=&#8221;0&#8243; global_colors_info=&#8221;{}&#8221; header_2_text_color=&#8221;#b5b5b5&#8243; sticky_enabled=&#8221;0&#8243;]<\/p>\n<h1>Aflitos<\/h1>\n<h2>Opini\u00e3o do torcedor<\/h2>\n<p>[\/et_pb_text][\/et_pb_column][\/et_pb_row][et_pb_row column_structure=&#8221;1_3,2_3&#8243; _builder_version=&#8221;4.14.2&#8243; _module_preset=&#8221;default&#8221; width=&#8221;50%&#8221; custom_padding=&#8221;0px|||||&#8221; border_width_bottom=&#8221;1px&#8221; border_color_bottom=&#8221;#E02B20&#8243; locked=&#8221;off&#8221; global_colors_info=&#8221;{}&#8221;][et_pb_column type=&#8221;1_3&#8243; _builder_version=&#8221;4.13.0&#8243; _module_preset=&#8221;default&#8221; global_colors_info=&#8221;{}&#8221;][et_pb_image src=&#8221;https:\/\/webjornalismo.unicap.br\/nautico\/wp-content\/uploads\/2021\/12\/leo-simoes4.jpg&#8221; alt=&#8221;Leonardo Peregrino e Jo\u00e3o Eduardo (pai)&#8221; title_text=&#8221;leo-simoes4&#8243; _builder_version=&#8221;4.14.2&#8243; _module_preset=&#8221;default&#8221; global_colors_info=&#8221;{}&#8221;][\/et_pb_image][\/et_pb_column][et_pb_column type=&#8221;2_3&#8243; _builder_version=&#8221;4.13.0&#8243; _module_preset=&#8221;default&#8221; global_colors_info=&#8221;{}&#8221;][et_pb_text _builder_version=&#8221;4.14.2&#8243; _module_preset=&#8221;default&#8221; text_font=&#8221;|800||on|||||&#8221; text_font_size=&#8221;22px&#8221; header_font=&#8221;|700||on|||||&#8221; header_text_color=&#8221;#E02B20&#8243; locked=&#8221;off&#8221; global_colors_info=&#8221;{}&#8221;]<\/p>\n<p>Leonardo Sim\u00f5es<\/p>\n<p>[\/et_pb_text][et_pb_code _builder_version=&#8221;4.14.2&#8243; _module_preset=&#8221;default&#8221; global_colors_info=&#8221;{}&#8221;]<iframe loading=\"lazy\" width=\"100%\" height=\"166\" scrolling=\"no\" frameborder=\"no\" allow=\"autoplay\" src=\"https:\/\/w.soundcloud.com\/player\/?url=https%3A\/\/api.soundcloud.com\/tracks\/1171434970&#038;color=%23ff0000&#038;auto_play=false&#038;hide_related=false&#038;show_comments=true&#038;show_user=true&#038;show_reposts=false&#038;show_teaser=true\"><\/iframe><\/p>\n<div style=\"font-size: 10px; color: #cccccc;line-break: anywhere;word-break: normal;overflow: hidden;white-space: nowrap;text-overflow: ellipsis; font-family: Interstate,Lucida Grande,Lucida Sans Unicode,Lucida Sans,Garuda,Verdana,Tahoma,sans-serif;font-weight: 100;\"><a href=\"https:\/\/soundcloud.com\/victor-tadeu-474289775\" title=\"Victor Tadeu\" target=\"_blank\" style=\"color: #cccccc; text-decoration: none;\" rel=\"noopener\">Victor Tadeu<\/a> \u00b7 <a href=\"https:\/\/soundcloud.com\/victor-tadeu-474289775\/volta-aos-aflitos-leonardo\" title=\"Volta aos Aflitos - Leonardo Sim\u00f5es \u00c1udio\" target=\"_blank\" style=\"color: #cccccc; text-decoration: none;\" rel=\"noopener\">Volta aos Aflitos &#8211; Leonardo Sim\u00f5es \u00c1udio<\/a><\/div>\n<p>[\/et_pb_code][\/et_pb_column][\/et_pb_row][et_pb_row column_structure=&#8221;1_3,2_3&#8243; _builder_version=&#8221;4.14.2&#8243; _module_preset=&#8221;default&#8221; width=&#8221;50%&#8221; border_width_bottom=&#8221;1px&#8221; border_color_bottom=&#8221;#E02B20&#8243; locked=&#8221;off&#8221; global_colors_info=&#8221;{}&#8221;][et_pb_column type=&#8221;1_3&#8243; _builder_version=&#8221;4.13.0&#8243; _module_preset=&#8221;default&#8221; global_colors_info=&#8221;{}&#8221;][et_pb_image src=&#8221;https:\/\/webjornalismo.unicap.br\/nautico\/wp-content\/uploads\/2021\/12\/Leonardo-Peregrino-joao.jpg&#8221; alt=&#8221;Leonardo Peregrino e Jo\u00e3o Eduardo (pai)&#8221; title_text=&#8221;Leonardo-Peregrino-joao&#8221; _builder_version=&#8221;4.14.2&#8243; _module_preset=&#8221;default&#8221; global_colors_info=&#8221;{}&#8221;][\/et_pb_image][\/et_pb_column][et_pb_column type=&#8221;2_3&#8243; _builder_version=&#8221;4.13.0&#8243; _module_preset=&#8221;default&#8221; global_colors_info=&#8221;{}&#8221;][et_pb_text _builder_version=&#8221;4.14.2&#8243; _module_preset=&#8221;default&#8221; text_font=&#8221;|800||on|||||&#8221; text_font_size=&#8221;22px&#8221; header_font=&#8221;|700||on|||||&#8221; header_text_color=&#8221;#E02B20&#8243; locked=&#8221;off&#8221; global_colors_info=&#8221;{}&#8221;]<\/p>\n<p>Jo\u00e3o Eduardo<\/p>\n<p>[\/et_pb_text][et_pb_code _builder_version=&#8221;4.14.2&#8243; _module_preset=&#8221;default&#8221; global_colors_info=&#8221;{}&#8221;]<iframe loading=\"lazy\" width=\"100%\" height=\"166\" scrolling=\"no\" frameborder=\"no\" allow=\"autoplay\" src=\"https:\/\/w.soundcloud.com\/player\/?url=https%3A\/\/api.soundcloud.com\/tracks\/1171435072&#038;color=%23ff0000&#038;auto_play=false&#038;hide_related=false&#038;show_comments=true&#038;show_user=true&#038;show_reposts=false&#038;show_teaser=true\"><\/iframe><\/p>\n<div style=\"font-size: 10px; color: #cccccc;line-break: anywhere;word-break: normal;overflow: hidden;white-space: nowrap;text-overflow: ellipsis; font-family: Interstate,Lucida Grande,Lucida Sans Unicode,Lucida Sans,Garuda,Verdana,Tahoma,sans-serif;font-weight: 100;\"><a href=\"https:\/\/soundcloud.com\/victor-tadeu-474289775\" title=\"Victor Tadeu\" target=\"_blank\" style=\"color: #cccccc; text-decoration: none;\" rel=\"noopener\">Victor Tadeu<\/a> \u00b7 <a href=\"https:\/\/soundcloud.com\/victor-tadeu-474289775\/volta-aos-aflitos-joao-eduardo\" title=\"Volta aos Aflitos - Jo\u00e3o Eduardo \u00c1udio\" target=\"_blank\" style=\"color: #cccccc; text-decoration: none;\" rel=\"noopener\">Volta aos Aflitos &#8211; Jo\u00e3o Eduardo \u00c1udio<\/a><\/div>\n<p>[\/et_pb_code][\/et_pb_column][\/et_pb_row][et_pb_row column_structure=&#8221;1_3,2_3&#8243; _builder_version=&#8221;4.14.2&#8243; _module_preset=&#8221;default&#8221; width=&#8221;50%&#8221; border_width_bottom=&#8221;1px&#8221; border_color_bottom=&#8221;#E02B20&#8243; locked=&#8221;off&#8221; global_colors_info=&#8221;{}&#8221;][et_pb_column type=&#8221;1_3&#8243; _builder_version=&#8221;4.13.0&#8243; _module_preset=&#8221;default&#8221; global_colors_info=&#8221;{}&#8221;][et_pb_image src=&#8221;https:\/\/webjornalismo.unicap.br\/nautico\/wp-content\/uploads\/2021\/12\/diego-araca.jpg&#8221; alt=&#8221;Leonardo Peregrino e Jo\u00e3o Eduardo (pai)&#8221; title_text=&#8221;diego-araca&#8221; _builder_version=&#8221;4.14.2&#8243; _module_preset=&#8221;default&#8221; global_colors_info=&#8221;{}&#8221;][\/et_pb_image][\/et_pb_column][et_pb_column type=&#8221;2_3&#8243; _builder_version=&#8221;4.13.0&#8243; _module_preset=&#8221;default&#8221; global_colors_info=&#8221;{}&#8221;][et_pb_text _builder_version=&#8221;4.14.2&#8243; _module_preset=&#8221;default&#8221; text_font=&#8221;|800||on|||||&#8221; text_font_size=&#8221;22px&#8221; header_font=&#8221;|700||on|||||&#8221; header_text_color=&#8221;#E02B20&#8243; locked=&#8221;off&#8221; global_colors_info=&#8221;{}&#8221;]<\/p>\n<p>Diego Ara\u00e7\u00e1<\/p>\n<p>[\/et_pb_text][et_pb_code _builder_version=&#8221;4.14.2&#8243; _module_preset=&#8221;default&#8221; global_colors_info=&#8221;{}&#8221;]<iframe loading=\"lazy\" width=\"100%\" height=\"166\" scrolling=\"no\" frameborder=\"no\" allow=\"autoplay\" src=\"https:\/\/w.soundcloud.com\/player\/?url=https%3A\/\/api.soundcloud.com\/tracks\/1171435138&#038;color=%23ff0000&#038;auto_play=false&#038;hide_related=false&#038;show_comments=true&#038;show_user=true&#038;show_reposts=false&#038;show_teaser=true\"><\/iframe><\/p>\n<div style=\"font-size: 10px; color: #cccccc;line-break: anywhere;word-break: normal;overflow: hidden;white-space: nowrap;text-overflow: ellipsis; font-family: Interstate,Lucida Grande,Lucida Sans Unicode,Lucida Sans,Garuda,Verdana,Tahoma,sans-serif;font-weight: 100;\"><a href=\"https:\/\/soundcloud.com\/victor-tadeu-474289775\" title=\"Victor Tadeu\" target=\"_blank\" style=\"color: #cccccc; text-decoration: none;\" rel=\"noopener\">Victor Tadeu<\/a> \u00b7 <a href=\"https:\/\/soundcloud.com\/victor-tadeu-474289775\/volta-aos-aflitos-diego-araca\" title=\"Volta aos Aflitos - Diego Ara\u00e7\u00e1 \u00c1udio\" target=\"_blank\" style=\"color: #cccccc; text-decoration: none;\" rel=\"noopener\">Volta aos Aflitos &#8211; Diego Ara\u00e7\u00e1 \u00c1udio<\/a><\/div>\n<p>[\/et_pb_code][\/et_pb_column][\/et_pb_row][et_pb_row _builder_version=&#8221;4.13.0&#8243; _module_preset=&#8221;default&#8221; width=&#8221;50%&#8221; global_colors_info=&#8221;{}&#8221;][et_pb_column type=&#8221;4_4&#8243; _builder_version=&#8221;4.13.0&#8243; _module_preset=&#8221;default&#8221; global_colors_info=&#8221;{}&#8221;][et_pb_image src=&#8221;https:\/\/webjornalismo.unicap.br\/nautico\/wp-content\/uploads\/2021\/11\/Aflitos-x-Arena-Infografico.png.jpg&#8221; title_text=&#8221;Aflitos x Arena Infogr\u00e1fico.png&#8221; align=&#8221;center&#8221; _builder_version=&#8221;4.13.0&#8243; _module_preset=&#8221;default&#8221; width=&#8221;50%&#8221; module_alignment=&#8221;center&#8221; global_colors_info=&#8221;{}&#8221;][\/et_pb_image][et_pb_text _builder_version=&#8221;4.14.2&#8243; _module_preset=&#8221;default&#8221; text_font=&#8221;|300|||||||&#8221; header_font=&#8221;|700|||||||&#8221; header_text_color=&#8221;#E02B20&#8243; custom_margin=&#8221;60px|||||&#8221; hover_enabled=&#8221;0&#8243; global_colors_info=&#8221;{}&#8221; header_2_text_color=&#8221;#b5b5b5&#8243; sticky_enabled=&#8221;0&#8243;]<\/p>\n<h1>Arena<\/h1>\n<h2>Opini\u00e3o do torcedor<\/h2>\n<p>[\/et_pb_text][\/et_pb_column][\/et_pb_row][et_pb_row column_structure=&#8221;1_3,2_3&#8243; _builder_version=&#8221;4.14.2&#8243; _module_preset=&#8221;default&#8221; width=&#8221;50%&#8221; custom_padding=&#8221;0px|||||&#8221; border_width_bottom=&#8221;1px&#8221; border_color_bottom=&#8221;#E02B20&#8243; locked=&#8221;off&#8221; global_colors_info=&#8221;{}&#8221;][et_pb_column type=&#8221;1_3&#8243; _builder_version=&#8221;4.13.0&#8243; _module_preset=&#8221;default&#8221; global_colors_info=&#8221;{}&#8221;][et_pb_image src=&#8221;https:\/\/webjornalismo.unicap.br\/nautico\/wp-content\/uploads\/2021\/12\/diego-araca3.jpg&#8221; alt=&#8221;Leonardo Peregrino e Jo\u00e3o Eduardo (pai)&#8221; title_text=&#8221;diego-araca3&#8243; _builder_version=&#8221;4.14.2&#8243; _module_preset=&#8221;default&#8221; global_colors_info=&#8221;{}&#8221;][\/et_pb_image][\/et_pb_column][et_pb_column type=&#8221;2_3&#8243; _builder_version=&#8221;4.13.0&#8243; _module_preset=&#8221;default&#8221; global_colors_info=&#8221;{}&#8221;][et_pb_text _builder_version=&#8221;4.14.2&#8243; _module_preset=&#8221;default&#8221; text_font=&#8221;|800||on|||||&#8221; text_font_size=&#8221;22px&#8221; header_font=&#8221;|700||on|||||&#8221; header_text_color=&#8221;#E02B20&#8243; locked=&#8221;off&#8221; global_colors_info=&#8221;{}&#8221;]<\/p>\n<p>Diego Ara\u00e7\u00e1<\/p>\n<p>[\/et_pb_text][et_pb_code _builder_version=&#8221;4.14.2&#8243; _module_preset=&#8221;default&#8221; global_colors_info=&#8221;{}&#8221;]<iframe loading=\"lazy\" width=\"100%\" height=\"166\" scrolling=\"no\" frameborder=\"no\" allow=\"autoplay\" src=\"https:\/\/w.soundcloud.com\/player\/?url=https%3A\/\/api.soundcloud.com\/tracks\/1171441513&#038;color=%23ff0000&#038;auto_play=false&#038;hide_related=false&#038;show_comments=true&#038;show_user=true&#038;show_reposts=false&#038;show_teaser=true\"><\/iframe><\/p>\n<div style=\"font-size: 10px; color: #cccccc;line-break: anywhere;word-break: normal;overflow: hidden;white-space: nowrap;text-overflow: ellipsis; font-family: Interstate,Lucida Grande,Lucida Sans Unicode,Lucida Sans,Garuda,Verdana,Tahoma,sans-serif;font-weight: 100;\"><a href=\"https:\/\/soundcloud.com\/victor-tadeu-474289775\" title=\"Victor Tadeu\" target=\"_blank\" style=\"color: #cccccc; text-decoration: none;\" rel=\"noopener\">Victor Tadeu<\/a> \u00b7 <a href=\"https:\/\/soundcloud.com\/victor-tadeu-474289775\/diego-araca-arena\" title=\"Diego Ara\u00e7\u00e1 - Arena\" target=\"_blank\" style=\"color: #cccccc; text-decoration: none;\" rel=\"noopener\">Diego Ara\u00e7\u00e1 &#8211; Arena<\/a><\/div>\n<p>[\/et_pb_code][\/et_pb_column][\/et_pb_row][et_pb_row column_structure=&#8221;1_3,2_3&#8243; _builder_version=&#8221;4.14.2&#8243; _module_preset=&#8221;default&#8221; width=&#8221;50%&#8221; border_width_bottom=&#8221;1px&#8221; border_color_bottom=&#8221;#E02B20&#8243; locked=&#8221;off&#8221; global_colors_info=&#8221;{}&#8221;][et_pb_column type=&#8221;1_3&#8243; _builder_version=&#8221;4.13.0&#8243; _module_preset=&#8221;default&#8221; global_colors_info=&#8221;{}&#8221;][et_pb_image src=&#8221;https:\/\/webjornalismo.unicap.br\/nautico\/wp-content\/uploads\/2021\/12\/leo-simoes6.jpg&#8221; alt=&#8221;Leonardo Peregrino e Jo\u00e3o Eduardo (pai)&#8221; title_text=&#8221;leo-simoes6&#8243; _builder_version=&#8221;4.14.2&#8243; _module_preset=&#8221;default&#8221; global_colors_info=&#8221;{}&#8221;][\/et_pb_image][\/et_pb_column][et_pb_column type=&#8221;2_3&#8243; _builder_version=&#8221;4.13.0&#8243; _module_preset=&#8221;default&#8221; global_colors_info=&#8221;{}&#8221;][et_pb_text _builder_version=&#8221;4.14.2&#8243; _module_preset=&#8221;default&#8221; text_font=&#8221;|800||on|||||&#8221; text_font_size=&#8221;22px&#8221; header_font=&#8221;|700||on|||||&#8221; header_text_color=&#8221;#E02B20&#8243; locked=&#8221;off&#8221; global_colors_info=&#8221;{}&#8221;]<\/p>\n<p>Leonardo Sim\u00f5es<\/p>\n<p>[\/et_pb_text][et_pb_code _builder_version=&#8221;4.14.2&#8243; _module_preset=&#8221;default&#8221; global_colors_info=&#8221;{}&#8221;]<iframe loading=\"lazy\" width=\"100%\" height=\"166\" scrolling=\"no\" frameborder=\"no\" allow=\"autoplay\" src=\"https:\/\/w.soundcloud.com\/player\/?url=https%3A\/\/api.soundcloud.com\/tracks\/1171441588&#038;color=%23ff0000&#038;auto_play=false&#038;hide_related=false&#038;show_comments=true&#038;show_user=true&#038;show_reposts=false&#038;show_teaser=true\"><\/iframe><\/p>\n<div style=\"font-size: 10px; color: #cccccc;line-break: anywhere;word-break: normal;overflow: hidden;white-space: nowrap;text-overflow: ellipsis; font-family: Interstate,Lucida Grande,Lucida Sans Unicode,Lucida Sans,Garuda,Verdana,Tahoma,sans-serif;font-weight: 100;\"><a href=\"https:\/\/soundcloud.com\/victor-tadeu-474289775\" title=\"Victor Tadeu\" target=\"_blank\" style=\"color: #cccccc; text-decoration: none;\" rel=\"noopener\">Victor Tadeu<\/a> \u00b7 <a href=\"https:\/\/soundcloud.com\/victor-tadeu-474289775\/arena-leonardo-simoes\" title=\"Arena - Leonardo Sim\u00f5es\" target=\"_blank\" style=\"color: #cccccc; text-decoration: none;\" rel=\"noopener\">Arena &#8211; Leonardo Sim\u00f5es<\/a><\/div>\n<p>[\/et_pb_code][\/et_pb_column][\/et_pb_row][et_pb_row column_structure=&#8221;1_3,2_3&#8243; _builder_version=&#8221;4.14.2&#8243; _module_preset=&#8221;default&#8221; width=&#8221;50%&#8221; border_width_bottom=&#8221;1px&#8221; border_color_bottom=&#8221;#E02B20&#8243; locked=&#8221;off&#8221; global_colors_info=&#8221;{}&#8221;][et_pb_column type=&#8221;1_3&#8243; _builder_version=&#8221;4.13.0&#8243; _module_preset=&#8221;default&#8221; global_colors_info=&#8221;{}&#8221;][et_pb_image src=&#8221;https:\/\/webjornalismo.unicap.br\/nautico\/wp-content\/uploads\/2021\/12\/Leonardo-Peregrino3.jpg&#8221; alt=&#8221;Leonardo Peregrino e Jo\u00e3o Eduardo (pai)&#8221; title_text=&#8221;Leonardo-Peregrino3&#8243; _builder_version=&#8221;4.14.2&#8243; _module_preset=&#8221;default&#8221; global_colors_info=&#8221;{}&#8221;][\/et_pb_image][\/et_pb_column][et_pb_column type=&#8221;2_3&#8243; _builder_version=&#8221;4.13.0&#8243; _module_preset=&#8221;default&#8221; global_colors_info=&#8221;{}&#8221;][et_pb_text _builder_version=&#8221;4.14.2&#8243; _module_preset=&#8221;default&#8221; text_font=&#8221;|800||on|||||&#8221; text_font_size=&#8221;22px&#8221; header_font=&#8221;|700||on|||||&#8221; header_text_color=&#8221;#E02B20&#8243; locked=&#8221;off&#8221; global_colors_info=&#8221;{}&#8221;]<\/p>\n<p>Leonardo Peregrino<\/p>\n<p>[\/et_pb_text][et_pb_code _builder_version=&#8221;4.14.2&#8243; _module_preset=&#8221;default&#8221; global_colors_info=&#8221;{}&#8221;]<iframe loading=\"lazy\" width=\"100%\" height=\"166\" scrolling=\"no\" frameborder=\"no\" allow=\"autoplay\" src=\"https:\/\/w.soundcloud.com\/player\/?url=https%3A\/\/api.soundcloud.com\/tracks\/1171441723&#038;color=%23ff0000&#038;auto_play=false&#038;hide_related=false&#038;show_comments=true&#038;show_user=true&#038;show_reposts=false&#038;show_teaser=true\"><\/iframe><\/p>\n<div style=\"font-size: 10px; color: #cccccc;line-break: anywhere;word-break: normal;overflow: hidden;white-space: nowrap;text-overflow: ellipsis; font-family: Interstate,Lucida Grande,Lucida Sans Unicode,Lucida Sans,Garuda,Verdana,Tahoma,sans-serif;font-weight: 100;\"><a href=\"https:\/\/soundcloud.com\/victor-tadeu-474289775\" title=\"Victor Tadeu\" target=\"_blank\" style=\"color: #cccccc; text-decoration: none;\" rel=\"noopener\">Victor Tadeu<\/a> \u00b7 <a href=\"https:\/\/soundcloud.com\/victor-tadeu-474289775\/arena-leonardo-peregrino\" title=\"Arena - Leonardo Peregrino\" target=\"_blank\" style=\"color: #cccccc; text-decoration: none;\" rel=\"noopener\">Arena &#8211; Leonardo Peregrino<\/a><\/div>\n<p>[\/et_pb_code][\/et_pb_column][\/et_pb_row][et_pb_row _builder_version=&#8221;4.13.0&#8243; _module_preset=&#8221;default&#8221; width=&#8221;50%&#8221; module_alignment=&#8221;center&#8221; locked=&#8221;off&#8221; global_colors_info=&#8221;{}&#8221;][et_pb_column type=&#8221;4_4&#8243; _builder_version=&#8221;4.13.0&#8243; _module_preset=&#8221;default&#8221; global_colors_info=&#8221;{}&#8221;][et_pb_text _builder_version=&#8221;4.14.2&#8243; _module_preset=&#8221;default&#8221; text_font=&#8221;|800||on|||||&#8221; text_font_size=&#8221;22px&#8221; header_font=&#8221;|700||on|||||&#8221; header_text_color=&#8221;#E02B20&#8243; locked=&#8221;off&#8221; global_colors_info=&#8221;{}&#8221;]<\/p>\n<p>Bianca Moura : Dificuldade de mobilidade<\/p>\n<p>[\/et_pb_text][et_pb_video src=&#8221;https:\/\/youtu.be\/3HHQ9T-KdNU&#8221; _builder_version=&#8221;4.14.1&#8243; _module_preset=&#8221;default&#8221; custom_margin=&#8221;||20px||false|false&#8221; locked=&#8221;off&#8221; global_colors_info=&#8221;{}&#8221;][\/et_pb_video][et_pb_text _builder_version=&#8221;4.14.1&#8243; _module_preset=&#8221;default&#8221; text_font=&#8221;|300|||||||&#8221; text_font_size=&#8221;13px&#8221; text_line_height=&#8221;1.4em&#8221; header_font=&#8221;|700||on|||||&#8221; header_text_color=&#8221;#E02B20&#8243; locked=&#8221;off&#8221; global_colors_info=&#8221;{}&#8221;]<\/p>\n<p>A torcedora Bianca Moura conta um pouco sobre como era dif\u00edcil e quantas barreiras haviam para uma mulher e sobretudo uma adolescente se locomover para a Arena de Pernambuco.<\/p>\n<p>[\/et_pb_text][\/et_pb_column][\/et_pb_row][\/et_pb_section]<\/p>\n","protected":false},"excerpt":{"rendered":"<p>Aflitos X ArenaA Arena nunca foi um lar para o torcedor alvirrubro, muito distante do centro e com transporte prec\u00e1rio at\u00e9 S\u00e3o Louren\u00e7o,\u00a0 era comum em jogos do N\u00e1utico poucos torcedores e\u00a0 muitas cadeiras vazias e um\u00a0 sil\u00eancio incomum, um ambiente frio e muitas vezes sendo tratado como campo neutro pelos rivais.\u00a0 Na \u00e9poca em [&hellip;]<\/p>\n","protected":false},"author":1,"featured_media":0,"parent":0,"menu_order":0,"comment_status":"closed","ping_status":"closed","template":"","meta":{"_et_pb_use_builder":"on","_et_pb_old_content":"","_et_gb_content_width":""},"_links":{"self":[{"href":"https:\/\/webjornalismo.unicap.br\/nautico\/wp-json\/wp\/v2\/pages\/203"}],"collection":[{"href":"https:\/\/webjornalismo.unicap.br\/nautico\/wp-json\/wp\/v2\/pages"}],"about":[{"href":"https:\/\/webjornalismo.unicap.br\/nautico\/wp-json\/wp\/v2\/types\/page"}],"author":[{"embeddable":true,"href":"https:\/\/webjornalismo.unicap.br\/nautico\/wp-json\/wp\/v2\/users\/1"}],"replies":[{"embeddable":true,"href":"https:\/\/webjornalismo.unicap.br\/nautico\/wp-json\/wp\/v2\/comments?post=203"}],"version-history":[{"count":25,"href":"https:\/\/webjornalismo.unicap.br\/nautico\/wp-json\/wp\/v2\/pages\/203\/revisions"}],"predecessor-version":[{"id":421,"href":"https:\/\/webjornalismo.unicap.br\/nautico\/wp-json\/wp\/v2\/pages\/203\/revisions\/421"}],"wp:attachment":[{"href":"https:\/\/webjornalismo.unicap.br\/nautico\/wp-json\/wp\/v2\/media?parent=203"}],"curies":[{"name":"wp","href":"https:\/\/api.w.org\/{rel}","templated":true}]}}