{"id":195,"date":"2021-11-11T19:50:38","date_gmt":"2021-11-11T22:50:38","guid":{"rendered":"https:\/\/webjornalismo.unicap.br\/nautico\/?page_id=195"},"modified":"2021-12-06T16:01:39","modified_gmt":"2021-12-06T19:01:39","slug":"2020-2","status":"publish","type":"page","link":"https:\/\/webjornalismo.unicap.br\/nautico\/2020-2\/","title":{"rendered":"2020"},"content":{"rendered":"<p>[et_pb_section fb_built=&#8221;1&#8243; _builder_version=&#8221;4.13.0&#8243; _module_preset=&#8221;default&#8221; global_colors_info=&#8221;{}&#8221;][et_pb_row _builder_version=&#8221;4.13.0&#8243; _module_preset=&#8221;default&#8221; width=&#8221;50%&#8221; module_alignment=&#8221;center&#8221; global_colors_info=&#8221;{}&#8221;][et_pb_column type=&#8221;4_4&#8243; _builder_version=&#8221;4.13.0&#8243; _module_preset=&#8221;default&#8221; global_colors_info=&#8221;{}&#8221;][et_pb_text _builder_version=&#8221;4.14.1&#8243; _module_preset=&#8221;default&#8221; header_font=&#8221;|700|||||||&#8221; header_text_color=&#8221;#E02B20&#8243; header_font_size=&#8221;50px&#8221; header_2_text_color=&#8221;#E02B20&#8243; global_colors_info=&#8221;{}&#8221;]<\/p>\n<h1>2020<\/h1>\n<h2>Pandemia e as suas consequ\u00eancias<\/h2>\n<p>[\/et_pb_text][et_pb_text _builder_version=&#8221;4.14.1&#8243; _module_preset=&#8221;default&#8221; text_font=&#8221;|300|||||||&#8221; global_colors_info=&#8221;{}&#8221;]<\/p>\n<p><span style=\"font-weight: 400;\">O ano de 2020 come\u00e7ou com muitas esperan\u00e7as por parte da torcida alvirrubra, por ter acabado de ser campe\u00e3o da s\u00e9rie C e subido para a s\u00e9rie B, mas acabou se tornando um ano decepcionante. O timbu nem chegou a disputar ta\u00e7as e no segundo semestre brigou contra o rebaixamento na s\u00e9rie B, al\u00e9m de sofrer com a pandemia do coronav\u00edrus e suas consequ\u00eancias, como a perda de receitas.<\/span><\/p>\n<p><span style=\"font-weight: 400;\">No come\u00e7o do ano, grande parte do time que foi campe\u00e3o da s\u00e9rie C e o treinador foram mantidos e poucos refor\u00e7os chegaram gerando muitas incertezas e cr\u00edticas que se confirmariam como um erro no fim do campeonato.<\/span> <span style=\"font-weight: 400;\">Ap\u00f3s a ascens\u00e3o de 2019, o clube teve mais recursos financeiros para montar o time em 2020, e foi bem cauteloso na montagem do elenco. Dessa forma, o clube come\u00e7ou a temporada com muitos trope\u00e7os e com os problemas come\u00e7ando a aparecer. No momento da pausa devido ao Covid &#8211; 19, o clube vinha sendo muito pressionado por vit\u00f3rias.<\/span><span style=\"font-weight: 400;\"><\/span><\/p>\n<p>[\/et_pb_text][\/et_pb_column][\/et_pb_row][et_pb_row _builder_version=&#8221;4.13.0&#8243; _module_preset=&#8221;default&#8221; width=&#8221;50%&#8221; module_alignment=&#8221;center&#8221; locked=&#8221;off&#8221; global_colors_info=&#8221;{}&#8221;][et_pb_column type=&#8221;4_4&#8243; _builder_version=&#8221;4.13.0&#8243; _module_preset=&#8221;default&#8221; global_colors_info=&#8221;{}&#8221;][et_pb_text _builder_version=&#8221;4.14.2&#8243; _module_preset=&#8221;default&#8221; text_font=&#8221;|800||on|||||&#8221; text_font_size=&#8221;22px&#8221; header_font=&#8221;|700||on|||||&#8221; header_text_color=&#8221;#E02B20&#8243; hover_enabled=&#8221;0&#8243; locked=&#8221;off&#8221; global_colors_info=&#8221;{}&#8221; sticky_enabled=&#8221;0&#8243;]Judas Tadeu : Assistir aos jogos em tempos de pandemia[\/et_pb_text][et_pb_video src=&#8221;https:\/\/youtu.be\/cYgGboYP2rQ&#8221; _builder_version=&#8221;4.14.1&#8243; _module_preset=&#8221;default&#8221; custom_margin=&#8221;||20px||false|false&#8221; locked=&#8221;off&#8221; global_colors_info=&#8221;{}&#8221;][\/et_pb_video][et_pb_text _builder_version=&#8221;4.14.1&#8243; _module_preset=&#8221;default&#8221; text_font=&#8221;|300|||||||&#8221; text_font_size=&#8221;13px&#8221; header_font=&#8221;|700||on|||||&#8221; header_text_color=&#8221;#E02B20&#8243; locked=&#8221;off&#8221; global_colors_info=&#8221;{}&#8221;]<\/p>\n<p>O torcedor do Clube N\u00e1utico Capibaribe, Judas Tadeu conta como era para um torcedor de um time de futebol assistir jogos no per\u00edodo de pandemia.<\/p>\n<p>[\/et_pb_text][et_pb_text _builder_version=&#8221;4.14.1&#8243; _module_preset=&#8221;default&#8221; text_font=&#8221;|300|||||||&#8221; global_colors_info=&#8221;{}&#8221;]<\/p>\n<p><b>Pandemia &#8211; <\/b><span style=\"font-weight: 400;\">A pandemia do coronav\u00edrus foi um acontecimento que afetou todo o mundo, e no futebol n\u00e3o foi diferente. Os campeonatos foram suspensos e as partidas foram canceladas, os clubes consequentemente perderam as receitas que eram adquiridas com os ingressos dos torcedores. Posteriormente com o avan\u00e7o da vacina\u00e7\u00e3o, os jogos voltaram a ser realizados por\u00e9m sem p\u00fablico.<\/span><\/p>\n<p><span style=\"font-weight: 400;\">No in\u00edcio da pandemia, a aus\u00eancia da torcida nos est\u00e1dios e sem os recursos de patroc\u00ednio, o N\u00e1utico foi bastante afetado financeiramente, e se desdobrou para conseguir reduzir as d\u00edvidas. O foco principal do clube durante o per\u00edodo era de conseguir pagar os sal\u00e1rios dos jogadores e funcion\u00e1rios. Nesse sentido alguns jogadores que recebiam mais de cinco mil reais aceitaram reduzir em 25% do seu sal\u00e1rio. Al\u00e9m dos acordos na justi\u00e7a sendo suspensos\u00a0 com a credibilidade que o clube adquiriu cumprindo com os seus acordos.\u00a0<\/span><\/p>\n<p><span style=\"font-weight: 400;\">Sobre as dificuldades impostas pela pandemia, o presidente Edno Melo relembra: \u201cMesmo com o atropelo da pandemia, fizemos os nossos acordos, redu\u00e7\u00f5es de custos e conseguimos pagar o clube inteiro durante a pandemia, e fomos uns dos poucos clubes que conseguiram se manter em dia, mas fomos pegos de surpresa sem o p\u00fablico, perdemos a bilheteria, a receita e os patrocinadores\u201c.<\/span><\/p>\n<p><span style=\"font-weight: 400;\">E o vice-presidente Di\u00f3genes Braga d\u00e1 um exemplo de um planejamento que n\u00e3o conseguiu ser conclu\u00eddo por causa da pandemia: \u201cMuita coisa a gente pretendia fazer e teve essa pretens\u00e3o frustrada pelo processo pand\u00eamico. Como pequenas reformas nos aflitos, a qualifica\u00e7\u00e3o do est\u00e1dio, principalmente a ideia de fazer uma \u00e1rea de lazer na rua Manoel de Carvalho\u201c.\u00a0<\/span><\/p>\n<p><span style=\"font-weight: 400;\">J\u00e1 o grande \u00eddolo da torcida Kuki afirmou a sua opini\u00e3o sobre a parada dos jogos em virtude da pandemia: &#8220;Eu fui um dos poucos funcion\u00e1rios que n\u00e3o aceitava aquela parada e fiz quest\u00e3o de ir os 80 dias, na minha opini\u00e3o era inadmiss\u00edvel voc\u00ea ficar em casa e receber o sal\u00e1rio, tinha as medidas sanit\u00e1rias a serem cumpridas, mas gra\u00e7as a Deus n\u00e3o tivemos nenhum caso grave&#8221;.<\/span><\/p>\n<p><span style=\"font-weight: 400;\">O outro grave problema foram os erros cometidos na montagem do elenco no in\u00edcio da temporada, muitos jogadores haviam permanecido no clube por gratid\u00e3o pelo acesso de 2019. Para minimizar isso, muitas contrata\u00e7\u00f5es foram feitas no segundo semestre, no per\u00edodo da volta aos jogos na era da pandemia, algumas antes da competi\u00e7\u00e3o nacional come\u00e7ar e v\u00e1rias j\u00e1 ao longo da competi\u00e7\u00e3o, e poucos foram os que conseguiram render. Por essas raz\u00f5es, o planejamento do ano n\u00e3o foi o ideal e o clube voltou a brigar contra o rebaixamento.<\/span><\/p>\n<p><span style=\"font-weight: 400;\">Em decorr\u00eancia da pandemia do coronav\u00edrus, o campeonato brasileiro de 2020 n\u00e3o conseguiu ser encerrado no calend\u00e1rio normal, acabou sendo finalizado apenas no ano seguinte, com muitos jogos acontecendo em datas festivas como o Natal e Ano Novo, n\u00e3o sendo um cen\u00e1rio comum no futebol brasileiro.\u00a0<\/span><\/p>\n<p><span style=\"font-weight: 400;\">O treinador H\u00e9lio Dos Anjos que teve a dura miss\u00e3o de resgatar o clube quando tudo indicava uma nova queda para a terceira divis\u00e3o, pois seria p\u00e9ssimo um novo rebaixamento para o clube, pois toda a evolu\u00e7\u00e3o que vinha passando iria se transformar em um retrocesso.\u00a0<\/span><\/p>\n<p><span style=\"font-weight: 400;\">O treinador acabou virando grande destaque do clube no ano, conseguindo salvar o clube do rebaixamento e jogando um bom futebol. O N\u00e1utico conseguiu escapar de um novo rebaixamento com uma boa arrancada com 17 jogos e apenas 5 derrotas.<\/span><\/p>\n<p>[\/et_pb_text][\/et_pb_column][\/et_pb_row][et_pb_row column_structure=&#8221;1_2,1_2&#8243; _builder_version=&#8221;4.14.1&#8243; _module_preset=&#8221;default&#8221; width=&#8221;50%&#8221; locked=&#8221;off&#8221; global_colors_info=&#8221;{}&#8221;][et_pb_column type=&#8221;1_2&#8243; _builder_version=&#8221;4.14.1&#8243; _module_preset=&#8221;default&#8221; global_colors_info=&#8221;{}&#8221;][et_pb_text _builder_version=&#8221;4.14.1&#8243; _module_preset=&#8221;default&#8221; global_colors_info=&#8221;{}&#8221;]<a href=\"https:\/\/webjornalismo.unicap.br\/nautico\/2019-2\/\">&lt;&lt; 2019<\/a>[\/et_pb_text][\/et_pb_column][et_pb_column type=&#8221;1_2&#8243; _builder_version=&#8221;4.14.1&#8243; _module_preset=&#8221;default&#8221; global_colors_info=&#8221;{}&#8221;][et_pb_text _builder_version=&#8221;4.14.1&#8243; _module_preset=&#8221;default&#8221; text_orientation=&#8221;right&#8221; global_colors_info=&#8221;{}&#8221;]<a href=\"https:\/\/webjornalismo.unicap.br\/nautico\/2021-2\/\">2021 &gt;&gt;<\/a>[\/et_pb_text][\/et_pb_column][\/et_pb_row][\/et_pb_section]<\/p>\n","protected":false},"excerpt":{"rendered":"<p>2020 Pandemia e as suas consequ\u00eanciasO ano de 2020 come\u00e7ou com muitas esperan\u00e7as por parte da torcida alvirrubra, por ter acabado de ser campe\u00e3o da s\u00e9rie C e subido para a s\u00e9rie B, mas acabou se tornando um ano decepcionante. O timbu nem chegou a disputar ta\u00e7as e no segundo semestre brigou contra o rebaixamento [&hellip;]<\/p>\n","protected":false},"author":1,"featured_media":0,"parent":0,"menu_order":0,"comment_status":"closed","ping_status":"closed","template":"","meta":{"_et_pb_use_builder":"on","_et_pb_old_content":"","_et_gb_content_width":""},"_links":{"self":[{"href":"https:\/\/webjornalismo.unicap.br\/nautico\/wp-json\/wp\/v2\/pages\/195"}],"collection":[{"href":"https:\/\/webjornalismo.unicap.br\/nautico\/wp-json\/wp\/v2\/pages"}],"about":[{"href":"https:\/\/webjornalismo.unicap.br\/nautico\/wp-json\/wp\/v2\/types\/page"}],"author":[{"embeddable":true,"href":"https:\/\/webjornalismo.unicap.br\/nautico\/wp-json\/wp\/v2\/users\/1"}],"replies":[{"embeddable":true,"href":"https:\/\/webjornalismo.unicap.br\/nautico\/wp-json\/wp\/v2\/comments?post=195"}],"version-history":[{"count":10,"href":"https:\/\/webjornalismo.unicap.br\/nautico\/wp-json\/wp\/v2\/pages\/195\/revisions"}],"predecessor-version":[{"id":401,"href":"https:\/\/webjornalismo.unicap.br\/nautico\/wp-json\/wp\/v2\/pages\/195\/revisions\/401"}],"wp:attachment":[{"href":"https:\/\/webjornalismo.unicap.br\/nautico\/wp-json\/wp\/v2\/media?parent=195"}],"curies":[{"name":"wp","href":"https:\/\/api.w.org\/{rel}","templated":true}]}}