{"id":168,"date":"2021-11-11T19:21:01","date_gmt":"2021-11-11T22:21:01","guid":{"rendered":"https:\/\/webjornalismo.unicap.br\/nautico\/?page_id=168"},"modified":"2021-12-06T16:00:53","modified_gmt":"2021-12-06T19:00:53","slug":"2017-2","status":"publish","type":"page","link":"https:\/\/webjornalismo.unicap.br\/nautico\/2017-2\/","title":{"rendered":"2017"},"content":{"rendered":"<p>[et_pb_section fb_built=&#8221;1&#8243; _builder_version=&#8221;4.13.0&#8243; _module_preset=&#8221;default&#8221; global_colors_info=&#8221;{}&#8221;][et_pb_row _builder_version=&#8221;4.13.0&#8243; _module_preset=&#8221;default&#8221; width=&#8221;50%&#8221; module_alignment=&#8221;center&#8221; global_colors_info=&#8221;{}&#8221;][et_pb_column type=&#8221;4_4&#8243; _builder_version=&#8221;4.13.0&#8243; _module_preset=&#8221;default&#8221; global_colors_info=&#8221;{}&#8221;][et_pb_text _builder_version=&#8221;4.14.1&#8243; _module_preset=&#8221;default&#8221; header_font=&#8221;|700|||||||&#8221; header_text_color=&#8221;#E02B20&#8243; header_font_size=&#8221;50px&#8221; header_2_text_color=&#8221;#E02B20&#8243; global_colors_info=&#8221;{}&#8221;]<\/p>\n<h1>2017<\/h1>\n<h2>A queda para a terceira divis\u00e3o<\/h2>\n<p>[\/et_pb_text][et_pb_text _builder_version=&#8221;4.14.1&#8243; _module_preset=&#8221;default&#8221; text_font=&#8221;|300|||||||&#8221; global_colors_info=&#8221;{}&#8221;]<\/p>\n<p><span style=\"font-weight: 400;\">O primeiro ano da retrospectiva iria come\u00e7ar sendo o pior dessa trajet\u00f3ria. O time foi rebaixado da segunda para a terceira divis\u00e3o do campeonato brasileiro como lanterna, tendo apenas 32 pontos. Passando por um dos momentos mais delicados em toda a sua exist\u00eancia, com muitos problemas na gest\u00e3o, como por exemplo o excesso de d\u00edvidas, e a nova sede, uma arena longe do seu torcedor e sem um est\u00e1dio para chamar de seu.<\/span><\/p>\n<p><span style=\"font-weight: 400;\">Logo ap\u00f3s dois anos seguidos batendo na trave, sem conseguir o acesso para a elite do futebol nacional, a press\u00e3o era cada vez maior por resultados, pois j\u00e1 eram 13 anos sem t\u00edtulos.\u00a0<\/span><\/p>\n<p><span style=\"font-weight: 400;\">Como o clube vinha passando por problemas financeiros, nesse ano, tinha-se\u00a0 montado um elenco razo\u00e1vel para competir. Por\u00e9m, no come\u00e7o do ano, o grupo de jogadores foi\u00a0 desmontado ap\u00f3s o campeonato estadual com muitas pe\u00e7as precisando deixar o clube para n\u00e3o atrasar sal\u00e1rios e organizando um novo time com o objetivo de fazer uma s\u00e9rie B razo\u00e1vel. Foram 48 jogadores contratados no ano e cinco treinadores efetivados no cargo. Em decorr\u00eancia disso, o N\u00e1utico come\u00e7ou a aproveitar muitos garotos da base, alguns j\u00e1 ganharam a posi\u00e7\u00e3o de titular durante o estadual, como \u00e9 o caso do jovem Erick Arruda, uma das grandes revela\u00e7\u00f5es do clube nos \u00faltimos anos.<\/span><\/p>\n<p><b>Rebaixamento &#8211;<\/b><span style=\"font-weight: 400;\"> O N\u00e1utico iniciou a s\u00e9rie B com a equipe ainda em forma\u00e7\u00e3o, com mudan\u00e7a de treinador, e isso se refletiu no campo. Fazendo seu pior in\u00edcio de competi\u00e7\u00e3o e somando apenas tr\u00eas vit\u00f3rias em 19 jogos. O time passava a impress\u00e3o de abatimento desde o come\u00e7o do campeonato, e a torcida junto com a imprensa j\u00e1 anunciavam o rebaixamento como algo certo desde o primeiro momento. O time acabou sendo rebaixado na 35\u00aa rodada contra o Londrina.<\/span><\/p>\n<p><span style=\"font-weight: 400;\">Sobre o rebaixamento de 2017, o vice-presidente Di\u00f3genes Braga busca justificativas: \u201cA gente caiu para a S\u00e9rie C e a gente caiu porque houve uma tentativa muito forte de acesso em 2016, no sentido de fazer um time muito bom e\u00a0 de apostar muito no acesso de 2016, mas lamentavelmente n\u00e3o aconteceu, e isso acabou comprometendo completamente o ano de 2017 e a gente caiu\u201d.<\/span><\/p>\n<p><span style=\"font-weight: 400;\">J\u00e1 o ex-treinador do clube, Roberto Fernandes, relembra um pouco do per\u00edodo e as dificuldades para contratar jogadores: \u201cTentei tr\u00eas jogadores e n\u00e3o quiseram vir, o clube estava perdendo jogadores para times de estados com menos express\u00e3o no futebol, pois sabiam da fama de mau pagador do clube. A realidade era outra, o N\u00e1utico precisava resgatar a sua credibilidade no mercado\u201d.<\/span><\/p>\n<p><span style=\"font-weight: 400;\">Ainda sobre o rebaixamento do clube em 2017, o jornalista Clauber Santana completa: \u201cA queda do N\u00e1utico para a s\u00e9rie C em 2017 foi reflexo\u00a0 dos anos anteriores, de 4 a 6 anos a\u00ed, de erros administrativos, de gastar mais do que pode\u201d.<\/span><\/p>\n<p><span style=\"font-weight: 400;\">Esse foi o ano em que o clube teve a menor m\u00e9dia de p\u00fablico da sua hist\u00f3ria. Durante todo o campeonato, a Arena era vista completamente vazia.<\/span> <span style=\"font-weight: 400;\">J\u00e1 quase rebaixado, a torcida fez uma prova de amor na partida entre N\u00e1utico e Internacional, mesmo com o clube na lanterna, abra\u00e7ou o time e lotou o est\u00e1dio Lacerd\u00e3o em Caruaru. Foram 13 mil pessoas, que mesmo nos momentos mais duros nunca abandonaram a equipe.<\/span><\/p>\n<p><span style=\"font-weight: 400;\">O clube finalizou um dos piores anos da sua hist\u00f3ria, sendo rebaixado para a terceira divis\u00e3o do campeonato brasileiro, em meio a uma grande crise financeira e pol\u00edtica internamente, e ainda sem perspectiva alguma de que poderia se recuperar em um curto prazo.<\/span><\/p>\n<p>[\/et_pb_text][\/et_pb_column][\/et_pb_row][et_pb_row _builder_version=&#8221;4.13.0&#8243; _module_preset=&#8221;default&#8221; width=&#8221;50%&#8221; module_alignment=&#8221;center&#8221; locked=&#8221;off&#8221; global_colors_info=&#8221;{}&#8221;][et_pb_column type=&#8221;4_4&#8243; _builder_version=&#8221;4.13.0&#8243; _module_preset=&#8221;default&#8221; global_colors_info=&#8221;{}&#8221;][et_pb_text _builder_version=&#8221;4.14.2&#8243; _module_preset=&#8221;default&#8221; text_font=&#8221;|800||on|||||&#8221; text_font_size=&#8221;22px&#8221; header_font=&#8221;|700||on|||||&#8221; header_text_color=&#8221;#E02B20&#8243; hover_enabled=&#8221;0&#8243; locked=&#8221;off&#8221; global_colors_info=&#8221;{}&#8221; sticky_enabled=&#8221;0&#8243;]Renato Barros: Um ano para esquecer[\/et_pb_text][et_pb_video src=&#8221;https:\/\/youtu.be\/duRtWti2T6o&#8221; _builder_version=&#8221;4.14.1&#8243; _module_preset=&#8221;default&#8221; custom_margin=&#8221;||20px||false|false&#8221; locked=&#8221;off&#8221; global_colors_info=&#8221;{}&#8221;][\/et_pb_video][et_pb_text _builder_version=&#8221;4.14.1&#8243; _module_preset=&#8221;default&#8221; text_font=&#8221;|300|||||||&#8221; text_font_size=&#8221;13px&#8221; text_line_height=&#8221;1.4em&#8221; header_font=&#8221;|700||on|||||&#8221; header_text_color=&#8221;#E02B20&#8243; locked=&#8221;off&#8221; global_colors_info=&#8221;{}&#8221;]O jornalista Renato Barros da Tv Record e do podcast &#8220;Timbucast\u00b4\u00b4 faz uma analise sobre o 2017 do clube.[\/et_pb_text][\/et_pb_column][\/et_pb_row][et_pb_row _builder_version=&#8221;4.13.0&#8243; _module_preset=&#8221;default&#8221; width=&#8221;50%&#8221; module_alignment=&#8221;center&#8221; global_colors_info=&#8221;{}&#8221;][et_pb_column type=&#8221;4_4&#8243; _builder_version=&#8221;4.13.0&#8243; _module_preset=&#8221;default&#8221; global_colors_info=&#8221;{}&#8221;][et_pb_image src=&#8221;https:\/\/webjornalismo.unicap.br\/nautico\/wp-content\/uploads\/2021\/12\/Desempenho-do-Nautico-2015-2021.png&#8221; title_text=&#8221;Desempenho do N\u00e1utico 2015-2021&#8243; align=&#8221;center&#8221; _builder_version=&#8221;4.14.1&#8243; _module_preset=&#8221;default&#8221; global_colors_info=&#8221;{}&#8221;][\/et_pb_image][\/et_pb_column][\/et_pb_row][et_pb_row column_structure=&#8221;1_2,1_2&#8243; _builder_version=&#8221;4.14.1&#8243; _module_preset=&#8221;default&#8221; width=&#8221;50%&#8221; global_colors_info=&#8221;{}&#8221;][et_pb_column type=&#8221;1_2&#8243; _builder_version=&#8221;4.14.1&#8243; _module_preset=&#8221;default&#8221; global_colors_info=&#8221;{}&#8221;][\/et_pb_column][et_pb_column type=&#8221;1_2&#8243; _builder_version=&#8221;4.14.1&#8243; _module_preset=&#8221;default&#8221; global_colors_info=&#8221;{}&#8221;][et_pb_text _builder_version=&#8221;4.14.1&#8243; _module_preset=&#8221;default&#8221; text_orientation=&#8221;right&#8221; global_colors_info=&#8221;{}&#8221;]<a href=\"https:\/\/webjornalismo.unicap.br\/nautico\/2018-2\/\">2018 >><\/a>[\/et_pb_text][\/et_pb_column][\/et_pb_row][\/et_pb_section]<\/p>\n","protected":false},"excerpt":{"rendered":"<p>2017 A queda para a terceira divis\u00e3oO primeiro ano da retrospectiva iria come\u00e7ar sendo o pior dessa trajet\u00f3ria. O time foi rebaixado da segunda para a terceira divis\u00e3o do campeonato brasileiro como lanterna, tendo apenas 32 pontos. Passando por um dos momentos mais delicados em toda a sua exist\u00eancia, com muitos problemas na gest\u00e3o, como [&hellip;]<\/p>\n","protected":false},"author":1,"featured_media":0,"parent":0,"menu_order":0,"comment_status":"closed","ping_status":"closed","template":"","meta":{"_et_pb_use_builder":"on","_et_pb_old_content":"","_et_gb_content_width":""},"_links":{"self":[{"href":"https:\/\/webjornalismo.unicap.br\/nautico\/wp-json\/wp\/v2\/pages\/168"}],"collection":[{"href":"https:\/\/webjornalismo.unicap.br\/nautico\/wp-json\/wp\/v2\/pages"}],"about":[{"href":"https:\/\/webjornalismo.unicap.br\/nautico\/wp-json\/wp\/v2\/types\/page"}],"author":[{"embeddable":true,"href":"https:\/\/webjornalismo.unicap.br\/nautico\/wp-json\/wp\/v2\/users\/1"}],"replies":[{"embeddable":true,"href":"https:\/\/webjornalismo.unicap.br\/nautico\/wp-json\/wp\/v2\/comments?post=168"}],"version-history":[{"count":16,"href":"https:\/\/webjornalismo.unicap.br\/nautico\/wp-json\/wp\/v2\/pages\/168\/revisions"}],"predecessor-version":[{"id":400,"href":"https:\/\/webjornalismo.unicap.br\/nautico\/wp-json\/wp\/v2\/pages\/168\/revisions\/400"}],"wp:attachment":[{"href":"https:\/\/webjornalismo.unicap.br\/nautico\/wp-json\/wp\/v2\/media?parent=168"}],"curies":[{"name":"wp","href":"https:\/\/api.w.org\/{rel}","templated":true}]}}