{"id":5476,"date":"2020-11-17T21:18:05","date_gmt":"2020-11-18T00:18:05","guid":{"rendered":"https:\/\/webjornalismo.unicap.br\/modaconsciente\/?page_id=5476"},"modified":"2020-12-02T16:04:16","modified_gmt":"2020-12-02T19:04:16","slug":"agenda","status":"publish","type":"page","link":"https:\/\/webjornalismo.unicap.br\/modaconsciente\/agenda\/","title":{"rendered":"Agenda"},"content":{"rendered":"<p>[et_pb_section fb_built=&#8221;1&#8243; _builder_version=&#8221;4.7.4&#8243; _module_preset=&#8221;default&#8221; background_image=&#8221;https:\/\/webjornalismo.unicap.br\/modaconsciente\/wp-content\/uploads\/2020\/11\/minimal-P5FJWM2.jpg&#8221; locked=&#8221;off&#8221;][et_pb_row _builder_version=&#8221;4.7.1&#8243; _module_preset=&#8221;default&#8221;][et_pb_column type=&#8221;4_4&#8243; _builder_version=&#8221;4.7.1&#8243; _module_preset=&#8221;default&#8221;][et_pb_post_title meta=&#8221;off&#8221; featured_image=&#8221;off&#8221; text_background=&#8221;on&#8221; text_bg_color=&#8221;#ffffff&#8221; _builder_version=&#8221;4.7.4&#8243; _module_preset=&#8221;default&#8221; title_font_size=&#8221;50px&#8221; background_enable_color=&#8221;off&#8221; width=&#8221;40%&#8221; width_tablet=&#8221;70%&#8221; width_phone=&#8221;100%&#8221; width_last_edited=&#8221;on|phone&#8221; custom_margin=&#8221;||||false|false&#8221; custom_css_post_title=&#8221;margin-bottom:-8px;&#8221;][\/et_pb_post_title][et_pb_text _builder_version=&#8221;4.7.4&#8243; _module_preset=&#8221;default&#8221; text_font_size=&#8221;20px&#8221; background_layout=&#8221;dark&#8221; custom_padding=&#8221;||||false|false&#8221; hover_enabled=&#8221;0&#8243; text_text_shadow_style=&#8221;preset3&#8243; text_text_shadow_color=&#8221;rgba(0,0,0,0.8)&#8221; sticky_enabled=&#8221;0&#8243;]Este espa\u00e7o colaborativo \u00e9 destinado para compartilharmos datas sobre eventos de moda a n\u00edvel local e nacional. Sabe de algum evento? Nos envie que publicaremos aqui. [\/et_pb_text][\/et_pb_column][\/et_pb_row][\/et_pb_section][et_pb_section fb_built=&#8221;1&#8243; _builder_version=&#8221;4.7.1&#8243; _module_preset=&#8221;default&#8221;][et_pb_row _builder_version=&#8221;4.7.4&#8243; _module_preset=&#8221;default&#8221;][et_pb_column type=&#8221;4_4&#8243; _builder_version=&#8221;4.7.4&#8243; _module_preset=&#8221;default&#8221;][et_pb_code _builder_version=&#8221;4.7.4&#8243; _module_preset=&#8221;default&#8221;]<script>\t\tjQuery(function() {setTimeout(function(){\t\t\tjQuery(\"#lbg_evento_1\").lbg_evento({\t\t\t\tnowDate:\"2026\/4\/30-15:53\",\t\t\t\twidth:1080,\t\t\t\tmonths_area_width:170,\t\t\t\tmonths_area_color:\"#ffffff\",\t\t\t\tcenterPlugin:true,\t\t\t\teventsListVerticalPadding:20,\t\t\t\teventsListHorizontalPadding:10,\t\t\t\teventTitleLeftMargin:15,\t\t\t\teventFirstDateFontSize:92,\t\t\t\teventSecondDateFontSize:20,\t\t\t\teventSecondDateMonthFontSize:13,\t\t\t\teventTitleFontSize:27,\t\t\t\teventInitialDetailsFontSize:14,\t\t\t\teventBottomBorderColor:\"#CCCCCC\",\t\t\t\teventBackgroundColor_odd:\"#ffffff\",\t\t\t\teventBackgroundColor_even:\"#ebebeb\",\t\t\t\teventBgDayColor_odd:\"#da0000\",\t\t\t\teventBgDayColor_even:\"#000000\",\t\t\t\teventDateColor_odd:\"#444444\",\t\t\t\teventDateColor_even:\"#444444\",\t\t\t\teventTitleColor_odd:\"#444444\",\t\t\t\teventTitleColor_even:\"#444444\",\t\t\t\teventInitialDetailsColor_odd:\"#444444\",\t\t\t\teventInitialDetailsColor_even:\"#444444\",\t\t\t\tdressCode:\"Dress code\",\t\t\t\tdressCodeFontSize:13,\t\t\t\tdressCodeColor_odd:\"#808080\",\t\t\t\tdressCodeColor_even:\"#808080\",\t\t\t\tsocialIconsColor_odd:\"#000000\",\t\t\t\tsocialIconsColor_even:\"#FFFFFF\",\t\t\t\tshortmonth_arr:[\"Jan\", \"Fev\", \"Mar\", \"Abr\", \"Mai\", \"Jun\", \"Jul\", \"Ago\", \"Set\", \"Out\", \"Nov\", \"Dez\"],\t\t\t\tlongdays_arr:[\"Domingo\", \"Segunda\", \"Ter\u00e7a\", \"Quarta\", \"Quinta\", \"Sexta\", \"S\u00e1bado\"],\t\t\t\teventDaysBgColors_arr:[\"#fff000\", \"#00ffe0\", \"#ff780a\", \"#c96bb6\", \"#00ff36\", \"#ff00a8\", \"#008aff\"],\t\t\t\teventDaysColor:\"#FFFFFF\",\t\t\t\tuse24HoursFormat:false,\t\t\t\tnoEventsAvailableText:\"Nenhum evento nesse m\u00eas\",\t\t\t\teventCancelledText:\"Cancelado\",\t\t\t\tfullCalendarOnLeft:true,\t\t\t\tleftSideCalendarDaysColor:\"#707275\",\t\t\t\tleftSideCalendarPastMonthDaysColor:\"#aaaaaa\",\t\t\t\tleftSideCalendarNextMonthDaysColor:\"#aaaaaa\",\t\t\t\tleftSideCalendarCurrentDayColor:\"#00ffe0\",\t\t\t\tleftSideCalendarEventDaysColor:\"#0000CC\",\t\t\t\tleftSideCalendarEventDaysBgColor:\"#00ffe0\",\t\t\t\tleftSideCalendarDaysNameColor:\"#000000\",\t\t\t\tyearColor:\"#a3a3a3\",\t\t\t\tmonthColor:\"#444444\",\t\t\t\tmonthYearLineSeparatorColor:\"#da0000\",\t\t\t\tmonthsNextPrevArrowsColor:\"#d1d1d1\",\t\t\t\tdetailsTitle:\"Detalhes\",\t\t\t\twhenWhereTitle:\"Quando & Onde\",\t\t\t\torganizerTitle:\"Organiza\u00e7\u00e3o\",\t\t\t\tmoreDetailsText:\"mais detalhes aqui\",\t\t\t\tmoreDetailsTarget:\"_blank\",\t\t\t\tshowFacebookBut:true,\t\t\t\tshowTwitterBut:true,\t\t\t\tshowPinterestBut:true,\t\t\t\tsearchInputText:\"Buscar...\",\t\t\t\tbookNowText:\"Agendar\",\t\t\t\tbookNowLinkTarget:\"_self\",\t\t\t\tendedText:\"Terminado\"\t\t\t});}, 100);\t\t});\t<\/script>    <div id=\"lbg_evento_1\">\t\t\t\t<div class=\"lbg_xeventslist\"><\/div>     <\/div>\t\t <br style=\"clear:both;\">[\/et_pb_code][et_pb_text _builder_version=&#8221;4.7.4&#8243; _module_preset=&#8221;default&#8221; hover_enabled=&#8221;0&#8243; sticky_enabled=&#8221;0&#8243;]Por causa da pandemia da COVID-19, os eventos presenciais diminu\u00edram drasticamente.<br \/>\nEncorajamos todos a seguirem os conselhos das autoridades locais em rela\u00e7\u00e3o \u00e0s cerim\u00f4nias p\u00fablicas.[\/et_pb_text][\/et_pb_column][\/et_pb_row][\/et_pb_section]<\/p>\n","protected":false},"excerpt":{"rendered":"<p>[et_pb_section fb_built=&#8221;1&#8243; _builder_version=&#8221;4.7.4&#8243; _module_preset=&#8221;default&#8221; background_image=&#8221;https:\/\/webjornalismo.unicap.br\/modaconsciente\/wp-content\/uploads\/2020\/11\/minimal-P5FJWM2.jpg&#8221; locked=&#8221;off&#8221;][et_pb_row _builder_version=&#8221;4.7.1&#8243; _module_preset=&#8221;default&#8221;][et_pb_column type=&#8221;4_4&#8243; _builder_version=&#8221;4.7.1&#8243; _module_preset=&#8221;default&#8221;][et_pb_post_title meta=&#8221;off&#8221; featured_image=&#8221;off&#8221; text_background=&#8221;on&#8221; text_bg_color=&#8221;#ffffff&#8221; _builder_version=&#8221;4.7.4&#8243; _module_preset=&#8221;default&#8221; title_font_size=&#8221;50px&#8221; background_enable_color=&#8221;off&#8221; width=&#8221;40%&#8221; width_tablet=&#8221;70%&#8221; width_phone=&#8221;100%&#8221; width_last_edited=&#8221;on|phone&#8221; custom_margin=&#8221;||||false|false&#8221; custom_css_post_title=&#8221;margin-bottom:-8px;&#8221;][\/et_pb_post_title][et_pb_text _builder_version=&#8221;4.7.4&#8243; _module_preset=&#8221;default&#8221; text_font_size=&#8221;20px&#8221; background_layout=&#8221;dark&#8221; custom_padding=&#8221;||||false|false&#8221; hover_enabled=&#8221;0&#8243; text_text_shadow_style=&#8221;preset3&#8243; text_text_shadow_color=&#8221;rgba(0,0,0,0.8)&#8221; sticky_enabled=&#8221;0&#8243;]Este espa\u00e7o colaborativo \u00e9 destinado para compartilharmos datas sobre eventos de moda a n\u00edvel local e nacional. Sabe de algum evento? Nos [&hellip;]<\/p>\n","protected":false},"author":1,"featured_media":0,"parent":0,"menu_order":0,"comment_status":"closed","ping_status":"closed","template":"","meta":{"_et_pb_use_builder":"on","_et_pb_old_content":"","_et_gb_content_width":""},"_links":{"self":[{"href":"https:\/\/webjornalismo.unicap.br\/modaconsciente\/wp-json\/wp\/v2\/pages\/5476"}],"collection":[{"href":"https:\/\/webjornalismo.unicap.br\/modaconsciente\/wp-json\/wp\/v2\/pages"}],"about":[{"href":"https:\/\/webjornalismo.unicap.br\/modaconsciente\/wp-json\/wp\/v2\/types\/page"}],"author":[{"embeddable":true,"href":"https:\/\/webjornalismo.unicap.br\/modaconsciente\/wp-json\/wp\/v2\/users\/1"}],"replies":[{"embeddable":true,"href":"https:\/\/webjornalismo.unicap.br\/modaconsciente\/wp-json\/wp\/v2\/comments?post=5476"}],"version-history":[{"count":9,"href":"https:\/\/webjornalismo.unicap.br\/modaconsciente\/wp-json\/wp\/v2\/pages\/5476\/revisions"}],"predecessor-version":[{"id":6528,"href":"https:\/\/webjornalismo.unicap.br\/modaconsciente\/wp-json\/wp\/v2\/pages\/5476\/revisions\/6528"}],"wp:attachment":[{"href":"https:\/\/webjornalismo.unicap.br\/modaconsciente\/wp-json\/wp\/v2\/media?parent=5476"}],"curies":[{"name":"wp","href":"https:\/\/api.w.org\/{rel}","templated":true}]}}