{"id":5462,"date":"2020-11-17T21:08:39","date_gmt":"2020-11-18T00:08:39","guid":{"rendered":"https:\/\/webjornalismo.unicap.br\/modaconsciente\/?page_id=5462"},"modified":"2021-05-18T11:14:14","modified_gmt":"2021-05-18T14:14:14","slug":"mapa-de-lojas","status":"publish","type":"page","link":"https:\/\/webjornalismo.unicap.br\/modaconsciente\/mapa-de-lojas\/","title":{"rendered":"Mapa de Lojas"},"content":{"rendered":"<p>[et_pb_section fb_built=&#8221;1&#8243; _builder_version=&#8221;4.9.4&#8243; _module_preset=&#8221;default&#8221; background_image=&#8221;https:\/\/webjornalismo.unicap.br\/modaconsciente\/wp-content\/uploads\/2020\/11\/minimal-P5FJWM2.jpg&#8221; custom_margin=&#8221;||0px||false|false&#8221; custom_padding=&#8221;||0px||false|false&#8221; hover_enabled=&#8221;0&#8243; background_last_edited=&#8221;on|phone&#8221; sticky_enabled=&#8221;0&#8243; background_size_phone=&#8221;initial&#8221; background_position_phone=&#8221;center&#8221;][et_pb_row _builder_version=&#8221;4.7.1&#8243; _module_preset=&#8221;default&#8221;][et_pb_column type=&#8221;4_4&#8243; _builder_version=&#8221;4.7.1&#8243; _module_preset=&#8221;default&#8221;][et_pb_post_title meta=&#8221;off&#8221; featured_image=&#8221;off&#8221; text_background=&#8221;on&#8221; text_bg_color=&#8221;#ffffff&#8221; _builder_version=&#8221;4.7.4&#8243; _module_preset=&#8221;default&#8221; title_font_size=&#8221;50px&#8221; background_enable_color=&#8221;off&#8221; width=&#8221;40%&#8221; width_tablet=&#8221;70%&#8221; width_phone=&#8221;100%&#8221; width_last_edited=&#8221;on|phone&#8221; custom_margin=&#8221;||||false|false&#8221; custom_css_post_title=&#8221;margin-bottom:-8px;&#8221;][\/et_pb_post_title][et_pb_text _builder_version=&#8221;4.7.4&#8243; _module_preset=&#8221;default&#8221; text_font_size=&#8221;20px&#8221; background_layout=&#8221;dark&#8221; custom_padding=&#8221;||||false|false&#8221; text_text_shadow_style=&#8221;preset3&#8243; text_text_shadow_color=&#8221;rgba(0,0,0,0.8)&#8221;]<\/p>\n<p>Confira o endere\u00e7o de lojas conscientes e sustent\u00e1veis especializadas em roupas, cal\u00e7ados e acess\u00f3rios:<\/p>\n<p>[\/et_pb_text][\/et_pb_column][\/et_pb_row][et_pb_row _builder_version=&#8221;4.9.4&#8243; _module_preset=&#8221;default&#8221; width=&#8221;100%&#8221; max_width=&#8221;2560px&#8221; custom_margin=&#8221;||0px||false|false&#8221; custom_padding=&#8221;||0px||false|false&#8221;][et_pb_column type=&#8221;4_4&#8243; _builder_version=&#8221;4.7.1&#8243; _module_preset=&#8221;default&#8221;][et_pb_code _builder_version=&#8221;4.9.4&#8243; _module_preset=&#8221;default&#8221; custom_margin=&#8221;||0px||false|false&#8221; custom_padding=&#8221;||0px||false|false&#8221;]\n            <div \n                class=\"elfsight-widget-google-maps elfsight-widget\" \n                data-elfsight-google-maps-options=\"%7B%22categoriesEnabled%22%3Atrue%2C%22categories%22%3A%5B%7B%22value%22%3A%22%22%2C%22name%22%3A%22%20-%20None%20-%20%22%2C%22visible%22%3Afalse%7D%2C%7B%22value%22%3A%2252417a8d-149d-4fb0-a48b-8156faaed698%22%2C%22name%22%3A%22Roupas%22%2C%22icon%22%3A%22d87e6630-43ad-46fe-bf5d-0c67f98eb0cd%22%7D%2C%7B%22value%22%3A%221c50eb8d-be50-4eb1-9f21-19b87168c99d%22%2C%22name%22%3A%22Acess%5Cu00f3rios%22%2C%22icon%22%3A%22578b132a-8bb1-47dd-8650-06a1035482ca%22%7D%2C%7B%22value%22%3A%22f1d92941-d82c-4340-b7f8-24ed0e5d1cac%22%2C%22name%22%3A%22Cal%5Cu00e7ados%22%2C%22icon%22%3A%223a358e73-6b7d-4ae1-9525-ef4f8b2008f0%22%7D%5D%2C%22icons%22%3A%5B%7B%22value%22%3A%22%22%2C%22name%22%3A%22%20-%20None%20-%20%22%2C%22visible%22%3Afalse%7D%2C%7B%22value%22%3A%22d87e6630-43ad-46fe-bf5d-0c67f98eb0cd%22%2C%22name%22%3A%22https%3A%5C%2F%5C%2Fwebjornalismo.unicap.br%5C%2Fmodaconsciente%5C%2Fwp-content%5C%2Fuploads%5C%2F2020%5C%2F11%5C%2Ficone-roupas.png%22%2C%22preview%22%3A%22https%3A%5C%2F%5C%2Fwebjornalismo.unicap.br%5C%2Fmodaconsciente%5C%2Fwp-content%5C%2Fuploads%5C%2F2020%5C%2F11%5C%2Ficone-roupas.png%22%2C%22iconType%22%3A%22custom%22%2C%22iconLibrary%22%3A%22default%22%2C%22iconCustom%22%3A%22https%3A%5C%2F%5C%2Fwebjornalismo.unicap.br%5C%2Fmodaconsciente%5C%2Fwp-content%5C%2Fuploads%5C%2F2020%5C%2F11%5C%2Ficone-roupas.png%22%2C%22iconColor%22%3A%22%22%2C%22iconSize%22%3A32%7D%2C%7B%22value%22%3A%223a358e73-6b7d-4ae1-9525-ef4f8b2008f0%22%2C%22name%22%3A%22https%3A%5C%2F%5C%2Fwebjornalismo.unicap.br%5C%2Fmodaconsciente%5C%2Fwp-content%5C%2Fuploads%5C%2F2020%5C%2F11%5C%2Ficone-calcados.png%22%2C%22preview%22%3A%22https%3A%5C%2F%5C%2Fwebjornalismo.unicap.br%5C%2Fmodaconsciente%5C%2Fwp-content%5C%2Fuploads%5C%2F2020%5C%2F11%5C%2Ficone-calcados.png%22%2C%22iconType%22%3A%22custom%22%2C%22iconLibrary%22%3A%22default%22%2C%22iconCustom%22%3A%22https%3A%5C%2F%5C%2Fwebjornalismo.unicap.br%5C%2Fmodaconsciente%5C%2Fwp-content%5C%2Fuploads%5C%2F2020%5C%2F11%5C%2Ficone-calcados.png%22%2C%22iconColor%22%3A%22%22%2C%22iconSize%22%3A32%7D%2C%7B%22value%22%3A%22578b132a-8bb1-47dd-8650-06a1035482ca%22%2C%22name%22%3A%22https%3A%5C%2F%5C%2Fwebjornalismo.unicap.br%5C%2Fmodaconsciente%5C%2Fwp-content%5C%2Fuploads%5C%2F2020%5C%2F11%5C%2Ficone-acessorios.png%22%2C%22preview%22%3A%22https%3A%5C%2F%5C%2Fwebjornalismo.unicap.br%5C%2Fmodaconsciente%5C%2Fwp-content%5C%2Fuploads%5C%2F2020%5C%2F11%5C%2Ficone-acessorios.png%22%2C%22iconType%22%3A%22custom%22%2C%22iconLibrary%22%3A%22default%22%2C%22iconCustom%22%3A%22https%3A%5C%2F%5C%2Fwebjornalismo.unicap.br%5C%2Fmodaconsciente%5C%2Fwp-content%5C%2Fuploads%5C%2F2020%5C%2F11%5C%2Ficone-acessorios.png%22%2C%22iconColor%22%3A%22%22%2C%22iconSize%22%3A32%7D%5D%2C%22lang%22%3A%22en%22%2C%22distanceUnits%22%3A%22mi%22%2C%22markers%22%3A%5B%7B%22position%22%3A%22R.%20Jo%5Cu00e3o%20Tude%20de%20Melo%2C%2077%20-%20Loja%2020%20-%20Parnamirim%22%2C%22coordinates%22%3A%22-8.0357299%2C%20-34.9087485%22%2C%22infoTitle%22%3A%22Viva%20Y%5Cu00ea%22%2C%22category%22%3A%2252417a8d-149d-4fb0-a48b-8156faaed698%22%2C%22icon%22%3A%22%22%2C%22infoDescription%22%3A%22%22%2C%22infoImage%22%3A%7B%22name%22%3A%22%22%2C%22url%22%3A%22%22%7D%2C%22infoAddress%22%3A%22R.%20Jo%5Cu00e3o%20Tude%20de%20Melo%2C%2077%20-%20Loja%2020%20-%20Parnamirim%2C%20Recife%20-%20PE%2C%2052060-010%22%2C%22infoSite%22%3A%22https%3A%5C%2F%5C%2Fwww.instagram.com%5C%2Fvivaye______%5C%2F%22%2C%22infoPhone%22%3A%22%22%2C%22infoEmail%22%3A%22%22%2C%22infoWorkingHours%22%3A%22%22%2C%22markerClickAction%22%3A%22infoWindow%22%2C%22infoWindowOpenedByDefault%22%3Atrue%2C%22linkUrl%22%3A%22%22%2C%22animation%22%3A%22none%22%7D%2C%7B%22position%22%3A%22Rua%20Teles%20Junior%2C%20489%22%2C%22coordinates%22%3A%22-8.036492899999999%2C%20-34.8993549%22%2C%22infoTitle%22%3A%22Refazenda%22%2C%22category%22%3A%2252417a8d-149d-4fb0-a48b-8156faaed698%22%2C%22icon%22%3A%22%22%2C%22infoDescription%22%3A%22%22%2C%22infoImage%22%3A%7B%22name%22%3A%22%22%2C%22url%22%3A%22%22%7D%2C%22infoAddress%22%3A%22Rua%20Teles%20Junior%2C%20489.%20Recife-PE.%2052050-085%22%2C%22infoSite%22%3A%22https%3A%5C%2F%5C%2Fwww.instagram.com%5C%2Frefazenda%5C%2F%22%2C%22infoPhone%22%3A%22%22%2C%22infoEmail%22%3A%22%22%2C%22infoWorkingHours%22%3A%22%22%2C%22markerClickAction%22%3A%22infoWindow%22%2C%22infoWindowOpenedByDefault%22%3Atrue%2C%22linkUrl%22%3A%22%22%2C%22animation%22%3A%22none%22%2C%22id%22%3A%22eec103f8-d5bf-43cf-902b-c4767c603c26%22%7D%2C%7B%22position%22%3A%22pra%5Cu00e7a%20dr.%20lula%20cabral%20de%20melo%2C%2068%22%2C%22coordinates%22%3A%22-8.0326642%2C%20-34.9098688%22%2C%22infoTitle%22%3A%22Duas%22%2C%22category%22%3A%2252417a8d-149d-4fb0-a48b-8156faaed698%22%2C%22icon%22%3A%22%22%2C%22infoDescription%22%3A%22%22%2C%22infoImage%22%3A%7B%22name%22%3A%22%22%2C%22url%22%3A%22%22%7D%2C%22infoAddress%22%3A%22Pra%5Cu00e7a%20Dr.%20Lula%20Cabral%20de%20Melo%2C%2068%2C%20loja%2018%2C%20Parnamirim%22%2C%22infoSite%22%3A%22https%3A%5C%2F%5C%2Fwww.instagram.com%5C%2Fduas%5C%2F%22%2C%22infoPhone%22%3A%22%22%2C%22infoEmail%22%3A%22%22%2C%22infoWorkingHours%22%3A%22%22%2C%22markerClickAction%22%3A%22infoWindow%22%2C%22infoWindowOpenedByDefault%22%3Atrue%2C%22linkUrl%22%3A%22%22%2C%22animation%22%3A%22none%22%2C%22id%22%3A%221def1ba2-dd4e-41a8-9df4-389c612b4673%22%7D%2C%7B%22position%22%3A%22R.%20Florentino%20Ol%5Cu00edmpio%20dos%20Santos%2C%20251%20-%20Afogados%22%2C%22coordinates%22%3A%22-8.070967%2C%20-34.912415%22%2C%22infoTitle%22%3A%22Atelier%20e%20Est%5Cu00fadio%20Veste%22%2C%22category%22%3A%2252417a8d-149d-4fb0-a48b-8156faaed698%22%2C%22icon%22%3A%22%22%2C%22infoDescription%22%3A%22%22%2C%22infoImage%22%3A%7B%22name%22%3A%22%22%2C%22url%22%3A%22%22%7D%2C%22infoAddress%22%3A%22R.%20Florentino%20Ol%5Cu00edmpio%20dos%20Santos%2C%20251%20-%20Afogados%2C%20Recife%20-%20PE%2C%2050830-470%22%2C%22infoSite%22%3A%22https%3A%5C%2F%5C%2Fwww.instagram.com%5C%2Festudiovesterecife%5C%2F%22%2C%22infoPhone%22%3A%22%2881%29%2098648-5518%22%2C%22infoEmail%22%3A%22%22%2C%22infoWorkingHours%22%3A%22%22%2C%22markerClickAction%22%3A%22infoWindow%22%2C%22infoWindowOpenedByDefault%22%3Afalse%2C%22linkUrl%22%3A%22%22%2C%22animation%22%3A%22none%22%7D%2C%7B%22position%22%3A%22Rua%20Guimar%5Cu00e3es%20Peixoto%2C%2075%2C%20Sala%20303%20-%20Casa%20Amarela%22%2C%22coordinates%22%3A%22-8.0291617%2C%20-34.9076523%22%2C%22infoTitle%22%3A%22La%20Tienda%22%2C%22category%22%3A%2252417a8d-149d-4fb0-a48b-8156faaed698%22%2C%22icon%22%3A%22%22%2C%22infoDescription%22%3A%22%22%2C%22infoImage%22%3A%7B%22name%22%3A%22%22%2C%22url%22%3A%22%22%7D%2C%22infoAddress%22%3A%22Rua%20Guimar%5Cu00e3es%20Peixoto%2C%2075%2C%20Sala%20303%20-%20Casa%20Amarela%2C%20Recife%20-%20PE%20CEP%3A%2052051-200%22%2C%22infoSite%22%3A%22https%3A%5C%2F%5C%2Fwww.instagram.com%5C%2Flatiendaa%5C%2F%22%2C%22infoPhone%22%3A%22%22%2C%22infoEmail%22%3A%22%22%2C%22infoWorkingHours%22%3A%22%22%2C%22markerClickAction%22%3A%22infoWindow%22%2C%22infoWindowOpenedByDefault%22%3Afalse%2C%22linkUrl%22%3A%22%22%2C%22animation%22%3A%22none%22%7D%2C%7B%22position%22%3A%22Rua%20do%20Futuro%2C%20177%20Recife%2C%20Brazil%22%2C%22coordinates%22%3A%22-8.042774%2C%20-34.89867220000001%22%2C%22infoTitle%22%3A%22Luz%20e%20Flor%22%2C%22category%22%3A%2252417a8d-149d-4fb0-a48b-8156faaed698%22%2C%22icon%22%3A%22%22%2C%22infoDescription%22%3A%22%22%2C%22infoImage%22%3A%7B%22name%22%3A%22%22%2C%22url%22%3A%22%22%7D%2C%22infoAddress%22%3A%22Rua%20do%20Futuro%2C%20177%20Recife%2C%20Brazil%22%2C%22infoSite%22%3A%22https%3A%5C%2F%5C%2Fwww.instagram.com%5C%2Fluz.e.flor%5C%2F%22%2C%22infoPhone%22%3A%22%22%2C%22infoEmail%22%3A%22%22%2C%22infoWorkingHours%22%3A%22%22%2C%22markerClickAction%22%3A%22infoWindow%22%2C%22infoWindowOpenedByDefault%22%3Afalse%2C%22linkUrl%22%3A%22%22%2C%22animation%22%3A%22none%22%7D%2C%7B%22position%22%3A%22Rua%20Jer%5Cu00f4nimo%20de%20Albuquerque%2C%2055%2C%20Casa%20Forte%2C%20Recife%2C%20Brazil%22%2C%22coordinates%22%3A%22-8.0315443%2C%20-34.9171717%22%2C%22infoTitle%22%3A%22D%5Cu00e9cimo%20Andar%22%2C%22category%22%3A%2252417a8d-149d-4fb0-a48b-8156faaed698%22%2C%22icon%22%3A%22%22%2C%22infoDescription%22%3A%22%22%2C%22infoImage%22%3A%7B%22name%22%3A%22%22%2C%22url%22%3A%22%22%7D%2C%22infoAddress%22%3A%22Rua%20Jer%5Cu00f4nimo%20de%20Albuquerque%2C%2055%2C%20Casa%20Forte%2C%20Recife%2C%20Brazil%22%2C%22infoSite%22%3A%22https%3A%5C%2F%5C%2Fwww.instagram.com%5C%2Fdecimoandar%5C%2F%22%2C%22infoPhone%22%3A%22%22%2C%22infoEmail%22%3A%22%22%2C%22infoWorkingHours%22%3A%22%22%2C%22markerClickAction%22%3A%22infoWindow%22%2C%22infoWindowOpenedByDefault%22%3Afalse%2C%22linkUrl%22%3A%22%22%2C%22animation%22%3A%22none%22%7D%2C%7B%22position%22%3A%22R.%20Ol%5Cu00edmpio%20Tav%5Cu00e1res%2C%2057%20-%20Casa%20Amarela%2C%20Recife%20-%20PE%2C%2052051-400%22%2C%22coordinates%22%3A%22-8.0283211%2C%20-34.913111%22%2C%22infoTitle%22%3A%22Vitalina%22%2C%22category%22%3A%22f1d92941-d82c-4340-b7f8-24ed0e5d1cac%22%2C%22icon%22%3A%22%22%2C%22infoDescription%22%3A%22%22%2C%22infoImage%22%3A%7B%22name%22%3A%22%22%2C%22url%22%3A%22%22%7D%2C%22infoAddress%22%3A%22R.%20Ol%5Cu00edmpio%20Tavares%2C%2057%20-%20Casa%20Amarela%2C%20Recife%20-%20PE%2C%2052051-400%22%2C%22infoSite%22%3A%22https%3A%5C%2F%5C%2Fwww.instagram.com%5C%2Fvitalinarecife%5C%2F%22%2C%22infoPhone%22%3A%22%22%2C%22infoEmail%22%3A%22%22%2C%22infoWorkingHours%22%3A%22%22%2C%22markerClickAction%22%3A%22infoWindow%22%2C%22infoWindowOpenedByDefault%22%3Afalse%2C%22linkUrl%22%3A%22%22%2C%22animation%22%3A%22none%22%7D%2C%7B%22position%22%3A%22Rua%20do%20Futuro%2C%20177%2C%20Gra%5Cu00e7as%2C%20Recife%20-%20PE%2052050-005%22%2C%22coordinates%22%3A%22-8.042774%2C%20-34.89867220000001%22%2C%22infoTitle%22%3A%22Casa%20Moinho%22%2C%22category%22%3A%221c50eb8d-be50-4eb1-9f21-19b87168c99d%22%2C%22icon%22%3A%22%22%2C%22infoDescription%22%3A%22%22%2C%22infoImage%22%3A%7B%22name%22%3A%22%22%2C%22url%22%3A%22%22%7D%2C%22infoAddress%22%3A%22Rua%20do%20Futuro%2C%20177%2C%20Gra%5Cu00e7as%2C%20Recife%20-%20PE%2052050-005%22%2C%22infoSite%22%3A%22https%3A%5C%2F%5C%2Fwww.instagram.com%5C%2Fcasa.moinho%5C%2F%22%2C%22infoPhone%22%3A%22%22%2C%22infoEmail%22%3A%22%22%2C%22infoWorkingHours%22%3A%22%22%2C%22markerClickAction%22%3A%22infoWindow%22%2C%22infoWindowOpenedByDefault%22%3Afalse%2C%22linkUrl%22%3A%22%22%2C%22animation%22%3A%22none%22%7D%2C%7B%22position%22%3A%22Rua%20Conselheiro%20Portela%2C%20294%20-%20Espinheiro%20Recife%2C%20Brazil%22%2C%22coordinates%22%3A%22-8.0427672%2C%20-34.8947983%22%2C%22infoTitle%22%3A%22Me%20Poupe%22%2C%22category%22%3A%221c50eb8d-be50-4eb1-9f21-19b87168c99d%22%2C%22icon%22%3A%22%22%2C%22infoDescription%22%3A%22%22%2C%22infoImage%22%3A%7B%22name%22%3A%22%22%2C%22url%22%3A%22%22%7D%2C%22infoAddress%22%3A%22Rua%20Conselheiro%20Portela%2C%20294%20-%20Espinheiro%20Recife%2C%20Brazil%22%2C%22infoSite%22%3A%22https%3A%5C%2F%5C%2Fwww.instagram.com%5C%2Fmepoupe.lojacolaborativa%5C%2F%22%2C%22infoPhone%22%3A%22%22%2C%22infoEmail%22%3A%22%22%2C%22infoWorkingHours%22%3A%22%22%2C%22markerClickAction%22%3A%22infoWindow%22%2C%22infoWindowOpenedByDefault%22%3Afalse%2C%22linkUrl%22%3A%22%22%2C%22animation%22%3A%22none%22%7D%2C%7B%22position%22%3A%22Rua%20Ferreira%20Lopes%2C%20129%20-%20Casa%20Amarela%20Recife%2C%20Brazil%22%2C%22coordinates%22%3A%22-8.0296521%2C%20-34.9106228%22%2C%22infoTitle%22%3A%22Balaio%20Mercado%22%2C%22category%22%3A%221c50eb8d-be50-4eb1-9f21-19b87168c99d%22%2C%22icon%22%3A%22%22%2C%22infoDescription%22%3A%22%22%2C%22infoImage%22%3A%7B%22name%22%3A%22%22%2C%22url%22%3A%22%22%7D%2C%22infoAddress%22%3A%22Rua%20Ferreira%20Lopes%2C%20129%20-%20Casa%20Amarela%20Recife%2C%20Brazil%22%2C%22infoSite%22%3A%22https%3A%5C%2F%5C%2Fwww.instagram.com%5C%2Fbalaiomercado%5C%2F%22%2C%22infoPhone%22%3A%22%22%2C%22infoEmail%22%3A%22%22%2C%22infoWorkingHours%22%3A%22%22%2C%22markerClickAction%22%3A%22infoWindow%22%2C%22infoWindowOpenedByDefault%22%3Afalse%2C%22linkUrl%22%3A%22%22%2C%22animation%22%3A%22none%22%7D%2C%7B%22position%22%3A%22Galeria%20Joana%20d%27Arc%20%20%7C%20%20Av.%20Herculano%20Bandeira%2C%20513%20-%20Pina%20Recife%2C%20Brazil%22%2C%22coordinates%22%3A%22-8.0887972%2C%20-34.8856384%22%2C%22infoTitle%22%3A%22Plataforma%20Espa%5Cu00e7o%20Collab%22%2C%22category%22%3A%221c50eb8d-be50-4eb1-9f21-19b87168c99d%22%2C%22icon%22%3A%22%22%2C%22infoDescription%22%3A%22%22%2C%22infoImage%22%3A%7B%22name%22%3A%22%22%2C%22url%22%3A%22%22%7D%2C%22infoAddress%22%3A%22Galeria%20Joana%20d%27Arc%20%20%7C%20%20Av.%20Herculano%20Bandeira%2C%20513%20-%20Pina%20Recife%2C%20Brazil%22%2C%22infoSite%22%3A%22https%3A%5C%2F%5C%2Fwww.instagram.com%5C%2Fplataformaespacocolaborativo%5C%2F%22%2C%22infoPhone%22%3A%22%22%2C%22infoEmail%22%3A%22%22%2C%22infoWorkingHours%22%3A%22%22%2C%22markerClickAction%22%3A%22infoWindow%22%2C%22infoWindowOpenedByDefault%22%3Afalse%2C%22linkUrl%22%3A%22%22%2C%22animation%22%3A%22none%22%7D%2C%7B%22position%22%3A%22Rua%20do%20Futuro%20177%20Recife%2C%20Brazil%22%2C%22coordinates%22%3A%22-8.042774%2C%20-34.89867220000001%22%2C%22infoTitle%22%3A%22Proa%22%2C%22category%22%3A%2252417a8d-149d-4fb0-a48b-8156faaed698%22%2C%22icon%22%3A%22%22%2C%22infoDescription%22%3A%22%22%2C%22infoImage%22%3A%7B%22name%22%3A%22%22%2C%22url%22%3A%22%22%7D%2C%22infoAddress%22%3A%22Rua%20do%20Futuro%20177%20Recife%2C%20Brazil%22%2C%22infoSite%22%3A%22https%3A%5C%2F%5C%2Fwww.instagram.com%5C%2Famoproa%5C%2F%22%2C%22infoPhone%22%3A%22%22%2C%22infoEmail%22%3A%22%22%2C%22infoWorkingHours%22%3A%22%22%2C%22markerClickAction%22%3A%22infoWindow%22%2C%22infoWindowOpenedByDefault%22%3Afalse%2C%22linkUrl%22%3A%22%22%2C%22animation%22%3A%22none%22%7D%5D%2C%22mapType%22%3A%22roadmap%22%2C%22center%22%3A%22auto%22%2C%22zoom%22%3A%22auto%22%2C%22controls%22%3A%5B%22zoom%22%2C%22mapType%22%2C%22scale%22%2C%22streetView%22%2C%22rotate%22%2C%22fullScreen%22%5D%2C%22markerClusterEnabled%22%3Afalse%2C%22markerClusterZoom%22%3Atrue%2C%22markerClusterMin%22%3A2%2C%22markerClusterIcon%22%3A%22default%22%2C%22markerClusterIconColor%22%3A%22%22%2C%22markerClusterIconUrl%22%3Anull%2C%22markerClusterSize%22%3A52%2C%22infoDirections%22%3Atrue%2C%22directionsTarget%22%3A%22google%22%2C%22scrollwheel%22%3Afalse%2C%22draggable%22%3Atrue%2C%22layers%22%3A%5B%5D%2C%22width%22%3A%22auto%22%2C%22height%22%3A%22700%22%2C%22panelEnabled%22%3Atrue%2C%22panelOpenByDefault%22%3Atrue%2C%22panelSearchVisible%22%3Afalse%2C%22panelSearchBy%22%3A%22markers%22%2C%22panelSearchPlaceholder%22%3A%22Buscar%22%2C%22panelListItemElements%22%3A%5B%22title%22%2C%22category%22%2C%22image%22%2C%22address%22%2C%22phone%22%2C%22workingHours%22%5D%2C%22mainColor%22%3A%22rgb%28108%2C%2066%2C%20244%29%22%2C%22style%22%3A%22silver%22%2C%22colorGeometry%22%3A%22rgba%28245%2C245%2C245%2C1%29%22%2C%22colorLabelsTextFill%22%3A%22rgba%2897%2C97%2C97%2C1%29%22%2C%22colorLabelsTextStroke%22%3A%22rgba%28245%2C245%2C245%2C1%29%22%2C%22colorAdministrativeGeometryStroke%22%3A%22%22%2C%22colorAdministrativeLandParcel%22%3A%22rgba%28189%2C189%2C189%2C1%29%22%2C%22colorLandscapeNaturalGeometry%22%3A%22%22%2C%22colorPoiGeometry%22%3A%22rgba%28238%2C238%2C238%2C1%29%22%2C%22colorPoiLabelsTextFill%22%3A%22rgba%28117%2C117%2C117%2C1%29%22%2C%22colorPoiParkGeometryFill%22%3A%22rgba%28229%2C229%2C229%2C1%29%22%2C%22colorPoiParkLabelsTextFill%22%3A%22rgba%28158%2C158%2C158%2C1%29%22%2C%22colorRoadGeometry%22%3A%22rgba%28255%2C255%2C255%2C1%29%22%2C%22colorRoadArterial%22%3A%22rgba%28255%2C255%2C255%2C1%29%22%2C%22colorRoadHighway%22%3A%22rgba%28218%2C218%2C218%2C1%29%22%2C%22colorRoadHighwayGeometryStroke%22%3A%22rgba%28218%2C218%2C218%2C1%29%22%2C%22colorRoadHighwayControlledAccessGeometry%22%3A%22rgba%28255%2C255%2C255%2C1%29%22%2C%22colorRoadHighwayControlledAccessGeometryStroke%22%3A%22rgba%28255%2C255%2C255%2C1%29%22%2C%22colorRoadLocalLabelsTextFill%22%3A%22rgba%28158%2C158%2C158%2C1%29%22%2C%22colorTransitLineGeometry%22%3A%22rgba%28229%2C229%2C229%2C1%29%22%2C%22colorTransitLineLabelsTextFill%22%3A%22rgba%2897%2C97%2C97%2C1%29%22%2C%22colorTransitLineLabelsTextStroke%22%3A%22rgba%28245%2C245%2C245%2C1%29%22%2C%22colorTransitStationGeometry%22%3A%22rgba%28238%2C238%2C238%2C1%29%22%2C%22colorWaterGeometryFill%22%3A%22rgba%28201%2C201%2C201%2C1%29%22%2C%22colorWaterLabelTextFill%22%3A%22rgba%28158%2C158%2C158%2C1%29%22%2C%22customGoogleMapsStyles%22%3A%22%22%2C%22apiKey%22%3A%22AIzaSyBt5LjXF9b1Rv2BPFFru-wQgGoKSZIyHqM%22%2C%22widgetId%22%3A%221%22%7D\" \n                data-elfsight-google-maps-version=\"2.3.1\"\n                data-elfsight-widget-id=\"elfsight-google-maps-1\">\n            <\/div>\n            [\/et_pb_code][\/et_pb_column][\/et_pb_row][\/et_pb_section]<\/p>\n","protected":false},"excerpt":{"rendered":"<p>[et_pb_section fb_built=&#8221;1&#8243; _builder_version=&#8221;4.9.4&#8243; _module_preset=&#8221;default&#8221; background_image=&#8221;https:\/\/webjornalismo.unicap.br\/modaconsciente\/wp-content\/uploads\/2020\/11\/minimal-P5FJWM2.jpg&#8221; custom_margin=&#8221;||0px||false|false&#8221; custom_padding=&#8221;||0px||false|false&#8221; hover_enabled=&#8221;0&#8243; background_last_edited=&#8221;on|phone&#8221; sticky_enabled=&#8221;0&#8243; background_size_phone=&#8221;initial&#8221; background_position_phone=&#8221;center&#8221;][et_pb_row _builder_version=&#8221;4.7.1&#8243; _module_preset=&#8221;default&#8221;][et_pb_column type=&#8221;4_4&#8243; _builder_version=&#8221;4.7.1&#8243; _module_preset=&#8221;default&#8221;][et_pb_post_title meta=&#8221;off&#8221; featured_image=&#8221;off&#8221; text_background=&#8221;on&#8221; text_bg_color=&#8221;#ffffff&#8221; _builder_version=&#8221;4.7.4&#8243; _module_preset=&#8221;default&#8221; title_font_size=&#8221;50px&#8221; background_enable_color=&#8221;off&#8221; width=&#8221;40%&#8221; width_tablet=&#8221;70%&#8221; width_phone=&#8221;100%&#8221; width_last_edited=&#8221;on|phone&#8221; custom_margin=&#8221;||||false|false&#8221; custom_css_post_title=&#8221;margin-bottom:-8px;&#8221;][\/et_pb_post_title][et_pb_text _builder_version=&#8221;4.7.4&#8243; _module_preset=&#8221;default&#8221; text_font_size=&#8221;20px&#8221; background_layout=&#8221;dark&#8221; custom_padding=&#8221;||||false|false&#8221; text_text_shadow_style=&#8221;preset3&#8243; text_text_shadow_color=&#8221;rgba(0,0,0,0.8)&#8221;] Confira o endere\u00e7o de lojas conscientes e sustent\u00e1veis especializadas em roupas, cal\u00e7ados e acess\u00f3rios: [\/et_pb_text][\/et_pb_column][\/et_pb_row][et_pb_row _builder_version=&#8221;4.9.4&#8243; _module_preset=&#8221;default&#8221; [&hellip;]<\/p>\n","protected":false},"author":1,"featured_media":0,"parent":0,"menu_order":0,"comment_status":"closed","ping_status":"closed","template":"","meta":{"_et_pb_use_builder":"on","_et_pb_old_content":"","_et_gb_content_width":""},"_links":{"self":[{"href":"https:\/\/webjornalismo.unicap.br\/modaconsciente\/wp-json\/wp\/v2\/pages\/5462"}],"collection":[{"href":"https:\/\/webjornalismo.unicap.br\/modaconsciente\/wp-json\/wp\/v2\/pages"}],"about":[{"href":"https:\/\/webjornalismo.unicap.br\/modaconsciente\/wp-json\/wp\/v2\/types\/page"}],"author":[{"embeddable":true,"href":"https:\/\/webjornalismo.unicap.br\/modaconsciente\/wp-json\/wp\/v2\/users\/1"}],"replies":[{"embeddable":true,"href":"https:\/\/webjornalismo.unicap.br\/modaconsciente\/wp-json\/wp\/v2\/comments?post=5462"}],"version-history":[{"count":17,"href":"https:\/\/webjornalismo.unicap.br\/modaconsciente\/wp-json\/wp\/v2\/pages\/5462\/revisions"}],"predecessor-version":[{"id":6622,"href":"https:\/\/webjornalismo.unicap.br\/modaconsciente\/wp-json\/wp\/v2\/pages\/5462\/revisions\/6622"}],"wp:attachment":[{"href":"https:\/\/webjornalismo.unicap.br\/modaconsciente\/wp-json\/wp\/v2\/media?parent=5462"}],"curies":[{"name":"wp","href":"https:\/\/api.w.org\/{rel}","templated":true}]}}