{"id":5206,"date":"2020-10-16T15:58:17","date_gmt":"2020-10-16T18:58:17","guid":{"rendered":"https:\/\/webjornalismo.unicap.br\/modaconsciente\/?page_id=5206"},"modified":"2021-11-26T10:47:31","modified_gmt":"2021-11-26T13:47:31","slug":"pagina-inicial","status":"publish","type":"page","link":"https:\/\/webjornalismo.unicap.br\/modaconsciente\/","title":{"rendered":"P\u00e1gina Inicial"},"content":{"rendered":"<p>[et_pb_section fb_built=&#8221;1&#8243; _builder_version=&#8221;4.6.6&#8243; _module_preset=&#8221;default&#8221; width=&#8221;100%&#8221; max_width=&#8221;100%&#8221; module_alignment=&#8221;center&#8221; custom_padding=&#8221;0px||0px||false|false&#8221;][et_pb_row _builder_version=&#8221;4.6.6&#8243; _module_preset=&#8221;default&#8221; width=&#8221;100%&#8221; max_width=&#8221;100%&#8221; custom_padding=&#8221;0px||0px||false|false&#8221;][et_pb_column type=&#8221;4_4&#8243; _builder_version=&#8221;4.6.6&#8243; _module_preset=&#8221;default&#8221;][et_pb_slider use_bg_overlay=&#8221;off&#8221; arrows_custom_color=&#8221;#ffffff&#8221; dot_nav_custom_color=&#8221;#ffffff&#8221; _builder_version=&#8221;4.9.4&#8243; _module_preset=&#8221;default&#8221; width=&#8221;100%&#8221; max_width=&#8221;100%&#8221; animation_style=&#8221;fade&#8221; auto=&#8221;on&#8221; auto_ignore_hover=&#8221;on&#8221;][et_pb_slide heading=&#8221;Empreendedorismo&#8221; use_text_overlay=&#8221;on&#8221; text_overlay_color=&#8221;#ffffff&#8221; _builder_version=&#8221;4.9.4&#8243; _module_preset=&#8221;default&#8221; header_text_align=&#8221;left&#8221; header_font_size=&#8221;56px&#8221; body_text_align=&#8221;left&#8221; body_font_size=&#8221;20px&#8221; background_enable_color=&#8221;off&#8221; use_background_color_gradient=&#8221;on&#8221; background_color_gradient_start=&#8221;#705d00&#8243; background_color_gradient_end=&#8221;rgba(41,196,169,0)&#8221; background_color_gradient_end_position=&#8221;20%&#8221; background_image=&#8221;https:\/\/webjornalismo.unicap.br\/modaconsciente\/wp-content\/uploads\/2020\/11\/moda.jpg&#8221; background_enable_image=&#8221;on&#8221; background_blend=&#8221;overlay&#8221; background_layout=&#8221;light&#8221; link_option_url=&#8221;https:\/\/webjornalismo.unicap.br\/modaconsciente\/category\/empreendedorismo\/&#8221; header_font_size_tablet=&#8221;44px&#8221; header_font_size_phone=&#8221;24px&#8221; header_font_size_last_edited=&#8221;on|phone&#8221; custom_css_slide_container=&#8221;max-width:60%;||margin-top:20vh;||margin-bottom:1vh;||margin-left:0px;&#8221; custom_css_slide_container_last_edited=&#8221;on|phone&#8221; custom_css_slide_container_tablet=&#8221;max-width:80%;&#8221; custom_css_slide_container_phone=&#8221;max-width:100%;&#8221; sticky_transition=&#8221;on&#8221;]Saiba mais sobre neg\u00f3cios, hist\u00f3rias sobre costureiras e consumidores, como abrir um brech\u00f3 e os desafios de comunicar uma moda consciente e respons\u00e1vel[\/et_pb_slide][et_pb_slide heading=&#8221;Comportamento&#8221; use_text_overlay=&#8221;on&#8221; text_overlay_color=&#8221;#ffffff&#8221; _builder_version=&#8221;4.7.4&#8243; _module_preset=&#8221;default&#8221; header_text_align=&#8221;left&#8221; header_font_size=&#8221;60px&#8221; body_text_align=&#8221;left&#8221; body_font_size=&#8221;20px&#8221; background_enable_color=&#8221;off&#8221; use_background_color_gradient=&#8221;on&#8221; background_color_gradient_start=&#8221;#5b5b5b&#8221; background_color_gradient_end=&#8221;rgba(41,196,169,0)&#8221; background_color_gradient_end_position=&#8221;20%&#8221; background_image=&#8221;https:\/\/webjornalismo.unicap.br\/modaconsciente\/wp-content\/uploads\/2020\/11\/fashion-P5ARZDZ.jpg&#8221; background_enable_image=&#8221;on&#8221; background_blend=&#8221;overlay&#8221; background_layout=&#8221;light&#8221; link_option_url=&#8221;https:\/\/webjornalismo.unicap.br\/modaconsciente\/category\/comportamento\/&#8221; header_font_size_tablet=&#8221;44px&#8221; header_font_size_phone=&#8221;26px&#8221; header_font_size_last_edited=&#8221;on|desktop&#8221; custom_css_slide_container=&#8221;max-width:60%;||margin-top:20vh;||margin-bottom:1vh;||margin-left:0px;&#8221; custom_css_slide_container_tablet=&#8221;max-width:80%;&#8221; custom_css_slide_container_phone=&#8221;max-width:100%;&#8221; custom_css_slide_container_last_edited=&#8221;on|phone&#8221; sticky_transition=&#8221;on&#8221;]Reflita sobre as atitudes dos consumidores e da ind\u00fastria no que diz respeito \u00e0 moda, pandemia, tend\u00eancia, futuro, tecnologia, entre outras coisas[\/et_pb_slide][et_pb_slide heading=&#8221;Beleza&#8221; use_text_overlay=&#8221;on&#8221; text_overlay_color=&#8221;#ffffff&#8221; _builder_version=&#8221;4.7.4&#8243; _module_preset=&#8221;default&#8221; header_text_align=&#8221;left&#8221; header_font_size=&#8221;60px&#8221; body_text_align=&#8221;left&#8221; body_font_size=&#8221;20px&#8221; background_enable_color=&#8221;off&#8221; use_background_color_gradient=&#8221;on&#8221; background_color_gradient_start=&#8221;#606060&#8243; background_color_gradient_end=&#8221;rgba(41,196,169,0)&#8221; background_color_gradient_end_position=&#8221;20%&#8221; background_image=&#8221;https:\/\/webjornalismo.unicap.br\/modaconsciente\/wp-content\/uploads\/2020\/11\/beleza.jpg&#8221; background_enable_image=&#8221;on&#8221; background_blend=&#8221;overlay&#8221; text_orientation=&#8221;left&#8221; background_layout=&#8221;light&#8221; link_option_url=&#8221;https:\/\/webjornalismo.unicap.br\/modaconsciente\/category\/beleza\/&#8221; header_font_size_tablet=&#8221;44px&#8221; header_font_size_phone=&#8221;26px&#8221; header_font_size_last_edited=&#8221;on|desktop&#8221; custom_css_slide_container=&#8221;max-width:60%;||margin-top:20vh;||margin-bottom:1vh;||margin-left:0px;&#8221; custom_css_slide_container_tablet=&#8221;max-width:80%;&#8221; custom_css_slide_container_phone=&#8221;max-width:100%;&#8221; custom_css_slide_container_last_edited=&#8221;on|phone&#8221; sticky_transition=&#8221;on&#8221;]Conhe\u00e7a hist\u00f3rias de mulheres que t\u00eam o objetivo de impactar pessoas positivamente atrav\u00e9s do consumo sustent\u00e1vel e da cosm\u00e9tica natural, livre de ingredientes que fazem mal para o corpo e o planeta[\/et_pb_slide][et_pb_slide heading=&#8221;Moda&#8221; use_text_overlay=&#8221;on&#8221; text_overlay_color=&#8221;#ffffff&#8221; _builder_version=&#8221;4.7.4&#8243; _module_preset=&#8221;default&#8221; header_text_align=&#8221;left&#8221; header_font_size=&#8221;60px&#8221; body_text_align=&#8221;left&#8221; body_font_size=&#8221;20px&#8221; background_enable_color=&#8221;off&#8221; use_background_color_gradient=&#8221;on&#8221; background_color_gradient_start=&#8221;#5e5e5e&#8221; background_color_gradient_end=&#8221;rgba(41,196,169,0)&#8221; background_color_gradient_end_position=&#8221;20%&#8221; background_image=&#8221;https:\/\/webjornalismo.unicap.br\/modaconsciente\/wp-content\/uploads\/2020\/11\/moda2.jpg&#8221; background_enable_image=&#8221;on&#8221; background_blend=&#8221;overlay&#8221; background_layout=&#8221;light&#8221; link_option_url=&#8221;https:\/\/webjornalismo.unicap.br\/modaconsciente\/category\/moda\/&#8221; header_font_size_tablet=&#8221;44px&#8221; header_font_size_phone=&#8221;26px&#8221; header_font_size_last_edited=&#8221;on|desktop&#8221; custom_css_slide_container=&#8221;max-width:60%;||margin-top:20vh;||margin-bottom:1vh;||margin-left:0px;&#8221; custom_css_slide_container_tablet=&#8221;max-width:80%;&#8221; custom_css_slide_container_phone=&#8221;max-width:100%;&#8221; custom_css_slide_container_last_edited=&#8221;on|phone&#8221; sticky_transition=&#8221;on&#8221;]Entenda sobre a ind\u00fastria da moda, a responsabilidade ambiental das marcas, o que e quem est\u00e1 por tr\u00e1s das roupas que compramos, o que difere moda consciente de sustent\u00e1vel e muito mais[\/et_pb_slide][\/et_pb_slider][\/et_pb_column][\/et_pb_row][\/et_pb_section][et_pb_section fb_built=&#8221;1&#8243; _builder_version=&#8221;4.6.6&#8243; _module_preset=&#8221;default&#8221;][et_pb_row _builder_version=&#8221;4.9.4&#8243; _module_preset=&#8221;default&#8221; width=&#8221;100%&#8221; max_width=&#8221;80%&#8221; max_width_tablet=&#8221;80%&#8221; max_width_phone=&#8221;80%&#8221; max_width_last_edited=&#8221;on|desktop&#8221;][et_pb_column type=&#8221;4_4&#8243; _builder_version=&#8221;4.6.6&#8243; _module_preset=&#8221;default&#8221;][dgbm_blog_module posts_number=&#8221;15&#8243; show_excerpt=&#8221;off&#8221; show_author=&#8221;off&#8221; show_date=&#8221;off&#8221; show_pagination=&#8221;off&#8221; layout=&#8221;masonry&#8221; image_as_background=&#8221;on&#8221; image_scale_on_hover=&#8221;on&#8221; content_margin=&#8221;||||false|false&#8221; title_margin=&#8221;250px|20px|60px|20px|false|false&#8221; meta_default_margin=&#8221;||||false|false&#8221; meta_default_padding=&#8221;||||false|false&#8221; meta_top_margin=&#8221;||||false|false&#8221; meta_top_padding=&#8221;||||false|false&#8221; category_location=&#8221;top&#8221; category_background_color=&#8221;#ffffff&#8221; category_margin=&#8221;30px|||20px|false|false&#8221; category_padding=&#8221;|10px||10px|false|false&#8221; _builder_version=&#8221;4.6.6&#8243; _module_preset=&#8221;default&#8221; title_text_color=&#8221;#ffffff&#8221; title_font_size=&#8221;30px&#8221; category_text_color=&#8221;#666&#8243; use_background_color_gradient=&#8221;on&#8221; background_color_gradient_start=&#8221;rgba(0,0,0,0.3)&#8221; background_color_gradient_end=&#8221;rgba(0,0,0,0.8)&#8221;][\/dgbm_blog_module][\/et_pb_column][\/et_pb_row][\/et_pb_section][et_pb_section fb_built=&#8221;1&#8243; module_id=&#8221;sobre&#8221; _builder_version=&#8221;4.7.4&#8243; _module_preset=&#8221;default&#8221; background_color=&#8221;#8a1e6f&#8221;][et_pb_row column_structure=&#8221;3_5,2_5&#8243; _builder_version=&#8221;4.7.4&#8243; _module_preset=&#8221;default&#8221;][et_pb_column type=&#8221;3_5&#8243; _builder_version=&#8221;4.7.4&#8243; _module_preset=&#8221;default&#8221;][et_pb_text _builder_version=&#8221;4.9.4&#8243; _module_preset=&#8221;default&#8221; text_font=&#8221;|300|||||||&#8221; header_text_color=&#8221;#ffffff&#8221; background_layout=&#8221;dark&#8221; width=&#8221;80%&#8221; width_tablet=&#8221;&#8221; width_phone=&#8221;100%&#8221; width_last_edited=&#8221;on|tablet&#8221; max_width=&#8221;100%&#8221; hover_enabled=&#8221;0&#8243; sticky_enabled=&#8221;0&#8243;]<\/p>\n<h1>Sobre<\/h1>\n<p><strong>Redescoberta Fashion<\/strong> \u00e9 um site jornal\u00edstico que nasce com o objetivo de democratizar conte\u00fados sobre moda consciente, educando e promovendo um ambiente plural. Al\u00e9m disso, queremos mostrar que \u00e9 poss\u00edvel e necess\u00e1rio incentivar uma moda transparente, no que diz respeito a quest\u00f5es ambientais, sociais, \u00e9ticas e econ\u00f4micas.<\/p>\n<p>O que estamos fazendo, agora, para mudar os nossos h\u00e1bitos de vida\/consumo do meio ambiente? \u00c9 preciso questionar, reinventar, reaprender e redescobrir a viver de forma mais sustent\u00e1vel e psicologicamente sadia para, assim, desfrutarmos do nosso planeta por mais alguns anos.<\/p>\n<p>Aqui, o prop\u00f3sito \u00e9 instigar pessoas a mudarem h\u00e1bitos de consumo e estilos de vida, sobretudo, contribuindo para a preserva\u00e7\u00e3o do planeta. Em vez de fazer as pessoas se sentirem culpadas, a inten\u00e7\u00e3o \u00e9 que repensem e reconhe\u00e7am que podem fazer algo atrav\u00e9s de mudan\u00e7as positivas, por pequenas que elas possam ser. Vamos juntos?<\/p>\n<p><strong>Redescoberta Fashion<\/strong> \u00e9 tamb\u00e9m um Trabalho de Conclus\u00e3o de Curso (TCC) da estudante do Bacharelado em Jornalismo da Universidade Cat\u00f3lica de Pernambuco, J\u00falia Farias.<\/p>\n<p>&nbsp;<\/p>\n<h3>Expediente<\/h3>\n<p>Reportagens e v\u00eddeos: J\u00falia Farias<br \/>\nOrienta\u00e7\u00e3o, edi\u00e7\u00e3o e revis\u00e3o de texto: Carol Monteiro<br \/>\nWebdesign: Jota Bosco[\/et_pb_text][\/et_pb_column][et_pb_column type=&#8221;2_5&#8243; _builder_version=&#8221;4.7.4&#8243; _module_preset=&#8221;default&#8221;][et_pb_team_member name=&#8221;J\u00falia Farias&#8221; position=&#8221;Fundadora do Redescoberta Fashion&#8221; image_url=&#8221;https:\/\/webjornalismo.unicap.br\/modaconsciente\/wp-content\/uploads\/2020\/11\/julia2.jpg&#8221; linkedin_url=&#8221;https:\/\/www.linkedin.com\/in\/juliaemillyfarias\/&#8221; db_instagram=&#8221;https:\/\/www.instagram.com\/jufarias._\/&#8221; db_link_target=&#8221;on&#8221; _builder_version=&#8221;4.7.4&#8243; _module_preset=&#8221;default&#8221; header_text_color=&#8221;#ffffff&#8221; body_font=&#8221;|300|||||||&#8221; body_text_align=&#8221;center&#8221; position_text_align=&#8221;center&#8221; text_orientation=&#8221;center&#8221; background_layout=&#8221;dark&#8221; width=&#8221;80%&#8221; module_alignment=&#8221;center&#8221; min_height=&#8221;762px&#8221; custom_css_title=&#8221;margin-top:20px;||margin-bottom:-5px;&#8221; custom_css_member_position=&#8221;margin-bottom:10px;&#8221; border_radii_image=&#8221;on|170px|170px|170px|170px&#8221;]<\/p>\n<p style=\"text-align: center;\">Desde crian\u00e7a, sempre teve o sonho de trabalhar unindo o jornalismo e a moda e, durante a trajet\u00f3ria na universidade, p\u00f4de realizar alguns trabalhos conjuntos sobre as \u00e1reas.<\/p>\n<p style=\"text-align: center;\">A partir da inquieta\u00e7\u00e3o para entender sobre uma cadeia de moda respons\u00e1vel, come\u00e7ou a pesquisar sobre consci\u00eancia e sustentabilidade e se redescobriu, enquanto pessoa e consumidora.<\/p>\n<p style=\"text-align: center;\">Hoje, planta a semente de que \u00e9 poss\u00edvel consumir de forma consciente e colaborar para a constru\u00e7\u00e3o de uma moda justa, atrav\u00e9s das atitudes tomadas.<\/p>\n<p>[\/et_pb_team_member][et_pb_contact_form email=&#8221;redescobertafashion@gmail.com&#8221; title=&#8221;Vamos conversar?&#8221; success_message=&#8221;Mensagem enviada com sucesso&#8221; _builder_version=&#8221;4.7.4&#8243; _module_preset=&#8221;default&#8221; form_field_text_color=&#8221;#000000&#8243; title_text_color=&#8221;#e09900&#8243; captcha_text_color=&#8221;rgba(255,255,255,0.49)&#8221; custom_button=&#8221;on&#8221; button_text_color=&#8221;#e09900&#8243; button_border_color=&#8221;#e09900&#8243; custom_padding=&#8221;0px|||||&#8221;][et_pb_contact_field field_id=&#8221;Name&#8221; field_title=&#8221;Nome&#8221; _builder_version=&#8221;3.16&#8243; button_text_size__hover_enabled=&#8221;off&#8221; button_one_text_size__hover_enabled=&#8221;off&#8221; button_two_text_size__hover_enabled=&#8221;off&#8221; button_text_color__hover_enabled=&#8221;off&#8221; button_one_text_color__hover_enabled=&#8221;off&#8221; button_two_text_color__hover_enabled=&#8221;off&#8221; button_border_width__hover_enabled=&#8221;off&#8221; button_one_border_width__hover_enabled=&#8221;off&#8221; button_two_border_width__hover_enabled=&#8221;off&#8221; button_border_color__hover_enabled=&#8221;off&#8221; button_one_border_color__hover_enabled=&#8221;off&#8221; button_two_border_color__hover_enabled=&#8221;off&#8221; button_border_radius__hover_enabled=&#8221;off&#8221; button_one_border_radius__hover_enabled=&#8221;off&#8221; button_two_border_radius__hover_enabled=&#8221;off&#8221; button_letter_spacing__hover_enabled=&#8221;off&#8221; button_one_letter_spacing__hover_enabled=&#8221;off&#8221; button_two_letter_spacing__hover_enabled=&#8221;off&#8221; button_bg_color__hover_enabled=&#8221;off&#8221; button_one_bg_color__hover_enabled=&#8221;off&#8221; button_two_bg_color__hover_enabled=&#8221;off&#8221;][\/et_pb_contact_field][et_pb_contact_field field_id=&#8221;Email&#8221; field_title=&#8221;E-mail&#8221; field_type=&#8221;email&#8221; _builder_version=&#8221;3.16&#8243; button_text_size__hover_enabled=&#8221;off&#8221; button_one_text_size__hover_enabled=&#8221;off&#8221; button_two_text_size__hover_enabled=&#8221;off&#8221; button_text_color__hover_enabled=&#8221;off&#8221; button_one_text_color__hover_enabled=&#8221;off&#8221; button_two_text_color__hover_enabled=&#8221;off&#8221; button_border_width__hover_enabled=&#8221;off&#8221; button_one_border_width__hover_enabled=&#8221;off&#8221; button_two_border_width__hover_enabled=&#8221;off&#8221; button_border_color__hover_enabled=&#8221;off&#8221; button_one_border_color__hover_enabled=&#8221;off&#8221; button_two_border_color__hover_enabled=&#8221;off&#8221; button_border_radius__hover_enabled=&#8221;off&#8221; button_one_border_radius__hover_enabled=&#8221;off&#8221; button_two_border_radius__hover_enabled=&#8221;off&#8221; button_letter_spacing__hover_enabled=&#8221;off&#8221; button_one_letter_spacing__hover_enabled=&#8221;off&#8221; button_two_letter_spacing__hover_enabled=&#8221;off&#8221; button_bg_color__hover_enabled=&#8221;off&#8221; button_one_bg_color__hover_enabled=&#8221;off&#8221; button_two_bg_color__hover_enabled=&#8221;off&#8221;][\/et_pb_contact_field][et_pb_contact_field field_id=&#8221;Message&#8221; field_title=&#8221;Mensagem&#8221; field_type=&#8221;text&#8221; fullwidth_field=&#8221;on&#8221; _builder_version=&#8221;3.16&#8243; button_text_size__hover_enabled=&#8221;off&#8221; button_one_text_size__hover_enabled=&#8221;off&#8221; button_two_text_size__hover_enabled=&#8221;off&#8221; button_text_color__hover_enabled=&#8221;off&#8221; button_one_text_color__hover_enabled=&#8221;off&#8221; button_two_text_color__hover_enabled=&#8221;off&#8221; button_border_width__hover_enabled=&#8221;off&#8221; button_one_border_width__hover_enabled=&#8221;off&#8221; button_two_border_width__hover_enabled=&#8221;off&#8221; button_border_color__hover_enabled=&#8221;off&#8221; button_one_border_color__hover_enabled=&#8221;off&#8221; button_two_border_color__hover_enabled=&#8221;off&#8221; button_border_radius__hover_enabled=&#8221;off&#8221; button_one_border_radius__hover_enabled=&#8221;off&#8221; button_two_border_radius__hover_enabled=&#8221;off&#8221; button_letter_spacing__hover_enabled=&#8221;off&#8221; button_one_letter_spacing__hover_enabled=&#8221;off&#8221; button_two_letter_spacing__hover_enabled=&#8221;off&#8221; button_bg_color__hover_enabled=&#8221;off&#8221; button_one_bg_color__hover_enabled=&#8221;off&#8221; button_two_bg_color__hover_enabled=&#8221;off&#8221;][\/et_pb_contact_field][\/et_pb_contact_form][\/et_pb_column][\/et_pb_row][\/et_pb_section]<\/p>\n","protected":false},"excerpt":{"rendered":"<p>[et_pb_section fb_built=&#8221;1&#8243; _builder_version=&#8221;4.6.6&#8243; _module_preset=&#8221;default&#8221; width=&#8221;100%&#8221; max_width=&#8221;100%&#8221; module_alignment=&#8221;center&#8221; custom_padding=&#8221;0px||0px||false|false&#8221;][et_pb_row _builder_version=&#8221;4.6.6&#8243; _module_preset=&#8221;default&#8221; width=&#8221;100%&#8221; max_width=&#8221;100%&#8221; custom_padding=&#8221;0px||0px||false|false&#8221;][et_pb_column type=&#8221;4_4&#8243; _builder_version=&#8221;4.6.6&#8243; _module_preset=&#8221;default&#8221;][et_pb_slider use_bg_overlay=&#8221;off&#8221; arrows_custom_color=&#8221;#ffffff&#8221; dot_nav_custom_color=&#8221;#ffffff&#8221; _builder_version=&#8221;4.9.4&#8243; _module_preset=&#8221;default&#8221; width=&#8221;100%&#8221; max_width=&#8221;100%&#8221; animation_style=&#8221;fade&#8221; auto=&#8221;on&#8221; auto_ignore_hover=&#8221;on&#8221;][et_pb_slide heading=&#8221;Empreendedorismo&#8221; use_text_overlay=&#8221;on&#8221; text_overlay_color=&#8221;#ffffff&#8221; _builder_version=&#8221;4.9.4&#8243; _module_preset=&#8221;default&#8221; header_text_align=&#8221;left&#8221; header_font_size=&#8221;56px&#8221; body_text_align=&#8221;left&#8221; body_font_size=&#8221;20px&#8221; background_enable_color=&#8221;off&#8221; use_background_color_gradient=&#8221;on&#8221; background_color_gradient_start=&#8221;#705d00&#8243; background_color_gradient_end=&#8221;rgba(41,196,169,0)&#8221; background_color_gradient_end_position=&#8221;20%&#8221; background_image=&#8221;https:\/\/webjornalismo.unicap.br\/modaconsciente\/wp-content\/uploads\/2020\/11\/moda.jpg&#8221; background_enable_image=&#8221;on&#8221; background_blend=&#8221;overlay&#8221; background_layout=&#8221;light&#8221; link_option_url=&#8221;https:\/\/webjornalismo.unicap.br\/modaconsciente\/category\/empreendedorismo\/&#8221; header_font_size_tablet=&#8221;44px&#8221; header_font_size_phone=&#8221;24px&#8221; header_font_size_last_edited=&#8221;on|phone&#8221; custom_css_slide_container=&#8221;max-width:60%;||margin-top:20vh;||margin-bottom:1vh;||margin-left:0px;&#8221; custom_css_slide_container_last_edited=&#8221;on|phone&#8221; custom_css_slide_container_tablet=&#8221;max-width:80%;&#8221; custom_css_slide_container_phone=&#8221;max-width:100%;&#8221; sticky_transition=&#8221;on&#8221;]Saiba mais sobre [&hellip;]<\/p>\n","protected":false},"author":1,"featured_media":0,"parent":0,"menu_order":0,"comment_status":"closed","ping_status":"closed","template":"","meta":{"_et_pb_use_builder":"on","_et_pb_old_content":"","_et_gb_content_width":""},"_links":{"self":[{"href":"https:\/\/webjornalismo.unicap.br\/modaconsciente\/wp-json\/wp\/v2\/pages\/5206"}],"collection":[{"href":"https:\/\/webjornalismo.unicap.br\/modaconsciente\/wp-json\/wp\/v2\/pages"}],"about":[{"href":"https:\/\/webjornalismo.unicap.br\/modaconsciente\/wp-json\/wp\/v2\/types\/page"}],"author":[{"embeddable":true,"href":"https:\/\/webjornalismo.unicap.br\/modaconsciente\/wp-json\/wp\/v2\/users\/1"}],"replies":[{"embeddable":true,"href":"https:\/\/webjornalismo.unicap.br\/modaconsciente\/wp-json\/wp\/v2\/comments?post=5206"}],"version-history":[{"count":75,"href":"https:\/\/webjornalismo.unicap.br\/modaconsciente\/wp-json\/wp\/v2\/pages\/5206\/revisions"}],"predecessor-version":[{"id":6642,"href":"https:\/\/webjornalismo.unicap.br\/modaconsciente\/wp-json\/wp\/v2\/pages\/5206\/revisions\/6642"}],"wp:attachment":[{"href":"https:\/\/webjornalismo.unicap.br\/modaconsciente\/wp-json\/wp\/v2\/media?parent=5206"}],"curies":[{"name":"wp","href":"https:\/\/api.w.org\/{rel}","templated":true}]}}