{"id":147,"date":"2019-05-08T18:47:53","date_gmt":"2019-05-08T21:47:53","guid":{"rendered":"http:\/\/webjornalismo.unicap.br\/machismonoesporte\/?page_id=147"},"modified":"2019-06-11T18:30:06","modified_gmt":"2019-06-11T21:30:06","slug":"voce-sabia","status":"publish","type":"page","link":"https:\/\/webjornalismo.unicap.br\/machismonoesporte\/voce-sabia\/","title":{"rendered":"Voc\u00ea sabia?"},"content":{"rendered":"<p>[et_pb_section fb_built=&#8221;1&#8243; fullwidth=&#8221;on&#8221; _builder_version=&#8221;3.22.7&#8243;][et_pb_fullwidth_post_title meta=&#8221;off&#8221; featured_image=&#8221;off&#8221; _builder_version=&#8221;3.22.7&#8243; title_font=&#8221;||||||||&#8221; title_text_color=&#8221;#ffffff&#8221; title_font_size=&#8221;100px&#8221; background_image=&#8221;http:\/\/webjornalismo.unicap.br\/machismonoesporte\/wp-content\/uploads\/2019\/05\/bg-topo-secoes3.png&#8221; background_position=&#8221;bottom_right&#8221; custom_padding=&#8221;||350px&#8221;][\/et_pb_fullwidth_post_title][\/et_pb_section][et_pb_section fb_built=&#8221;1&#8243; _builder_version=&#8221;3.22.7&#8243;][et_pb_row make_equal=&#8221;on&#8221; _builder_version=&#8221;3.22.7&#8243;][et_pb_column type=&#8221;1_2&#8243; _builder_version=&#8221;3.22.7&#8243;][et_pb_text _builder_version=&#8221;3.22.7&#8243; text_font=&#8221;Annie Use Your Telescope||||||||&#8221; text_font_size=&#8221;39px&#8221; text_line_height=&#8221;1.2em&#8221; header_font=&#8221;||||||||&#8221; header_font_size=&#8221;60px&#8221;]<\/p>\n<p>Gertudre Ederle, em 1926, nadou 35km do canal da mancha em 14h e 31min, duas horas mais r\u00e1pido que a melhor marca de um homem.\u00a0<\/p>\n<p>[\/et_pb_text][\/et_pb_column][et_pb_column type=&#8221;1_2&#8243; _builder_version=&#8221;3.22.7&#8243;][et_pb_image src=&#8221;http:\/\/webjornalismo.unicap.br\/machismonoesporte\/wp-content\/uploads\/2019\/06\/Gertrude-Ederle.jpg&#8221; show_bottom_space=&#8221;off&#8221; align=&#8221;center&#8221; always_center_on_mobile=&#8221;off&#8221; _builder_version=&#8221;3.22.7&#8243;][\/et_pb_image][et_pb_text _builder_version=&#8221;3.22.7&#8243; text_font=&#8221;||||||||&#8221; text_orientation=&#8221;right&#8221;]Imagem: Google[\/et_pb_text][\/et_pb_column][\/et_pb_row][\/et_pb_section][et_pb_section fb_built=&#8221;1&#8243; _builder_version=&#8221;3.22.7&#8243; background_color=&#8221;#efefef&#8221;][et_pb_row make_equal=&#8221;on&#8221; _builder_version=&#8221;3.22.7&#8243;][et_pb_column type=&#8221;1_3&#8243; _builder_version=&#8221;3.22.7&#8243;][et_pb_image src=&#8221;http:\/\/webjornalismo.unicap.br\/machismonoesporte\/wp-content\/uploads\/2019\/06\/toni-stone.jpg&#8221; show_bottom_space=&#8221;off&#8221; _builder_version=&#8221;3.22.7&#8243;][\/et_pb_image][et_pb_text _builder_version=&#8221;3.22.7&#8243;]<\/p>\n<p>Imagem: Google<\/p>\n<p>[\/et_pb_text][\/et_pb_column][et_pb_column type=&#8221;2_3&#8243; _builder_version=&#8221;3.22.7&#8243;][et_pb_text _builder_version=&#8221;3.22.7&#8243; text_font=&#8221;Annie Use Your Telescope||||||||&#8221; text_font_size=&#8221;39px&#8221; text_line_height=&#8221;1.2em&#8221; header_font=&#8221;||||||||&#8221; header_font_size=&#8221;60px&#8221;]<\/p>\n<p>Toni Stone, em 1953, tornou-se a primeira mulher a atuar em uma grande liga de beisebol nos Estados Unidos.\u00a0\u00a0<\/p>\n<p>[\/et_pb_text][\/et_pb_column][\/et_pb_row][\/et_pb_section][et_pb_section fb_built=&#8221;1&#8243; _builder_version=&#8221;3.22.7&#8243;][et_pb_row _builder_version=&#8221;3.22.7&#8243;][et_pb_column type=&#8221;3_5&#8243; _builder_version=&#8221;3.22.7&#8243;][et_pb_text _builder_version=&#8221;3.22.7&#8243; text_font=&#8221;Annie Use Your Telescope||||||||&#8221; text_font_size=&#8221;39px&#8221; text_line_height=&#8221;1.2em&#8221; header_font=&#8221;||||||||&#8221; header_font_size=&#8221;60px&#8221; width=&#8221;100%&#8221; custom_margin=&#8221;|-289px||||&#8221; custom_padding=&#8221;|0px|0px|0px||&#8221;]<\/p>\n<p>Tenista Billy Jean King, em 1973, aceitou o desafio de enfrentar Bobby Riggs, um grande nome do t\u00eanis, considerado machista. O duelo foi marcado como a batalha dos sexos, e atraiu 90 milh\u00f5es de espectadores na TV. Para contrariar o que muitos esperavam, Billy Jean venceu por 3 sets a 0, deixando muitos confusos, claro, os que acreditavam que as mulheres n\u00e3o teriam capacidade.<\/p>\n<p>[\/et_pb_text][\/et_pb_column][et_pb_column type=&#8221;2_5&#8243; _builder_version=&#8221;3.22.7&#8243;][et_pb_image src=&#8221;http:\/\/webjornalismo.unicap.br\/machismonoesporte\/wp-content\/uploads\/2019\/06\/Billy-Jean-King.jpg&#8221; show_bottom_space=&#8221;off&#8221; _builder_version=&#8221;3.22.7&#8243; custom_margin=&#8221;|||28px||&#8221;][\/et_pb_image][et_pb_text _builder_version=&#8221;3.22.7&#8243; text_font=&#8221;||||||||&#8221; text_orientation=&#8221;right&#8221; locked=&#8221;off&#8221;]Imagem: Google[\/et_pb_text][\/et_pb_column][\/et_pb_row][\/et_pb_section][et_pb_section fb_built=&#8221;1&#8243; _builder_version=&#8221;3.22.7&#8243; background_color=&#8221;#efefef&#8221;][et_pb_row _builder_version=&#8221;3.22.7&#8243;][et_pb_column type=&#8221;2_5&#8243; _builder_version=&#8221;3.22.7&#8243;][et_pb_image src=&#8221;http:\/\/webjornalismo.unicap.br\/machismonoesporte\/wp-content\/uploads\/2019\/06\/danica-patrick-1040&#215;572.jpg&#8221; show_bottom_space=&#8221;off&#8221; _builder_version=&#8221;3.22.7&#8243;][\/et_pb_image][et_pb_text _builder_version=&#8221;3.22.7&#8243;]<\/p>\n<p>Imagem: Google<\/p>\n<p>[\/et_pb_text][\/et_pb_column][et_pb_column type=&#8221;3_5&#8243; _builder_version=&#8221;3.22.7&#8243;][et_pb_text _builder_version=&#8221;3.22.7&#8243; text_font=&#8221;Annie Use Your Telescope||||||||&#8221; text_font_size=&#8221;39px&#8221; text_line_height=&#8221;1.2em&#8221; header_font=&#8221;||||||||&#8221; header_font_size=&#8221;60px&#8221; width=&#8221;100%&#8221; custom_margin=&#8221;|-289px||||&#8221; custom_padding=&#8221;|0px|0px|0px||&#8221;]<\/p>\n<p><span>Danica Patrick, em 2008, venceu a etapa do Jap\u00e3o na F\u00f3rmula Indy. Primeiro trof\u00e9u de relev\u00e2ncia no automobilismo entregue a uma mulher.<\/span><\/p>\n<p>[\/et_pb_text][\/et_pb_column][\/et_pb_row][\/et_pb_section][et_pb_section fb_built=&#8221;1&#8243; _builder_version=&#8221;3.22.7&#8243;][et_pb_row _builder_version=&#8221;3.22.7&#8243;][et_pb_column type=&#8221;4_4&#8243; _builder_version=&#8221;3.22.7&#8243;][et_pb_text _builder_version=&#8221;3.22.7&#8243; text_font=&#8221;Annie Use Your Telescope||||||||&#8221; text_font_size=&#8221;39px&#8221; text_line_height=&#8221;1.2em&#8221; header_font=&#8221;||||||||&#8221; header_font_size=&#8221;60px&#8221; custom_margin=&#8221;||-8px|4px||&#8221; custom_padding=&#8221;|0px||||&#8221;]<\/p>\n<p>Stamati Revith &#8211; \u00a0Durante a primeira edi\u00e7\u00e3o dos Jogos Ol\u00edmpicos da era Moderna, em 1896, as mulheres eram proibidas de participar. Ent\u00e3o, a grega Stamati Revithi realizou o percurso da maratona do lado de fora do est\u00e1dio, como uma forma de protesto. Ela completou o percurso em 4 horas e meia, conquistando \u00edndice menor que muitos homens que disputavam a prova, mas, apesar disso, n\u00e3o teve o reconhecimento do Comit\u00ea Ol\u00edmpico Internacional (COI).<\/p>\n<p>[\/et_pb_text][\/et_pb_column][\/et_pb_row][\/et_pb_section][et_pb_section fb_built=&#8221;1&#8243; _builder_version=&#8221;3.22.7&#8243; background_color=&#8221;#efefef&#8221;][et_pb_row _builder_version=&#8221;3.22.7&#8243;][et_pb_column type=&#8221;1_2&#8243; _builder_version=&#8221;3.22.7&#8243;][et_pb_text _builder_version=&#8221;3.22.7&#8243; text_font=&#8221;Annie Use Your Telescope||||||||&#8221; text_font_size=&#8221;39px&#8221; text_line_height=&#8221;1.2em&#8221; header_font=&#8221;||||||||&#8221; header_font_size=&#8221;60px&#8221; width=&#8221;100%&#8221; custom_margin=&#8221;|-289px||||&#8221; custom_padding=&#8221;|0px|0px|0px||&#8221;]<\/p>\n<p><span>A lista divulgada pela revista <\/span><a href=\"https:\/\/www.forbes.com\/sites\/kurtbadenhausen\/2017\/06\/15\/full-list-the-worlds-highest-paid-athletes-2017\/#34d406b5d583\"><span>Forbes<\/span><\/a><span> com os 100 atletas mais bem pagos do mundo em 2017, revelou que a \u00fanica mulher presente na lista \u00e9 a tenista Serena Willians, na 51\u00aa posi\u00e7\u00e3o.<\/span><\/p>\n<p>[\/et_pb_text][\/et_pb_column][et_pb_column type=&#8221;1_2&#8243; _builder_version=&#8221;3.22.7&#8243;][et_pb_image src=&#8221;http:\/\/webjornalismo.unicap.br\/machismonoesporte\/wp-content\/uploads\/2019\/06\/Serena-1.jpg&#8221; show_bottom_space=&#8221;off&#8221; _builder_version=&#8221;3.22.7&#8243;][\/et_pb_image][et_pb_text _builder_version=&#8221;3.22.7&#8243; text_font=&#8221;||||||||&#8221; text_orientation=&#8221;right&#8221; locked=&#8221;off&#8221;]Imagem: Google[\/et_pb_text][\/et_pb_column][\/et_pb_row][\/et_pb_section][et_pb_section fb_built=&#8221;1&#8243; _builder_version=&#8221;3.22.7&#8243;][et_pb_row _builder_version=&#8221;3.22.7&#8243;][et_pb_column type=&#8221;2_5&#8243; _builder_version=&#8221;3.22.7&#8243;][et_pb_image src=&#8221;http:\/\/webjornalismo.unicap.br\/machismonoesporte\/wp-content\/uploads\/2019\/06\/aIDA.jpg&#8221; show_bottom_space=&#8221;off&#8221; _builder_version=&#8221;3.22.7&#8243;][\/et_pb_image][et_pb_text _builder_version=&#8221;3.22.7&#8243;]<\/p>\n<p>Imagem: Google\u00a0<\/p>\n<p>[\/et_pb_text][\/et_pb_column][et_pb_column type=&#8221;3_5&#8243; _builder_version=&#8221;3.22.7&#8243;][et_pb_text _builder_version=&#8221;3.22.7&#8243; text_font=&#8221;Annie Use Your Telescope||||||||&#8221; text_font_size=&#8221;39px&#8221; text_line_height=&#8221;1.2em&#8221; header_font=&#8221;||||||||&#8221; header_font_size=&#8221;60px&#8221; width=&#8221;100%&#8221; custom_margin=&#8221;|-289px||||&#8221; custom_padding=&#8221;|0px|0px|0px||&#8221;]<\/p>\n<p>A carioca A\u00edda dos Santos foi a primeira brasileira a disputar uma final ol\u00edmpica. Em 1964, ficou em quarto lugar no salto em altura na competi\u00e7\u00e3o de T\u00f3quio, sendo, na ocasi\u00e3o, a \u00fanica mulher da delega\u00e7\u00e3o Brasileira.<\/p>\n<p>[\/et_pb_text][\/et_pb_column][\/et_pb_row][\/et_pb_section][et_pb_section fb_built=&#8221;1&#8243; _builder_version=&#8221;3.22.7&#8243; background_color=&#8221;#efefef&#8221;][et_pb_row _builder_version=&#8221;3.22.7&#8243;][et_pb_column type=&#8221;3_5&#8243; _builder_version=&#8221;3.22.7&#8243;][et_pb_text _builder_version=&#8221;3.22.7&#8243; text_font=&#8221;Annie Use Your Telescope||||||||&#8221; text_font_size=&#8221;39px&#8221; text_line_height=&#8221;1.2em&#8221; header_font=&#8221;||||||||&#8221; header_font_size=&#8221;60px&#8221; width=&#8221;100%&#8221; custom_margin=&#8221;|-289px||||&#8221; custom_padding=&#8221;|0px|0px|0px||&#8221;]<\/p>\n<p><span>A primeira mulher a ganhar um ouro ol\u00edmpico, foi a tenista Charlotte Cooper nos Jogos Ol\u00edmpicos de 1900, disputados em Paris. A tenista brit\u00e2nica ficou marcada na hist\u00f3ria como a primeira atleta mulher a subir no lugar mais alto do p\u00f3dio ol\u00edmpico. Foi a primeira vez que mulheres participaram de uma olimp\u00edada, por\u00e9m, ainda era uma participa\u00e7\u00e3o apenas em dois esportes: t\u00eanis e o golfe.<\/span><\/p>\n<p>[\/et_pb_text][\/et_pb_column][et_pb_column type=&#8221;2_5&#8243; _builder_version=&#8221;3.22.7&#8243;][et_pb_image src=&#8221;http:\/\/webjornalismo.unicap.br\/machismonoesporte\/wp-content\/uploads\/2019\/06\/Cooper.jpg&#8221; show_bottom_space=&#8221;off&#8221; _builder_version=&#8221;3.22.7&#8243;][\/et_pb_image][et_pb_text _builder_version=&#8221;3.22.7&#8243; text_font=&#8221;||||||||&#8221; text_orientation=&#8221;right&#8221; locked=&#8221;off&#8221;]Imagem: Google[\/et_pb_text][\/et_pb_column][\/et_pb_row][\/et_pb_section][et_pb_section fb_built=&#8221;1&#8243; _builder_version=&#8221;3.22.7&#8243;][et_pb_row _builder_version=&#8221;3.22.7&#8243;][et_pb_column type=&#8221;4_4&#8243; _builder_version=&#8221;3.22.7&#8243;][et_pb_text _builder_version=&#8221;3.22.7&#8243; text_font=&#8221;Annie Use Your Telescope||||||||&#8221; text_font_size=&#8221;39px&#8221; text_line_height=&#8221;1.2em&#8221; header_font=&#8221;||||||||&#8221; header_font_size=&#8221;60px&#8221; width=&#8221;100%&#8221; custom_margin=&#8221;|-289px||||&#8221; custom_padding=&#8221;|0px|0px|0px||&#8221;]<\/p>\n<p><span style=\"font-weight: 400;\">A modalidade de boxe foi, por mais de um s\u00e9culo, tida como exclusivamente masculina nos jogos. <\/span><\/p>\n<p>[\/et_pb_text][\/et_pb_column][\/et_pb_row][\/et_pb_section][et_pb_section fb_built=&#8221;1&#8243; _builder_version=&#8221;3.22.7&#8243; background_color=&#8221;#efefef&#8221;][et_pb_row _builder_version=&#8221;3.22.7&#8243;][et_pb_column type=&#8221;3_5&#8243; _builder_version=&#8221;3.22.7&#8243;][et_pb_text _builder_version=&#8221;3.22.7&#8243; text_font=&#8221;Annie Use Your Telescope||||||||&#8221; text_font_size=&#8221;39px&#8221; text_line_height=&#8221;1.2em&#8221; header_font=&#8221;||||||||&#8221; header_font_size=&#8221;60px&#8221; width=&#8221;100%&#8221; custom_margin=&#8221;|-289px||||&#8221; custom_padding=&#8221;|0px|0px|0px||&#8221;]<\/p>\n<p><span style=\"font-weight: 400;\"><\/span><\/p>\n<p><span style=\"font-weight: 400;\">Daiane dos Santos foi a primeira ginasta brasileira, entre homens e mulheres, a conquistar uma medalha de ouro em uma edi\u00e7\u00e3o do Campeonato Mundial.<\/span><\/p>\n<p>[\/et_pb_text][\/et_pb_column][et_pb_column type=&#8221;2_5&#8243; _builder_version=&#8221;3.22.7&#8243;][et_pb_image src=&#8221;http:\/\/webjornalismo.unicap.br\/machismonoesporte\/wp-content\/uploads\/2019\/06\/Daiana.jpg&#8221; show_bottom_space=&#8221;off&#8221; _builder_version=&#8221;3.22.7&#8243;][\/et_pb_image][et_pb_text _builder_version=&#8221;3.22.7&#8243; text_font=&#8221;||||||||&#8221; text_orientation=&#8221;right&#8221; locked=&#8221;off&#8221;]Imagem: Uol Esporte[\/et_pb_text][\/et_pb_column][\/et_pb_row][\/et_pb_section][et_pb_section fb_built=&#8221;1&#8243; _builder_version=&#8221;3.22.7&#8243;][et_pb_row _builder_version=&#8221;3.22.7&#8243;][et_pb_column type=&#8221;1_2&#8243; _builder_version=&#8221;3.22.7&#8243;][et_pb_image src=&#8221;http:\/\/webjornalismo.unicap.br\/machismonoesporte\/wp-content\/uploads\/2019\/06\/Hort\u00eancia.jpg&#8221; show_bottom_space=&#8221;off&#8221; _builder_version=&#8221;3.22.7&#8243;][\/et_pb_image][et_pb_text _builder_version=&#8221;3.22.7&#8243;]<\/p>\n<p>Imagem: IG Esporte\u00a0<\/p>\n<p>[\/et_pb_text][\/et_pb_column][et_pb_column type=&#8221;1_2&#8243; _builder_version=&#8221;3.22.7&#8243;][et_pb_text _builder_version=&#8221;3.22.7&#8243; text_font=&#8221;Annie Use Your Telescope||||||||&#8221; text_font_size=&#8221;39px&#8221; text_line_height=&#8221;1.2em&#8221; header_font=&#8221;||||||||&#8221; header_font_size=&#8221;60px&#8221; width=&#8221;100%&#8221; custom_margin=&#8221;|-289px||1px||&#8221; custom_padding=&#8221;|0px|0px|0px||&#8221;]<\/p>\n<p><span>Hort\u00eancia \u00e9 uma das maiores jogadoras brasileiras de basquete de todos os tempos, com 3.160 pontos em 127 jogos. Participou diretamente da conquista do mundial de basquete de 1994 e da medalha de prata nas Olimp\u00edadas de 1996. Em 2005, entrou para o Hall da Fama do basquete feminino, sendo a primeira brasileira a receber tal honra.<\/span><\/p>\n<p>[\/et_pb_text][\/et_pb_column][\/et_pb_row][\/et_pb_section][et_pb_section fb_built=&#8221;1&#8243; _builder_version=&#8221;3.22.7&#8243; background_color=&#8221;#efefef&#8221;][et_pb_row _builder_version=&#8221;3.22.7&#8243;][et_pb_column type=&#8221;1_2&#8243; _builder_version=&#8221;3.22.7&#8243;][et_pb_text _builder_version=&#8221;3.22.7&#8243; text_font=&#8221;Annie Use Your Telescope||||||||&#8221; text_font_size=&#8221;39px&#8221; text_line_height=&#8221;1.2em&#8221; header_font=&#8221;||||||||&#8221; header_font_size=&#8221;60px&#8221; width=&#8221;100%&#8221; custom_margin=&#8221;|-289px||||&#8221; custom_padding=&#8221;|0px|0px|0px||&#8221;]<\/p>\n<p><span style=\"font-weight: 400;\">Marta, com duas medalhas de prata em Olimp\u00edadas, foi seis vezes eleita pela FIFA a melhor jogadora de futebol do mundo. Mesmo o Brasil n\u00e3o ganhando o t\u00edtulo na Copa de 2007, Marta foi eleita a melhor jogadora da competi\u00e7\u00e3o. \u00c9 tamb\u00e9m uma das embaixadoras <\/span><span style=\"font-weight: 400;\">da Boa Vontade para mulheres e meninas no esporte, na ONU, e, em 2018, foi a primeira mulher na cal\u00e7ada da fama do Maracan\u00e3. \u00a0<\/span><\/p>\n<p>[\/et_pb_text][\/et_pb_column][et_pb_column type=&#8221;1_2&#8243; _builder_version=&#8221;3.22.7&#8243;][et_pb_image src=&#8221;http:\/\/webjornalismo.unicap.br\/machismonoesporte\/wp-content\/uploads\/2019\/06\/Marta-1.jpg&#8221; show_bottom_space=&#8221;off&#8221; _builder_version=&#8221;3.22.7&#8243;][\/et_pb_image][et_pb_text _builder_version=&#8221;3.22.7&#8243; text_font=&#8221;||||||||&#8221; text_orientation=&#8221;right&#8221; locked=&#8221;off&#8221;]<\/p>\n<p>Imagem: Google<\/p>\n<p>[\/et_pb_text][\/et_pb_column][\/et_pb_row][\/et_pb_section][et_pb_section fb_built=&#8221;1&#8243; _builder_version=&#8221;3.22.7&#8243;][et_pb_row _builder_version=&#8221;3.22.7&#8243;][et_pb_column type=&#8221;1_2&#8243; _builder_version=&#8221;3.22.7&#8243;][et_pb_image src=&#8221;http:\/\/webjornalismo.unicap.br\/machismonoesporte\/wp-content\/uploads\/2019\/06\/Padr\u00e3o.jpg&#8221; show_bottom_space=&#8221;off&#8221; _builder_version=&#8221;3.22.7&#8243;][\/et_pb_image][et_pb_text _builder_version=&#8221;3.22.7&#8243;]<\/p>\n<p>Imagem: Gauchazh Esportes\u00a0<\/p>\n<p>[\/et_pb_text][\/et_pb_column][et_pb_column type=&#8221;1_2&#8243; _builder_version=&#8221;3.22.7&#8243;][et_pb_text _builder_version=&#8221;3.22.7&#8243; text_font=&#8221;Annie Use Your Telescope||||||||&#8221; text_font_size=&#8221;39px&#8221; text_line_height=&#8221;1.2em&#8221; header_font=&#8221;||||||||&#8221; header_font_size=&#8221;60px&#8221; width=&#8221;100%&#8221; custom_margin=&#8221;|-289px||||&#8221; custom_padding=&#8221;|0px|0px|0px||&#8221;]<\/p>\n<p><span style=\"font-weight: 400;\">Em mar\u00e7o de 2019, pela primeira vez na hist\u00f3ria da sele\u00e7\u00e3o brasileira de futebol feminino, foram desenvolvidos uniformes exclusivos que, antes elaborados, foram realizados estudos e trocas de informa\u00e7\u00f5es com jogadoras profissionais e amadoras, segundo a patrocinadora Nike. <\/span><\/p>\n<p>[\/et_pb_text][\/et_pb_column][\/et_pb_row][\/et_pb_section]<\/p>\n","protected":false},"excerpt":{"rendered":"<p>[et_pb_section fb_built=&#8221;1&#8243; fullwidth=&#8221;on&#8221; _builder_version=&#8221;3.22.7&#8243;][et_pb_fullwidth_post_title meta=&#8221;off&#8221; featured_image=&#8221;off&#8221; _builder_version=&#8221;3.22.7&#8243; title_font=&#8221;||||||||&#8221; title_text_color=&#8221;#ffffff&#8221; title_font_size=&#8221;100px&#8221; background_image=&#8221;http:\/\/webjornalismo.unicap.br\/machismonoesporte\/wp-content\/uploads\/2019\/05\/bg-topo-secoes3.png&#8221; background_position=&#8221;bottom_right&#8221; custom_padding=&#8221;||350px&#8221;][\/et_pb_fullwidth_post_title][\/et_pb_section][et_pb_section fb_built=&#8221;1&#8243; _builder_version=&#8221;3.22.7&#8243;][et_pb_row make_equal=&#8221;on&#8221; _builder_version=&#8221;3.22.7&#8243;][et_pb_column type=&#8221;1_2&#8243; _builder_version=&#8221;3.22.7&#8243;][et_pb_text _builder_version=&#8221;3.22.7&#8243; text_font=&#8221;Annie Use Your Telescope||||||||&#8221; text_font_size=&#8221;39px&#8221; text_line_height=&#8221;1.2em&#8221; header_font=&#8221;||||||||&#8221; header_font_size=&#8221;60px&#8221;] Gertudre Ederle, em 1926, nadou 35km do canal da mancha em 14h e 31min, duas horas mais r\u00e1pido que a melhor marca de um homem.\u00a0 [\/et_pb_text][\/et_pb_column][et_pb_column type=&#8221;1_2&#8243; [&hellip;]<\/p>\n","protected":false},"author":2,"featured_media":0,"parent":0,"menu_order":0,"comment_status":"closed","ping_status":"closed","template":"","meta":{"_et_pb_use_builder":"on","_et_pb_old_content":"<!-- wp:divi\/placeholder \/-->","_et_gb_content_width":"","footnotes":""},"class_list":["post-147","page","type-page","status-publish","hentry"],"_links":{"self":[{"href":"https:\/\/webjornalismo.unicap.br\/machismonoesporte\/wp-json\/wp\/v2\/pages\/147","targetHints":{"allow":["GET"]}}],"collection":[{"href":"https:\/\/webjornalismo.unicap.br\/machismonoesporte\/wp-json\/wp\/v2\/pages"}],"about":[{"href":"https:\/\/webjornalismo.unicap.br\/machismonoesporte\/wp-json\/wp\/v2\/types\/page"}],"author":[{"embeddable":true,"href":"https:\/\/webjornalismo.unicap.br\/machismonoesporte\/wp-json\/wp\/v2\/users\/2"}],"replies":[{"embeddable":true,"href":"https:\/\/webjornalismo.unicap.br\/machismonoesporte\/wp-json\/wp\/v2\/comments?post=147"}],"version-history":[{"count":30,"href":"https:\/\/webjornalismo.unicap.br\/machismonoesporte\/wp-json\/wp\/v2\/pages\/147\/revisions"}],"predecessor-version":[{"id":527,"href":"https:\/\/webjornalismo.unicap.br\/machismonoesporte\/wp-json\/wp\/v2\/pages\/147\/revisions\/527"}],"wp:attachment":[{"href":"https:\/\/webjornalismo.unicap.br\/machismonoesporte\/wp-json\/wp\/v2\/media?parent=147"}],"curies":[{"name":"wp","href":"https:\/\/api.w.org\/{rel}","templated":true}]}}