{"id":7,"date":"2022-05-11T17:03:45","date_gmt":"2022-05-11T20:03:45","guid":{"rendered":"https:\/\/webjornalismo.unicap.br\/inseguranca-corporal\/?page_id=7"},"modified":"2022-06-13T11:23:26","modified_gmt":"2022-06-13T14:23:26","slug":"pagina-inicial","status":"publish","type":"page","link":"https:\/\/webjornalismo.unicap.br\/inseguranca-corporal\/","title":{"rendered":"P\u00e1gina Inicial"},"content":{"rendered":"<p>[et_pb_section fb_built=&#8221;1&#8243; _builder_version=&#8221;4.17.3&#8243; _module_preset=&#8221;default&#8221; background_enable_color=&#8221;off&#8221; background_video_mp4=&#8221;https:\/\/webjornalismo.unicap.br\/inseguranca-corporal\/wp-content\/uploads\/2022\/05\/bg-topo.mp4&#8243; background_video_width=&#8221;1920&#8243; background_video_height=&#8221;1080&#8243; custom_padding=&#8221;0px||0px||false|false&#8221; global_colors_info=&#8221;{}&#8221;][et_pb_row _builder_version=&#8221;4.17.3&#8243; _module_preset=&#8221;default&#8221; background_color=&#8221;rgba(167,74,156,0.8)&#8221; width=&#8221;100%&#8221; max_width=&#8221;2560px&#8221; custom_padding=&#8221;0px||0px||false|false&#8221; global_colors_info=&#8221;{}&#8221;][et_pb_column type=&#8221;4_4&#8243; _builder_version=&#8221;4.17.3&#8243; _module_preset=&#8221;default&#8221; global_colors_info=&#8221;{}&#8221;][et_pb_image src=&#8221;https:\/\/webjornalismo.unicap.br\/inseguranca-corporal\/wp-content\/uploads\/2022\/05\/Logo2.png&#8221; title_text=&#8221;Logo2&#8243; align=&#8221;center&#8221; _builder_version=&#8221;4.17.3&#8243; _module_preset=&#8221;default&#8221; global_colors_info=&#8221;{}&#8221;][\/et_pb_image][\/et_pb_column][\/et_pb_row][\/et_pb_section][et_pb_section fb_built=&#8221;1&#8243; _builder_version=&#8221;4.17.3&#8243; _module_preset=&#8221;default&#8221; global_colors_info=&#8221;{}&#8221;][et_pb_row column_structure=&#8221;2_5,3_5&#8243; _builder_version=&#8221;4.17.3&#8243; _module_preset=&#8221;default&#8221; width=&#8221;100%&#8221; module_alignment=&#8221;center&#8221; global_colors_info=&#8221;{}&#8221;][et_pb_column type=&#8221;2_5&#8243; _builder_version=&#8221;4.17.3&#8243; _module_preset=&#8221;default&#8221; global_colors_info=&#8221;{}&#8221;][et_pb_image src=&#8221;https:\/\/webjornalismo.unicap.br\/inseguranca-corporal\/wp-content\/uploads\/2022\/05\/ilustra1.png&#8221; title_text=&#8221;ilustra1&#8243; _builder_version=&#8221;4.17.3&#8243; _module_preset=&#8221;default&#8221; global_colors_info=&#8221;{}&#8221;][\/et_pb_image][\/et_pb_column][et_pb_column type=&#8221;3_5&#8243; _builder_version=&#8221;4.17.3&#8243; _module_preset=&#8221;default&#8221; global_colors_info=&#8221;{}&#8221;][et_pb_text _builder_version=&#8221;4.17.4&#8243; _module_preset=&#8221;default&#8221; header_font=&#8221;Reman||||||||&#8221; header_font_size=&#8221;60px&#8221; width_tablet=&#8221;&#8221; width_phone=&#8221;90%&#8221; width_last_edited=&#8221;on|phone&#8221; max_width_tablet=&#8221;&#8221; max_width_phone=&#8221;&#8221; max_width_last_edited=&#8221;on|phone&#8221; module_alignment=&#8221;center&#8221; text_orientation_tablet=&#8221;&#8221; text_orientation_phone=&#8221;center&#8221; text_orientation_last_edited=&#8221;on|phone&#8221; global_colors_info=&#8221;{}&#8221;]<\/p>\n<h1>Corpo &amp; M\u00eddia<\/h1>\n<p>[\/et_pb_text][et_pb_text _builder_version=&#8221;4.17.4&#8243; _module_preset=&#8221;default&#8221; width_tablet=&#8221;&#8221; width_phone=&#8221;80%&#8221; width_last_edited=&#8221;on|phone&#8221; module_alignment=&#8221;center&#8221; global_colors_info=&#8221;{}&#8221;]<\/p>\n<p>\u201cMulher morre com hepatite fulminante ap\u00f3s consumir ervas de emagrecimento\u201d; \u201cJovem de Teresina tem convuls\u00f5es e sangramento ap\u00f3s tomar emagrecedor\u201d; &#8220;Mulher morre durante cirurgia de lipoaspira\u00e7\u00e3o e implante de silicone\u201d; \u201cEstudante morre ap\u00f3s tomar rem\u00e9dio para emagrecer que comprou na internet\u201d; \u201cMulher morre durante procedimento est\u00e9tico em cl\u00ednica\u201d. Essas s\u00e3o algumas das mat\u00e9rias publicadas ao longo dos anos, sobre mulheres que perderam &#8211; ou quase &#8211; suas vidas em busca de um padr\u00e3o inalcan\u00e7\u00e1vel. Mulheres jovens que, ao se submeterem a automedica\u00e7\u00e3o e procedimentos est\u00e9ticos, tiveram a pior das consequ\u00eancias.<\/p>\n<p>[\/et_pb_text][et_pb_button button_url=&#8221;@ET-DC@eyJkeW5hbWljIjp0cnVlLCJjb250ZW50IjoicG9zdF9saW5rX3VybF9wYWdlIiwic2V0dGluZ3MiOnsicG9zdF9pZCI6Ijc4In19@&#8221; button_text=&#8221;Leia Mais&#8221; button_alignment_tablet=&#8221;&#8221; button_alignment_phone=&#8221;center&#8221; button_alignment_last_edited=&#8221;on|phone&#8221; _builder_version=&#8221;4.17.4&#8243; _dynamic_attributes=&#8221;button_url&#8221; _module_preset=&#8221;default&#8221; custom_button=&#8221;on&#8221; button_text_size=&#8221;16px&#8221; button_border_width=&#8221;1px&#8221; global_colors_info=&#8221;{}&#8221;][\/et_pb_button][\/et_pb_column][\/et_pb_row][\/et_pb_section][et_pb_section fb_built=&#8221;1&#8243; _builder_version=&#8221;4.17.4&#8243; _module_preset=&#8221;default&#8221; background_color=&#8221;#f4f4f4&#8243; use_background_color_gradient=&#8221;on&#8221; background_color_gradient_type=&#8221;elliptical&#8221; background_color_gradient_direction_radial=&#8221;top&#8221; background_color_gradient_stops=&#8221;rgba(165,150,165,0) 52%|rgba(167,74,156,0.4) 100%&#8221; background_image=&#8221;https:\/\/webjornalismo.unicap.br\/inseguranca-corporal\/wp-content\/uploads\/2022\/05\/ilustra2b.png&#8221; background_size=&#8221;custom&#8221; background_position=&#8221;top_right&#8221; hover_enabled=&#8221;0&#8243; global_colors_info=&#8221;{}&#8221; sticky_enabled=&#8221;0&#8243; background_last_edited=&#8221;on|phone&#8221; background_size_phone=&#8221;cover&#8221; background_position_phone=&#8221;center&#8221; background_blend_phone=&#8221;multiply&#8221; background_color_gradient_overlays_image_phone=&#8221;on&#8221; background_enable_image_phone=&#8221;off&#8221;][et_pb_row column_structure=&#8221;1_2,1_2&#8243; _builder_version=&#8221;4.17.3&#8243; _module_preset=&#8221;default&#8221; width=&#8221;100%&#8221; module_alignment=&#8221;center&#8221; global_colors_info=&#8221;{}&#8221;][et_pb_column type=&#8221;1_2&#8243; _builder_version=&#8221;4.17.3&#8243; _module_preset=&#8221;default&#8221; global_colors_info=&#8221;{}&#8221;][et_pb_text _builder_version=&#8221;4.17.4&#8243; _module_preset=&#8221;default&#8221; header_font=&#8221;Reman||||||||&#8221; width_tablet=&#8221;&#8221; width_phone=&#8221;90%&#8221; width_last_edited=&#8221;on|phone&#8221; module_alignment_tablet=&#8221;&#8221; module_alignment_phone=&#8221;center&#8221; module_alignment_last_edited=&#8221;on|phone&#8221; global_colors_info=&#8221;{}&#8221;]<\/p>\n<h1>Tik Tok: Filtros, trends &amp; inseguran\u00e7as<\/h1>\n<p>[\/et_pb_text][et_pb_text _builder_version=&#8221;4.17.4&#8243; _module_preset=&#8221;default&#8221; width_tablet=&#8221;&#8221; width_phone=&#8221;80%&#8221; width_last_edited=&#8221;on|phone&#8221; module_alignment_tablet=&#8221;&#8221; module_alignment_phone=&#8221;center&#8221; module_alignment_last_edited=&#8221;on|phone&#8221; global_colors_info=&#8221;{}&#8221;]<\/p>\n<p>Sentimento de insufici\u00eancia, compara\u00e7\u00e3o, a vontade de ser outra pessoa, ter outro corpo, outra vida. Com o passar do tempo e o surgimento das redes sociais, esses sentimentos passaram a ser frequentes na vida dos usu\u00e1rios. Essas redes permitem que o indiv\u00edduo exponha sua vida e seu cotidiano de forma r\u00e1pida e intimista. Um click e todos os seguidores est\u00e3o sabendo o qu\u00ea voc\u00ea est\u00e1 fazendo, comendo, vestindo, concordando, falando. Esse processo do que pode ser chamado de \u201cmidiatiza\u00e7\u00e3o da vida\u201d tem provocado consequ\u00eancias mais profundas do que se imagina.<\/p>\n<p>[\/et_pb_text][et_pb_button button_url=&#8221;@ET-DC@eyJkeW5hbWljIjp0cnVlLCJjb250ZW50IjoicG9zdF9saW5rX3VybF9wYWdlIiwic2V0dGluZ3MiOnsicG9zdF9pZCI6IjgxIn19@&#8221; button_text=&#8221;Leia Mais&#8221; button_alignment_tablet=&#8221;&#8221; button_alignment_phone=&#8221;center&#8221; button_alignment_last_edited=&#8221;on|phone&#8221; _builder_version=&#8221;4.17.4&#8243; _dynamic_attributes=&#8221;button_url&#8221; _module_preset=&#8221;default&#8221; custom_button=&#8221;on&#8221; button_text_size=&#8221;16px&#8221; button_border_width=&#8221;1px&#8221; global_colors_info=&#8221;{}&#8221;][\/et_pb_button][\/et_pb_column][et_pb_column type=&#8221;1_2&#8243; _builder_version=&#8221;4.17.3&#8243; _module_preset=&#8221;default&#8221; global_colors_info=&#8221;{}&#8221;][\/et_pb_column][\/et_pb_row][\/et_pb_section][et_pb_section fb_built=&#8221;1&#8243; module_id=&#8221;video&#8221; _builder_version=&#8221;4.17.4&#8243; _module_preset=&#8221;default&#8221; custom_padding=&#8221;0px||0px||false|false&#8221; global_colors_info=&#8221;{}&#8221;][et_pb_row _builder_version=&#8221;4.17.4&#8243; _module_preset=&#8221;default&#8221; background_color=&#8221;#522a4c&#8221; width=&#8221;100%&#8221; max_width=&#8221;2560px&#8221; custom_padding=&#8221;0px||0px||false|false&#8221; global_colors_info=&#8221;{}&#8221;][et_pb_column type=&#8221;4_4&#8243; _builder_version=&#8221;4.17.3&#8243; _module_preset=&#8221;default&#8221; global_colors_info=&#8221;{}&#8221;][et_pb_text _builder_version=&#8221;4.17.4&#8243; _module_preset=&#8221;default&#8221; header_font_size=&#8221;60px&#8221; background_layout=&#8221;dark&#8221; width=&#8221;50%&#8221; width_tablet=&#8221;50%&#8221; width_phone=&#8221;80%&#8221; width_last_edited=&#8221;on|phone&#8221; module_alignment=&#8221;center&#8221; custom_padding=&#8221;10vh||5vh||false|false&#8221; global_colors_info=&#8221;{}&#8221;]<\/p>\n<h1>Roda de conversa<\/h1>\n<p>A gera\u00e7\u00e3o Gera\u00e7\u00e3o Z, os nascidos entre 1994 e 2010, j\u00e1 chegou em meio \u00e0 revolu\u00e7\u00e3o tecnol\u00f3gica, com a <em>internet<\/em> e redes sociais fazendo parte do dia a dia das pessoas. Mas ser\u00e1 que vir ao mundo na era das redes gerou algum tipo de desconforto aos mais jovens? Que tipo de impacto o <em>Tik Tok<\/em>, por exemplo, um dos aplicativos mais baixados do \u00faltimo ano, de acordo com o Sensor Tower, pode causar a essa gera\u00e7\u00e3o?<\/p>\n<p>A forma como se comportam nesse tipo de rede, o que consomem e o porqu\u00ea, s\u00e3o alguns dos temas dessa roda de conversa com cinco adolescentes que explicam sua rela\u00e7\u00e3o com o meio digital e desabafam sobre suas inseguran\u00e7as, que s\u00e3o engatilhadas a partir de alguns conte\u00fados que consomem na internet.<\/p>\n<p>[\/et_pb_text][et_pb_video src=&#8221;https:\/\/www.youtube.com\/watch?v=oPYY0vJJQkI&#8221; image_src=&#8221;https:\/\/webjornalismo.unicap.br\/inseguranca-corporal\/wp-content\/uploads\/2022\/05\/thumb-youtube-final.jpg&#8221; _builder_version=&#8221;4.17.4&#8243; _module_preset=&#8221;default&#8221; global_colors_info=&#8221;{}&#8221;][\/et_pb_video][\/et_pb_column][\/et_pb_row][\/et_pb_section][et_pb_section fb_built=&#8221;1&#8243; module_id=&#8221;podcast&#8221; _builder_version=&#8221;4.17.4&#8243; _module_preset=&#8221;default&#8221; background_color=&#8221;#282828&#8243; global_colors_info=&#8221;{}&#8221;][et_pb_row _builder_version=&#8221;4.17.3&#8243; _module_preset=&#8221;default&#8221; width=&#8221;100%&#8221; global_colors_info=&#8221;{}&#8221;][et_pb_column type=&#8221;4_4&#8243; _builder_version=&#8221;4.17.3&#8243; _module_preset=&#8221;default&#8221; global_colors_info=&#8221;{}&#8221;][et_pb_text _builder_version=&#8221;4.17.4&#8243; _module_preset=&#8221;default&#8221; header_font_size=&#8221;60px&#8221; background_layout=&#8221;dark&#8221; width=&#8221;70%&#8221; width_tablet=&#8221;70%&#8221; width_phone=&#8221;80%&#8221; width_last_edited=&#8221;on|phone&#8221; module_alignment=&#8221;left&#8221; custom_padding=&#8221;||5vh||false|false&#8221; module_alignment_tablet=&#8221;left&#8221; module_alignment_phone=&#8221;center&#8221; module_alignment_last_edited=&#8221;on|phone&#8221; global_colors_info=&#8221;{}&#8221;]<\/p>\n<h1>Impacto na gente<\/h1>\n<p>Desde o in\u00edcio da moderniza\u00e7\u00e3o dos meios de comunica\u00e7\u00e3o, \u00e9 poss\u00edvel perceber a rapidez com que esses canais influenciam a sociedade de modo geral, seja de forma comportamental ou organizacional. A gera\u00e7\u00e3o mais jovem \u00e9 uma das que mais recebe essa influ\u00eancia, visto que nasceu em meio \u00e0 midiatiza\u00e7\u00e3o, processo definido como fundamental sobre institui\u00e7\u00f5es sociais para soci\u00f3logos como o noruegu\u00eas Gudmund Hernes.<\/p>\n<p>Nesta mesacast, Caroline Cardilane conversa com o professor e mestre em sociologia, Lula Pinto, e com a psic\u00f3loga Jaqueline Guimar\u00e3es, sobre os principais impactos que os meios digitais, como as redes sociais, podem causar nas novas gera\u00e7\u00f5es. Os profissionais analisaram quest\u00f5es como a rela\u00e7\u00e3o de m\u00eddias, redes sociais e o consumo, modula\u00e7\u00e3o de comportamento e outros processos da viv\u00eancia no meio digital.<\/p>\n<p>[\/et_pb_text][et_pb_code _builder_version=&#8221;4.17.4&#8243; _module_preset=&#8221;default&#8221; global_colors_info=&#8221;{}&#8221;]<iframe loading=\"lazy\" width=\"100%\" height=\"300\" scrolling=\"no\" frameborder=\"no\" allow=\"autoplay\" src=\"https:\/\/w.soundcloud.com\/player\/?url=https%3A\/\/api.soundcloud.com\/tracks\/1273677223&#038;color=%23ff5500&#038;auto_play=false&#038;hide_related=false&#038;show_comments=true&#038;show_user=true&#038;show_reposts=false&#038;show_teaser=true&#038;visual=true\"><\/iframe><\/p>\n<div style=\"font-size: 10px; color: #cccccc;line-break: anywhere;word-break: normal;overflow: hidden;white-space: nowrap;text-overflow: ellipsis; font-family: Interstate,Lucida Grande,Lucida Sans Unicode,Lucida Sans,Garuda,Verdana,Tahoma,sans-serif;font-weight: 100;\"><a href=\"https:\/\/soundcloud.com\/caroline-oliveira-887067357\" title=\"Corpo Meu\" target=\"_blank\" style=\"color: #cccccc; text-decoration: none;\" rel=\"noopener\">Corpo Meu<\/a> \u00b7 <a href=\"https:\/\/soundcloud.com\/caroline-oliveira-887067357\/podcast-tik-tok-caroline-editado\" title=\"PodCast Tik Tok - Caroline - Editado\" target=\"_blank\" style=\"color: #cccccc; text-decoration: none;\" rel=\"noopener\">PodCast Tik Tok &#8211; Caroline &#8211; Editado<\/a><\/div>\n<p>[\/et_pb_code][\/et_pb_column][\/et_pb_row][\/et_pb_section][et_pb_section fb_built=&#8221;1&#8243; module_id=&#8221;sobre&#8221; _builder_version=&#8221;4.17.4&#8243; _module_preset=&#8221;default&#8221; background_color=&#8221;#a74a9c&#8221; global_colors_info=&#8221;{}&#8221;][et_pb_row column_structure=&#8221;3_5,2_5&#8243; _builder_version=&#8221;4.17.3&#8243; _module_preset=&#8221;default&#8221; global_colors_info=&#8221;{}&#8221;][et_pb_column type=&#8221;3_5&#8243; _builder_version=&#8221;4.17.3&#8243; _module_preset=&#8221;default&#8221; global_colors_info=&#8221;{}&#8221;][et_pb_text _builder_version=&#8221;4.17.3&#8243; _module_preset=&#8221;default&#8221; header_font=&#8221;Reman||||||||&#8221; header_font_size=&#8221;60px&#8221; background_layout=&#8221;dark&#8221; global_colors_info=&#8221;{}&#8221;]<\/p>\n<h1>Sobre<\/h1>\n<p>[\/et_pb_text][\/et_pb_column][et_pb_column type=&#8221;2_5&#8243; _builder_version=&#8221;4.17.3&#8243; _module_preset=&#8221;default&#8221; global_colors_info=&#8221;{}&#8221;][\/et_pb_column][\/et_pb_row][et_pb_row column_structure=&#8221;3_5,2_5&#8243; _builder_version=&#8221;4.17.4&#8243; _module_preset=&#8221;default&#8221; custom_padding=&#8221;0px||||false|false&#8221; global_colors_info=&#8221;{}&#8221;][et_pb_column type=&#8221;3_5&#8243; _builder_version=&#8221;4.17.4&#8243; _module_preset=&#8221;default&#8221; global_colors_info=&#8221;{}&#8221;][et_pb_text _builder_version=&#8221;4.17.4&#8243; _module_preset=&#8221;default&#8221; background_layout=&#8221;dark&#8221; locked=&#8221;off&#8221; global_colors_info=&#8221;{}&#8221;]<\/p>\n<p>Durante toda minha vida, lidei com inseguran\u00e7as sobre mim e, principalmente, sobre meu corpo. Sempre achei que s\u00f3 alcan\u00e7aria a felicidade quando chegasse, finalmente, no meu corpo dos sonhos &#8211; isso desde meus 10 de idade, ou menos. Cheguei na casa dos vinte e adivinha, eu n\u00e3o tenho meu &#8220;corpo dos sonhos&#8221;. Na verdade, eu nem sei ao certo que corpo \u00e9 esse que eu tanto idealizava, e por que dependia dele para conseguir alguma coisa, quem dir\u00e1 a felicidade? Acontece que eu amadureci, e isso n\u00e3o quer dizer que n\u00e3o carrego mais minhas inseguran\u00e7as e meus medos comigo, mas aprendi a lidar com eles, de certa forma.<\/p>\n<p>Foi a partir disso que o Corpo Meu nasceu, da minha vontade de colocar para fora o que analisei nesses meus anos de vida e percebi como errado e como certo tamb\u00e9m. Com esse site, espero que outras pessoas que sofram ou tenham sofrido e convivido com a inseguran\u00e7a, assim como eu, encontrem um local de for\u00e7a, e n\u00e3o se sintam sozinhas. Os relatos que trouxe ao longo das mat\u00e9rias, trazem n\u00e3o s\u00f3 as dores dos meus queridos entrevistados, mas as minhas tamb\u00e9m. E tenho certeza que espelham o que muitos outros sentem.<\/p>\n<p>Esse projeto jamais seria poss\u00edvel de vir ao mundo sem a ajuda de algumas (v\u00e1rias) pessoas. Deixo aqui meu muito obrigada \u00e0s minhas amigas maravilhosas, que conversaram comigo sobre o tema abordado, fazendo-me perceber que n\u00e3o s\u00f3 eu compartilhava das mesmas opini\u00f5es. Nossas trocas s\u00e3o sempre valiosas e me renderam um tema de TCC dessa vez, obrigada, queridas. Agrade\u00e7o tamb\u00e9m \u00e0 minha psic\u00f3loga, sem ela, eu encontraria muito mais dificuldade em me aprofundar em um tema que mexe tanto comigo. E, claro, meu agradecimento a meus queridos professores, que estiveram comigo nessa caminhada de 4 anos da gradua\u00e7\u00e3o dos meus sonhos, na qual aprendi n\u00e3o s\u00f3 sobre o jornalismo, mas sobre a vida e at\u00e9 sobre mim mesma.<\/p>\n<p>Obrigada \u00e0 Andrea Trigueiro, minha orientadora maravilhosa que acompanhou de perto todo esse processo, ajudando e aconselhando a todo momento. E obrigada \u00e0 minha fam\u00edlia, meus pais, meus av\u00f3s, minhas tias e meu irm\u00e3o, por serem meu porto seguro e sempre me confortarem e me encorajarem para tudo, principalmente na minha trajet\u00f3ria como jornalista. Por fim, jornalismo vive!<\/p>\n<p>[\/et_pb_text][\/et_pb_column][et_pb_column type=&#8221;2_5&#8243; _builder_version=&#8221;4.17.4&#8243; _module_preset=&#8221;default&#8221; global_colors_info=&#8221;{}&#8221;][et_pb_image src=&#8221;https:\/\/webjornalismo.unicap.br\/inseguranca-corporal\/wp-content\/uploads\/2022\/05\/WhatsApp-Image-2022-05-27-at-21.46.19-1.jpeg&#8221; title_text=&#8221;WhatsApp Image 2022-05-27 at 21.46.19&#8243; _builder_version=&#8221;4.17.4&#8243; _module_preset=&#8221;default&#8221; global_colors_info=&#8221;{}&#8221;][\/et_pb_image][\/et_pb_column][\/et_pb_row][\/et_pb_section]<\/p>\n","protected":false},"excerpt":{"rendered":"<p>Corpo &amp; M\u00eddia\u201cMulher morre com hepatite fulminante ap\u00f3s consumir ervas de emagrecimento\u201d; \u201cJovem de Teresina tem convuls\u00f5es e sangramento ap\u00f3s tomar emagrecedor\u201d; &#8220;Mulher morre durante cirurgia de lipoaspira\u00e7\u00e3o e implante de silicone\u201d; \u201cEstudante morre ap\u00f3s tomar rem\u00e9dio para emagrecer que comprou na internet\u201d; \u201cMulher morre durante procedimento est\u00e9tico em cl\u00ednica\u201d. Essas s\u00e3o algumas das mat\u00e9rias [&hellip;]<\/p>\n","protected":false},"author":1,"featured_media":0,"parent":0,"menu_order":0,"comment_status":"closed","ping_status":"closed","template":"","meta":{"_et_pb_use_builder":"on","_et_pb_old_content":"","_et_gb_content_width":""},"_links":{"self":[{"href":"https:\/\/webjornalismo.unicap.br\/inseguranca-corporal\/wp-json\/wp\/v2\/pages\/7"}],"collection":[{"href":"https:\/\/webjornalismo.unicap.br\/inseguranca-corporal\/wp-json\/wp\/v2\/pages"}],"about":[{"href":"https:\/\/webjornalismo.unicap.br\/inseguranca-corporal\/wp-json\/wp\/v2\/types\/page"}],"author":[{"embeddable":true,"href":"https:\/\/webjornalismo.unicap.br\/inseguranca-corporal\/wp-json\/wp\/v2\/users\/1"}],"replies":[{"embeddable":true,"href":"https:\/\/webjornalismo.unicap.br\/inseguranca-corporal\/wp-json\/wp\/v2\/comments?post=7"}],"version-history":[{"count":47,"href":"https:\/\/webjornalismo.unicap.br\/inseguranca-corporal\/wp-json\/wp\/v2\/pages\/7\/revisions"}],"predecessor-version":[{"id":291,"href":"https:\/\/webjornalismo.unicap.br\/inseguranca-corporal\/wp-json\/wp\/v2\/pages\/7\/revisions\/291"}],"wp:attachment":[{"href":"https:\/\/webjornalismo.unicap.br\/inseguranca-corporal\/wp-json\/wp\/v2\/media?parent=7"}],"curies":[{"name":"wp","href":"https:\/\/api.w.org\/{rel}","templated":true}]}}