{"id":9,"date":"2020-10-17T15:44:54","date_gmt":"2020-10-17T18:44:54","guid":{"rendered":"https:\/\/webjornalismo.unicap.br\/infancia\/?page_id=9"},"modified":"2021-06-05T16:04:46","modified_gmt":"2021-06-05T19:04:46","slug":"pagina-inicial","status":"publish","type":"page","link":"https:\/\/webjornalismo.unicap.br\/infancia\/","title":{"rendered":"P\u00e1gina Inicial"},"content":{"rendered":"<p>[et_pb_section fb_built=&#8221;1&#8243; _builder_version=&#8221;4.9.4&#8243; _module_preset=&#8221;default&#8221; background_color=&#8221;#71cbd6&#8243; background_image=&#8221;https:\/\/webjornalismo.unicap.br\/infancia\/wp-content\/uploads\/2021\/05\/semicirculo-full-topo-esq.png&#8221; background_size=&#8221;initial&#8221; background_position=&#8221;top_left&#8221; custom_padding=&#8221;100px||||false|false&#8221;][et_pb_row column_structure=&#8221;1_2,1_2&#8243; _builder_version=&#8221;4.9.4&#8243; _module_preset=&#8221;default&#8221; width=&#8221;858px&#8221; module_alignment=&#8221;center&#8221; custom_margin=&#8221;0px||0px||false|false&#8221; custom_padding=&#8221;0px||0px||false|false&#8221;][et_pb_column type=&#8221;1_2&#8243; _builder_version=&#8221;4.9.4&#8243; _module_preset=&#8221;default&#8221;][\/et_pb_column][et_pb_column type=&#8221;1_2&#8243; _builder_version=&#8221;4.9.4&#8243; _module_preset=&#8221;default&#8221; background_color=&#8221;#d2de9d&#8221;][et_pb_text _builder_version=&#8221;4.9.4&#8243; _module_preset=&#8221;default&#8221; custom_padding=&#8221;100px||100px||false|false&#8221;][\/et_pb_text][\/et_pb_column][\/et_pb_row][et_pb_row _builder_version=&#8221;4.9.4&#8243; _module_preset=&#8221;default&#8221; width=&#8221;858px&#8221; module_alignment=&#8221;center&#8221; custom_margin=&#8221;0px||0px||false|false&#8221; custom_padding=&#8221;0px||0px||false|false&#8221; scroll_vertical_motion_enable=&#8221;on&#8221; scroll_vertical_motion=&#8221;0|50|50|100|0|0|-2&#8243;][et_pb_column type=&#8221;4_4&#8243; _builder_version=&#8221;4.9.4&#8243; _module_preset=&#8221;default&#8221;][et_pb_image src=&#8221;https:\/\/webjornalismo.unicap.br\/infancia\/wp-content\/uploads\/2021\/05\/menino.jpg&#8221; title_text=&#8221;menino&#8221; _builder_version=&#8221;4.9.4&#8243; _module_preset=&#8221;default&#8221; animation_style=&#8221;fade&#8221;][\/et_pb_image][\/et_pb_column][\/et_pb_row][et_pb_row _builder_version=&#8221;4.9.4&#8243; _module_preset=&#8221;default&#8221; vertical_offset=&#8221;-700px&#8221; horizontal_offset=&#8221;-10px&#8221; width=&#8221;858px&#8221; module_alignment=&#8221;center&#8221; min_height=&#8221;1px&#8221; height=&#8221;1px&#8221; max_height=&#8221;1px&#8221; custom_margin=&#8221;0px||0px||false|false&#8221; custom_padding=&#8221;0px||0px||false|false&#8221;][et_pb_column type=&#8221;4_4&#8243; admin_label=&#8221;Coluna&#8221; _builder_version=&#8221;4.9.4&#8243; _module_preset=&#8221;default&#8221;][et_pb_image src=&#8221;https:\/\/webjornalismo.unicap.br\/infancia\/wp-content\/uploads\/2021\/05\/logo-gde.png&#8221; title_text=&#8221;logo-gde&#8221; _builder_version=&#8221;4.9.4&#8243; _module_preset=&#8221;default&#8221; positioning=&#8221;relative&#8221; vertical_offset=&#8221;0px&#8221; horizontal_offset=&#8221;-40px&#8221; horizontal_offset_tablet=&#8221;65px&#8221; horizontal_offset_phone=&#8221;37px&#8221; horizontal_offset_last_edited=&#8221;on|desktop&#8221; width=&#8221;55%&#8221; width_tablet=&#8221;&#8221; width_phone=&#8221;40%&#8221; width_last_edited=&#8221;on|phone&#8221; module_alignment_tablet=&#8221;&#8221; module_alignment_phone=&#8221;left&#8221; module_alignment_last_edited=&#8221;on|phone&#8221;][\/et_pb_image][et_pb_image src=&#8221;https:\/\/webjornalismo.unicap.br\/infancia\/wp-content\/uploads\/2021\/05\/linhas-inclinadas.png&#8221; title_text=&#8221;linhas-inclinadas&#8221; _builder_version=&#8221;4.9.4&#8243; _module_preset=&#8221;default&#8221; positioning=&#8221;relative&#8221; vertical_offset=&#8221;66px&#8221; horizontal_offset=&#8221;542px&#8221; width=&#8221;55%&#8221;][\/et_pb_image][\/et_pb_column][\/et_pb_row][\/et_pb_section][et_pb_section fb_built=&#8221;1&#8243; _builder_version=&#8221;4.9.4&#8243; _module_preset=&#8221;default&#8221; background_color=&#8221;#f9d269&#8243; background_image=&#8221;https:\/\/webjornalismo.unicap.br\/infancia\/wp-content\/uploads\/2021\/05\/semicirculo-topo-dir.png&#8221; background_size=&#8221;initial&#8221; background_position=&#8221;top_right&#8221; min_height_tablet=&#8221;&#8221; min_height_phone=&#8221;3200px&#8221; min_height_last_edited=&#8221;on|phone&#8221;][et_pb_row column_structure=&#8221;3_5,2_5&#8243; _builder_version=&#8221;4.9.4&#8243; _module_preset=&#8221;default&#8221; vertical_offset=&#8221;-480px&#8221;][et_pb_column type=&#8221;3_5&#8243; _builder_version=&#8221;4.9.4&#8243; _module_preset=&#8221;default&#8221;][et_pb_text _builder_version=&#8221;4.9.4&#8243; _module_preset=&#8221;default&#8221;]<\/p>\n<p>&nbsp;<\/p>\n<p>A passagem do s\u00e9culo XX para o s\u00e9culo XXI marcou as nossas vidas, seja pela expectativa do \u201cfim do mundo\u201d, do \u201cbug do mil\u00eanio\u201d, do medo do desconhecido ou, simplesmente, porque muitos dos h\u00e1bitos de gera\u00e7\u00f5es passadas estavam se transformando radicalmente, desde que, em 1995, a internet foi se tornando uma ferramenta de uso extensivo.<\/p>\n<p>Se a inf\u00e2ncia \u00e9 um momento gravado para sempre em n\u00f3s, como tem sido para as novas gera\u00e7\u00f5es experimentar as mudan\u00e7as no cotidiano, nas brincadeiras, na constru\u00e7\u00e3o de si como um indiv\u00edduo social? As crian\u00e7as dos anos 1980 tinham na rua e na cal\u00e7ada um lugar para brincadeiras, algumas destas iguais \u00e0s que irm\u00e3os e amigos mais velhos brincavam, compartilhando uma mem\u00f3ria afetiva bem aproximada.<\/p>\n<p>Nos anos 1990, as crian\u00e7as foram ficando cada vez mais restritas a pequenos c\u00edrculos, aos espa\u00e7os fechados dos condom\u00ednios e ao ambiente dom\u00e9stico. Os brinquedos eletr\u00f4nicos, nesse contexto, ganharam protagonismo. Desde o in\u00edcio dos anos 2000, portanto, as pr\u00e1ticas l\u00fadicas da inf\u00e2ncia t\u00eam se concentrado em aparelhos eletr\u00f4nicos e smartphones. Que mem\u00f3rias essas gera\u00e7\u00f5es t\u00eam a compartilhar sobre suas viv\u00eancias de crian\u00e7a? Como o <a href=\"https:\/\/webjornalismo.unicap.br\/infancia\/consumo-cultural\/\">consumo cultural<\/a> mudou com o tempo?<\/p>\n<p>Aqui em <em>Diferentes Inf\u00e2ncias<\/em> reunimos hist\u00f3rias de pessoas que testemunham, a partir de suas mem\u00f3rias, as mudan\u00e7as pelas quais passamos a partir das transforma\u00e7\u00f5es culturais e comportamentais ocorridas nas \u00faltimas d\u00e9cadas, desde o final do s\u00e9culo XX. S\u00e3o hist\u00f3rias de pessoas comuns que trazem para o presente &#8211; atrav\u00e9s de relatos e imagens &#8211; um pouco desse passado recente. As viv\u00eancias de crian\u00e7as, jovens adultos e adultos que tiveram suas inf\u00e2ncias nos anos 1990, no come\u00e7o dos anos 2000 e nos anos de 2010 at\u00e9 2021 s\u00e3o lembrados atrav\u00e9s das recorda\u00e7\u00f5es de <a href=\"https:\/\/webjornalismo.unicap.br\/infancia\/tradicoes-familiares-e-alimentacao\/\">tradi\u00e7\u00f5es<\/a> e analisadas pela \u00f3ptica profissional, com finalidade de trazer \u00e0 tona as <a href=\"https:\/\/webjornalismo.unicap.br\/infancia\/influencia-da-infancia-na-vida-adulta\/\">influ\u00eancias da inf\u00e2ncia na vida adulta<\/a>.<\/p>\n<p>[\/et_pb_text][\/et_pb_column][et_pb_column type=&#8221;2_5&#8243; _builder_version=&#8221;4.9.4&#8243; _module_preset=&#8221;default&#8221;][et_pb_image src=&#8221;https:\/\/webjornalismo.unicap.br\/infancia\/wp-content\/uploads\/2021\/05\/pontos-azuis.png&#8221; title_text=&#8221;pontos-azuis&#8221; _builder_version=&#8221;4.9.4&#8243; _module_preset=&#8221;default&#8221; scroll_vertical_motion_enable=&#8221;on&#8221; scroll_vertical_motion=&#8221;0|50|50|100|-2.5|0|4&#8243;][\/et_pb_image][\/et_pb_column][\/et_pb_row][\/et_pb_section][et_pb_section fb_built=&#8221;1&#8243; admin_label=&#8221;Se\u00e7\u00e3o&#8221; _builder_version=&#8221;4.9.4&#8243; _module_preset=&#8221;default&#8221;][et_pb_row column_structure=&#8221;1_4,1_4,1_4,1_4&#8243; use_custom_gutter=&#8221;on&#8221; gutter_width=&#8221;1&#8243; make_equal=&#8221;on&#8221; _builder_version=&#8221;4.9.4&#8243; _module_preset=&#8221;default&#8221; background_color=&#8221;#ec7f8a&#8221; positioning=&#8221;absolute&#8221; position_origin_a=&#8221;bottom_left&#8221; width=&#8221;100%&#8221; max_width=&#8221;2560px&#8221; custom_padding=&#8221;0px||0px||false|false&#8221;][et_pb_column type=&#8221;1_4&#8243; _builder_version=&#8221;4.9.4&#8243; _module_preset=&#8221;default&#8221; background_color=&#8221;#000000&#8243; background_image=&#8221;https:\/\/webjornalismo.unicap.br\/infancia\/wp-content\/uploads\/2021\/06\/1-CARRO.jpeg&#8221; animation_style=&#8221;fade&#8221;][et_pb_text module_class=&#8221;chamada&#8221; _builder_version=&#8221;4.9.4&#8243; _dynamic_attributes=&#8221;link_option_url&#8221; _module_preset=&#8221;default&#8221; header_text_color=&#8221;#FFFFFF&#8221; background_layout=&#8221;dark&#8221; custom_padding=&#8221;250px|30px|20px|30px|false|false&#8221; link_option_url=&#8221;@ET-DC@eyJkeW5hbWljIjp0cnVlLCJjb250ZW50IjoicG9zdF9saW5rX3VybF9wYWdlIiwic2V0dGluZ3MiOnsicG9zdF9pZCI6IjQ4MyJ9fQ==@&#8221; text_text_shadow_style=&#8221;preset5&#8243; header_text_shadow_style=&#8221;preset5&#8243;]<\/p>\n<h1>Consumo cultural<\/h1>\n<p>Como as viv\u00eancias culturais de cada<br \/>\numa mudou ao longo do tempo<\/p>\n<p>[\/et_pb_text][et_pb_image src=&#8221;https:\/\/webjornalismo.unicap.br\/infancia\/wp-content\/uploads\/2021\/05\/espanto.png&#8221; title_text=&#8221;espanto&#8221; _builder_version=&#8221;4.9.4&#8243; _module_preset=&#8221;default&#8221;][\/et_pb_image][\/et_pb_column][et_pb_column type=&#8221;1_4&#8243; _builder_version=&#8221;4.9.4&#8243; _module_preset=&#8221;default&#8221; background_color=&#8221;#000000&#8243; background_image=&#8221;https:\/\/webjornalismo.unicap.br\/infancia\/wp-content\/uploads\/2021\/06\/trakinas.jpg&#8221; animation_style=&#8221;fade&#8221; animation_delay=&#8221;100ms&#8221;][et_pb_text module_class=&#8221;chamada&#8221; _builder_version=&#8221;4.9.4&#8243; _dynamic_attributes=&#8221;link_option_url&#8221; _module_preset=&#8221;default&#8221; header_text_color=&#8221;#FFFFFF&#8221; background_layout=&#8221;dark&#8221; custom_padding=&#8221;250px|30px|20px|30px|false|false&#8221; link_option_url=&#8221;@ET-DC@eyJkeW5hbWljIjp0cnVlLCJjb250ZW50IjoicG9zdF9saW5rX3VybF9wYWdlIiwic2V0dGluZ3MiOnsicG9zdF9pZCI6IjQ4NiJ9fQ==@&#8221; text_text_shadow_style=&#8221;preset5&#8243; header_text_shadow_style=&#8221;preset5&#8243;]<\/p>\n<h1>Tradi\u00e7\u00f5es familiares<br \/>\ne alimenta\u00e7\u00e3o<\/h1>\n<p>O conv\u00edvio com os parentes<br \/>\ne as refei\u00e7\u00f5es compartilhadas<\/p>\n<p>[\/et_pb_text][\/et_pb_column][et_pb_column type=&#8221;1_4&#8243; _builder_version=&#8221;4.9.4&#8243; _module_preset=&#8221;default&#8221; background_color=&#8221;#000000&#8243; background_image=&#8221;https:\/\/webjornalismo.unicap.br\/infancia\/wp-content\/uploads\/2021\/05\/child-talking-adult-gty-mem-180813_hpMain_16x9_992.jpg&#8221; animation_style=&#8221;fade&#8221; animation_delay=&#8221;200ms&#8221;][et_pb_text module_class=&#8221;chamada&#8221; _builder_version=&#8221;4.9.4&#8243; _dynamic_attributes=&#8221;link_option_url&#8221; _module_preset=&#8221;default&#8221; header_text_color=&#8221;#FFFFFF&#8221; background_layout=&#8221;dark&#8221; custom_padding=&#8221;250px|30px|20px|30px|false|false&#8221; link_option_url=&#8221;@ET-DC@eyJkeW5hbWljIjp0cnVlLCJjb250ZW50IjoicG9zdF9saW5rX3VybF9wYWdlIiwic2V0dGluZ3MiOnsicG9zdF9pZCI6IjQ4OSJ9fQ==@&#8221; text_text_shadow_style=&#8221;preset5&#8243; header_text_shadow_style=&#8221;preset5&#8243;]<\/p>\n<h1>Influ\u00eancia da inf\u00e2ncia<br \/>na vida adulta<\/h1>\n<p>A psic\u00f3loga Edna Teles sobre a necessidade de mantimento de atividades l\u00fadicas quando adulto<\/p>\n<p>[\/et_pb_text][et_pb_image src=&#8221;https:\/\/webjornalismo.unicap.br\/infancia\/wp-content\/uploads\/2021\/05\/circulos-azuis.png&#8221; title_text=&#8221;circulos-azuis&#8221; _builder_version=&#8221;4.9.4&#8243; _module_preset=&#8221;default&#8221;][\/et_pb_image][\/et_pb_column][et_pb_column type=&#8221;1_4&#8243; _builder_version=&#8221;4.9.4&#8243; _module_preset=&#8221;default&#8221; background_color=&#8221;#000000&#8243; background_image=&#8221;https:\/\/webjornalismo.unicap.br\/infancia\/wp-content\/uploads\/2021\/06\/2-RAISSA.jpeg&#8221; animation_style=&#8221;fade&#8221; animation_delay=&#8221;300ms&#8221;][et_pb_text module_class=&#8221;chamada&#8221; _builder_version=&#8221;4.9.4&#8243; _dynamic_attributes=&#8221;link_option_url&#8221; _module_preset=&#8221;default&#8221; header_text_color=&#8221;#FFFFFF&#8221; background_layout=&#8221;dark&#8221; custom_padding=&#8221;250px|30px|20px|30px|false|false&#8221; link_option_url=&#8221;@ET-DC@eyJkeW5hbWljIjp0cnVlLCJjb250ZW50IjoicG9zdF9saW5rX3VybF9wYWdlIiwic2V0dGluZ3MiOnsicG9zdF9pZCI6IjQ5NCJ9fQ==@&#8221; text_text_shadow_style=&#8221;preset5&#8243; header_text_shadow_style=&#8221;preset5&#8243;]<\/p>\n<h1>Viv\u00eancia pessoal<\/h1>\n<p>Cresci em uma aventura<\/p>\n<p>[\/et_pb_text][\/et_pb_column][\/et_pb_row][\/et_pb_section]<\/p>\n","protected":false},"excerpt":{"rendered":"<p>[et_pb_section fb_built=&#8221;1&#8243; _builder_version=&#8221;4.9.4&#8243; _module_preset=&#8221;default&#8221; background_color=&#8221;#71cbd6&#8243; background_image=&#8221;https:\/\/webjornalismo.unicap.br\/infancia\/wp-content\/uploads\/2021\/05\/semicirculo-full-topo-esq.png&#8221; background_size=&#8221;initial&#8221; background_position=&#8221;top_left&#8221; custom_padding=&#8221;100px||||false|false&#8221;][et_pb_row column_structure=&#8221;1_2,1_2&#8243; _builder_version=&#8221;4.9.4&#8243; _module_preset=&#8221;default&#8221; width=&#8221;858px&#8221; module_alignment=&#8221;center&#8221; custom_margin=&#8221;0px||0px||false|false&#8221; custom_padding=&#8221;0px||0px||false|false&#8221;][et_pb_column type=&#8221;1_2&#8243; _builder_version=&#8221;4.9.4&#8243; _module_preset=&#8221;default&#8221;][\/et_pb_column][et_pb_column type=&#8221;1_2&#8243; _builder_version=&#8221;4.9.4&#8243; _module_preset=&#8221;default&#8221; background_color=&#8221;#d2de9d&#8221;][et_pb_text _builder_version=&#8221;4.9.4&#8243; _module_preset=&#8221;default&#8221; custom_padding=&#8221;100px||100px||false|false&#8221;][\/et_pb_text][\/et_pb_column][\/et_pb_row][et_pb_row _builder_version=&#8221;4.9.4&#8243; _module_preset=&#8221;default&#8221; width=&#8221;858px&#8221; module_alignment=&#8221;center&#8221; custom_margin=&#8221;0px||0px||false|false&#8221; custom_padding=&#8221;0px||0px||false|false&#8221; scroll_vertical_motion_enable=&#8221;on&#8221; scroll_vertical_motion=&#8221;0|50|50|100|0|0|-2&#8243;][et_pb_column type=&#8221;4_4&#8243; _builder_version=&#8221;4.9.4&#8243; _module_preset=&#8221;default&#8221;][et_pb_image src=&#8221;https:\/\/webjornalismo.unicap.br\/infancia\/wp-content\/uploads\/2021\/05\/menino.jpg&#8221; title_text=&#8221;menino&#8221; _builder_version=&#8221;4.9.4&#8243; _module_preset=&#8221;default&#8221; animation_style=&#8221;fade&#8221;][\/et_pb_image][\/et_pb_column][\/et_pb_row][et_pb_row _builder_version=&#8221;4.9.4&#8243; _module_preset=&#8221;default&#8221; vertical_offset=&#8221;-700px&#8221; horizontal_offset=&#8221;-10px&#8221; width=&#8221;858px&#8221; module_alignment=&#8221;center&#8221; min_height=&#8221;1px&#8221; height=&#8221;1px&#8221; max_height=&#8221;1px&#8221; custom_margin=&#8221;0px||0px||false|false&#8221; custom_padding=&#8221;0px||0px||false|false&#8221;][et_pb_column type=&#8221;4_4&#8243; admin_label=&#8221;Coluna&#8221; [&hellip;]<\/p>\n","protected":false},"author":1,"featured_media":0,"parent":0,"menu_order":0,"comment_status":"closed","ping_status":"closed","template":"","meta":{"_et_pb_use_builder":"on","_et_pb_old_content":"","_et_gb_content_width":""},"_links":{"self":[{"href":"https:\/\/webjornalismo.unicap.br\/infancia\/wp-json\/wp\/v2\/pages\/9"}],"collection":[{"href":"https:\/\/webjornalismo.unicap.br\/infancia\/wp-json\/wp\/v2\/pages"}],"about":[{"href":"https:\/\/webjornalismo.unicap.br\/infancia\/wp-json\/wp\/v2\/types\/page"}],"author":[{"embeddable":true,"href":"https:\/\/webjornalismo.unicap.br\/infancia\/wp-json\/wp\/v2\/users\/1"}],"replies":[{"embeddable":true,"href":"https:\/\/webjornalismo.unicap.br\/infancia\/wp-json\/wp\/v2\/comments?post=9"}],"version-history":[{"count":134,"href":"https:\/\/webjornalismo.unicap.br\/infancia\/wp-json\/wp\/v2\/pages\/9\/revisions"}],"predecessor-version":[{"id":933,"href":"https:\/\/webjornalismo.unicap.br\/infancia\/wp-json\/wp\/v2\/pages\/9\/revisions\/933"}],"wp:attachment":[{"href":"https:\/\/webjornalismo.unicap.br\/infancia\/wp-json\/wp\/v2\/media?parent=9"}],"curies":[{"name":"wp","href":"https:\/\/api.w.org\/{rel}","templated":true}]}}