{"id":483,"date":"2021-05-17T00:44:46","date_gmt":"2021-05-17T03:44:46","guid":{"rendered":"https:\/\/webjornalismo.unicap.br\/infancia\/?page_id=483"},"modified":"2021-06-07T20:23:53","modified_gmt":"2021-06-07T23:23:53","slug":"consumo-cultural","status":"publish","type":"page","link":"https:\/\/webjornalismo.unicap.br\/infancia\/consumo-cultural\/","title":{"rendered":"Consumo cultural"},"content":{"rendered":"<p>[et_pb_section fb_built=&#8221;1&#8243; _builder_version=&#8221;4.9.4&#8243; _module_preset=&#8221;default&#8221; background_color=&#8221;#d2de9d&#8221; background_image=&#8221;https:\/\/webjornalismo.unicap.br\/infancia\/wp-content\/uploads\/2021\/05\/semicirculo-full-topo-esq.png&#8221; background_size=&#8221;initial&#8221; background_position=&#8221;top_left&#8221; custom_padding=&#8221;100px||||false|false&#8221; locked=&#8221;off&#8221;][et_pb_row _builder_version=&#8221;4.9.4&#8243; _module_preset=&#8221;default&#8221; module_alignment=&#8221;center&#8221; custom_margin=&#8221;0px||0px||false|false&#8221; custom_padding=&#8221;0px||0px||false|false&#8221;][et_pb_column type=&#8221;4_4&#8243; _builder_version=&#8221;4.9.4&#8243; _module_preset=&#8221;default&#8221;][et_pb_text _builder_version=&#8221;4.9.4&#8243; _module_preset=&#8221;default&#8221; text_text_color=&#8221;#247a94&#8243; header_text_color=&#8221;#247a94&#8243; header_font_size=&#8221;60px&#8221; header_font_size_tablet=&#8221;&#8221; header_font_size_phone=&#8221;42px&#8221; header_font_size_last_edited=&#8221;on|tablet&#8221;]<\/p>\n<h1>O SER CRIAN\u00c7A EM TR\u00caS GERA\u00c7\u00d5ES DIFERENTES<\/h1>\n<p>Como as viv\u00eancias culturais mudam ao longo do tempo<\/p>\n<p>&nbsp;<\/p>\n<p>Por Raissa Ara\u00fajo Moura<\/p>\n<p>[\/et_pb_text][\/et_pb_column][\/et_pb_row][\/et_pb_section][et_pb_section fb_built=&#8221;1&#8243; prev_background_color=&#8221;#d2de9d&#8221; _builder_version=&#8221;4.9.4&#8243; _module_preset=&#8221;default&#8221; background_color=&#8221;#f9d269&#8243; background_image=&#8221;https:\/\/webjornalismo.unicap.br\/infancia\/wp-content\/uploads\/2021\/05\/pontos-azuis.png&#8221; background_size=&#8221;initial&#8221; background_position=&#8221;top_right&#8221; custom_padding=&#8221;200px||||false|false&#8221; top_divider_style=&#8221;waves&#8221; background_last_edited=&#8221;on|tablet&#8221; background_enable_image_tablet=&#8221;off&#8221; background_enable_image_phone=&#8221;off&#8221;][et_pb_row column_structure=&#8221;2_3,1_3&#8243; _builder_version=&#8221;4.9.4&#8243; _module_preset=&#8221;default&#8221;][et_pb_column type=&#8221;2_3&#8243; _builder_version=&#8221;4.9.4&#8243; _module_preset=&#8221;default&#8221;][et_pb_text _builder_version=&#8221;4.9.4&#8243; _module_preset=&#8221;default&#8221; header_3_font=&#8221;Acme||||||||&#8221; header_3_font_size=&#8221;20px&#8221;]<\/p>\n<h2>ANOS 1990<\/h2>\n<h3>TV em casa, esconde-esconde na rua e bate-papo online<\/h3>\n<p>A morte do piloto de F\u00f3rmula 1 Ayrton Senna, o tetracampeonato do Brasil, a queda do avi\u00e3o e a consequente morte dos integrantes do grupo Mamonas Assassinas ocorreram nos anos 1990. Certamente, todos esses acontecimentos s\u00e3o recordados pelos brasileiros que viveram a d\u00e9cada. Quem cultiva mem\u00f3rias queridas dessa \u00e9poca \u00e9 a potiguar de 30 anos, Cibelle Macedo, formada em marketing e publicidade e propaganda, e moradora do Recife h\u00e1 dois anos.<\/p>\n<p>\u201cMamonas Assassinas foi uma banda que marcou muito minha inf\u00e2ncia. Lembro de cantar e dan\u00e7ar todas as m\u00fasicas e sofrer bastante com a partida precoce deles. Eu tamb\u00e9m amava escutar Sandy &amp; J\u00fanior. Para dan\u00e7ar, colocava sempre \u00c9 o Tchan!. Pra mim, \u00e9 dif\u00edcil imaginar uma crian\u00e7a dos anos 1990 que n\u00e3o quis ser a loira ou a morena do Tchan\u201d, relembra. Cibelle se refere ao concurso aberto no programa Doming\u00e3o do Faust\u00e3o, no qual as dan\u00e7arinas morena e loira foram escolhidas para integrarem o grupo de pagode e ax\u00e9 baiano.<\/p>\n<p>Assista a um v\u00eddeo com o hit <em>Pau que nasce torto\/Mel\u00f4 do Tchan<\/em>:<\/p>\n<p>[\/et_pb_text][et_pb_video src=&#8221;https:\/\/www.youtube.com\/watch?v=vlPDl9_izLM&#8221; image_src=&#8221;\/\/i.ytimg.com\/vi\/vlPDl9_izLM\/hqdefault.jpg&#8221; _builder_version=&#8221;4.9.4&#8243; _module_preset=&#8221;default&#8221;][\/et_pb_video][\/et_pb_column][et_pb_column type=&#8221;1_3&#8243; _builder_version=&#8221;4.9.4&#8243; _module_preset=&#8221;default&#8221;][et_pb_image src=&#8221;https:\/\/webjornalismo.unicap.br\/infancia\/wp-content\/uploads\/2021\/06\/1-E-O-TCHAN.jpg&#8221; title_text=&#8221;1 \u00c9 O TCHAN&#8221; show_in_lightbox=&#8221;on&#8221; use_overlay=&#8221;on&#8221; overlay_icon_color=&#8221;#FFFFFF&#8221; hover_overlay_color=&#8221;rgba(0,0,0,0.3)&#8221; hover_icon=&#8221;%%51%%&#8221; show_bottom_space=&#8221;off&#8221; _builder_version=&#8221;4.9.4&#8243; _module_preset=&#8221;default&#8221;][\/et_pb_image][et_pb_text _builder_version=&#8221;4.9.4&#8243; _module_preset=&#8221;default&#8221; text_font_size=&#8221;12px&#8221; text_line_height=&#8221;1.4em&#8221; background_color=&#8221;#f9d269&#8243; custom_padding=&#8221;5px||||false|false&#8221;]Capas de CDs do grupo \u00c9 o Tchan. O CD \u00c9 o Tchan do Brasil vendeu mais de 2 milh\u00f5es de c\u00f3pias no Brasil e recebeu disco de diamante duplo (Foto: Reprodu\u00e7\u00e3o\/ Garciarama.blogspot)[\/et_pb_text][\/et_pb_column][\/et_pb_row][\/et_pb_section][et_pb_section fb_built=&#8221;1&#8243; prev_background_color=&#8221;#f9d269&#8243; _builder_version=&#8221;4.9.4&#8243; _module_preset=&#8221;default&#8221; background_color=&#8221;#e0c25e&#8221; background_image=&#8221;https:\/\/webjornalismo.unicap.br\/infancia\/wp-content\/uploads\/2021\/05\/cogumelos.png&#8221; background_size=&#8221;initial&#8221; background_position=&#8221;bottom_right&#8221; custom_padding=&#8221;100px|||||&#8221; top_divider_style=&#8221;curve&#8221; top_divider_height=&#8221;50px&#8221;][et_pb_row column_structure=&#8221;2_3,1_3&#8243; _builder_version=&#8221;4.9.4&#8243; _module_preset=&#8221;default&#8221;][et_pb_column type=&#8221;2_3&#8243; _builder_version=&#8221;4.9.4&#8243; _module_preset=&#8221;default&#8221;][et_pb_text _builder_version=&#8221;4.9.4&#8243; _module_preset=&#8221;default&#8221; header_3_font=&#8221;Acme||||||||&#8221; header_3_font_size=&#8221;20px&#8221;]Os programas televisivos marcam diferentes gera\u00e7\u00f5es. Apesar de se descrever como uma crian\u00e7a bem el\u00e9trica, que gostava de intera\u00e7\u00e3o social, Cibelle conta que assistia \u00e0 televis\u00e3o sempre antes de dormir e pela manh\u00e3. \u201cEu adorava Bambulu\u00e1, Chiquititas, TV Colosso, Carrossel e Xuxa\u201d, enumera a publicit\u00e1ria. Todos esses programas eram transmitidos na TV aberta, e somente nos anos 2000 a TV por assinatura passou a fazer parte da vida dela.[\/et_pb_text][et_pb_video src=&#8221;https:\/\/www.youtube.com\/watch?v=PzmqkQx-0w8&#8243; image_src=&#8221;\/\/i.ytimg.com\/vi\/PzmqkQx-0w8\/hqdefault.jpg&#8221; _builder_version=&#8221;4.9.4&#8243; _module_preset=&#8221;default&#8221;][\/et_pb_video][\/et_pb_column][et_pb_column type=&#8221;1_3&#8243; _builder_version=&#8221;4.9.4&#8243; _module_preset=&#8221;default&#8221;][et_pb_image src=&#8221;https:\/\/webjornalismo.unicap.br\/infancia\/wp-content\/uploads\/2021\/06\/2-TV-COLOSSO.jpg&#8221; title_text=&#8221;2 TV COLOSSO&#8221; show_in_lightbox=&#8221;on&#8221; use_overlay=&#8221;on&#8221; overlay_icon_color=&#8221;#FFFFFF&#8221; hover_overlay_color=&#8221;rgba(0,0,0,0.3)&#8221; hover_icon=&#8221;%%51%%&#8221; show_bottom_space=&#8221;off&#8221; _builder_version=&#8221;4.9.4&#8243; _module_preset=&#8221;default&#8221;][\/et_pb_image][et_pb_text _builder_version=&#8221;4.9.4&#8243; _module_preset=&#8221;default&#8221; text_font_size=&#8221;12px&#8221; text_line_height=&#8221;1.4em&#8221; background_enable_color=&#8221;off&#8221; custom_padding=&#8221;5px||||false|false&#8221;]O TV Colosso foi um programa para crian\u00e7as, protagonizado por bonecos, em que quadros e desenhos animados eram exibidos. O primeiro epis\u00f3dio foi exibido em 1993, transmitido pela TV Globo (Foto: Reprodu\u00e7\u00e3o\/Portal Maloca)[\/et_pb_text][\/et_pb_column][\/et_pb_row][\/et_pb_section][et_pb_section fb_built=&#8221;1&#8243; prev_background_color=&#8221;#e0c25e&#8221; _builder_version=&#8221;4.9.4&#8243; _module_preset=&#8221;default&#8221; background_color=&#8221;#f9d269&#8243; background_image=&#8221;https:\/\/webjornalismo.unicap.br\/infancia\/wp-content\/uploads\/2021\/05\/semicirculo-topo-dir.png&#8221; background_size=&#8221;initial&#8221; background_position=&#8221;top_right&#8221; custom_padding=&#8221;100px|||||&#8221; top_divider_style=&#8221;slant&#8221; top_divider_height=&#8221;50px&#8221;][et_pb_row column_structure=&#8221;3_4,1_4&#8243; _builder_version=&#8221;4.9.4&#8243; _module_preset=&#8221;default&#8221;][et_pb_column type=&#8221;3_4&#8243; _builder_version=&#8221;4.9.4&#8243; _module_preset=&#8221;default&#8221;][et_pb_text _builder_version=&#8221;4.9.4&#8243; _module_preset=&#8221;default&#8221; header_3_font=&#8221;Acme||||||||&#8221; header_3_font_size=&#8221;20px&#8221;]E se essa era a programa\u00e7\u00e3o de quando ela estava em casa, quando estava com os amigos na rua havia sempre muita brincadeira. \u201cMorava numa rua com muitas crian\u00e7as. Por isso, entrava em casa somente depois das 22h, com minha m\u00e3e gritando da porta de casa que estava na hora. Brinc\u00e1vamos juntos, meninas e meninos, de futebol, queimada, esconde-esconde, tica-trepa, tica-ajuda. Brinc\u00e1vamos de colher frutas pelo bairro e vender, fazer pe\u00e7as de teatro para os vizinhos, tocar a campainha e correr, guerra de lama, tomar banho de lama e tantas outras brincadeiras de uma crian\u00e7a serelepe.\u201d Ao viajar para visitar seus av\u00f3s no Par\u00e1, a divers\u00e3o na praia era ser enterrada na areia.<\/p>\n<p>Essas brincadeiras fizeram parte tamb\u00e9m da inf\u00e2ncia do publicit\u00e1rio Sim\u00e3o de Farias, de 27 anos. Ele lembra a cumplicidade que havia entre os vizinhos de Maranguape 2, em Paulista, Regi\u00e3o Metropolitana do Recife, que possibilitava \u00e0s crian\u00e7as se divertirem na rua. \u201cAs brincadeiras de rua eram as mais legais, como barra-bandeira, pega-pega, pique-esconde, queimado, dono da rua, pol\u00edcia e ladr\u00e3o, elefante colorido, pular corda, pular el\u00e1stico. Sempre com muitas crian\u00e7as reunidas, sem camisa, sol quente, p\u00e9s descal\u00e7os e muita alegria e inoc\u00eancia.\u201d<\/p>\n<p>Embora as crian\u00e7as brincassem em equipe, sobrava tempo para que tamb\u00e9m cultivassem suas brincadeiras solo. Assim como as crian\u00e7as de hoje, Cibelle gostava de usar o computador para se divertir. \u201cNa minha casa tinham dois. Antes dos meus 10 anos, eu costumava jogar Mario, Doom e Wolfenstein 3D. Por volta dos nove, eu j\u00e1 acessava tamb\u00e9m o site do Uol e as salas de bate-papo\u201d, conta a potiguar. [\/et_pb_text][\/et_pb_column][et_pb_column type=&#8221;1_4&#8243; _builder_version=&#8221;4.9.4&#8243; _module_preset=&#8221;default&#8221;][et_pb_image src=&#8221;https:\/\/webjornalismo.unicap.br\/infancia\/wp-content\/uploads\/2021\/06\/CIBELLE-1.jpeg&#8221; title_text=&#8221;CIBELLE 1&#8243; show_in_lightbox=&#8221;on&#8221; use_overlay=&#8221;on&#8221; overlay_icon_color=&#8221;#FFFFFF&#8221; hover_overlay_color=&#8221;rgba(0,0,0,0.3)&#8221; hover_icon=&#8221;%%51%%&#8221; show_bottom_space=&#8221;off&#8221; _builder_version=&#8221;4.9.4&#8243; _module_preset=&#8221;default&#8221;][\/et_pb_image][et_pb_text _builder_version=&#8221;4.9.4&#8243; _module_preset=&#8221;default&#8221; text_font_size=&#8221;12px&#8221; text_line_height=&#8221;1.4em&#8221; background_color=&#8221;#f9d269&#8243; custom_padding=&#8221;5px||||false|false&#8221;]Todo m\u00eas de julho, nas f\u00e9rias escolares, Cibelle Macedo ia ao Par\u00e1, onde seus av\u00f3s maternos moravam, e \u00e0 Praia do Conde. Nesta foto, de 1995, ela tinha 5 anos (Foto: Arquivo pessoal)[\/et_pb_text][\/et_pb_column][\/et_pb_row][et_pb_row column_structure=&#8221;3_4,1_4&#8243; _builder_version=&#8221;4.9.4&#8243; _module_preset=&#8221;default&#8221; custom_padding=&#8221;0px|||||&#8221;][et_pb_column type=&#8221;3_4&#8243; _builder_version=&#8221;4.9.4&#8243; _module_preset=&#8221;default&#8221;][et_pb_text _builder_version=&#8221;4.9.4&#8243; _module_preset=&#8221;default&#8221; header_3_font=&#8221;Acme||||||||&#8221; header_3_font_size=&#8221;20px&#8221;]<\/p>\n<p>Sim\u00e3o diz que desde os 8 anos costumava utilizar o computador, na escola ou na casa da av\u00f3, mas que somente aos 15 passou a navegar na internet. \u201cEm <em>lan house<\/em> ou na casa de parentes que possu\u00edam a rede discada. Nessa fase, eu entrava em sites religiosos infantis, de jogos, realizava pesquisas de trabalho e, depois de um tempo, comecei a usar para entrar em bate-papo e conhecer novas pessoas\u201d, sintetiza.\u00a0<\/p>\n<p>O publicit\u00e1rio, claro, gostava de brincar com seus brinquedos f\u00edsicos. \u201cEu tinha um trenzinho com que eu gostava muito de brincar, um super \u00f4nibus onde eu transportava todos os meus bonecos e alguns brinquedos que tenho at\u00e9 hoje e guardo com muito carinho, a maioria presentes que eu recebia nos meus anivers\u00e1rios\u201d, destaca.<\/p>\n<p>[\/et_pb_text][et_pb_gallery gallery_ids=&#8221;583,584,585,586&#8243; fullwidth=&#8221;on&#8221; _builder_version=&#8221;4.9.4&#8243; _module_preset=&#8221;default&#8221; custom_margin=&#8221;||0px||false|false&#8221; custom_padding=&#8221;||0px||false|false&#8221; auto=&#8221;on&#8221; auto_speed=&#8221;6000&#8243;][\/et_pb_gallery][et_pb_text _builder_version=&#8221;4.9.4&#8243; _module_preset=&#8221;default&#8221; text_font_size=&#8221;12px&#8221; text_line_height=&#8221;1.4em&#8221; custom_padding=&#8221;5px||||false|false&#8221;]Alguns dos brinquedos que o publicit\u00e1rio Sim\u00e3o de Farias guarda com carinho (Foto: Arquivo pessoal)[\/et_pb_text][et_pb_text _builder_version=&#8221;4.9.4&#8243; _module_preset=&#8221;default&#8221; header_3_font=&#8221;Acme||||||||&#8221; header_3_font_size=&#8221;20px&#8221;]Assim como Sim\u00e3o, Cibelle tamb\u00e9m tinha alguns brinquedos com que adorava brincar, como um microfone que n\u00e3o largava quando era menor. \u201cEra apaixonada por esse microfone. Ganhei aos 2 anos e minha m\u00e3e disse que eu brincava com ele at\u00e9 os 8. Quando eu era menor, era a Xuxa que eu cantava. Quando fui crescendo, a\u00ed era Sandy e J\u00fanior.\u201d[\/et_pb_text][\/et_pb_column][et_pb_column type=&#8221;1_4&#8243; _builder_version=&#8221;4.9.4&#8243; _module_preset=&#8221;default&#8221;][et_pb_image src=&#8221;https:\/\/webjornalismo.unicap.br\/infancia\/wp-content\/uploads\/2021\/06\/3-DOOM.jpg&#8221; title_text=&#8221;3 DOOM&#8221; show_in_lightbox=&#8221;on&#8221; use_overlay=&#8221;on&#8221; overlay_icon_color=&#8221;#FFFFFF&#8221; hover_overlay_color=&#8221;rgba(0,0,0,0.3)&#8221; hover_icon=&#8221;%%51%%&#8221; show_bottom_space=&#8221;off&#8221; _builder_version=&#8221;4.9.4&#8243; _module_preset=&#8221;default&#8221;][\/et_pb_image][et_pb_text _builder_version=&#8221;4.9.4&#8243; _module_preset=&#8221;default&#8221; text_font_size=&#8221;12px&#8221; text_line_height=&#8221;1.4em&#8221; background_color=&#8221;#f9d269&#8243; custom_padding=&#8221;5px||||false|false&#8221;]O jogo Doom, que existe at\u00e9 hoje com novas vers\u00f5es, consiste em matar dem\u00f4nios. A vers\u00e3o de 2020 chamada Doom Eternals dobrou a receita de Doom 2016, no fim de semana de abertura, de acordo com a Bethesda, bra\u00e7o de publica\u00e7\u00e3o norte-americano de jogos eletr\u00f4nicos (Foto: Reprodu\u00e7\u00e3o\/Site UOL)[\/et_pb_text][\/et_pb_column][\/et_pb_row][et_pb_row column_structure=&#8221;1_4,1_2,1_4&#8243; _builder_version=&#8221;4.9.4&#8243; _module_preset=&#8221;default&#8221; custom_padding=&#8221;0px|||||&#8221;][et_pb_column type=&#8221;1_4&#8243; _builder_version=&#8221;4.9.4&#8243; _module_preset=&#8221;default&#8221;][et_pb_image src=&#8221;https:\/\/webjornalismo.unicap.br\/infancia\/wp-content\/uploads\/2021\/06\/CIBELLE-2.jpeg&#8221; title_text=&#8221;CIBELLE 2&#8243; show_in_lightbox=&#8221;on&#8221; use_overlay=&#8221;on&#8221; overlay_icon_color=&#8221;#FFFFFF&#8221; hover_overlay_color=&#8221;rgba(0,0,0,0.3)&#8221; hover_icon=&#8221;%%51%%&#8221; show_bottom_space=&#8221;off&#8221; _builder_version=&#8221;4.9.4&#8243; _module_preset=&#8221;default&#8221;][\/et_pb_image][et_pb_text _builder_version=&#8221;4.9.4&#8243; _module_preset=&#8221;default&#8221; text_font_size=&#8221;12px&#8221; text_line_height=&#8221;1.4em&#8221; custom_padding=&#8221;5px||||false|false&#8221;]O microfone respons\u00e1vel pelos shows infantis de Cibelle (Foto: Arquivo pessoal)[\/et_pb_text][\/et_pb_column][et_pb_column type=&#8221;1_2&#8243; _builder_version=&#8221;4.9.4&#8243; _module_preset=&#8221;default&#8221;][et_pb_text _builder_version=&#8221;4.9.4&#8243; _module_preset=&#8221;default&#8221;]<\/p>\n<p>E se toda \u00e9poca tem brinquedos que est\u00e3o em alta, incentivando o consumo e a rotatividade do mercado, nos anos 1990 n\u00e3o era diferente. Entretanto, para Sim\u00e3o e seu irm\u00e3o, eles quase nunca foram realidade, porque seus pais n\u00e3o tinham condi\u00e7\u00f5es de compr\u00e1-los. \u201cLembro que na TV existia um apelo muito grande de propaganda de brinquedos infantis, mas n\u00e3o me lembro de ter tanta vontade de t\u00ea-los ou de externar isso para os meus pais. At\u00e9 porque eu sabia que os momentos de ganhar brinquedos eram anivers\u00e1rio e Natal, e apenas esses.\u201d<\/p>\n<p>[\/et_pb_text][et_pb_image src=&#8221;https:\/\/webjornalismo.unicap.br\/infancia\/wp-content\/uploads\/2021\/06\/SIMAO-1.jpeg&#8221; title_text=&#8221;SIM\u00c3O 1&#8243; show_bottom_space=&#8221;off&#8221; _builder_version=&#8221;4.9.4&#8243; _module_preset=&#8221;default&#8221;][\/et_pb_image][et_pb_text _builder_version=&#8221;4.9.4&#8243; _module_preset=&#8221;default&#8221; text_font_size=&#8221;12px&#8221; text_line_height=&#8221;1.4em&#8221; custom_padding=&#8221;5px||||false|false&#8221;]Sim\u00e3o em um dos seus Natais, com o Papai Noel (Foto: Arquivo pessoal)[\/et_pb_text][et_pb_text _builder_version=&#8221;4.9.4&#8243; _module_preset=&#8221;default&#8221;]<\/p>\n<p>Falando em anivers\u00e1rio, a trilha sonora das festas da inf\u00e2ncia de Sim\u00e3o inclu\u00edam sucessos de \u00c9 o Tchan!, grupo que se manteve de 1993 at\u00e9 2005, voltando \u00e0 ativa desde 2011, contudo sem a repercuss\u00e3o de antes. \u201cAs m\u00fasicas do grupo tocavam nas festas de casa, nos eventos da escola. Dan\u00e7ava com meus coleguinhas e sabia as coreografias. Foi uma febre que tomou conta da televis\u00e3o e dos filmes, porque encontramos tanto as m\u00fasicas como os integrantes desses grupos em produ\u00e7\u00f5es audiovisuais e em programas de audit\u00f3rio daquela \u00e9poca.\u201d<\/p>\n<p>Outra febre dos anos 1990 foram os programas de audit\u00f3rio para crian\u00e7as liderados por mulheres, e n\u00e3o \u00e9 por acaso que Sim\u00e3o cita carinhosamente algumas delas. \u201cAs apresentadoras-cantoras foram muito importantes para minha inf\u00e2ncia: Xuxa, Eliana e Ang\u00e9lica sempre estiveram na minha trilha sonora e nenhum dos seus <em>hits<\/em> me passava despercebido\u201d, destaca.<\/p>\n<p>[\/et_pb_text][\/et_pb_column][et_pb_column type=&#8221;1_4&#8243; _builder_version=&#8221;4.9.4&#8243; _module_preset=&#8221;default&#8221;][\/et_pb_column][\/et_pb_row][et_pb_row column_structure=&#8221;3_4,1_4&#8243; _builder_version=&#8221;4.9.4&#8243; _module_preset=&#8221;default&#8221; custom_padding=&#8221;0px|||||&#8221;][et_pb_column type=&#8221;3_4&#8243; _builder_version=&#8221;4.9.4&#8243; _module_preset=&#8221;default&#8221;][et_pb_text _builder_version=&#8221;4.9.4&#8243; _module_preset=&#8221;default&#8221; header_3_font=&#8221;Acme||||||||&#8221; header_3_font_size=&#8221;20px&#8221; custom_margin=&#8221;||||false|false&#8221; custom_padding=&#8221;||||false|false&#8221;]<\/p>\n<p>Nos anos 90 e 2000, o Discman era a grande tecnologia que permitia a escuta de m\u00fasicas de forma port\u00e1til. Sim\u00e3o era uma dessas pessoas que utilizavam o aparelho como meio de reprodu\u00e7\u00e3o das m\u00fasicas. Confira um pouco da hist\u00f3ria desse dispositivo.<\/p>\n<p>[\/et_pb_text][et_pb_code _builder_version=&#8221;4.9.4&#8243; _module_preset=&#8221;default&#8221; background_color=&#8221;#FFFFFF&#8221;]<iframe loading=\"lazy\" width=\"960\" height=\"630\" data-original-width=\"3992\" data-original-height=\"2621\" src=\"https:\/\/www.thinglink.com\/card\/1453145787222458369\" type=\"text\/html\" frameborder=\"0\" webkitallowfullscreen mozallowfullscreen allowfullscreen scrolling=\"no\"><\/iframe><!-- [et_pb_line_break_holder] --><script async src=\"\/\/cdn.thinglink.me\/jse\/responsive.js\"><\/script>[\/et_pb_code][et_pb_text _builder_version=&#8221;4.9.4&#8243; _module_preset=&#8221;default&#8221;]Depois do Discman, outros equipamentos que possibilitavam o usu\u00e1rio a ouvir m\u00fasica de forma transport\u00e1vel surgiram. Veja sobre essas novas formas de consumir m\u00fasica aqui. [\/et_pb_text][\/et_pb_column][et_pb_column type=&#8221;1_4&#8243; _builder_version=&#8221;4.9.4&#8243; _module_preset=&#8221;default&#8221;][\/et_pb_column][\/et_pb_row][et_pb_row column_structure=&#8221;3_4,1_4&#8243; _builder_version=&#8221;4.9.4&#8243; _module_preset=&#8221;default&#8221; custom_padding=&#8221;0px|||||&#8221;][et_pb_column type=&#8221;3_4&#8243; _builder_version=&#8221;4.9.4&#8243; _module_preset=&#8221;default&#8221;][et_pb_code _builder_version=&#8221;4.9.4&#8243; _module_preset=&#8221;default&#8221; background_color=&#8221;#FFFFFF&#8221; custom_margin=&#8221;0px||0px||false|false&#8221; custom_padding=&#8221;0px||0px||false|false&#8221;]<iframe loading=\"lazy\" width=\"960\" height=\"630\" data-original-width=\"3992\" data-original-height=\"2621\" src=\"https:\/\/www.thinglink.com\/card\/1453173193383608321\" type=\"text\/html\" frameborder=\"0\" webkitallowfullscreen mozallowfullscreen allowfullscreen scrolling=\"no\"><\/iframe><!-- [et_pb_line_break_holder] --><script async src=\"\/\/cdn.thinglink.me\/jse\/responsive.js\"><\/script>[\/et_pb_code][et_pb_code _builder_version=&#8221;4.9.4&#8243; _module_preset=&#8221;default&#8221; background_color=&#8221;#e0c25e&#8221; custom_margin=&#8221;0px||0px||false|false&#8221; custom_padding=&#8221;0px||0px||false|false&#8221;]<iframe loading=\"lazy\" width=\"960\" height=\"630\" data-original-width=\"3992\" data-original-height=\"2621\" src=\"https:\/\/www.thinglink.com\/card\/1453384396395511809\" type=\"text\/html\" frameborder=\"0\" webkitallowfullscreen mozallowfullscreen allowfullscreen scrolling=\"no\"><\/iframe><!-- [et_pb_line_break_holder] --><script async src=\"\/\/cdn.thinglink.me\/jse\/responsive.js\"><\/script>[\/et_pb_code][\/et_pb_column][et_pb_column type=&#8221;1_4&#8243; _builder_version=&#8221;4.9.4&#8243; _module_preset=&#8221;default&#8221;][\/et_pb_column][\/et_pb_row][et_pb_row column_structure=&#8221;3_4,1_4&#8243; _builder_version=&#8221;4.9.4&#8243; _module_preset=&#8221;default&#8221; custom_padding=&#8221;0px|||||&#8221;][et_pb_column type=&#8221;3_4&#8243; _builder_version=&#8221;4.9.4&#8243; _module_preset=&#8221;default&#8221;][et_pb_text _builder_version=&#8221;4.9.4&#8243; _module_preset=&#8221;default&#8221; header_3_font=&#8221;Acme||||||||&#8221; header_3_font_size=&#8221;20px&#8221;]<\/p>\n<p>Al\u00e9m das m\u00fasicas, Sim\u00e3o tamb\u00e9m gostava de acompanhar os filmes das apresentadoras, entre outros programas. \u201cEu assistia de tudo. Alguns dos meus favoritos: Chiquititas, Bom dia e Cia, Xuxa Parque, Eliana &amp; Cia, Eliana &amp; Alegria, Eliana no Parque, Bambulu\u00e1, Malha\u00e7\u00e3o, Sandy &amp; Junior, Era uma vez, Alegrifes e Rabujos, Bananas de Pijama, Ursinhos Carinhosos, O Fant\u00e1stico Mundo de Bobby\u201d, exemplifica.<\/p>\n<p>Confira um epis\u00f3dio de Bananas de Pijamas. A s\u00e9rie tamb\u00e9m est\u00e1 dispon\u00edvel na plataforma de streaming Amazon Prime.<\/p>\n<p>[\/et_pb_text][et_pb_video src=&#8221;https:\/\/www.youtube.com\/watch?v=JuP3nmylMlk&#8221; image_src=&#8221;\/\/i.ytimg.com\/vi\/JuP3nmylMlk\/hqdefault.jpg&#8221; _builder_version=&#8221;4.9.4&#8243; _module_preset=&#8221;default&#8221;][\/et_pb_video][\/et_pb_column][et_pb_column type=&#8221;1_4&#8243; _builder_version=&#8221;4.9.4&#8243; _module_preset=&#8221;default&#8221;][et_pb_image src=&#8221;https:\/\/webjornalismo.unicap.br\/infancia\/wp-content\/uploads\/2021\/06\/SIMAO-2.jpeg&#8221; title_text=&#8221;SIM\u00c3O 2&#8243; show_in_lightbox=&#8221;on&#8221; use_overlay=&#8221;on&#8221; overlay_icon_color=&#8221;#FFFFFF&#8221; hover_overlay_color=&#8221;rgba(0,0,0,0.3)&#8221; hover_icon=&#8221;%%51%%&#8221; show_bottom_space=&#8221;off&#8221; _builder_version=&#8221;4.9.4&#8243; _module_preset=&#8221;default&#8221;][\/et_pb_image][et_pb_text _builder_version=&#8221;4.9.4&#8243; _module_preset=&#8221;default&#8221; text_font_size=&#8221;12px&#8221; text_line_height=&#8221;1.4em&#8221; background_color=&#8221;#f9d269&#8243; custom_padding=&#8221;5px||||false|false&#8221;]<\/p>\n<p>Sim\u00e3o, ao centro, em um de seus anivers\u00e1rios com tema Bananas de Pijamas, s\u00e9rie exibida pelo SBT e Nickelodeon, entre os anos de 1997 e 2000 (Foto: Arquivo pessoal)<\/p>\n<p>[\/et_pb_text][\/et_pb_column][\/et_pb_row][\/et_pb_section][et_pb_section fb_built=&#8221;1&#8243; prev_background_color=&#8221;#f9d269&#8243; _builder_version=&#8221;4.9.4&#8243; _module_preset=&#8221;default&#8221; background_color=&#8221;#71cbd6&#8243; background_image=&#8221;https:\/\/webjornalismo.unicap.br\/infancia\/wp-content\/uploads\/2021\/05\/pontos-azuis.png&#8221; background_size=&#8221;initial&#8221; background_position=&#8221;top_right&#8221; custom_padding=&#8221;200px||||false|false&#8221; top_divider_style=&#8221;waves&#8221; background_last_edited=&#8221;on|tablet&#8221; background_enable_image_tablet=&#8221;off&#8221; background_enable_image_phone=&#8221;off&#8221;][et_pb_row column_structure=&#8221;3_4,1_4&#8243; _builder_version=&#8221;4.9.4&#8243; _module_preset=&#8221;default&#8221;][et_pb_column type=&#8221;3_4&#8243; _builder_version=&#8221;4.9.4&#8243; _module_preset=&#8221;default&#8221;][et_pb_text _builder_version=&#8221;4.9.4&#8243; _module_preset=&#8221;default&#8221; header_3_font=&#8221;Acme||||||||&#8221; header_3_font_size=&#8221;20px&#8221; background_layout=&#8221;dark&#8221;]<\/p>\n<h2>ANOS 2000<\/h2>\n<h3>Fim do VHS, <em>boom<\/em> do DVD<\/h3>\n<p><span style=\"font-weight: 400;\">A apresentadora Xuxa Meneghel, cultuada como a Rainha dos Baixinhos, esteve na programa\u00e7\u00e3o global destinada \u00e0 inf\u00e2ncia por quase tr\u00eas d\u00e9cadas. Por isso, tamb\u00e9m est\u00e1 nas mem\u00f3rias de inf\u00e2ncia da estudante de arquitetura L\u00edvia Moura, nascida em 1999.<\/span><\/p>\n<p>\u201cEu cresci ouvindo Xuxa, fui para um show dela. Eu lembro de alguns momentos, como eu entrando e recebendo algo que piscava, l\u00e1 no Centro de Conven\u00e7\u00f5es.&#8221; A estudante tamb\u00e9m cita outros sons presentes na sua meninice. \u201cEu ouvia Bal\u00e3o M\u00e1gico, Palavra Cantada e as m\u00fasicas dos filmes da Disney. Isso me marcou, porque ouvia muito quando era crian\u00e7a e quando escuto hoje lembra a minha inf\u00e2ncia\u201d, comenta.<\/p>\n<p>A forma de L\u00edvia ter acesso a esses filmes era por meio das fitas VHS (Sistema Dom\u00e9stico de V\u00eddeo, em portugu\u00eas) ou atrav\u00e9s da TV por assinatura, implementada no Brasil em 1989 e popularizada no fim do s\u00e9culo 20 e in\u00edcio do s\u00e9culo 21. \u201cEu assistia muito [aos canais] Disney, Nickelodeon, Cartoon Network e Discovery Kids. Da TV aberta, eu via TV Futura, porque passava desenho animado, mas eu via muito pouco a Globo\u201d, lista. A estudante tinha costume de assistir na TV, no hor\u00e1rio da tarde, o programa Zapping Zone, do Disney Channel. \u201cEu assistia a Hannah Montana, Sunny entre Estrelas, Zack e Cody: g\u00eameos em a\u00e7\u00e3o e Zack e Cody: g\u00eameos a bordo, Manual de sobreviv\u00eancia escolar do Ned.\u201d De acordo com a Associa\u00e7\u00e3o Brasileira de Televis\u00e3o por Assinatura (ABTA), de 1994 a 2000 houve o crescimento de 750% de assinantes.<\/p>\n<p>Assim como L\u00edvia, as crian\u00e7as dessa gera\u00e7\u00e3o viveram uma migra\u00e7\u00e3o importante de m\u00eddias nesse contexto de consumo de produtos em home v\u00eddeo: o decl\u00ednio do VHS e a ascens\u00e3o do DVD (<em>Digital Video Disc<\/em>), criado em 1997, que cresceu no Brasil depois de 2002 devido \u00e0 desvaloriza\u00e7\u00e3o do real. O DVD trouxe a melhoria na qualidade das imagens e a facilidade de armazenamento f\u00edsico dos discos, por serem menores que as fitas VHS. Entretanto, o valor cobrado pelo novo aparelho, rec\u00e9m chegado ao Brasil, em 1998, era de 1.000 d\u00f3lares, o equivalente a 1.800 reais. Somente um ano depois, o pre\u00e7o caiu pela metade e foi poss\u00edvel o aumento da quantidade de pessoas aderindo ao lan\u00e7amento. Ainda assim, para alguns, era caro.<\/p>\n<p>L\u00edvia lembra desse per\u00edodo de mudan\u00e7a e conta que a praticidade a fez gostar do novo lan\u00e7amento. \u201cEu lembro bem dessa \u00e9poca. Acabei perdendo todos [os filmes em VHS] porque a gente n\u00e3o conseguiu converter para DVD. Eu senti uma diferen\u00e7a [entre as tecnologias], porque tive que comprar um aparelho novo e n\u00e3o precisava rebobinar a fita com o DVD. Foi melhor\u201d, recorda.<\/p>\n<p>[\/et_pb_text][et_pb_image src=&#8221;https:\/\/webjornalismo.unicap.br\/infancia\/wp-content\/uploads\/2021\/06\/5-FITA-CASSETE.jpeg&#8221; title_text=&#8221;5 FITA CASSETE&#8221; show_bottom_space=&#8221;off&#8221; _builder_version=&#8221;4.9.4&#8243; _module_preset=&#8221;default&#8221;][\/et_pb_image][et_pb_text _builder_version=&#8221;4.9.4&#8243; _module_preset=&#8221;default&#8221; text_font_size=&#8221;12px&#8221; text_line_height=&#8221;1.4em&#8221; background_layout=&#8221;dark&#8221; custom_padding=&#8221;5px||||false|false&#8221;]Cole\u00e7\u00e3o de fitas VHS de filmes infantis em alta, antes da populariza\u00e7\u00e3o do DVD (Foto: Arquivo pessoal)[\/et_pb_text][\/et_pb_column][et_pb_column type=&#8221;1_4&#8243; _builder_version=&#8221;4.9.4&#8243; _module_preset=&#8221;default&#8221;][\/et_pb_column][\/et_pb_row][et_pb_row column_structure=&#8221;3_4,1_4&#8243; _builder_version=&#8221;4.9.4&#8243; _module_preset=&#8221;default&#8221; custom_padding=&#8221;0px|||||&#8221;][et_pb_column type=&#8221;3_4&#8243; _builder_version=&#8221;4.9.4&#8243; _module_preset=&#8221;default&#8221;][et_pb_text _builder_version=&#8221;4.9.4&#8243; _module_preset=&#8221;default&#8221; header_3_font=&#8221;Acme||||||||&#8221; header_3_font_size=&#8221;20px&#8221; background_layout=&#8221;dark&#8221;]<\/p>\n<p>Quem viveu essa transi\u00e7\u00e3o, mas n\u00e3o se lembra do antigo equipamento, \u00e9 Luiza Oliveira, 20 anos, estudante de ci\u00eancia pol\u00edtica. \u201cPeguei muito pouco, n\u00e3o me identifico com essa \u00e9poca. S\u00f3 a do DVD.\u201d Os produtos audiovisuais que ela costumava consumir eram filmes. \u201cAssistia a filmes da Disney, filmes que eu nem sabia o nome. Um filme que era moda na \u00e9poca, que fez parte da minha inf\u00e2ncia, foi <em>As Branquelas<\/em>\u201d, lembra.<\/p>\n<p>[\/et_pb_text][et_pb_image src=&#8221;https:\/\/webjornalismo.unicap.br\/infancia\/wp-content\/uploads\/2021\/06\/6-AS-BRANQUELAS.jpg&#8221; title_text=&#8221;6 AS BRANQUELAS&#8221; show_bottom_space=&#8221;off&#8221; _builder_version=&#8221;4.9.4&#8243; _module_preset=&#8221;default&#8221;][\/et_pb_image][et_pb_text _builder_version=&#8221;4.9.4&#8243; _module_preset=&#8221;default&#8221; text_font_size=&#8221;12px&#8221; text_line_height=&#8221;1.4em&#8221; background_layout=&#8221;dark&#8221; custom_padding=&#8221;5px||||false|false&#8221; locked=&#8221;off&#8221;]Cena do filme As Branquelas, o preferido de Luiza Oliveira (Foto: Reprodu\u00e7\u00e3o\/Desequalizando)[\/et_pb_text][et_pb_text _builder_version=&#8221;4.9.4&#8243; _module_preset=&#8221;default&#8221; header_3_font=&#8221;Acme||||||||&#8221; header_3_font_size=&#8221;20px&#8221; background_layout=&#8221;dark&#8221;]<\/p>\n<p>Al\u00e9m de se entreter com filmes, Luiza costumava usar seu tempo livre para mexer no computador, h\u00e1bito presente desde os 5 anos. \u201cEu acessava o computador aqui em casa. Se eu fosse para a casa de algum amigo que tivesse, tamb\u00e9m costumava jogar, principalmente O Jogos, Clube do Iguinho. Quando eu fiz de sete para oito anos, criei uma conta no Orkut. Eu viciei completamente. Eu jogava tamb\u00e9m o Habbo. Ent\u00e3o, entre oito e 13 anos, era s\u00f3 o Habbo e Orkut que eu olhava\u201d, conta.<\/p>\n<p>Luiza diz que sempre gostou mais das brincadeiras do \u201cmundo online\u201d que as do real. \u201cEu nunca gostei muito de brincadeira, de correr, de pular corda, eu sempre achava um desperd\u00edcio de tempo, porque eu ficava cansada. \u00c0s vezes eu brincava de pega, de pol\u00edcia e ladr\u00e3o, quando tinha muita gente. Preferia, realmente, a internet\u201d, compara a estudante de ci\u00eancia pol\u00edtica.<\/p>\n<p>[\/et_pb_text][\/et_pb_column][et_pb_column type=&#8221;1_4&#8243; _builder_version=&#8221;4.9.4&#8243; _module_preset=&#8221;default&#8221;][et_pb_image src=&#8221;https:\/\/webjornalismo.unicap.br\/infancia\/wp-content\/uploads\/2021\/06\/1-LUIZA.jpeg&#8221; title_text=&#8221;1 LUIZA&#8221; show_in_lightbox=&#8221;on&#8221; use_overlay=&#8221;on&#8221; overlay_icon_color=&#8221;#FFFFFF&#8221; hover_overlay_color=&#8221;rgba(0,0,0,0.3)&#8221; hover_icon=&#8221;%%51%%&#8221; show_bottom_space=&#8221;off&#8221; _builder_version=&#8221;4.9.4&#8243; _module_preset=&#8221;default&#8221;][\/et_pb_image][et_pb_text _builder_version=&#8221;4.9.4&#8243; _module_preset=&#8221;default&#8221; text_font_size=&#8221;12px&#8221; text_line_height=&#8221;1.4em&#8221; background_layout=&#8221;dark&#8221; custom_padding=&#8221;5px||||false|false&#8221; locked=&#8221;off&#8221;]Luiza aos seis anos j\u00e1 era \u00edntima da tecnologia e da internet  (Foto: Arquivo pessoal)[\/et_pb_text][\/et_pb_column][\/et_pb_row][et_pb_row column_structure=&#8221;3_4,1_4&#8243; _builder_version=&#8221;4.9.4&#8243; _module_preset=&#8221;default&#8221; custom_padding=&#8221;0px|||||&#8221;][et_pb_column type=&#8221;3_4&#8243; _builder_version=&#8221;4.9.4&#8243; _module_preset=&#8221;default&#8221;][et_pb_text _builder_version=&#8221;4.9.4&#8243; _module_preset=&#8221;default&#8221; header_3_font=&#8221;Acme||||||||&#8221; header_3_font_size=&#8221;20px&#8221; background_layout=&#8221;dark&#8221;]Diferente de Luiza Oliveira, L\u00edvia Moura costumava brincar com vizinhos do pr\u00e9dio onde morava na Iputinga. Al\u00e9m disso, gostava das brincadeiras tradicionais de boneca. \u201cEu tinha Barbie, Polly, gostava muito de boneca.\u201d [\/et_pb_text][et_pb_video src=&#8221;http:\/\/youtu.be\/6F1AsuO5t0s&#8221; image_src=&#8221;\/\/i.ytimg.com\/vi\/6F1AsuO5t0s\/hqdefault.jpg&#8221; _builder_version=&#8221;4.9.4&#8243; _module_preset=&#8221;default&#8221;][\/et_pb_video][et_pb_text _builder_version=&#8221;4.9.4&#8243; _module_preset=&#8221;default&#8221; header_3_font=&#8221;Acme||||||||&#8221; header_3_font_size=&#8221;20px&#8221; background_layout=&#8221;dark&#8221;]<\/p>\n<p>A boneca Barbie, lan\u00e7ada em 1959, teve sua primeira exemplar reproduzida 340 mil vezes. Em 2019, nos 60 anos da boneca, a m\u00e9dia de venda era de 100 bonecas por minuto, no mundo inteiro. \u201cEu tamb\u00e9m tinha uns brinquedos assim: fog\u00e3ozinho com pia, uns bloquinhos de madeira que voc\u00ea sai empilhando como se fosse um pr\u00e9dio. O brinquedo da moda eu lembro que tinha aquela Baby Alive que chorava, era super cara. Eu queria muito uma, mas minha m\u00e3e nunca me deu, nem meu pai, porque era muito cara\u201d, completa L\u00edvia.<\/p>\n<p>[\/et_pb_text][\/et_pb_column][et_pb_column type=&#8221;1_4&#8243; _builder_version=&#8221;4.9.4&#8243; _module_preset=&#8221;default&#8221;][et_pb_image src=&#8221;https:\/\/webjornalismo.unicap.br\/infancia\/wp-content\/uploads\/2021\/06\/7-BLOCO-DE-MADEIRA.jpg&#8221; title_text=&#8221;7 BLOCO DE MADEIRA&#8221; show_in_lightbox=&#8221;on&#8221; use_overlay=&#8221;on&#8221; overlay_icon_color=&#8221;#FFFFFF&#8221; hover_overlay_color=&#8221;rgba(0,0,0,0.3)&#8221; hover_icon=&#8221;%%51%%&#8221; show_bottom_space=&#8221;off&#8221; _builder_version=&#8221;4.9.4&#8243; _module_preset=&#8221;default&#8221;][\/et_pb_image][et_pb_text _builder_version=&#8221;4.9.4&#8243; _module_preset=&#8221;default&#8221; text_font_size=&#8221;12px&#8221; text_line_height=&#8221;1.4em&#8221; background_layout=&#8221;dark&#8221; custom_padding=&#8221;5px||||false|false&#8221; locked=&#8221;off&#8221;]Os blocos de madeira incentivam a criatividade das crian\u00e7as,<br \/>\nabrindo a possibilidade de diversos tipos de constru\u00e7\u00e3o<br \/>\n(Foto: Reprodu\u00e7\u00e3o\/Magazine Luiza)[\/et_pb_text][\/et_pb_column][\/et_pb_row][et_pb_row column_structure=&#8221;3_4,1_4&#8243; _builder_version=&#8221;4.9.4&#8243; _module_preset=&#8221;default&#8221; custom_padding=&#8221;0px|||||&#8221;][et_pb_column type=&#8221;3_4&#8243; _builder_version=&#8221;4.9.4&#8243; _module_preset=&#8221;default&#8221;][et_pb_text _builder_version=&#8221;4.9.4&#8243; _module_preset=&#8221;default&#8221; header_3_font=&#8221;Acme||||||||&#8221; header_3_font_size=&#8221;20px&#8221; background_layout=&#8221;dark&#8221;]<\/p>\n<h3>NA MODINHA<\/h3>\n<p>Assim como as brincadeiras, as m\u00fasicas, os programas de televis\u00e3o, a cultura e a moda mudam sempre. Por isso, atualmente, \u00e9 muito comum ver-se um \u201ctracinho na sobrancelha\u201d, ou um <em>sidecut<\/em>, que \u00e9 um lado do cabelo raspado. Mas, quais foram os itens de moda que fizeram a cabe\u00e7a das crian\u00e7as nas inf\u00e2ncias de Cibelle, Sim\u00e3o, Luiza e L\u00edvia?<\/p>\n<p>Embora Cibelle afirme n\u00e3o ter seguido nenhuma moda, Sim\u00e3o contou que, quando menino, existiam muitas delas. \u201cLembro das papetes do Seninha. Eu amava ele e queria muito ter uma, porque vinha com um rel\u00f3gio e era muito modinha. Lembro das munhequeiras, usei bastante. Os conjuntinhos combinando sempre fizeram parte do meu guarda-roupa e eu gostava muito de macac\u00e3o, que estava em alta na \u00e9poca, sem falar nas meias cano alto e coloridas no p\u00e9\u201d, relembrou.<\/p>\n<p>Luiza conta que as modas emo e rockeira fizeram parte da sua juventude, mas n\u00e3o tem fotos com as roupas que vestia.<\/p>\n<p>[\/et_pb_text][et_pb_code _builder_version=&#8221;4.9.4&#8243; _module_preset=&#8221;default&#8221;]<iframe loading=\"lazy\" width=\"100%\" height=\"166\" scrolling=\"no\" frameborder=\"no\" allow=\"autoplay\" src=\"https:\/\/w.soundcloud.com\/player\/?url=https%3A\/\/api.soundcloud.com\/tracks\/1042032175&#038;color=%23ff5500&#038;auto_play=false&#038;hide_related=false&#038;show_comments=true&#038;show_user=true&#038;show_reposts=false&#038;show_teaser=true\"><\/iframe><\/p>\n<div style=\"font-size: 10px; color: #cccccc;line-break: anywhere;word-break: normal;overflow: hidden;white-space: nowrap;text-overflow: ellipsis; font-family: Interstate,Lucida Grande,Lucida Sans Unicode,Lucida Sans,Garuda,Verdana,Tahoma,sans-serif;font-weight: 100;\"><a href=\"https:\/\/soundcloud.com\/raissa-araujo-moura\" title=\"RAISSA\" target=\"_blank\" style=\"color: #cccccc; text-decoration: none;\" rel=\"noopener\">RAISSA<\/a> \u00b7 <a href=\"https:\/\/soundcloud.com\/raissa-araujo-moura\/moda-emo\" title=\"Moda emo\" target=\"_blank\" style=\"color: #cccccc; text-decoration: none;\" rel=\"noopener\">Moda emo<\/a><\/div>\n<p>[\/et_pb_code][et_pb_text _builder_version=&#8221;4.9.4&#8243; _module_preset=&#8221;default&#8221; header_3_font=&#8221;Acme||||||||&#8221; header_3_font_size=&#8221;20px&#8221; background_layout=&#8221;dark&#8221;]L\u00edvia tamb\u00e9m diz ter curtido v\u00e1rias tend\u00eancias que faziam sucesso no momento, como presilhas e botas. \u201cEu lembro muito que usava aquelas presilhinhas com uma mecha falsa colorida. Usava cal\u00e7a legging com saia jeans por cima, que era super estiloso. Tinha bota de plataforma e aquelas faixinhas de telinhas brilhosas\u201d, exp\u00f5e. [\/et_pb_text][\/et_pb_column][et_pb_column type=&#8221;1_4&#8243; _builder_version=&#8221;4.9.4&#8243; _module_preset=&#8221;default&#8221;][et_pb_image src=&#8221;https:\/\/webjornalismo.unicap.br\/infancia\/wp-content\/uploads\/2021\/06\/SIMAO-3.jpeg&#8221; title_text=&#8221;SIM\u00c3O 3&#8243; show_in_lightbox=&#8221;on&#8221; use_overlay=&#8221;on&#8221; overlay_icon_color=&#8221;#FFFFFF&#8221; hover_overlay_color=&#8221;rgba(0,0,0,0.3)&#8221; hover_icon=&#8221;%%51%%&#8221; show_bottom_space=&#8221;off&#8221; _builder_version=&#8221;4.9.4&#8243; _module_preset=&#8221;default&#8221;][\/et_pb_image][et_pb_text _builder_version=&#8221;4.9.4&#8243; _module_preset=&#8221;default&#8221; text_font_size=&#8221;12px&#8221; text_line_height=&#8221;1.4em&#8221; background_layout=&#8221;dark&#8221; custom_padding=&#8221;5px||||false|false&#8221; locked=&#8221;off&#8221;]<\/p>\n<p>Sim\u00e3o, ao centro, bem pequenino, com seu macac\u00e3o preferido em um culto infantil (Foto: Arquivo pessoal)<\/p>\n<p>[\/et_pb_text][\/et_pb_column][\/et_pb_row][et_pb_row column_structure=&#8221;1_4,1_4,1_4,1_4&#8243; use_custom_gutter=&#8221;on&#8221; gutter_width=&#8221;2&#8243; _builder_version=&#8221;4.9.4&#8243; _module_preset=&#8221;default&#8221; custom_margin=&#8221;0px||0px||false|false&#8221; custom_padding=&#8221;0px||0px||false|false&#8221;][et_pb_column type=&#8221;1_4&#8243; _builder_version=&#8221;4.9.4&#8243; _module_preset=&#8221;default&#8221;][et_pb_image src=&#8221;https:\/\/webjornalismo.unicap.br\/infancia\/wp-content\/uploads\/2021\/06\/3-LIVIA.jpg&#8221; title_text=&#8221;3-L\u00cdVIA&#8221; show_in_lightbox=&#8221;on&#8221; use_overlay=&#8221;on&#8221; overlay_icon_color=&#8221;#FFFFFF&#8221; hover_overlay_color=&#8221;rgba(0,0,0,0.3)&#8221; hover_icon=&#8221;%%51%%&#8221; _builder_version=&#8221;4.9.4&#8243; _module_preset=&#8221;default&#8221;][\/et_pb_image][\/et_pb_column][et_pb_column type=&#8221;1_4&#8243; _builder_version=&#8221;4.9.4&#8243; _module_preset=&#8221;default&#8221;][et_pb_image src=&#8221;https:\/\/webjornalismo.unicap.br\/infancia\/wp-content\/uploads\/2021\/06\/2-LIVIA.jpg&#8221; title_text=&#8221;2-L\u00cdVIA&#8221; show_in_lightbox=&#8221;on&#8221; use_overlay=&#8221;on&#8221; overlay_icon_color=&#8221;#FFFFFF&#8221; hover_overlay_color=&#8221;rgba(0,0,0,0.3)&#8221; hover_icon=&#8221;%%51%%&#8221; _builder_version=&#8221;4.9.4&#8243; _module_preset=&#8221;default&#8221;][\/et_pb_image][\/et_pb_column][et_pb_column type=&#8221;1_4&#8243; _builder_version=&#8221;4.9.4&#8243; _module_preset=&#8221;default&#8221;][et_pb_image src=&#8221;https:\/\/webjornalismo.unicap.br\/infancia\/wp-content\/uploads\/2021\/06\/1-LIVIA.jpg&#8221; title_text=&#8221;1-L\u00cdVIA&#8221; show_in_lightbox=&#8221;on&#8221; use_overlay=&#8221;on&#8221; overlay_icon_color=&#8221;#FFFFFF&#8221; hover_overlay_color=&#8221;rgba(0,0,0,0.3)&#8221; hover_icon=&#8221;%%51%%&#8221; _builder_version=&#8221;4.9.4&#8243; _module_preset=&#8221;default&#8221;][\/et_pb_image][\/et_pb_column][et_pb_column type=&#8221;1_4&#8243; _builder_version=&#8221;4.9.4&#8243; _module_preset=&#8221;default&#8221;][\/et_pb_column][\/et_pb_row][et_pb_row column_structure=&#8221;3_4,1_4&#8243; _builder_version=&#8221;4.9.4&#8243; _module_preset=&#8221;default&#8221; custom_margin=&#8221;0px||0px||false|false&#8221; custom_padding=&#8221;0px||0px||false|false&#8221;][et_pb_column type=&#8221;3_4&#8243; _builder_version=&#8221;4.9.4&#8243; _module_preset=&#8221;default&#8221;][et_pb_text _builder_version=&#8221;4.9.4&#8243; _module_preset=&#8221;default&#8221; text_font_size=&#8221;12px&#8221; text_line_height=&#8221;1.4em&#8221; background_layout=&#8221;dark&#8221; custom_padding=&#8221;5px||||false|false&#8221; locked=&#8221;off&#8221;]L\u00edvia com suas mechas loiras falsas (1), de meia colorida e uma sand\u00e1lia de pl\u00e1stico muito vendida na \u00e9poca (2) e conjuntinho com duas xuxinhas no cabelo (3) (Fotos: Arquivo pessoal)[\/et_pb_text][\/et_pb_column][et_pb_column type=&#8221;1_4&#8243; _builder_version=&#8221;4.9.4&#8243; _module_preset=&#8221;default&#8221;][\/et_pb_column][\/et_pb_row][\/et_pb_section][et_pb_section fb_built=&#8221;1&#8243; prev_background_color=&#8221;#71cbd6&#8243; _builder_version=&#8221;4.9.4&#8243; _module_preset=&#8221;default&#8221; background_color=&#8221;#d2de9d&#8221; background_image=&#8221;https:\/\/webjornalismo.unicap.br\/infancia\/wp-content\/uploads\/2021\/05\/pontos-azuis.png&#8221; background_size=&#8221;initial&#8221; background_position=&#8221;top_right&#8221; custom_padding=&#8221;200px||100px||false|false&#8221; top_divider_style=&#8221;waves&#8221; background_last_edited=&#8221;on|tablet&#8221; background_enable_image_tablet=&#8221;off&#8221; background_enable_image_phone=&#8221;off&#8221;][et_pb_row column_structure=&#8221;3_4,1_4&#8243; _builder_version=&#8221;4.9.4&#8243; _module_preset=&#8221;default&#8221;][et_pb_column type=&#8221;3_4&#8243; _builder_version=&#8221;4.9.4&#8243; _module_preset=&#8221;default&#8221;][et_pb_text _builder_version=&#8221;4.9.4&#8243; _module_preset=&#8221;default&#8221; header_3_font=&#8221;Acme||||||||&#8221; header_3_font_size=&#8221;20px&#8221;]<\/p>\n<h2>2020<\/h2>\n<h3>Acesso \u00e0 vida <em>online<\/em> cada vez mais cedo<\/h3>\n<p>Nesta d\u00e9cada de 2020, muita coisa mudou. Para Lu\u00edza, o contato desde cedo com a tecnologia \u00e9 tamb\u00e9m uma resposta ao que a sociedade imp\u00f5e para todos, independentemente da idade.[\/et_pb_text][et_pb_code _builder_version=&#8221;4.9.4&#8243; _module_preset=&#8221;default&#8221; locked=&#8221;off&#8221;]<iframe loading=\"lazy\" width=\"100%\" height=\"166\" scrolling=\"no\" frameborder=\"no\" allow=\"autoplay\" src=\"https:\/\/w.soundcloud.com\/player\/?url=https%3A\/\/api.soundcloud.com\/tracks\/1042061614&#038;color=%23ff5500&#038;auto_play=false&#038;hide_related=false&#038;show_comments=true&#038;show_user=true&#038;show_reposts=false&#038;show_teaser=true\"><\/iframe><\/p>\n<div style=\"font-size: 10px; color: #cccccc;line-break: anywhere;word-break: normal;overflow: hidden;white-space: nowrap;text-overflow: ellipsis; font-family: Interstate,Lucida Grande,Lucida Sans Unicode,Lucida Sans,Garuda,Verdana,Tahoma,sans-serif;font-weight: 100;\"><a href=\"https:\/\/soundcloud.com\/raissa-araujo-moura\" title=\"RAISSA\" target=\"_blank\" style=\"color: #cccccc; text-decoration: none;\" rel=\"noopener\">RAISSA<\/a> \u00b7 <a href=\"https:\/\/soundcloud.com\/raissa-araujo-moura\/acessointernet\" title=\"Acesso \u00e0 internet cedo\" target=\"_blank\" style=\"color: #cccccc; text-decoration: none;\" rel=\"noopener\">Acesso \u00e0 internet cedo<\/a><\/div>\n<p>[\/et_pb_code][\/et_pb_column][et_pb_column type=&#8221;1_4&#8243; _builder_version=&#8221;4.9.4&#8243; _module_preset=&#8221;default&#8221;][\/et_pb_column][\/et_pb_row][et_pb_row column_structure=&#8221;3_4,1_4&#8243; _builder_version=&#8221;4.9.4&#8243; _module_preset=&#8221;default&#8221; custom_padding=&#8221;0px|||||&#8221;][et_pb_column type=&#8221;3_4&#8243; _builder_version=&#8221;4.9.4&#8243; _module_preset=&#8221;default&#8221;][et_pb_text _builder_version=&#8221;4.9.4&#8243; _module_preset=&#8221;default&#8221; header_3_font=&#8221;Acme||||||||&#8221; header_3_font_size=&#8221;20px&#8221;]<\/p>\n<p>J\u00e1 para Cibelle, Sim\u00e3o e L\u00edvia, a principal mudan\u00e7a de hoje para 20 anos atr\u00e1s \u00e9 a falta de troca com outras crian\u00e7as, fisicamente falando. Quase n\u00e3o d\u00e1 pra sair para brincar e se vive o uso excessivo da tecnologia. Prova disso \u00e9 que as crian\u00e7as est\u00e3o ganhando seus celulares cada vez mais cedo: enquanto Cibelle e Sim\u00e3o ganharam seus primeiros celulares com mais de 10 anos, e L\u00edvia aos 9 anos, Lu\u00edza, de 20 anos, e Pedro Lopes, de 9 anos, ganharam seus primeiros aparelhos aos 7 anos.<\/p>\n<p>Mas Pedro contradiz o senso comum sobre os h\u00e1bitos de lazer da nova gera\u00e7\u00e3o. \u201cEu gosto de jogar bola e brincar em casa com meus brinquedos\u201d, conta o menino, mostrando que \u00e9 poss\u00edvel conciliar a vida <em>online<\/em> com a vida <em>offline<\/em>, tal como as crian\u00e7as de gera\u00e7\u00f5es passadas.<\/p>\n<p>Assim como Pedro, as g\u00eameas Helena e Laura Baroni, de 6 anos, conciliam brincadeiras de plataformas diferentes. \u201cGosto de brincar de boneca, de v\u00eddeo game. O que eu mais gosto de brincar&#8230; Eu gosto de brincar de bola, \u00e9 a minha brincadeira preferida!\u201d, diz Helena. J\u00e1 sua irm\u00e3 prefere brincadeiras em equipe: \u201cesconde-esconde, pega-pega, amarelinha, pato ganso. Em casa, gosto de brincar de boneca\u201d, e diz que tem carrinho, Baby Alive e pel\u00facias.<\/p>\n<p>[\/et_pb_text][\/et_pb_column][et_pb_column type=&#8221;1_4&#8243; _builder_version=&#8221;4.9.4&#8243; _module_preset=&#8221;default&#8221;][\/et_pb_column][\/et_pb_row][et_pb_row column_structure=&#8221;3_4,1_4&#8243; _builder_version=&#8221;4.9.4&#8243; _module_preset=&#8221;default&#8221; custom_padding=&#8221;0px|||||&#8221;][et_pb_column type=&#8221;3_4&#8243; _builder_version=&#8221;4.9.4&#8243; _module_preset=&#8221;default&#8221;][et_pb_text _builder_version=&#8221;4.9.4&#8243; _module_preset=&#8221;default&#8221; header_3_font=&#8221;Acme||||||||&#8221; header_3_font_size=&#8221;20px&#8221;]<\/p>\n<h3>NATIVOS DIGITAIS<\/h3>\n<p>Por\u00e9m, n\u00e3o \u00e9 de se espantar que as novas gera\u00e7\u00f5es assistam cada vez menos \u00e0 televis\u00e3o e passem a focar em redes sociais como TikTok ou YouTube. Pedro \u00e9 uma delas. Seu \u00eddolo \u00e9 um dos maiores <em>youtubers<\/em> do Brasil, tendo at\u00e9 um brinquedo dele entre os seus bonecos. \u201cSou f\u00e3 de Luccas Neto, porque ele \u00e9 engra\u00e7ado. De brinquedo, eu tenho um Luccas Neto, um Homem Aranha, um Hulk e um Capit\u00e3o Am\u00e9rica\u201d, conta o garoto.<\/p>\n<p>Al\u00e9m de brincar na rua com os amigos, ele conta que tamb\u00e9m adora aproveitar seu tempo para jogar PK XD, um jogo <em>online<\/em>.<\/p>\n<p>[\/et_pb_text][et_pb_text _builder_version=&#8221;4.9.4&#8243; _module_preset=&#8221;default&#8221; header_3_font=&#8221;Acme||||||||&#8221; header_3_font_size=&#8221;20px&#8221;]<\/p>\n<p>A aptid\u00e3o para as novas tecnologias pode ser novidade para alguns, mas \u00e9, sem d\u00favida, uma atividade corriqueira para outros. Hoje, crian\u00e7as instalam seus pr\u00f3prios jogos nos aparelhos que desejam e quem pode confirmar isso \u00e9 Laura, de 6 anos, que n\u00e3o dispensa o <em>tablet<\/em> ou o computador para navegar na internet. \u201cUso pra assistir a v\u00eddeos, jogar, para instalar jogos. Gosto de jogar!\u201d, diz, animada.<\/p>\n<p>Assim como a plataforma de v\u00eddeos permite acessar diversos conte\u00fados como jogos, filmes e v\u00eddeos, ela permite a dissemina\u00e7\u00e3o de m\u00fasicas de v\u00e1rios g\u00eaneros. Pedro conta que a sua m\u00fasica favorita no momento \u00e9 <a href=\"https:\/\/www.youtube.com\/watch?v=NZiSh_SkHBQ\" target=\"_blank\" rel=\"noopener\"><strong>A Tal Can\u00e7\u00e3o pra Lua<\/strong><\/a>, da banda nacional Skank. Laura diz que o grupo que ela gosta de ouvir, no momento, \u00e9 o grupo sul-coreano <a href=\"https:\/\/www.youtube.com\/watch?v=F8c8f2nK82w\" target=\"_blank\" rel=\"noopener\"><strong>BLACKPINK<\/strong><\/a>. Gosto bem diferente do da sua irm\u00e3 Helena, que tem o funk como g\u00eanero musical preferido.<\/p>\n<p>[\/et_pb_text][et_pb_video src=&#8221;https:\/\/www.youtube.com\/watch?v=03_PlKWEPWw&#8221; image_src=&#8221;\/\/i.ytimg.com\/vi\/03_PlKWEPWw\/hqdefault.jpg&#8221; _builder_version=&#8221;4.9.4&#8243; _module_preset=&#8221;default&#8221; custom_margin=&#8221;||0px||false|false&#8221; custom_padding=&#8221;||0px||false|false&#8221;][\/et_pb_video][et_pb_text _builder_version=&#8221;4.9.4&#8243; _module_preset=&#8221;default&#8221; text_font_size=&#8221;12px&#8221; text_line_height=&#8221;1.4em&#8221; custom_padding=&#8221;5px||||false|false&#8221; hover_enabled=&#8221;0&#8243; locked=&#8221;off&#8221; sticky_enabled=&#8221;0&#8243;]<\/p>\n<p>Helena listando seus artistas favoritos<\/p>\n<p>[\/et_pb_text][\/et_pb_column][et_pb_column type=&#8221;1_4&#8243; _builder_version=&#8221;4.9.4&#8243; _module_preset=&#8221;default&#8221;][et_pb_image src=&#8221;https:\/\/webjornalismo.unicap.br\/infancia\/wp-content\/uploads\/2021\/06\/1-PEDRO.jpeg&#8221; title_text=&#8221;1 PEDRO&#8221; show_in_lightbox=&#8221;on&#8221; use_overlay=&#8221;on&#8221; overlay_icon_color=&#8221;#FFFFFF&#8221; hover_overlay_color=&#8221;rgba(0,0,0,0.3)&#8221; hover_icon=&#8221;%%51%%&#8221; show_bottom_space=&#8221;off&#8221; _builder_version=&#8221;4.9.4&#8243; _module_preset=&#8221;default&#8221;][\/et_pb_image][et_pb_text _builder_version=&#8221;4.9.4&#8243; _module_preset=&#8221;default&#8221; text_font_size=&#8221;12px&#8221; text_line_height=&#8221;1.4em&#8221; custom_padding=&#8221;5px||||false|false&#8221; locked=&#8221;off&#8221;]Pedro Henrique com o boneco do youtuber Luccas Neto (Foto: Arquivo pessoal)[\/et_pb_text][et_pb_image src=&#8221;https:\/\/webjornalismo.unicap.br\/infancia\/wp-content\/uploads\/2021\/06\/8-PK-XD.jpg&#8221; title_text=&#8221;8 PK XD&#8221; show_in_lightbox=&#8221;on&#8221; use_overlay=&#8221;on&#8221; overlay_icon_color=&#8221;#FFFFFF&#8221; hover_overlay_color=&#8221;rgba(0,0,0,0.3)&#8221; hover_icon=&#8221;%%51%%&#8221; show_bottom_space=&#8221;off&#8221; _builder_version=&#8221;4.9.4&#8243; _module_preset=&#8221;default&#8221;][\/et_pb_image][et_pb_text _builder_version=&#8221;4.9.4&#8243; _module_preset=&#8221;default&#8221; text_font_size=&#8221;12px&#8221; text_line_height=&#8221;1.4em&#8221; custom_padding=&#8221;5px||||false|false&#8221; locked=&#8221;off&#8221;]O jogo PK XD consiste em o jogador criar o seu pr\u00f3prio mundo virtual, tal como avatar, roupa, apar\u00eancia, estilo, casa e escolher sua aventura (Foto: Reprodu\u00e7\u00e3o\/Medium)[\/et_pb_text][\/et_pb_column][\/et_pb_row][et_pb_row column_structure=&#8221;3_4,1_4&#8243; _builder_version=&#8221;4.9.4&#8243; _module_preset=&#8221;default&#8221; custom_padding=&#8221;0px|||||&#8221;][et_pb_column type=&#8221;3_4&#8243; _builder_version=&#8221;4.9.4&#8243; _module_preset=&#8221;default&#8221;][et_pb_text _builder_version=&#8221;4.9.4&#8243; _module_preset=&#8221;default&#8221; header_3_font=&#8221;Acme||||||||&#8221; header_3_font_size=&#8221;20px&#8221;]<\/p>\n<h3>FIM DA ERA DO DVD?<\/h3>\n<p>E se houve um grande sucesso na passagem do VHS para o DVD, hoje em dia, o DVD mal \u00e9 usado. As g\u00eameas confirmam esse comportamento quando negam enfaticamente o uso desse tipo de m\u00eddia. O lugar de frequenta\u00e7\u00e3o das meninas s\u00e3o mesmo as plataformas de <em>streaming<\/em> e as redes sociais de v\u00eddeos. Quando questionada qual o seu filme preferido, ela retruca: \u201cNo YouTube ou na Netflix? Poliana\u201d.<\/p>\n<p>Veja a abertura da s\u00e9rie, que est\u00e1 dispon\u00edvel na plataforma Netflix:<\/p>\n<p>[\/et_pb_text][et_pb_video src=&#8221;https:\/\/www.youtube.com\/watch?v=2Z47DJCM11E&#8221; image_src=&#8221;\/\/i.ytimg.com\/vi\/2Z47DJCM11E\/hqdefault.jpg&#8221; _builder_version=&#8221;4.9.4&#8243; _module_preset=&#8221;default&#8221;][\/et_pb_video][et_pb_text _builder_version=&#8221;4.9.4&#8243; _module_preset=&#8221;default&#8221; header_3_font=&#8221;Acme||||||||&#8221; header_3_font_size=&#8221;20px&#8221;]<\/p>\n<p>Sua irm\u00e3, Helena, traz tamb\u00e9m a perspectiva das <em>smart<\/em> TVs, que s\u00e3o aparelhos com acesso \u00e0 internet e outras redes sociais, que chegaram ao Brasil em 2011. \u201cComo que a gente vai ver TV sem YouTube e Netflix, n\u00e9? Amo ver TV. O que eu mais gosto de assistir na TV s\u00e3o os filmes de coisas em miniatura, eu acho muito divertido\u201d, comenta, depois de dizer que seu filme preferido \u00e9 o da boneca amaldi\u00e7oada Annabelle.<\/p>\n<p>[\/et_pb_text][\/et_pb_column][et_pb_column type=&#8221;1_4&#8243; _builder_version=&#8221;4.9.4&#8243; _module_preset=&#8221;default&#8221;][et_pb_image src=&#8221;https:\/\/webjornalismo.unicap.br\/infancia\/wp-content\/uploads\/2021\/06\/9-AS-AVENTURAS-DE-POLIANA.jpg&#8221; title_text=&#8221;9 AS AVENTURAS DE POLIANA&#8221; show_in_lightbox=&#8221;on&#8221; use_overlay=&#8221;on&#8221; overlay_icon_color=&#8221;#FFFFFF&#8221; hover_overlay_color=&#8221;rgba(0,0,0,0.3)&#8221; hover_icon=&#8221;%%51%%&#8221; show_bottom_space=&#8221;off&#8221; _builder_version=&#8221;4.9.4&#8243; _module_preset=&#8221;default&#8221;][\/et_pb_image][et_pb_text _builder_version=&#8221;4.9.4&#8243; _module_preset=&#8221;default&#8221; text_font_size=&#8221;12px&#8221; text_line_height=&#8221;1.4em&#8221; custom_padding=&#8221;5px||||false|false&#8221; locked=&#8221;off&#8221;]<\/p>\n<p>A telenovela As Aventuras de Poliana \u00e9 baseada na obra infanto juvenil <em>Pollyana<\/em> que mostra a vida da jovem em uma nova cidade (Foto: Reprodu\u00e7\u00e3o\/Minas Hoje)<\/p>\n<p>[\/et_pb_text][\/et_pb_column][\/et_pb_row][\/et_pb_section]<\/p>\n","protected":false},"excerpt":{"rendered":"<p>[et_pb_section fb_built=&#8221;1&#8243; _builder_version=&#8221;4.9.4&#8243; _module_preset=&#8221;default&#8221; background_color=&#8221;#d2de9d&#8221; background_image=&#8221;https:\/\/webjornalismo.unicap.br\/infancia\/wp-content\/uploads\/2021\/05\/semicirculo-full-topo-esq.png&#8221; background_size=&#8221;initial&#8221; background_position=&#8221;top_left&#8221; custom_padding=&#8221;100px||||false|false&#8221; locked=&#8221;off&#8221;][et_pb_row _builder_version=&#8221;4.9.4&#8243; _module_preset=&#8221;default&#8221; module_alignment=&#8221;center&#8221; custom_margin=&#8221;0px||0px||false|false&#8221; custom_padding=&#8221;0px||0px||false|false&#8221;][et_pb_column type=&#8221;4_4&#8243; _builder_version=&#8221;4.9.4&#8243; _module_preset=&#8221;default&#8221;][et_pb_text _builder_version=&#8221;4.9.4&#8243; _module_preset=&#8221;default&#8221; text_text_color=&#8221;#247a94&#8243; header_text_color=&#8221;#247a94&#8243; header_font_size=&#8221;60px&#8221; header_font_size_tablet=&#8221;&#8221; header_font_size_phone=&#8221;42px&#8221; header_font_size_last_edited=&#8221;on|tablet&#8221;] O SER CRIAN\u00c7A EM TR\u00caS GERA\u00c7\u00d5ES DIFERENTES Como as viv\u00eancias culturais mudam ao longo do tempo &nbsp; Por Raissa Ara\u00fajo Moura [\/et_pb_text][\/et_pb_column][\/et_pb_row][\/et_pb_section][et_pb_section fb_built=&#8221;1&#8243; prev_background_color=&#8221;#d2de9d&#8221; _builder_version=&#8221;4.9.4&#8243; _module_preset=&#8221;default&#8221; background_color=&#8221;#f9d269&#8243; background_image=&#8221;https:\/\/webjornalismo.unicap.br\/infancia\/wp-content\/uploads\/2021\/05\/pontos-azuis.png&#8221; background_size=&#8221;initial&#8221; [&hellip;]<\/p>\n","protected":false},"author":1,"featured_media":0,"parent":0,"menu_order":0,"comment_status":"closed","ping_status":"closed","template":"","meta":{"_et_pb_use_builder":"on","_et_pb_old_content":"","_et_gb_content_width":""},"_links":{"self":[{"href":"https:\/\/webjornalismo.unicap.br\/infancia\/wp-json\/wp\/v2\/pages\/483"}],"collection":[{"href":"https:\/\/webjornalismo.unicap.br\/infancia\/wp-json\/wp\/v2\/pages"}],"about":[{"href":"https:\/\/webjornalismo.unicap.br\/infancia\/wp-json\/wp\/v2\/types\/page"}],"author":[{"embeddable":true,"href":"https:\/\/webjornalismo.unicap.br\/infancia\/wp-json\/wp\/v2\/users\/1"}],"replies":[{"embeddable":true,"href":"https:\/\/webjornalismo.unicap.br\/infancia\/wp-json\/wp\/v2\/comments?post=483"}],"version-history":[{"count":66,"href":"https:\/\/webjornalismo.unicap.br\/infancia\/wp-json\/wp\/v2\/pages\/483\/revisions"}],"predecessor-version":[{"id":961,"href":"https:\/\/webjornalismo.unicap.br\/infancia\/wp-json\/wp\/v2\/pages\/483\/revisions\/961"}],"wp:attachment":[{"href":"https:\/\/webjornalismo.unicap.br\/infancia\/wp-json\/wp\/v2\/media?parent=483"}],"curies":[{"name":"wp","href":"https:\/\/api.w.org\/{rel}","templated":true}]}}