{"id":9,"date":"2020-12-01T12:38:21","date_gmt":"2020-12-01T14:38:21","guid":{"rendered":"https:\/\/webjornalismo.unicap.br\/bonitasdecorpo\/?page_id=9"},"modified":"2020-12-17T13:37:58","modified_gmt":"2020-12-17T15:37:58","slug":"pagina-inicial","status":"publish","type":"page","link":"https:\/\/webjornalismo.unicap.br\/bonitasdecorpo\/","title":{"rendered":"P\u00e1gina Inicial"},"content":{"rendered":"<p>[et_pb_section fb_built=&#8221;1&#8243; _builder_version=&#8221;4.7.5&#8243; _module_preset=&#8221;default&#8221; background_image=&#8221;https:\/\/webjornalismo.unicap.br\/bonitasdecorpo\/wp-content\/uploads\/2020\/12\/BG-TOPO2.png&#8221; parallax=&#8221;on&#8221; custom_padding=&#8221;0px||0px||false|false&#8221;][et_pb_row use_custom_gutter=&#8221;on&#8221; gutter_width=&#8221;1&#8243; _builder_version=&#8221;4.7.5&#8243; _module_preset=&#8221;default&#8221; background_image=&#8221;https:\/\/webjornalismo.unicap.br\/bonitasdecorpo\/wp-content\/uploads\/2020\/12\/MOCAS.png&#8221; background_size=&#8221;contain&#8221; background_position=&#8221;bottom_center&#8221; width=&#8221;100%&#8221; max_width=&#8221;2560px&#8221; module_alignment=&#8221;center&#8221; min_height=&#8221;100vh&#8221; custom_margin=&#8221;0px||0px||false|false&#8221; custom_padding=&#8221;0px||0px||false|false&#8221;][et_pb_column type=&#8221;4_4&#8243; _builder_version=&#8221;4.7.4&#8243; _module_preset=&#8221;default&#8221;][\/et_pb_column][\/et_pb_row][\/et_pb_section][et_pb_section fb_built=&#8221;1&#8243; _builder_version=&#8221;4.7.4&#8243; _module_preset=&#8221;default&#8221; background_color=&#8221;#699389&#8243; custom_padding=&#8221;0px||0px||false|false&#8221;][et_pb_row make_equal=&#8221;on&#8221; _builder_version=&#8221;4.7.4&#8243; _module_preset=&#8221;default&#8221; width=&#8221;100%&#8221; custom_padding=&#8221;||0px||false|false&#8221;][et_pb_column type=&#8221;4_4&#8243; _builder_version=&#8221;4.7.4&#8243; _module_preset=&#8221;default&#8221; custom_padding=&#8221;10vh||10vh||true|false&#8221;][et_pb_text _builder_version=&#8221;4.7.7&#8243; _module_preset=&#8221;default&#8221; header_2_font=&#8221;Abril Fatface||||||||&#8221; header_2_font_size=&#8221;50px&#8221; text_orientation=&#8221;center&#8221; background_layout=&#8221;dark&#8221; width=&#8221;100%&#8221; module_alignment=&#8221;center&#8221; custom_margin=&#8221;||20px||false|false&#8221;]<\/p>\n<h2>A beleza fora do mito<\/h2>\n<p>[\/et_pb_text][et_pb_divider divider_weight=&#8221;5px&#8221; _builder_version=&#8221;4.7.4&#8243; _module_preset=&#8221;default&#8221; width=&#8221;15%&#8221; module_alignment=&#8221;center&#8221; custom_margin=&#8221;0px||0px||true|false&#8221; custom_padding=&#8221;0px||0px||false|false&#8221;][\/et_pb_divider][et_pb_text _builder_version=&#8221;4.7.7&#8243; _module_preset=&#8221;default&#8221; header_2_font=&#8221;Abril Fatface||||||||&#8221; header_2_font_size=&#8221;50px&#8221; text_orientation=&#8221;center&#8221; background_layout=&#8221;dark&#8221; width=&#8221;70%&#8221; width_tablet=&#8221;80%&#8221; width_phone=&#8221;&#8221; width_last_edited=&#8221;on|phone&#8221; module_alignment=&#8221;center&#8221; custom_margin=&#8221;10px||30px||false|false&#8221; hover_enabled=&#8221;0&#8243; sticky_enabled=&#8221;0&#8243;]A mulher foi submetida, durante muito tempo, a seguir um estilo de vida que a sociedade patriarcal ditou para ela, seguindo padr\u00f5es opressivos sociais, profissionais, ideol\u00f3gicos e est\u00e9ticos. Com a luta pela igualdade do g\u00eanero feminino, as mulheres come\u00e7aram a se emancipar dessas condi\u00e7\u00f5es impostas, resultando em uma onda de movimentos de conscientiza\u00e7\u00e3o e liberta\u00e7\u00e3o que est\u00e1 presente at\u00e9 hoje. <\/p>\n<p>A professora Ieda Cruz, formada em Hist\u00f3ria, Psicologia e em processo de Especializa\u00e7\u00e3o em Interven\u00e7\u00f5es Cl\u00ednica na Abordagem Psicanal\u00edtica, explica o conceito trazido pela autora feminista Naomi Wolf em seu livro O Mito da Beleza, lan\u00e7ado em 1992. \u201cO livro mostra para a gente como esse mito \u00e9 autorizado na sociedade patriarcal em que vivemos, como uma forma de controle dos corpos femininos e isso vai desencadear v\u00e1rias mudan\u00e7as nas vidas dessas mulheres. A autora coloca o conceito do mito da beleza como sendo um mecanismo de controle social e um tipo de sedativo pol\u00edtico, porque a partir do momento que as mulheres come\u00e7am a se preocupar demais com a sua imagem e como seus corpos est\u00e3o sendo vistos pela sociedade, elas deixam de investir em outros setores da sua vida. A sua meta se torna a busca por um corpo perfeito que n\u00e3o existe.\u201d <\/p>\n<p>\u201cA menina aprende que as hist\u00f3rias acontecem a mulheres lindas, sejam elas interessantes ou n\u00e3o. E, interessantes ou n\u00e3o, as hist\u00f3rias n\u00e3o acontecem a mulheres que n\u00e3o sejam lindas\u201d, afirmou Naomi Wolf. Assim, elas crescem em um contexto onde o corpo magro sempre est\u00e1 em evid\u00eancia, representado na m\u00eddia, filmes, capas de revistas, hist\u00f3rias infantis e visto como o padr\u00e3o mais desej\u00e1vel socialmente.<\/p>\n<p>Nesse projeto apresento os processos de autoconhecimento e liberta\u00e7\u00e3o de Geisa Agricio, Mari Cid, Rick Negreiros e Thamires Lima como uma forma de reflex\u00e3o sobre esses ideais impostos \u00e0s mulheres. Essa reflex\u00e3o tinha que partir dos seus relatos pois envolve a hist\u00f3ria dos seus corpos, identidades, dores e supera\u00e7\u00f5es. Cada uma conseguiu transformar sua viv\u00eancia em uma mensagem de inspira\u00e7\u00e3o e empoderamento para outras pessoas. Em ambientes virtuais repletos de celebridades e influenciadores digitais que bombardeiam seus seguidores com procedimentos est\u00e9ticos e produtos de emagrecimento, alimentando uma ind\u00fastria que tem o objetivo de atender um eterna insatisfa\u00e7\u00e3o nas pessoas, \u00e9 revolucion\u00e1rio encontrar criadores de conte\u00fado que celebram a diversidade da forma feminina. Afinal, somos bonitas de rosto\u2026 e de corpo tamb\u00e9m!<br \/>\n[\/et_pb_text][\/et_pb_column][\/et_pb_row][\/et_pb_section][et_pb_section fb_built=&#8221;1&#8243; _builder_version=&#8221;4.7.4&#8243; _module_preset=&#8221;default&#8221; background_color=&#8221;#5b8177&#8243; custom_padding=&#8221;0px||0px||false|false&#8221;][et_pb_row column_structure=&#8221;1_4,1_4,1_4,1_4&#8243; use_custom_gutter=&#8221;on&#8221; gutter_width=&#8221;1&#8243; make_equal=&#8221;on&#8221; _builder_version=&#8221;4.7.7&#8243; _module_preset=&#8221;default&#8221; width=&#8221;100%&#8221; max_width=&#8221;2560px&#8221; custom_padding=&#8221;0px||0px||false|false&#8221;][et_pb_column type=&#8221;1_4&#8243; _builder_version=&#8221;4.7.4&#8243; _module_preset=&#8221;default&#8221;][et_pb_blurb title=&#8221;Geisa Agricio&#8221; _builder_version=&#8221;4.7.7&#8243; _dynamic_attributes=&#8221;link_option_url&#8221; _module_preset=&#8221;default&#8221; header_font=&#8221;Abril Fatface||||||||&#8221; header_font_size=&#8221;36px&#8221; use_background_color_gradient=&#8221;on&#8221; background_color_gradient_start=&#8221;rgba(43,135,218,0)&#8221; background_color_gradient_end=&#8221;#000000&#8243; background_color_gradient_start_position=&#8221;40%&#8221; background_image=&#8221;https:\/\/webjornalismo.unicap.br\/bonitasdecorpo\/wp-content\/uploads\/2020\/12\/geisa.jpg&#8221; background_blend=&#8221;multiply&#8221; background_layout=&#8221;dark&#8221; min_height=&#8221;60vh&#8221; custom_padding=&#8221;45vh|30px|40px|30px|false|false&#8221; link_option_url=&#8221;@ET-DC@eyJkeW5hbWljIjp0cnVlLCJjb250ZW50IjoicG9zdF9saW5rX3VybF9wYWdlIiwic2V0dGluZ3MiOnsicG9zdF9pZCI6IjU4In19@&#8221; hover_enabled=&#8221;0&#8243; custom_css_main_element=&#8221;height:100%;&#8221; header_text_shadow_style=&#8221;preset3&#8243; header_text_shadow_color=&#8221;rgba(0,0,0,0.8)&#8221; text_shadow_style=&#8221;preset3&#8243; sticky_enabled=&#8221;0&#8243;]Engajada na luta contra o racismo e a gordofobia, Geisa luta por uma comunica\u00e7\u00e3o que enxerga todas as pessoas e permite que elas vivam todas as suas subjetividades. A mulher por tr\u00e1s da p\u00e1gina Gorda Que Chama, m\u00e3e de Hernesto e que chegou para ser um inc\u00f4modo nos espa\u00e7os elitizados[\/et_pb_blurb][\/et_pb_column][et_pb_column type=&#8221;1_4&#8243; admin_label=&#8221;Coluna&#8221; _builder_version=&#8221;4.7.4&#8243; _module_preset=&#8221;default&#8221;][et_pb_blurb title=&#8221;Mari Cid&#8221; _builder_version=&#8221;4.7.7&#8243; _dynamic_attributes=&#8221;link_option_url&#8221; _module_preset=&#8221;default&#8221; header_font=&#8221;Abril Fatface||||||||&#8221; header_font_size=&#8221;36px&#8221; use_background_color_gradient=&#8221;on&#8221; background_color_gradient_start=&#8221;rgba(43,135,218,0)&#8221; background_color_gradient_end=&#8221;#000000&#8243; background_color_gradient_start_position=&#8221;40%&#8221; background_image=&#8221;https:\/\/webjornalismo.unicap.br\/bonitasdecorpo\/wp-content\/uploads\/2020\/12\/mari.jpg&#8221; background_blend=&#8221;multiply&#8221; background_layout=&#8221;dark&#8221; min_height=&#8221;60vh&#8221; custom_padding=&#8221;45vh|30px|40px|30px|false|false&#8221; link_option_url=&#8221;@ET-DC@eyJkeW5hbWljIjp0cnVlLCJjb250ZW50IjoicG9zdF9saW5rX3VybF9wYWdlIiwic2V0dGluZ3MiOnsicG9zdF9pZCI6Ijc5In19@&#8221; hover_enabled=&#8221;0&#8243; custom_css_main_element=&#8221;height:100%;&#8221; header_text_shadow_style=&#8221;preset3&#8243; header_text_shadow_color=&#8221;rgba(0,0,0,0.8)&#8221; text_shadow_style=&#8221;preset3&#8243; sticky_enabled=&#8221;0&#8243;]A designer recifense conta com mais de 6 mil seguidores no seu perfil do instagram, onde trabalha conte\u00fado de forma org\u00e2nica focado em moda plus size, corpo livre e girl power. \u201cUma coisa que me levou muito para o lado do instagram \u00e9 eu ser a dona do pedestal, quem me segue sabe h\u00e1 muito tempo\u201d[\/et_pb_blurb][\/et_pb_column][et_pb_column type=&#8221;1_4&#8243; _builder_version=&#8221;4.7.4&#8243; _module_preset=&#8221;default&#8221;][et_pb_blurb title=&#8221;Rick Negreiros&#8221; _builder_version=&#8221;4.7.7&#8243; _dynamic_attributes=&#8221;link_option_url&#8221; _module_preset=&#8221;default&#8221; header_font=&#8221;Abril Fatface||||||||&#8221; header_font_size=&#8221;36px&#8221; use_background_color_gradient=&#8221;on&#8221; background_color_gradient_start=&#8221;rgba(43,135,218,0)&#8221; background_color_gradient_end=&#8221;#000000&#8243; background_color_gradient_start_position=&#8221;40%&#8221; background_image=&#8221;https:\/\/webjornalismo.unicap.br\/bonitasdecorpo\/wp-content\/uploads\/2020\/12\/rick.jpg&#8221; background_blend=&#8221;multiply&#8221; background_layout=&#8221;dark&#8221; min_height=&#8221;60vh&#8221; custom_padding=&#8221;45vh|30px|40px|30px|false|false&#8221; link_option_url=&#8221;@ET-DC@eyJkeW5hbWljIjp0cnVlLCJjb250ZW50IjoicG9zdF9saW5rX3VybF9wYWdlIiwic2V0dGluZ3MiOnsicG9zdF9pZCI6IjY3In19@&#8221; hover_enabled=&#8221;0&#8243; custom_css_main_element=&#8221;height:100%;&#8221; header_text_shadow_style=&#8221;preset3&#8243; header_text_shadow_color=&#8221;rgba(0,0,0,0.8)&#8221; text_shadow_style=&#8221;preset3&#8243; sticky_enabled=&#8221;0&#8243;]Aos 22 anos, confort\u00e1vel na pr\u00f3pria pele e trilhando seu caminho como creator, Rick conta o que aprendeu a priorizar na sua jornada com o corpo. \u201cN\u00e3o interessa qualquer outra coisa, os meus sentimentos s\u00e3o a coisa mais incr\u00edvel que eu posso ter em minha vida e ningu\u00e9m tem o direito de tirar\u2026 ningu\u00e9m consegue tirar\u201d[\/et_pb_blurb][\/et_pb_column][et_pb_column type=&#8221;1_4&#8243; _builder_version=&#8221;4.7.4&#8243; _module_preset=&#8221;default&#8221;][et_pb_blurb title=&#8221;Thamires Lima&#8221; _builder_version=&#8221;4.7.7&#8243; _dynamic_attributes=&#8221;link_option_url&#8221; _module_preset=&#8221;default&#8221; header_font=&#8221;Abril Fatface||||||||&#8221; header_font_size=&#8221;36px&#8221; use_background_color_gradient=&#8221;on&#8221; background_color_gradient_start=&#8221;rgba(43,135,218,0)&#8221; background_color_gradient_end=&#8221;#000000&#8243; background_color_gradient_start_position=&#8221;40%&#8221; background_image=&#8221;https:\/\/webjornalismo.unicap.br\/bonitasdecorpo\/wp-content\/uploads\/2020\/12\/thamyres.jpg&#8221; background_blend=&#8221;multiply&#8221; background_layout=&#8221;dark&#8221; min_height=&#8221;60vh&#8221; custom_padding=&#8221;45vh|30px|40px|30px|false|false&#8221; link_option_url=&#8221;@ET-DC@eyJkeW5hbWljIjp0cnVlLCJjb250ZW50IjoicG9zdF9saW5rX3VybF9wYWdlIiwic2V0dGluZ3MiOnsicG9zdF9pZCI6IjcwIn19@&#8221; hover_enabled=&#8221;0&#8243; custom_css_main_element=&#8221;height:100%;&#8221; header_text_shadow_style=&#8221;preset3&#8243; header_text_shadow_color=&#8221;rgba(0,0,0,0.8)&#8221; text_shadow_style=&#8221;preset3&#8243; sticky_enabled=&#8221;0&#8243;]Ela vive \u00e0 flor da pele e percebeu que partilhar sua viv\u00eancia e dificuldades poderia lev\u00e1-la mais al\u00e9m. Vindo de um contexto familiar religioso e convencional, Thamires mostra que o relacionamento com a autoestima n\u00e3o \u00e9 algo linear e sim um processo com altos e baixos[\/et_pb_blurb][\/et_pb_column][\/et_pb_row][\/et_pb_section][et_pb_section fb_built=&#8221;1&#8243; _builder_version=&#8221;4.7.4&#8243; _module_preset=&#8221;default&#8221; background_color=&#8221;#699389&#8243; custom_padding=&#8221;0px||0px||false|false&#8221;][et_pb_row column_structure=&#8221;2_5,3_5&#8243; make_equal=&#8221;on&#8221; _builder_version=&#8221;4.7.4&#8243; _module_preset=&#8221;default&#8221; width=&#8221;100%&#8221; custom_padding=&#8221;||0px||false|false&#8221;][et_pb_column type=&#8221;2_5&#8243; _builder_version=&#8221;4.7.4&#8243; _module_preset=&#8221;default&#8221; custom_padding=&#8221;10vh||10vh||true|false&#8221;][et_pb_text _builder_version=&#8221;4.7.4&#8243; _module_preset=&#8221;default&#8221; header_2_font=&#8221;Abril Fatface||||||||&#8221; header_2_font_size=&#8221;50px&#8221; text_orientation=&#8221;center&#8221; background_layout=&#8221;dark&#8221; width=&#8221;100%&#8221; module_alignment=&#8221;center&#8221; custom_margin=&#8221;||20px||false|false&#8221;]<\/p>\n<h2>#CorpoLivre<\/h2>\n<p>[\/et_pb_text][et_pb_divider divider_weight=&#8221;5px&#8221; _builder_version=&#8221;4.7.4&#8243; _module_preset=&#8221;default&#8221; width=&#8221;15%&#8221; module_alignment=&#8221;center&#8221; custom_margin=&#8221;0px||0px||true|false&#8221; custom_padding=&#8221;0px||0px||false|false&#8221;][\/et_pb_divider][et_pb_text _builder_version=&#8221;4.7.7&#8243; _module_preset=&#8221;default&#8221; header_2_font=&#8221;Abril Fatface||||||||&#8221; header_2_font_size=&#8221;50px&#8221; background_layout=&#8221;dark&#8221; width=&#8221;80%&#8221; module_alignment=&#8221;center&#8221; custom_margin=&#8221;10px||30px||false|false&#8221; hover_enabled=&#8221;0&#8243; sticky_enabled=&#8221;0&#8243;]Como um movimento virtual pode se tornar um grande aliado no combate \u00e0 gordofobia e aos padr\u00f5es de beleza? Afinal, quem decide o que \u00e9 beleza?  Influenciadoras digitais marcam presen\u00e7a nas redes para criar espa\u00e7os acolhedores que celebram todos os tipos de corpos[\/et_pb_text][et_pb_button button_url=&#8221;@ET-DC@eyJkeW5hbWljIjp0cnVlLCJjb250ZW50IjoicG9zdF9saW5rX3VybF9wYWdlIiwic2V0dGluZ3MiOnsicG9zdF9pZCI6IjUxIn19@&#8221; button_text=&#8221;Leia mais&#8221; button_alignment=&#8221;center&#8221; _builder_version=&#8221;4.7.4&#8243; _dynamic_attributes=&#8221;button_url&#8221; custom_button=&#8221;on&#8221; button_text_size=&#8221;14px&#8221; button_text_color=&#8221;#ffffff&#8221; button_bg_color=&#8221;#7ebec5&#8243; button_border_width=&#8221;8px&#8221; button_border_color=&#8221;#7ebec5&#8243; button_border_radius=&#8221;0px&#8221; button_letter_spacing=&#8221;2px&#8221; button_font=&#8221;Poppins|600||on|||||&#8221; button_icon=&#8221;%%3%%&#8221; custom_margin=&#8221;20px|||&#8221; animation_style=&#8221;fade&#8221; locked=&#8221;off&#8221; button_text_size__hover_enabled=&#8221;off&#8221; button_one_text_size__hover_enabled=&#8221;off&#8221; button_two_text_size__hover_enabled=&#8221;off&#8221; button_text_color__hover_enabled=&#8221;off&#8221; button_one_text_color__hover_enabled=&#8221;off&#8221; button_two_text_color__hover_enabled=&#8221;off&#8221; button_border_width__hover_enabled=&#8221;off&#8221; button_one_border_width__hover_enabled=&#8221;off&#8221; button_two_border_width__hover_enabled=&#8221;off&#8221; button_border_color__hover_enabled=&#8221;off&#8221; button_one_border_color__hover_enabled=&#8221;off&#8221; button_two_border_color__hover_enabled=&#8221;off&#8221; button_border_radius__hover_enabled=&#8221;off&#8221; button_one_border_radius__hover_enabled=&#8221;off&#8221; button_two_border_radius__hover_enabled=&#8221;off&#8221; button_letter_spacing__hover_enabled=&#8221;off&#8221; button_one_letter_spacing__hover_enabled=&#8221;off&#8221; button_two_letter_spacing__hover_enabled=&#8221;off&#8221; button_bg_color__hover_enabled=&#8221;off&#8221; button_one_bg_color__hover_enabled=&#8221;off&#8221; button_two_bg_color__hover_enabled=&#8221;off&#8221;][\/et_pb_button][\/et_pb_column][et_pb_column type=&#8221;3_5&#8243; _builder_version=&#8221;4.7.4&#8243; _module_preset=&#8221;default&#8221;][et_pb_image src=&#8221;https:\/\/webjornalismo.unicap.br\/bonitasdecorpo\/wp-content\/uploads\/2020\/12\/materia3.png&#8221; title_text=&#8221;materia3&#8243; _builder_version=&#8221;4.7.4&#8243; _module_preset=&#8221;default&#8221;][\/et_pb_image][\/et_pb_column][\/et_pb_row][\/et_pb_section][et_pb_section fb_built=&#8221;1&#8243; _builder_version=&#8221;4.7.4&#8243; _module_preset=&#8221;default&#8221; background_color=&#8221;#dc5958&#8243; custom_padding=&#8221;0px||0px||false|false&#8221;][et_pb_row column_structure=&#8221;3_5,2_5&#8243; make_equal=&#8221;on&#8221; _builder_version=&#8221;4.7.4&#8243; _module_preset=&#8221;default&#8221; width=&#8221;100%&#8221; custom_padding=&#8221;||0px||false|false&#8221;][et_pb_column type=&#8221;3_5&#8243; _builder_version=&#8221;4.7.4&#8243; _module_preset=&#8221;default&#8221;][et_pb_image src=&#8221;https:\/\/webjornalismo.unicap.br\/bonitasdecorpo\/wp-content\/uploads\/2020\/12\/materia2.png&#8221; title_text=&#8221;materia2&#8243; _builder_version=&#8221;4.7.4&#8243; _module_preset=&#8221;default&#8221;][\/et_pb_image][\/et_pb_column][et_pb_column type=&#8221;2_5&#8243; _builder_version=&#8221;4.7.4&#8243; _module_preset=&#8221;default&#8221; custom_padding=&#8221;10vh||10vh||true|false&#8221;][et_pb_text _builder_version=&#8221;4.7.4&#8243; _module_preset=&#8221;default&#8221; header_2_font=&#8221;Abril Fatface||||||||&#8221; header_2_font_size=&#8221;50px&#8221; text_orientation=&#8221;center&#8221; background_layout=&#8221;dark&#8221; width=&#8221;100%&#8221; module_alignment=&#8221;center&#8221; custom_margin=&#8221;||20px||false|false&#8221;]<\/p>\n<h2>Censura de corpos<\/h2>\n<p>[\/et_pb_text][et_pb_divider divider_weight=&#8221;5px&#8221; _builder_version=&#8221;4.7.4&#8243; _module_preset=&#8221;default&#8221; width=&#8221;15%&#8221; module_alignment=&#8221;center&#8221; custom_margin=&#8221;0px||0px||true|false&#8221; custom_padding=&#8221;0px||0px||false|false&#8221;][\/et_pb_divider][et_pb_text _builder_version=&#8221;4.7.7&#8243; _module_preset=&#8221;default&#8221; header_2_font=&#8221;Abril Fatface||||||||&#8221; header_2_font_size=&#8221;50px&#8221; text_orientation=&#8221;right&#8221; background_layout=&#8221;dark&#8221; width=&#8221;80%&#8221; module_alignment=&#8221;center&#8221; custom_margin=&#8221;10px||30px||false|false&#8221; hover_enabled=&#8221;0&#8243; sticky_enabled=&#8221;0&#8243;]Conhe\u00e7a o caso de Nyome Williams, a modelo plus size negra que conseguiu mudar a pol\u00edtica de nudez do Instagram e do Facebook atrav\u00e9s de uma campanha online[\/et_pb_text][et_pb_button button_url=&#8221;@ET-DC@eyJkeW5hbWljIjp0cnVlLCJjb250ZW50IjoicG9zdF9saW5rX3VybF9wYWdlIiwic2V0dGluZ3MiOnsicG9zdF9pZCI6IjU1In19@&#8221; button_text=&#8221;Leia mais&#8221; button_alignment=&#8221;center&#8221; _builder_version=&#8221;4.7.4&#8243; _dynamic_attributes=&#8221;button_url&#8221; custom_button=&#8221;on&#8221; button_text_size=&#8221;14px&#8221; button_text_color=&#8221;#ffffff&#8221; button_bg_color=&#8221;#7ebec5&#8243; button_border_width=&#8221;8px&#8221; button_border_color=&#8221;#7ebec5&#8243; button_border_radius=&#8221;0px&#8221; button_letter_spacing=&#8221;2px&#8221; button_font=&#8221;Poppins|600||on|||||&#8221; button_icon=&#8221;%%3%%&#8221; custom_margin=&#8221;20px|||&#8221; animation_style=&#8221;fade&#8221; locked=&#8221;off&#8221; button_text_size__hover_enabled=&#8221;off&#8221; button_one_text_size__hover_enabled=&#8221;off&#8221; button_two_text_size__hover_enabled=&#8221;off&#8221; button_text_color__hover_enabled=&#8221;off&#8221; button_one_text_color__hover_enabled=&#8221;off&#8221; button_two_text_color__hover_enabled=&#8221;off&#8221; button_border_width__hover_enabled=&#8221;off&#8221; button_one_border_width__hover_enabled=&#8221;off&#8221; button_two_border_width__hover_enabled=&#8221;off&#8221; button_border_color__hover_enabled=&#8221;off&#8221; button_one_border_color__hover_enabled=&#8221;off&#8221; button_two_border_color__hover_enabled=&#8221;off&#8221; button_border_radius__hover_enabled=&#8221;off&#8221; button_one_border_radius__hover_enabled=&#8221;off&#8221; button_two_border_radius__hover_enabled=&#8221;off&#8221; button_letter_spacing__hover_enabled=&#8221;off&#8221; button_one_letter_spacing__hover_enabled=&#8221;off&#8221; button_two_letter_spacing__hover_enabled=&#8221;off&#8221; button_bg_color__hover_enabled=&#8221;off&#8221; button_one_bg_color__hover_enabled=&#8221;off&#8221; button_two_bg_color__hover_enabled=&#8221;off&#8221;][\/et_pb_button][\/et_pb_column][\/et_pb_row][\/et_pb_section][et_pb_section fb_built=&#8221;1&#8243; _builder_version=&#8221;4.7.7&#8243; _module_preset=&#8221;default&#8221; background_color=&#8221;#333&#8243;][et_pb_row _builder_version=&#8221;4.7.7&#8243; _module_preset=&#8221;default&#8221;][et_pb_column type=&#8221;4_4&#8243; _builder_version=&#8221;4.7.7&#8243; _module_preset=&#8221;default&#8221;][et_pb_text _builder_version=&#8221;4.7.7&#8243; _module_preset=&#8221;default&#8221; background_enable_color=&#8221;off&#8221; background_layout=&#8221;dark&#8221; hover_enabled=&#8221;0&#8243; sticky_enabled=&#8221;0&#8243;]<\/p>\n<h2>Expediente<\/h2>\n<p><strong>Trabalho de conclus\u00e3o de curso em Jornalismo da Universidade Cat\u00f3lica de Pernambuco.<\/strong><\/p>\n<p><strong>Produ\u00e7\u00e3o e reportagem:<\/strong> Lara Salviano \u2022 <strong>Orienta\u00e7\u00e3o:<\/strong> Carla Teixeira \u2022 <strong>Capta\u00e7\u00e3o de \u00c1udio e Entrevistas:<\/strong> Lara Salviano \u2022 <strong>Fotografias das fontes:<\/strong> Amanda Nakao, Mari Cid, Vithor Gabriel, Rick Negreiros, Luis Henrique, Thamires Lima, Camila Roma, Keliana Cerri e Vit\u00f3ria Lima \u2022 <strong>Webdesign:<\/strong> Jota Bosco<\/p>\n<p>[\/et_pb_text][\/et_pb_column][\/et_pb_row][\/et_pb_section]<\/p>\n","protected":false},"excerpt":{"rendered":"<p>[et_pb_section fb_built=&#8221;1&#8243; _builder_version=&#8221;4.7.5&#8243; _module_preset=&#8221;default&#8221; background_image=&#8221;https:\/\/webjornalismo.unicap.br\/bonitasdecorpo\/wp-content\/uploads\/2020\/12\/BG-TOPO2.png&#8221; parallax=&#8221;on&#8221; custom_padding=&#8221;0px||0px||false|false&#8221;][et_pb_row use_custom_gutter=&#8221;on&#8221; gutter_width=&#8221;1&#8243; _builder_version=&#8221;4.7.5&#8243; _module_preset=&#8221;default&#8221; background_image=&#8221;https:\/\/webjornalismo.unicap.br\/bonitasdecorpo\/wp-content\/uploads\/2020\/12\/MOCAS.png&#8221; background_size=&#8221;contain&#8221; background_position=&#8221;bottom_center&#8221; width=&#8221;100%&#8221; max_width=&#8221;2560px&#8221; module_alignment=&#8221;center&#8221; min_height=&#8221;100vh&#8221; custom_margin=&#8221;0px||0px||false|false&#8221; custom_padding=&#8221;0px||0px||false|false&#8221;][et_pb_column type=&#8221;4_4&#8243; _builder_version=&#8221;4.7.4&#8243; _module_preset=&#8221;default&#8221;][\/et_pb_column][\/et_pb_row][\/et_pb_section][et_pb_section fb_built=&#8221;1&#8243; _builder_version=&#8221;4.7.4&#8243; _module_preset=&#8221;default&#8221; background_color=&#8221;#699389&#8243; custom_padding=&#8221;0px||0px||false|false&#8221;][et_pb_row make_equal=&#8221;on&#8221; _builder_version=&#8221;4.7.4&#8243; _module_preset=&#8221;default&#8221; width=&#8221;100%&#8221; custom_padding=&#8221;||0px||false|false&#8221;][et_pb_column type=&#8221;4_4&#8243; _builder_version=&#8221;4.7.4&#8243; _module_preset=&#8221;default&#8221; custom_padding=&#8221;10vh||10vh||true|false&#8221;][et_pb_text _builder_version=&#8221;4.7.7&#8243; _module_preset=&#8221;default&#8221; header_2_font=&#8221;Abril Fatface||||||||&#8221; header_2_font_size=&#8221;50px&#8221; text_orientation=&#8221;center&#8221; background_layout=&#8221;dark&#8221; width=&#8221;100%&#8221; module_alignment=&#8221;center&#8221; custom_margin=&#8221;||20px||false|false&#8221;] A beleza fora do mito [\/et_pb_text][et_pb_divider divider_weight=&#8221;5px&#8221; _builder_version=&#8221;4.7.4&#8243; [&hellip;]<\/p>\n","protected":false},"author":2,"featured_media":0,"parent":0,"menu_order":0,"comment_status":"closed","ping_status":"closed","template":"","meta":{"_et_pb_use_builder":"on","_et_pb_old_content":"","_et_gb_content_width":""},"_links":{"self":[{"href":"https:\/\/webjornalismo.unicap.br\/bonitasdecorpo\/wp-json\/wp\/v2\/pages\/9"}],"collection":[{"href":"https:\/\/webjornalismo.unicap.br\/bonitasdecorpo\/wp-json\/wp\/v2\/pages"}],"about":[{"href":"https:\/\/webjornalismo.unicap.br\/bonitasdecorpo\/wp-json\/wp\/v2\/types\/page"}],"author":[{"embeddable":true,"href":"https:\/\/webjornalismo.unicap.br\/bonitasdecorpo\/wp-json\/wp\/v2\/users\/2"}],"replies":[{"embeddable":true,"href":"https:\/\/webjornalismo.unicap.br\/bonitasdecorpo\/wp-json\/wp\/v2\/comments?post=9"}],"version-history":[{"count":25,"href":"https:\/\/webjornalismo.unicap.br\/bonitasdecorpo\/wp-json\/wp\/v2\/pages\/9\/revisions"}],"predecessor-version":[{"id":251,"href":"https:\/\/webjornalismo.unicap.br\/bonitasdecorpo\/wp-json\/wp\/v2\/pages\/9\/revisions\/251"}],"wp:attachment":[{"href":"https:\/\/webjornalismo.unicap.br\/bonitasdecorpo\/wp-json\/wp\/v2\/media?parent=9"}],"curies":[{"name":"wp","href":"https:\/\/api.w.org\/{rel}","templated":true}]}}