{"id":79,"date":"2020-12-01T15:32:46","date_gmt":"2020-12-01T17:32:46","guid":{"rendered":"https:\/\/webjornalismo.unicap.br\/bonitasdecorpo\/?page_id=79"},"modified":"2020-12-15T21:18:10","modified_gmt":"2020-12-15T23:18:10","slug":"mari-cids-2","status":"publish","type":"page","link":"https:\/\/webjornalismo.unicap.br\/bonitasdecorpo\/mari-cids-2\/","title":{"rendered":"Mari Cid"},"content":{"rendered":"<p>[et_pb_section fb_built=&#8221;1&#8243; fullwidth=&#8221;on&#8221; _builder_version=&#8221;4.7.4&#8243; _module_preset=&#8221;default&#8221; background_image=&#8221;https:\/\/webjornalismo.unicap.br\/bonitasdecorpo\/wp-content\/uploads\/2020\/12\/mari-topo.jpg&#8221;][et_pb_fullwidth_post_title meta=&#8221;off&#8221; featured_placement=&#8221;background&#8221; text_color=&#8221;light&#8221; _builder_version=&#8221;4.7.4&#8243; _module_preset=&#8221;default&#8221; title_text_color=&#8221;#ffffff&#8221; title_font_size=&#8221;70px&#8221; use_background_color_gradient=&#8221;on&#8221; background_color_gradient_start=&#8221;rgba(43,135,218,0)&#8221; background_color_gradient_end=&#8221;#000000&#8243; background_color_gradient_direction=&#8221;140deg&#8221; text_orientation=&#8221;right&#8221; custom_padding=&#8221;30vh||30vh||true|false&#8221;][\/et_pb_fullwidth_post_title][\/et_pb_section][et_pb_section fb_built=&#8221;1&#8243; _builder_version=&#8221;4.7.4&#8243; _module_preset=&#8221;default&#8221; background_color=&#8221;#79ab9e&#8221;][et_pb_row column_structure=&#8221;1_2,1_2&#8243; _builder_version=&#8221;4.7.4&#8243; _module_preset=&#8221;default&#8221;][et_pb_column type=&#8221;1_2&#8243; _builder_version=&#8221;4.7.4&#8243; _module_preset=&#8221;default&#8221;][et_pb_text _builder_version=&#8221;4.7.5&#8243; _module_preset=&#8221;default&#8221; header_font_size=&#8221;40px&#8221; background_layout=&#8221;dark&#8221; hover_enabled=&#8221;0&#8243; sticky_enabled=&#8221;0&#8243;]<\/p>\n<h1>Despir, vestir e colorir!<\/h1>\n<p>O constrangimento de usar uma sombra colorida, um cropped ou um biqu\u00edni ficou para tr\u00e1s  na era dos movimentos de liberta\u00e7\u00e3o na internet, \u00e9 isso que Mariana Cid vem trazendo para inspirar outras mulheres. A recifense tem 28 anos, \u00e9 formada em publicidade, design gr\u00e1fico e, atualmente, produz conte\u00fados sobre o empoderamento de mulheres gordas, moda plus size e representatividade. Por\u00e9m, nem sempre foi assim, desde muito jovem ela lutou contra seu corpo, pois acreditava que tinha tend\u00eancia a engordar com mais facilidade por vir de uma fam\u00edlia de obesos. <\/p>\n<p>\u201cTinha muito essa luta contra a balan\u00e7a, n\u00e3o fui uma crian\u00e7a gorda porque minha m\u00e3e controlava muito minha alimenta\u00e7\u00e3o. Quando fui crescendo, tive alguns problemas porque eu nunca era igual as meninas do col\u00e9gio\u2026 Elas eram sempre mag\u00e9rrimas e mainha falava que eu tinha o esqueleto grosso com ossos fortes e largos.\u201d, recorda Mari sobre a adolesc\u00eancia.<\/p>\n<p>Durante essa fase, a jornada para a constru\u00e7\u00e3o da autoestima das meninas \u00e9 um processo com muitos altos e baixos. Desde jovens, elas s\u00e3o cobradas socialmente a limitar seus comportamentos com ensinamentos que v\u00e3o desde a maneira tida como correta para se  portar e gesticular, at\u00e9 proibi\u00e7\u00f5es baseadas no machismo. A apar\u00eancia tamb\u00e9m n\u00e3o fica de fora, os padr\u00f5es euroc\u00eantricos costumam ser cobrados at\u00e9 mesmo de pessoas com realidades completamente opostas a esta. O padr\u00e3o que determina diz que \u00e9 preciso ser branca, loira, magra e de cabelo liso custa a sa\u00fade f\u00edsica e mental de muitas mulheres anualmente. <\/p>\n<p>Nesse sentido, a Dove vem desenvolvendo um projeto chamado \u201cDove pela Autoestima\u201d desde 2004 com o objetivo de promover pesquisas sobre autoestima, imagem e confian\u00e7a corporal de mulheres e meninas.[\/et_pb_text][et_pb_code _builder_version=&#8221;4.7.5&#8243; _module_preset=&#8221;default&#8221; hover_enabled=&#8221;0&#8243; sticky_enabled=&#8221;0&#8243;]<\/p>\n<div class=\"infogram-embed\" data-id=\"6470476d-4ea5-498f-98e1-41145721aea5\" data-type=\"interactive\" data-title=\"Infogr\u00e1fico - Perfil Mari Cids\"><\/div>\n<p><script>!function(e,i,n,s){var t=\"InfogramEmbeds\",d=e.getElementsByTagName(\"script\")[0];if(window[t]&&window[t].initialized)window[t].process&&window[t].process();else if(!e.getElementById(n)){var o=e.createElement(\"script\");o.async=1,o.id=n,o.src=\"https:\/\/e.infogram.com\/js\/dist\/embed-loader-min.js\",d.parentNode.insertBefore(o,d)}}(document,0,\"infogram-async\");<\/script>[\/et_pb_code][\/et_pb_column][et_pb_column type=&#8221;1_2&#8243; _builder_version=&#8221;4.7.4&#8243; _module_preset=&#8221;default&#8221;][et_pb_image src=&#8221;https:\/\/webjornalismo.unicap.br\/bonitasdecorpo\/wp-content\/uploads\/2020\/12\/mari2.jpg&#8221; title_text=&#8221;mari2&#8243; _builder_version=&#8221;4.7.4&#8243; _module_preset=&#8221;default&#8221;][\/et_pb_image][\/et_pb_column][\/et_pb_row][et_pb_row _builder_version=&#8221;4.7.4&#8243; _module_preset=&#8221;default&#8221;][et_pb_column type=&#8221;4_4&#8243; _builder_version=&#8221;4.7.4&#8243; _module_preset=&#8221;default&#8221;][et_pb_text _builder_version=&#8221;4.7.5&#8243; _module_preset=&#8221;default&#8221; header_font_size=&#8221;40px&#8221; background_layout=&#8221;dark&#8221; width=&#8221;50%&#8221; hover_enabled=&#8221;0&#8243; width__hover_enabled=&#8221;off|desktop&#8221; width_last_edited=&#8221;on|phone&#8221; width_phone=&#8221;100%&#8221; sticky_enabled=&#8221;0&#8243; width_tablet=&#8221;100%&#8221; locked=&#8221;off&#8221;]<\/p>\n<p>Mari nunca considerou ter o peso \u201cideal\u201d de acordo com os <a href=\"https:\/\/mundoeducacao.uol.com.br\/saude-bem-estar\/imc.htm\" target=\"_blank\" rel=\"noopener noreferrer\">padr\u00f5es do IMC<\/a>, mas devido \u00e0 rotina exaustiva durante seu primeiro emprego, ela n\u00e3o conseguia manter hor\u00e1rios regulares de almo\u00e7o e optava pelas op\u00e7\u00f5es mais pr\u00e1ticas. \u201cDurante esse per\u00edodo de 2 anos, eu engordei 30 quilos. Eu sa\u00ed dos 70 quilos e fui para 100, foi uma mudan\u00e7a dr\u00e1stica na minha vida porque eu comecei a perceber como as pessoas ao redor estavam reagindo ao meu novo corpo\u201d.<\/p>\n<p>[\/et_pb_text][et_pb_audio audio=&#8221;https:\/\/webjornalismo.unicap.br\/bonitasdecorpo\/wp-content\/uploads\/2020\/12\/audio-1-mari-cid.mp3&#8243; title=&#8221;Entrevista com Mari &#8211; Parte 1&#8243; _builder_version=&#8221;4.7.5&#8243; _module_preset=&#8221;default&#8221; width=&#8221;500px&#8221; hover_enabled=&#8221;0&#8243; width_last_edited=&#8221;on|phone&#8221; width_phone=&#8221;100%&#8221; sticky_enabled=&#8221;0&#8243; width_tablet=&#8221;100%&#8221; locked=&#8221;off&#8221; title_text=&#8221;audio 1 &#8211; mari cid&#8221;][\/et_pb_audio][et_pb_text _builder_version=&#8221;4.7.5&#8243; _module_preset=&#8221;default&#8221; header_font_size=&#8221;40px&#8221; background_layout=&#8221;dark&#8221; width=&#8221;50%&#8221; hover_enabled=&#8221;0&#8243; sticky_enabled=&#8221;0&#8243; width_last_edited=&#8221;on|phone&#8221; width_phone=&#8221;100%&#8221; width_tablet=&#8221;100%&#8221; locked=&#8221;off&#8221;]Aos poucos, Mari entendeu que alguns ambientes e relacionamentos estavam sendo prejudiciais para o seu bem-estar. \u201cEu tinha terminado a minha segunda faculdade, estava morando fora de casa e foi extremamente libertador. Esse processo mudou meu jeito de me relacionar com as pessoas, at\u00e9 amorosamente. Quando eu acabei o namoro, que foi no come\u00e7o de 2015, eu fiquei muito mal e comecei a perceber que at\u00e9 quando eu tinha alguma paquera, algo mais casual com alguma pessoa, eu me depreciava muito, eu me sujeitava a muitas coisas negativas.\u201d<\/p>\n<p>Em 2016, Mari conheceu seu companheiro atual no tinder e finalmente sentiu o que esperava de um relacionamento saud\u00e1vel, uma pessoa que gostava da sua companhia e personalidade e assim ela conseguiu ver nessa rela\u00e7\u00e3o todos os pontos negativos aos quais ela se sujeitou por muito tempo em outras.[\/et_pb_text][et_pb_video src=&#8221;https:\/\/www.youtube.com\/watch?v=_SCRRZFMWSA&#8221; _builder_version=&#8221;4.7.5&#8243; _module_preset=&#8221;default&#8221; hover_enabled=&#8221;0&#8243; sticky_enabled=&#8221;0&#8243;][\/et_pb_video][et_pb_text _builder_version=&#8221;4.7.5&#8243; _module_preset=&#8221;default&#8221; header_font_size=&#8221;40px&#8221; background_layout=&#8221;dark&#8221; width=&#8221;50%&#8221; hover_enabled=&#8221;0&#8243; sticky_enabled=&#8221;0&#8243; width_last_edited=&#8221;on|phone&#8221; width_phone=&#8221;100%&#8221; width_tablet=&#8221;100%&#8221; locked=&#8221;off&#8221;]<\/p>\n<p>Completando 3 anos de atividade no instagram (<a href=\"https:\/\/www.instagram.com\/maricids\/\" target=\"_blank\" rel=\"noopener noreferrer\">@maricids<\/a>), Mari sempre procurou \u00e1reas de criatividade para se expressar e um grande inc\u00f4modo que ela tinha era a dificuldade que enfrentava para usar moda alternativa, vestindo acima de 48 e com um sal\u00e1rio base que s\u00f3 dava para sustentar o b\u00e1sico todo m\u00eas. Ent\u00e3o, ela come\u00e7ou a divulgar as lojas que encontrava pelo Recife que tinham moda plus size e um pre\u00e7o em conta, da\u00ed o nome inicial de seu perfil ser \u201ctem tamanho maior\u201d.<\/p>\n<p>[\/et_pb_text][et_pb_audio audio=&#8221;https:\/\/webjornalismo.unicap.br\/bonitasdecorpo\/wp-content\/uploads\/2020\/12\/audio-2-mari-cid.mp3&#8243; title=&#8221;Entrevista com Mari &#8211; Parte 2&#8243; _builder_version=&#8221;4.7.5&#8243; _module_preset=&#8221;default&#8221; width=&#8221;500px&#8221; hover_enabled=&#8221;0&#8243; width_last_edited=&#8221;on|phone&#8221; width_phone=&#8221;100%&#8221; sticky_enabled=&#8221;0&#8243; width_tablet=&#8221;100%&#8221; locked=&#8221;off&#8221; title_text=&#8221;audio 2 &#8211; mari cid&#8221;][\/et_pb_audio][et_pb_text _builder_version=&#8221;4.7.5&#8243; _module_preset=&#8221;default&#8221; header_font_size=&#8221;40px&#8221; background_layout=&#8221;dark&#8221; width=&#8221;50%&#8221; hover_enabled=&#8221;0&#8243; sticky_enabled=&#8221;0&#8243; width_last_edited=&#8221;on|phone&#8221; width_phone=&#8221;100%&#8221; width_tablet=&#8221;100%&#8221; locked=&#8221;off&#8221;]Desde 2015, a moda plus size come\u00e7ou a ganhar destaque nas redes sociais e sempre teve interesse na \u00e1rea. Ent\u00e3o, ela come\u00e7ou a estudar e se aprofundar nos temas relacionados ao ativismo gordo, movimento body positive e fatshion para poder debat\u00ea-los com mais propriedade. \u201cEu estou vendo que est\u00e1 tendo este movimento das grandes marcas, pelo menos das lojas de departamentos, de se conscientizarem um pouco mais e aumentarem a gralha aos poucos, mas ainda \u00e9 preciso explorar mais esse mercado\u201d. A maioria das marcas categorizam o plus size como todos os tamanhos a partir do 44, por\u00e9m um estudo do Senai feito em 2013 mostra que o padr\u00e3o de medidas da mulher brasileira est\u00e1 entre o tamanho 42 e 46.<\/p>\n<p>\u201cA hist\u00f3ria da gordofobia afeta muito o psicol\u00f3gico das pessoas sabe, \u00e9 uma contradi\u00e7\u00e3o voc\u00ea dizer que se preocupa com a sa\u00fade da pessoa por que \u00e9 gorda e ela est\u00e1 com as taxas alteradas e isso incentiva outras pessoas a serem assim\u201d, explica a publicit\u00e1ria. Atrav\u00e9s dos seus seguidores, Mari percebeu que seu conte\u00fado n\u00e3o podia focar s\u00f3 em roupas, se ela estava dialogando com um nicho de mulheres gordas, ela tinha que abordar assuntos relacionados ao corpo e autoestima primeiro.[\/et_pb_text][et_pb_audio audio=&#8221;https:\/\/webjornalismo.unicap.br\/bonitasdecorpo\/wp-content\/uploads\/2020\/12\/audio-3-mari-cid.mp3&#8243; title=&#8221;Entrevista com Mari &#8211; Parte 3&#8243; _builder_version=&#8221;4.7.5&#8243; _module_preset=&#8221;default&#8221; width=&#8221;500px&#8221; hover_enabled=&#8221;0&#8243; width_last_edited=&#8221;on|phone&#8221; width_phone=&#8221;100%&#8221; sticky_enabled=&#8221;0&#8243; width_tablet=&#8221;100%&#8221; locked=&#8221;off&#8221; title_text=&#8221;audio 3 &#8211; mari cid&#8221;][\/et_pb_audio][et_pb_text _builder_version=&#8221;4.7.5&#8243; _module_preset=&#8221;default&#8221; header_font_size=&#8221;40px&#8221; background_layout=&#8221;dark&#8221; width=&#8221;50%&#8221; hover_enabled=&#8221;0&#8243; sticky_enabled=&#8221;0&#8243; width_last_edited=&#8221;on|phone&#8221; width_phone=&#8221;100%&#8221; width_tablet=&#8221;100%&#8221; locked=&#8221;off&#8221;]<\/p>\n<p>O reconhecimento para Mari \u00e9 poder observar o impacto que ela tem em suas seguidoras: \u201ceu fico muito muito assustada com a quantidade de mensagens que eu recebo e eu sou uma produtora de conte\u00fado muito pequena, eu tenho 6.000 e poucos seguidores aqui de Recife e Olinda. Mas \u00e9 assustador como eu recebo mensagem de mulheres que nunca usaram um biquini e por minha causa decidiram comprar um ou nunca botavam a barriga de fora\u2026 o bra\u00e7o\u2026 Isso pra mim \u00e9 o meu prop\u00f3sito!\u201d. \u00c9 atrav\u00e9s desse feedback que ela percebe o quanto \u00e9 fundamental ter representatividade nos meios, principalmente nas redes sociais como o instagram que <a href=\"https:\/\/webjornalismo.unicap.br\/bonitasdecorpo\/censura-de-corpos\/\">tendem a dar mais relev\u00e2ncia<\/a> para perfis de mulheres magras, brancas e de cabelos lisos.<\/p>\n<p>[\/et_pb_text][et_pb_audio audio=&#8221;https:\/\/webjornalismo.unicap.br\/bonitasdecorpo\/wp-content\/uploads\/2020\/12\/audio-4-mari-cid.mp3&#8243; title=&#8221;Entrevista com Mari &#8211; Parte 4&#8243; _builder_version=&#8221;4.7.5&#8243; _module_preset=&#8221;default&#8221; width=&#8221;500px&#8221; hover_enabled=&#8221;0&#8243; width_last_edited=&#8221;on|phone&#8221; width_phone=&#8221;100%&#8221; sticky_enabled=&#8221;0&#8243; width_tablet=&#8221;100%&#8221; locked=&#8221;off&#8221; title_text=&#8221;audio 4 &#8211; mari cid&#8221;][\/et_pb_audio][\/et_pb_column][\/et_pb_row][\/et_pb_section]<\/p>\n","protected":false},"excerpt":{"rendered":"<p>[et_pb_section fb_built=&#8221;1&#8243; fullwidth=&#8221;on&#8221; _builder_version=&#8221;4.7.4&#8243; _module_preset=&#8221;default&#8221; background_image=&#8221;https:\/\/webjornalismo.unicap.br\/bonitasdecorpo\/wp-content\/uploads\/2020\/12\/mari-topo.jpg&#8221;][et_pb_fullwidth_post_title meta=&#8221;off&#8221; featured_placement=&#8221;background&#8221; text_color=&#8221;light&#8221; _builder_version=&#8221;4.7.4&#8243; _module_preset=&#8221;default&#8221; title_text_color=&#8221;#ffffff&#8221; title_font_size=&#8221;70px&#8221; use_background_color_gradient=&#8221;on&#8221; background_color_gradient_start=&#8221;rgba(43,135,218,0)&#8221; background_color_gradient_end=&#8221;#000000&#8243; background_color_gradient_direction=&#8221;140deg&#8221; text_orientation=&#8221;right&#8221; custom_padding=&#8221;30vh||30vh||true|false&#8221;][\/et_pb_fullwidth_post_title][\/et_pb_section][et_pb_section fb_built=&#8221;1&#8243; _builder_version=&#8221;4.7.4&#8243; _module_preset=&#8221;default&#8221; background_color=&#8221;#79ab9e&#8221;][et_pb_row column_structure=&#8221;1_2,1_2&#8243; _builder_version=&#8221;4.7.4&#8243; _module_preset=&#8221;default&#8221;][et_pb_column type=&#8221;1_2&#8243; _builder_version=&#8221;4.7.4&#8243; _module_preset=&#8221;default&#8221;][et_pb_text _builder_version=&#8221;4.7.5&#8243; _module_preset=&#8221;default&#8221; header_font_size=&#8221;40px&#8221; background_layout=&#8221;dark&#8221; hover_enabled=&#8221;0&#8243; sticky_enabled=&#8221;0&#8243;] Despir, vestir e colorir! O constrangimento de usar uma sombra colorida, um cropped ou um biqu\u00edni ficou para tr\u00e1s na [&hellip;]<\/p>\n","protected":false},"author":2,"featured_media":0,"parent":0,"menu_order":0,"comment_status":"closed","ping_status":"closed","template":"","meta":{"_et_pb_use_builder":"on","_et_pb_old_content":"","_et_gb_content_width":""},"_links":{"self":[{"href":"https:\/\/webjornalismo.unicap.br\/bonitasdecorpo\/wp-json\/wp\/v2\/pages\/79"}],"collection":[{"href":"https:\/\/webjornalismo.unicap.br\/bonitasdecorpo\/wp-json\/wp\/v2\/pages"}],"about":[{"href":"https:\/\/webjornalismo.unicap.br\/bonitasdecorpo\/wp-json\/wp\/v2\/types\/page"}],"author":[{"embeddable":true,"href":"https:\/\/webjornalismo.unicap.br\/bonitasdecorpo\/wp-json\/wp\/v2\/users\/2"}],"replies":[{"embeddable":true,"href":"https:\/\/webjornalismo.unicap.br\/bonitasdecorpo\/wp-json\/wp\/v2\/comments?post=79"}],"version-history":[{"count":11,"href":"https:\/\/webjornalismo.unicap.br\/bonitasdecorpo\/wp-json\/wp\/v2\/pages\/79\/revisions"}],"predecessor-version":[{"id":193,"href":"https:\/\/webjornalismo.unicap.br\/bonitasdecorpo\/wp-json\/wp\/v2\/pages\/79\/revisions\/193"}],"wp:attachment":[{"href":"https:\/\/webjornalismo.unicap.br\/bonitasdecorpo\/wp-json\/wp\/v2\/media?parent=79"}],"curies":[{"name":"wp","href":"https:\/\/api.w.org\/{rel}","templated":true}]}}