{"id":70,"date":"2020-12-01T15:31:26","date_gmt":"2020-12-01T17:31:26","guid":{"rendered":"https:\/\/webjornalismo.unicap.br\/bonitasdecorpo\/?page_id=70"},"modified":"2020-12-17T13:35:01","modified_gmt":"2020-12-17T15:35:01","slug":"thamires-lima","status":"publish","type":"page","link":"https:\/\/webjornalismo.unicap.br\/bonitasdecorpo\/thamires-lima\/","title":{"rendered":"Thamires Lima"},"content":{"rendered":"<p>[et_pb_section fb_built=&#8221;1&#8243; fullwidth=&#8221;on&#8221; _builder_version=&#8221;4.7.4&#8243; _module_preset=&#8221;default&#8221; background_image=&#8221;https:\/\/webjornalismo.unicap.br\/bonitasdecorpo\/wp-content\/uploads\/2020\/12\/WhatsApp-Image-2020-11-19-at-12.46.01-7.jpeg&#8221;][et_pb_fullwidth_post_title meta=&#8221;off&#8221; featured_placement=&#8221;background&#8221; text_color=&#8221;light&#8221; _builder_version=&#8221;4.7.4&#8243; _module_preset=&#8221;default&#8221; title_text_color=&#8221;#ffffff&#8221; title_font_size=&#8221;70px&#8221; use_background_color_gradient=&#8221;on&#8221; background_color_gradient_start=&#8221;rgba(43,135,218,0)&#8221; background_color_gradient_end=&#8221;#000000&#8243; background_color_gradient_direction=&#8221;140deg&#8221; text_orientation=&#8221;right&#8221; custom_padding=&#8221;30vh||30vh||true|false&#8221;][\/et_pb_fullwidth_post_title][\/et_pb_section][et_pb_section fb_built=&#8221;1&#8243; _builder_version=&#8221;4.7.4&#8243; _module_preset=&#8221;default&#8221; background_color=&#8221;#79ab9e&#8221; custom_padding=&#8221;||0px|||&#8221;][et_pb_row column_structure=&#8221;1_2,1_2&#8243; _builder_version=&#8221;4.7.4&#8243; _module_preset=&#8221;default&#8221; custom_padding=&#8221;||0px|||&#8221;][et_pb_column type=&#8221;1_2&#8243; _builder_version=&#8221;4.7.4&#8243; _module_preset=&#8221;default&#8221;][et_pb_text _builder_version=&#8221;4.7.7&#8243; _module_preset=&#8221;default&#8221; header_font_size=&#8221;40px&#8221; background_layout=&#8221;dark&#8221; hover_enabled=&#8221;0&#8243; sticky_enabled=&#8221;0&#8243;]<\/p>\n<h1>Tamanho \u00fanico n\u00e3o existe<\/h1>\n<p>\u201cA gente j\u00e1 come\u00e7a a sofrer com o corpo desde crian\u00e7a, n\u00e9? Desde os apelidos de escola, de gorda, baleia, saco de areia&#8230; Eu levava isso na maior, porque eu era uma menina que amava brincar com os meninos, sabe? Eu era muito maloqueira na escola, ent\u00e3o se viessem fazer piadas comigo, eu ia entrar na resenha. Mas depois voc\u00ea vai ver o quanto isso \u00e9 problem\u00e1tico\u201d. A jornalista Thamires Lima explica que vivenciar a gordofobia como uma mulher adulta \u00e9 muito desafiador. E quando o preconceito come\u00e7a desde a inf\u00e2ncia \u00e9 de forma t\u00e3o enraizada que faz as meninas acreditarem que o problema est\u00e1 no pr\u00f3prio corpo.[\/et_pb_text][\/et_pb_column][et_pb_column type=&#8221;1_2&#8243; _builder_version=&#8221;4.7.4&#8243; _module_preset=&#8221;default&#8221;][\/et_pb_column][\/et_pb_row][et_pb_row _builder_version=&#8221;4.7.4&#8243; _module_preset=&#8221;default&#8221;][et_pb_column type=&#8221;4_4&#8243; _builder_version=&#8221;4.7.4&#8243; _module_preset=&#8221;default&#8221;][et_pb_video src=&#8221;https:\/\/www.youtube.com\/watch?v=OJIa1uu839M&#038;t=5s&#8221; _builder_version=&#8221;4.7.5&#8243; _module_preset=&#8221;default&#8221;][\/et_pb_video][\/et_pb_column][\/et_pb_row][et_pb_row column_structure=&#8221;1_2,1_2&#8243; _builder_version=&#8221;4.7.4&#8243; _module_preset=&#8221;default&#8221;][et_pb_column type=&#8221;1_2&#8243; _builder_version=&#8221;4.7.4&#8243; _module_preset=&#8221;default&#8221;][et_pb_text _builder_version=&#8221;4.7.7&#8243; _module_preset=&#8221;default&#8221; header_font_size=&#8221;40px&#8221; background_layout=&#8221;dark&#8221; hover_enabled=&#8221;0&#8243; sticky_enabled=&#8221;0&#8243;]<\/p>\n<p>Com 24 anos, Thamires Lima \u00e9 formada em jornalismo pela Universidade Cat\u00f3lica de Pernambuco e est\u00e1 concluindo sua especializa\u00e7\u00e3o em jornalismo independente. Al\u00e9m de ser <em>freelancer<\/em>, ela trabalha na comunica\u00e7\u00e3o interna da Vis\u00e3o Mundial, uma Organiza\u00e7\u00e3o N\u00e3o Governamental (ONG) que atua em defesa dos direitos da crian\u00e7a e do adolescente e pela prote\u00e7\u00e3o de popula\u00e7\u00f5es vulner\u00e1veis.<\/p>\n<p>Nascida em um ambiente familiar crist\u00e3o e evang\u00e9lico, Thamires frequentou por anos uma igreja convencional. Apesar de sua fam\u00edlia ter sempre a incentivado a explorar seu lado comunicador e de lideran\u00e7a, os ideais conservadores desse ambiente, como a proibi\u00e7\u00e3o de sexo antes do casamento, divergiam do que Thamires acreditava. \u201cPor isso \u00e9 muito importante a gente estimular essas discuss\u00f5es na escola, justamente para a gente tentar fazer com que esse conhecimento seja o mais leve poss\u00edvel, pois reflete nas nossas rela\u00e7\u00f5es. Eu lembro nitidamente de paquerar com os meninos e eles paquerarem a minha amiga que era magra, loira, de olhos claros\u201d, contou a jornalista.<\/p>\n<p>[\/et_pb_text][et_pb_audio audio=&#8221;https:\/\/webjornalismo.unicap.br\/bonitasdecorpo\/wp-content\/uploads\/2020\/12\/thamires-audio-1.mp3&#8243; title=&#8221;Entrevista com Thamires &#8211; Parte 1&#8243; _builder_version=&#8221;4.7.5&#8243; _module_preset=&#8221;default&#8221; width=&#8221;500px&#8221; width_tablet=&#8221;100%&#8221; width_phone=&#8221;100%&#8221; width_last_edited=&#8221;on|phone&#8221; locked=&#8221;off&#8221;][\/et_pb_audio][et_pb_text _builder_version=&#8221;4.7.7&#8243; _module_preset=&#8221;default&#8221; header_font_size=&#8221;40px&#8221; background_layout=&#8221;dark&#8221; hover_enabled=&#8221;0&#8243; sticky_enabled=&#8221;0&#8243;]Em 2014, quando iniciava suas duas gradua\u00e7\u00f5es em Letras e Jornalismo, sua vis\u00e3o era abrir uma ONG para trabalhar com crian\u00e7as no sert\u00e3o. J\u00e1 estava na universidade quando come\u00e7ou a refletir sobre os padr\u00f5es de beleza, lendo autoras feministas e trabalhando pautas relacionadas ao corpo. At\u00e9 ent\u00e3o, mesmo sofrendo com o preconceito desde crian\u00e7a, Thamires ainda considerava um tabu usar termos como gorda e gordofobia para se expressar em rela\u00e7\u00e3o \u00e0 sua identidade.[\/et_pb_text][\/et_pb_column][et_pb_column type=&#8221;1_2&#8243; _builder_version=&#8221;4.7.4&#8243; _module_preset=&#8221;default&#8221;][et_pb_image src=&#8221;https:\/\/webjornalismo.unicap.br\/bonitasdecorpo\/wp-content\/uploads\/2020\/12\/WhatsApp-Image-2020-11-19-at-12.46.01-4.jpeg&#8221; title_text=&#8221;WhatsApp Image 2020-11-19 at 12.46.01 (4)&#8221; _builder_version=&#8221;4.7.4&#8243; _module_preset=&#8221;default&#8221;][\/et_pb_image][\/et_pb_column][\/et_pb_row][\/et_pb_section][et_pb_section fb_built=&#8221;1&#8243; _builder_version=&#8221;4.7.4&#8243; _module_preset=&#8221;default&#8221; background_color=&#8221;#79ab9e&#8221; custom_padding=&#8221;0px|||||&#8221;][et_pb_row column_structure=&#8221;1_2,1_2&#8243; _builder_version=&#8221;4.7.4&#8243; _module_preset=&#8221;default&#8221; custom_padding=&#8221;0px|||||&#8221;][et_pb_column type=&#8221;1_2&#8243; _builder_version=&#8221;4.7.4&#8243; _module_preset=&#8221;default&#8221;][et_pb_code _builder_version=&#8221;4.7.5&#8243; _module_preset=&#8221;default&#8221;]<\/p>\n<div class=\"infogram-embed\" data-id=\"26025cef-1b51-4f74-aa14-269d91f57df6\" data-type=\"interactive\" data-title=\"infogr\u00e1fico 1 - thamires\"><\/div>\n<p><script>!function(e,i,n,s){var t=\"InfogramEmbeds\",d=e.getElementsByTagName(\"script\")[0];if(window[t]&&window[t].initialized)window[t].process&&window[t].process();else if(!e.getElementById(n)){var o=e.createElement(\"script\");o.async=1,o.id=n,o.src=\"https:\/\/e.infogram.com\/js\/dist\/embed-loader-min.js\",d.parentNode.insertBefore(o,d)}}(document,0,\"infogram-async\");<\/script>[\/et_pb_code][et_pb_text _builder_version=&#8221;4.7.7&#8243; _module_preset=&#8221;default&#8221; header_font_size=&#8221;40px&#8221; background_layout=&#8221;dark&#8221; hover_enabled=&#8221;0&#8243; sticky_enabled=&#8221;0&#8243;]A jornalista recorda quando teve sua primeira rela\u00e7\u00e3o sexual, aos 19 anos, e ficou com vergonha de tirar a roupa, \u201cAssim, eu lembro do momento ser de luzes apagadas porque eu n\u00e3o queria que a pessoa visse meu corpo. Essa pessoa n\u00e3o foi aquele tipo escroto que me diminuiu ou disse que era frescura, ela foi me tranquilizando e me deixou super \u00e0 vontade\u201d. Essa situa\u00e7\u00e3o desencadeou v\u00e1rios questionamentos sobre tudo a que Thamires se privou por ser gorda, especialmente o uso de roupas justas, curtas, chamativas.[\/et_pb_text][et_pb_audio audio=&#8221;https:\/\/webjornalismo.unicap.br\/bonitasdecorpo\/wp-content\/uploads\/2020\/12\/thamires-audio-2.mp3&#8243; title=&#8221;Entrevista com Thamires &#8211; Parte 2&#8243; _builder_version=&#8221;4.7.5&#8243; _module_preset=&#8221;default&#8221; width=&#8221;500px&#8221; width_tablet=&#8221;100%&#8221; width_phone=&#8221;100%&#8221; width_last_edited=&#8221;on|phone&#8221; locked=&#8221;off&#8221;][\/et_pb_audio][et_pb_text _builder_version=&#8221;4.7.7&#8243; _module_preset=&#8221;default&#8221; header_font_size=&#8221;40px&#8221; background_layout=&#8221;dark&#8221; hover_enabled=&#8221;0&#8243; sticky_enabled=&#8221;0&#8243;]A consci\u00eancia dela sobre o corpo mudou quando entendeu que n\u00e3o podia fazer nada para se encaixar nesse padr\u00e3o e, tamb\u00e9m, ao reconhecer que n\u00e3o tinha essa vontade. \u201cEu n\u00e3o lembro exatamente quando eu disse: poxa, vou me aceitar. Porque eu acho que n\u00e3o \u00e9 uma chavinha, sabe? N\u00e3o \u00e9 da noite pro dia. Costumo dizer que eu me jogo na internet para causar essa reflex\u00e3o sobre corpo, porque eu amo falar sobre corpo, amo falar sobre autoestima. Talvez seja porque eu n\u00e3o tinha isso na minha \u00e9poca, eu tava parando para analisar essa semana, as revistas que eu lia que eram a Capricho, a Atrevida\u2026 Sempre com capas sobre como emagrecer, p\u00edlulas para ter o corpo perfeito\u2026 Eu vejo o quanto as m\u00eddias est\u00e3o mudando, j\u00e1 existe essa linguagem de aceita\u00e7\u00e3o que \u00e9 uma coisa massa.\u201d[\/et_pb_text][\/et_pb_column][et_pb_column type=&#8221;1_2&#8243; _builder_version=&#8221;4.7.4&#8243; _module_preset=&#8221;default&#8221;][\/et_pb_column][\/et_pb_row][et_pb_row column_structure=&#8221;1_2,1_2&#8243; _builder_version=&#8221;4.7.4&#8243; _module_preset=&#8221;default&#8221; custom_padding=&#8221;0px|||||&#8221;][et_pb_column type=&#8221;1_2&#8243; _builder_version=&#8221;4.7.4&#8243; _module_preset=&#8221;default&#8221;][et_pb_text _builder_version=&#8221;4.7.7&#8243; _module_preset=&#8221;default&#8221; header_font_size=&#8221;40px&#8221; background_layout=&#8221;dark&#8221; hover_enabled=&#8221;0&#8243; sticky_enabled=&#8221;0&#8243;]<\/p>\n<h2>Projeto <a href=\"https:\/\/www.facebook.com\/projetoolhese\/\" target=\"_blank\" rel=\"noopener noreferrer\">Olhe-se: a beleza al\u00e9m do peso<\/a>!<\/h2>\n<p>Ao longo da universidade, Thamires foi desenvolvendo sua linha de pesquisa voltada para a rela\u00e7\u00e3o das mulheres com seus corpos, at\u00e9 que em 2017 nasceu o projeto \u201cOlhe-se!\u201d. A iniciativa ocorreu durante a Parada das Mulheres do dia 8 de Mar\u00e7o, quando refletiu sobre antigas quest\u00f5es, como a vis\u00e3o de que mulheres gordas n\u00e3o poderiam ser felizes com seus corpos. E, tamb\u00e9m, com a ideia de criar algo que ajudasse a despertar o processo de liberta\u00e7\u00e3o em outras mulheres, assim como o que ela estava vivendo.<\/p>\n<p>[\/et_pb_text][et_pb_image src=&#8221;https:\/\/webjornalismo.unicap.br\/bonitasdecorpo\/wp-content\/uploads\/2020\/12\/28827757_296198927578709_5840559191797249174_o.jpg&#8221; title_text=&#8221;28827757_296198927578709_5840559191797249174_o&#8221; show_bottom_space=&#8221;off&#8221; _builder_version=&#8221;4.7.5&#8243; _module_preset=&#8221;default&#8221;][\/et_pb_image][et_pb_text _builder_version=&#8221;4.7.5&#8243; _module_preset=&#8221;default&#8221; text_text_color=&#8221;#ffffff&#8221; text_font_size=&#8221;13px&#8221; text_orientation=&#8221;right&#8221; custom_margin=&#8221;0px||||false|false&#8221; custom_padding=&#8221;0px||||false|false&#8221; locked=&#8221;off&#8221;]Cr\u00e9ditos: Leila Le\u00e3o[\/et_pb_text][et_pb_text _builder_version=&#8221;4.7.7&#8243; _module_preset=&#8221;default&#8221; header_font_size=&#8221;40px&#8221; background_layout=&#8221;dark&#8221; hover_enabled=&#8221;0&#8243; sticky_enabled=&#8221;0&#8243;]\u201cEssa foto foi do primeiro encontro do Olhe-se e eu meti a cara mesmo, sabe? Para ouvir as hist\u00f3rias. Porque antes eu ficava naquele universo de jornalismo, trabalhava em jornal, ent\u00e3o n\u00e3o usava muito minha rede social para isso, mas depois que eu lancei a ideia do projeto, foi quando eu decidi que precisava me voltar mais para isso, n\u00e9? E tamb\u00e9m porque minhas pautas na faculdade sempre eram muito sobre mulheres.\u201d relata a recifense. Um dia antes do evento, Thamires postou no facebook, despretensiosamente, um convite chamando essas mulheres para uma roda de di\u00e1logo e depois ela resolveu capturar essa pauta atrav\u00e9s da fotografia.[\/et_pb_text][\/et_pb_column][et_pb_column type=&#8221;1_2&#8243; _builder_version=&#8221;4.7.4&#8243; _module_preset=&#8221;default&#8221;][et_pb_image src=&#8221;https:\/\/webjornalismo.unicap.br\/bonitasdecorpo\/wp-content\/uploads\/2020\/12\/WhatsApp-Image-2020-11-19-at-12.46.01-3.jpeg&#8221; title_text=&#8221;WhatsApp Image 2020-11-19 at 12.46.01 (3)&#8221; _builder_version=&#8221;4.7.4&#8243; _module_preset=&#8221;default&#8221;][\/et_pb_image][\/et_pb_column][\/et_pb_row][et_pb_row _builder_version=&#8221;4.7.5&#8243; _module_preset=&#8221;default&#8221;][et_pb_column type=&#8221;4_4&#8243; _builder_version=&#8221;4.7.5&#8243; _module_preset=&#8221;default&#8221;][et_pb_video src=&#8221;https:\/\/youtu.be\/bgpt2Tzg1gM&#8221; _builder_version=&#8221;4.7.5&#8243; _module_preset=&#8221;default&#8221;][\/et_pb_video][\/et_pb_column][\/et_pb_row][et_pb_row column_structure=&#8221;1_2,1_2&#8243; _builder_version=&#8221;4.7.5&#8243; _module_preset=&#8221;default&#8221;][et_pb_column type=&#8221;1_2&#8243; _builder_version=&#8221;4.7.5&#8243; _module_preset=&#8221;default&#8221;][et_pb_text _builder_version=&#8221;4.7.7&#8243; _module_preset=&#8221;default&#8221; header_font_size=&#8221;40px&#8221; background_layout=&#8221;dark&#8221; hover_enabled=&#8221;0&#8243; sticky_enabled=&#8221;0&#8243;]Ent\u00e3o, ela come\u00e7ou a falar de empoderamento por conta do projeto e at\u00e9 hoje segue essa linha de pesquisa com a inten\u00e7\u00e3o de trabalh\u00e1-la de forma mais plural, n\u00e3o s\u00f3 com mulheres gordas. No seu perfil do instagram, que conta com 6 mil seguidores, Thamires tenta provocar a reflex\u00e3o sobre autoestima e autocuidado, mostrando que n\u00e3o \u00e9 um processo f\u00e1cil, que acontece de um dia para o outro. \u201cAs pessoas fazem da autoestima um produto, ent\u00e3o, quando voc\u00ea faz dela algo a ser consumido, voc\u00ea vai gastar dinheiro, energia e tempo, n\u00e9? Quando a gente devia estar gastando tudo isso se conhecendo e vendo o que desejamos para n\u00f3s mesmos.\u201d[\/et_pb_text][et_pb_audio audio=&#8221;https:\/\/webjornalismo.unicap.br\/bonitasdecorpo\/wp-content\/uploads\/2020\/12\/thamires-audio-3.mp3&#8243; title=&#8221;Entrevista com Thamires &#8211; Parte 3&#8243; _builder_version=&#8221;4.7.5&#8243; _module_preset=&#8221;default&#8221; width=&#8221;500px&#8221; width_tablet=&#8221;100%&#8221; width_phone=&#8221;100%&#8221; width_last_edited=&#8221;on|phone&#8221; locked=&#8221;off&#8221;][\/et_pb_audio][\/et_pb_column][et_pb_column type=&#8221;1_2&#8243; _builder_version=&#8221;4.7.5&#8243; _module_preset=&#8221;default&#8221;][\/et_pb_column][\/et_pb_row][\/et_pb_section]<\/p>\n","protected":false},"excerpt":{"rendered":"<p>[et_pb_section fb_built=&#8221;1&#8243; fullwidth=&#8221;on&#8221; _builder_version=&#8221;4.7.4&#8243; _module_preset=&#8221;default&#8221; background_image=&#8221;https:\/\/webjornalismo.unicap.br\/bonitasdecorpo\/wp-content\/uploads\/2020\/12\/WhatsApp-Image-2020-11-19-at-12.46.01-7.jpeg&#8221;][et_pb_fullwidth_post_title meta=&#8221;off&#8221; featured_placement=&#8221;background&#8221; text_color=&#8221;light&#8221; _builder_version=&#8221;4.7.4&#8243; _module_preset=&#8221;default&#8221; title_text_color=&#8221;#ffffff&#8221; title_font_size=&#8221;70px&#8221; use_background_color_gradient=&#8221;on&#8221; background_color_gradient_start=&#8221;rgba(43,135,218,0)&#8221; background_color_gradient_end=&#8221;#000000&#8243; background_color_gradient_direction=&#8221;140deg&#8221; text_orientation=&#8221;right&#8221; custom_padding=&#8221;30vh||30vh||true|false&#8221;][\/et_pb_fullwidth_post_title][\/et_pb_section][et_pb_section fb_built=&#8221;1&#8243; _builder_version=&#8221;4.7.4&#8243; _module_preset=&#8221;default&#8221; background_color=&#8221;#79ab9e&#8221; custom_padding=&#8221;||0px|||&#8221;][et_pb_row column_structure=&#8221;1_2,1_2&#8243; _builder_version=&#8221;4.7.4&#8243; _module_preset=&#8221;default&#8221; custom_padding=&#8221;||0px|||&#8221;][et_pb_column type=&#8221;1_2&#8243; _builder_version=&#8221;4.7.4&#8243; _module_preset=&#8221;default&#8221;][et_pb_text _builder_version=&#8221;4.7.7&#8243; _module_preset=&#8221;default&#8221; header_font_size=&#8221;40px&#8221; background_layout=&#8221;dark&#8221; hover_enabled=&#8221;0&#8243; sticky_enabled=&#8221;0&#8243;] Tamanho \u00fanico n\u00e3o existe \u201cA gente j\u00e1 come\u00e7a a sofrer com o corpo desde crian\u00e7a, n\u00e9? Desde os [&hellip;]<\/p>\n","protected":false},"author":2,"featured_media":0,"parent":0,"menu_order":0,"comment_status":"closed","ping_status":"closed","template":"","meta":{"_et_pb_use_builder":"on","_et_pb_old_content":"","_et_gb_content_width":""},"_links":{"self":[{"href":"https:\/\/webjornalismo.unicap.br\/bonitasdecorpo\/wp-json\/wp\/v2\/pages\/70"}],"collection":[{"href":"https:\/\/webjornalismo.unicap.br\/bonitasdecorpo\/wp-json\/wp\/v2\/pages"}],"about":[{"href":"https:\/\/webjornalismo.unicap.br\/bonitasdecorpo\/wp-json\/wp\/v2\/types\/page"}],"author":[{"embeddable":true,"href":"https:\/\/webjornalismo.unicap.br\/bonitasdecorpo\/wp-json\/wp\/v2\/users\/2"}],"replies":[{"embeddable":true,"href":"https:\/\/webjornalismo.unicap.br\/bonitasdecorpo\/wp-json\/wp\/v2\/comments?post=70"}],"version-history":[{"count":9,"href":"https:\/\/webjornalismo.unicap.br\/bonitasdecorpo\/wp-json\/wp\/v2\/pages\/70\/revisions"}],"predecessor-version":[{"id":248,"href":"https:\/\/webjornalismo.unicap.br\/bonitasdecorpo\/wp-json\/wp\/v2\/pages\/70\/revisions\/248"}],"wp:attachment":[{"href":"https:\/\/webjornalismo.unicap.br\/bonitasdecorpo\/wp-json\/wp\/v2\/media?parent=70"}],"curies":[{"name":"wp","href":"https:\/\/api.w.org\/{rel}","templated":true}]}}