{"id":67,"date":"2020-12-01T15:31:03","date_gmt":"2020-12-01T17:31:03","guid":{"rendered":"https:\/\/webjornalismo.unicap.br\/bonitasdecorpo\/?page_id=67"},"modified":"2020-12-17T13:39:17","modified_gmt":"2020-12-17T15:39:17","slug":"rick-negreiros","status":"publish","type":"page","link":"https:\/\/webjornalismo.unicap.br\/bonitasdecorpo\/rick-negreiros\/","title":{"rendered":"Rick Negreiros"},"content":{"rendered":"<p>[et_pb_section fb_built=&#8221;1&#8243; fullwidth=&#8221;on&#8221; _builder_version=&#8221;4.7.4&#8243; _module_preset=&#8221;default&#8221; background_image=&#8221;https:\/\/webjornalismo.unicap.br\/bonitasdecorpo\/wp-content\/uploads\/2020\/12\/IMG_338600.jpg&#8221; background_position=&#8221;center_left&#8221;][et_pb_fullwidth_post_title meta=&#8221;off&#8221; featured_placement=&#8221;background&#8221; text_color=&#8221;light&#8221; _builder_version=&#8221;4.7.4&#8243; _module_preset=&#8221;default&#8221; title_text_color=&#8221;#ffffff&#8221; title_font_size=&#8221;70px&#8221; use_background_color_gradient=&#8221;on&#8221; background_color_gradient_start=&#8221;rgba(43,135,218,0)&#8221; background_color_gradient_end=&#8221;#000000&#8243; background_color_gradient_direction=&#8221;140deg&#8221; text_orientation=&#8221;right&#8221; custom_padding=&#8221;30vh||30vh||true|false&#8221;][\/et_pb_fullwidth_post_title][\/et_pb_section][et_pb_section fb_built=&#8221;1&#8243; _builder_version=&#8221;4.7.4&#8243; _module_preset=&#8221;default&#8221; background_color=&#8221;#79ab9e&#8221;][et_pb_row column_structure=&#8221;1_2,1_2&#8243; _builder_version=&#8221;4.7.4&#8243; _module_preset=&#8221;default&#8221;][et_pb_column type=&#8221;1_2&#8243; _builder_version=&#8221;4.7.4&#8243; _module_preset=&#8221;default&#8221;][et_pb_text _builder_version=&#8221;4.7.5&#8243; _module_preset=&#8221;default&#8221; header_font_size=&#8221;40px&#8221; background_layout=&#8221;dark&#8221;]<\/p>\n<h1>Sobre entender o corpo, al\u00e9m de am\u00e1-lo<br \/>\n<\/h1>\n<p>O processo de autoconhecimento de Rick sobre o pr\u00f3prio corpo come\u00e7ou desde a adolesc\u00eancia, a partir do momento que passou a se identificar uma pessoa gorda e lgbt. <\/p>\n<p>A press\u00e3o est\u00e9tica vendida pela m\u00eddia e cobrada pela sociedade, passava longe da forma como Rick se identificava. Ao transitar pelos espa\u00e7os p\u00fablicos e desenvolver rela\u00e7\u00f5es afetivas, ela percebeu que, na verdade, n\u00e3o conseguia dissociar o que mais pesa na balan\u00e7a em rela\u00e7\u00e3o \u00e0s repress\u00f5es sociais que sofre desde jovem.<\/p>\n<p>Rick Negreiros tem 22 anos, \u00e9 publicit\u00e1ria, criadora de conte\u00fado, ariana, bicha, pernambucana e aceita os pronomes masculinos, femininos e sempre que poss\u00edvel linguagem neutra.[\/et_pb_text][et_pb_audio audio=&#8221;https:\/\/webjornalismo.unicap.br\/bonitasdecorpo\/wp-content\/uploads\/2020\/12\/audio-1-rick.mp3&#8243; title=&#8221;Entrevista com Rick &#8211; Parte 1&#8243; _builder_version=&#8221;4.7.5&#8243; _module_preset=&#8221;default&#8221; width=&#8221;500px&#8221; width_tablet=&#8221;100%&#8221; width_phone=&#8221;100%&#8221; width_last_edited=&#8221;on|phone&#8221; locked=&#8221;off&#8221;][\/et_pb_audio][et_pb_text _builder_version=&#8221;4.7.5&#8243; _module_preset=&#8221;default&#8221; header_font_size=&#8221;40px&#8221; background_layout=&#8221;dark&#8221;]<\/p>\n<p>Segundo a pesquisa \u201c<a href=\"http:\/\/www.publicadireito.com.br\/artigos\/?cod=273f5064dc00c682\" target=\"_blank\" rel=\"noopener noreferrer\">Bullying e Homofobia: Aproxima\u00e7\u00f5es Te\u00f3ricas e Emp\u00edricas<\/a>\u201d, a LGBTfobia \u00e9 a terceira maior causa de bullying no Brasil. A Pesquisa Nacional sobre o Ambiente Educacional no Brasil de 2016 tamb\u00e9m exp\u00f5e dados alarmantes sobre as viol\u00eancias nos ambientes escolares vividas pelos jovens dessa comunidade, como demonstrado a seguir:<\/p>\n<p>[\/et_pb_text][et_pb_code _builder_version=&#8221;4.7.5&#8243; _module_preset=&#8221;default&#8221;]<\/p>\n<div class=\"infogram-embed\" data-id=\"1a45b1d6-d063-43de-a1a2-fb48c82d624d\" data-type=\"interactive\" data-title=\"Infogr\u00e1fico - Rick Negreiros\"><\/div>\n<p><script>!function(e,i,n,s){var t=\"InfogramEmbeds\",d=e.getElementsByTagName(\"script\")[0];if(window[t]&&window[t].initialized)window[t].process&&window[t].process();else if(!e.getElementById(n)){var o=e.createElement(\"script\");o.async=1,o.id=n,o.src=\"https:\/\/e.infogram.com\/js\/dist\/embed-loader-min.js\",d.parentNode.insertBefore(o,d)}}(document,0,\"infogram-async\");<\/script>[\/et_pb_code][\/et_pb_column][et_pb_column type=&#8221;1_2&#8243; _builder_version=&#8221;4.7.4&#8243; _module_preset=&#8221;default&#8221;][et_pb_image src=&#8221;https:\/\/webjornalismo.unicap.br\/bonitasdecorpo\/wp-content\/uploads\/2020\/12\/IMG_7675.jpg&#8221; title_text=&#8221;IMG_7675&#8243; _builder_version=&#8221;4.7.4&#8243; _module_preset=&#8221;default&#8221;][\/et_pb_image][\/et_pb_column][\/et_pb_row][et_pb_row _builder_version=&#8221;4.7.4&#8243; _module_preset=&#8221;default&#8221;][et_pb_column type=&#8221;4_4&#8243; _builder_version=&#8221;4.7.4&#8243; _module_preset=&#8221;default&#8221;][et_pb_text _builder_version=&#8221;4.7.5&#8243; _module_preset=&#8221;default&#8221; header_font_size=&#8221;40px&#8221; background_layout=&#8221;dark&#8221; width=&#8221;50%&#8221; width_tablet=&#8221;100%&#8221; width_phone=&#8221;100%&#8221; width_last_edited=&#8221;on|phone&#8221; locked=&#8221;off&#8221;]<\/p>\n<p>Ent\u00e3o, mesmo pertencendo a uma comunidade que luta pela aceita\u00e7\u00e3o de todas as formas de amor, Rick ainda sentia que as rela\u00e7\u00f5es de afetividade ocorriam de forma diferente dos seus amigos gays, e que isso estava relacionado \u00e0 sua apar\u00eancia. Com o tempo, o cuidado com o corpo e pele, tido inicialmente como um hobby, evoluiu para um autocuidado maior e transformador. Enquanto consumia v\u00e1rios conte\u00fados na internet voltados para a auto-estima, descobriu o <a href=\"https:\/\/webjornalismo.unicap.br\/bonitasdecorpo\/corpolivre\/\">movimento Corpo Livre<\/a>, e finalmente passou a se identificar e enxergar pessoas gordas como verdadeiras protagonistas. \u201cPassei muito tempo crendo no corpo magro como o \u00fanico, leg\u00edtimo e saud\u00e1vel. A partir desse movimento, comecei a entender que o corpo gordo \u00e9 uma pot\u00eancia de possibilidades e que ele pode fazer tudo aquilo que quiser. Conseguir me situar no presente momento e entender que eu nunca fui magra no processo da minha vida, que meu biotipo nunca foi magro, me fez entender que n\u00e3o tenho como mudar o que \u00e9 meu natural. At\u00e9 hoje, imersa nos meus processos de autoconhecimento, compreendo que eu sempre fui assim, isso torna o processo menos complicado\u201d, pontuou a publicit\u00e1ria.<\/p>\n<p>[\/et_pb_text][et_pb_audio audio=&#8221;https:\/\/webjornalismo.unicap.br\/bonitasdecorpo\/wp-content\/uploads\/2020\/12\/audio-2-rick.mp3&#8243; title=&#8221;Entrevista com Rick &#8211; Parte 2&#8243; _builder_version=&#8221;4.7.5&#8243; _module_preset=&#8221;default&#8221; width=&#8221;500px&#8221; width_tablet=&#8221;100%&#8221; width_phone=&#8221;100%&#8221; width_last_edited=&#8221;on|phone&#8221; locked=&#8221;off&#8221;][\/et_pb_audio][et_pb_text _builder_version=&#8221;4.7.5&#8243; _module_preset=&#8221;default&#8221; header_font_size=&#8221;40px&#8221; background_layout=&#8221;dark&#8221; width=&#8221;50%&#8221; width_tablet=&#8221;100%&#8221; width_phone=&#8221;100%&#8221; width_last_edited=&#8221;on|phone&#8221; locked=&#8221;off&#8221;]<\/p>\n<p>\u00c0 medida que Rick conseguiu entender seu corpo enquanto uma pot\u00eancia, ela come\u00e7ou a levar isso para a internet (<a href=\"https:\/\/www.instagram.com\/ricknegreiros\/\" target=\"_blank\" rel=\"noopener noreferrer\">@ricknegreiros<\/a>). \u201cLembro como se fosse ontem, a primeira vez em que eu coloquei um biqu\u00edni, as minhas amigas me incentivaram, s\u00f3 a parte de cima porque a debaixo n\u00e3o cabia, mas esse ato, j\u00e1 me fez sentir livre e empoderada. Comecei a compartilhar nas redes sociais esses processos e a ver outras mulheres gordas falando sobre isso, pois meu referencial sempre foi e sempre ser\u00e1 mulheres. Ent\u00e3o, comecei a ouvir mulheres gordas falando sobre seus processos, sobre liberdade, comecei a acompanhar e come\u00e7ar a ver outras possibilidades, sabe?\u201d, relembrou a influencer, que acredita que essa troca de experi\u00eancias virtuais faz com que as pessoas repensem sobre comportamentos e express\u00f5es gordof\u00f3bicas.<\/p>\n<p>[\/et_pb_text][et_pb_video src=&#8221;https:\/\/www.youtube.com\/watch?v=jZPHvhFhzz4&#8243; _builder_version=&#8221;4.7.5&#8243; _module_preset=&#8221;default&#8221;][\/et_pb_video][\/et_pb_column][\/et_pb_row][et_pb_row column_structure=&#8221;1_2,1_2&#8243; _builder_version=&#8221;4.7.4&#8243; _module_preset=&#8221;default&#8221; custom_padding=&#8221;0px|||||&#8221;][et_pb_column type=&#8221;1_2&#8243; _builder_version=&#8221;4.7.4&#8243; _module_preset=&#8221;default&#8221;][et_pb_text _builder_version=&#8221;4.7.5&#8243; _module_preset=&#8221;default&#8221; header_font_size=&#8221;40px&#8221; background_layout=&#8221;dark&#8221;]<\/p>\n<p>A partir desse processo de autoconhecimento, Rick criou um projeto chamado \u201cDescubra sua beleza no carnaval\u201d. \u00c9 que estruturalmente, a sociedade d\u00e1 uma abertura maior para comportamentos extravagantes durante essa \u00e9poca. As pessoas sentem mais liberdade para vestirem o que quiserem, pintarem os cabelos, existe uma potencialidade para ser livre. \u201cPara mim, o carnaval sempre representou liberdade, a\u00ed eu pensei: eu amo o carnaval de Recife e Olinda, sou super bairrista&#8230; Eu amo falar sobre beleza e estou nesse processo sobre corpo, ent\u00e3o por que n\u00e3o juntar o corpo e o Carnaval? Mas eu quero trazer uma perspectiva de que a gente pode sair livre, da forma que quiser e come\u00e7amos a trazer isso para o resto do ano\u201d. A produ\u00e7\u00e3o contou com um ensaio fotogr\u00e1fico e uma s\u00e9rie de v\u00eddeos que chamava os seguidores de Rick a enaltecer e compreender partes do corpo que se sentiam desconfort\u00e1veis em mostrar.<\/p>\n<h2>A voz da impostora<\/h2>\n<p>Mas a jornada de autoconhecimento sobre si e o pr\u00f3prio corpo n\u00e3o \u00e9 s\u00f3 de altos. Nesse sentido, Rick ressalta a import\u00e2ncia de entender os seus limites, quando tudo parece estar muito complicado e as inseguran\u00e7as ficam mais evidentes, nesse momento a impostora tende a surgir. \u201cExiste algu\u00e9m que nunca ouviu a sua impostora? Aquela voz interna que se agarra aos piores momentos para dizer que a pessoa n\u00e3o \u00e9 suficiente\u201d, explica.<\/p>\n<p>[\/et_pb_text][et_pb_audio audio=&#8221;https:\/\/webjornalismo.unicap.br\/bonitasdecorpo\/wp-content\/uploads\/2020\/12\/audio-3-rick.mp3&#8243; title=&#8221;Entrevista com Rick &#8211; Parte 3&#8243; _builder_version=&#8221;4.7.5&#8243; _module_preset=&#8221;default&#8221; width=&#8221;500px&#8221; width_tablet=&#8221;100%&#8221; width_phone=&#8221;100%&#8221; width_last_edited=&#8221;on|phone&#8221; locked=&#8221;off&#8221;][\/et_pb_audio][et_pb_text _builder_version=&#8221;4.7.5&#8243; _module_preset=&#8221;default&#8221; header_font_size=&#8221;40px&#8221; background_layout=&#8221;dark&#8221;]<\/p>\n<p>Talvez por ter passado tanto tempo sentindo que as rela\u00e7\u00f5es afetivas aconteciam de forma muito superficial e se sujeitando a pequenas trocas, para Rick j\u00e1 n\u00e3o faz sentido manter rela\u00e7\u00f5es e sentimentos por algu\u00e9m que s\u00e3o exclusivamente sexuais e voltados ao <a href=\"https:\/\/www.metropoles.com\/colunas-blogs\/pouca-vergonha\/saiba-como-o-culto-ao-penis-pode-prejudicar-sua-sexualidade\" target=\"_blank\" rel=\"noopener noreferrer\">falocentrismo<\/a>. Cada vez mais, ela percebe como isso \u00e9 presente at\u00e9 na comunidade lgbtqia+, mais especificamente entre homens gays. Apesar do envolvimento sexual, tamb\u00e9m fazer parte do processo, a publicit\u00e1ria acredita ter muito mais a entregar, e quando a impostora vem e mostra que existe algu\u00e9m melhor, esse \u00e9 o sentimento que ela tenta expressar.<\/p>\n<h2>Pandemia e auto-estima<\/h2>\n<p>Com a r\u00e1pida dissemina\u00e7\u00e3o do Covid-19 e a declara\u00e7\u00e3o de estado de pandemia, o mundo inteiro entrou em quarentena nas suas casas e tiveram que obedecer a medidas de distanciamento preventivas. Rick n\u00e3o romantiza esse acontecimento, mas por conta disso foi for\u00e7ada a parar sua rotina que vivia no autom\u00e1tico, \u201cAcho que este momento de pandemia foi para mim o momento de tentar cuidar dos meus sentimentos e hoje em dia acho que \u00e9 a coisa mais importante que eu tenho na minha vida. N\u00e3o interessa qualquer outra coisa, os meus sentimentos s\u00e3o a coisa mais incr\u00edvel que eu possa ter em minha vida e que ningu\u00e9m tem o direito de tirar, que ningu\u00e9m consegue tirar.\u201d<\/p>\n<p>Um artigo publicado no Jornal da Associa\u00e7\u00e3o M\u00e9dica Americana fez um levantamento com estudantes universit\u00e1rios na Fran\u00e7a sobre os fatores de risco \u00e0 sa\u00fade mental em virtude do confinamento.<\/p>\n<p>[\/et_pb_text][et_pb_code _builder_version=&#8221;4.7.5&#8243; _module_preset=&#8221;default&#8221;]<\/p>\n<div class=\"infogram-embed\" data-id=\"9326b36d-b26b-46e0-bede-f238f47a19a6\" data-type=\"interactive\" data-title=\"infogr\u00e1fico 2 - rick\"><\/div>\n<p><script>!function(e,i,n,s){var t=\"InfogramEmbeds\",d=e.getElementsByTagName(\"script\")[0];if(window[t]&&window[t].initialized)window[t].process&&window[t].process();else if(!e.getElementById(n)){var o=e.createElement(\"script\");o.async=1,o.id=n,o.src=\"https:\/\/e.infogram.com\/js\/dist\/embed-loader-min.js\",d.parentNode.insertBefore(o,d)}}(document,0,\"infogram-async\");<\/script>[\/et_pb_code][et_pb_text _builder_version=&#8221;4.7.5&#8243; _module_preset=&#8221;default&#8221; header_font_size=&#8221;40px&#8221; background_layout=&#8221;dark&#8221;]<\/p>\n<p class=\"Normal tm5 tm6\"><span class=\"tm7\">Rick acredita que hoje consegue manter um relacionamento est\u00e1vel com o pr\u00f3prio corpo, isso n\u00e3o significa am\u00e1-lo o tempo todo mas compreend\u00ea-lo. Essa \u00e9 a principal mensagem que ela extrai do movimento Corpo Livre.<\/span><\/p>\n<p>[\/et_pb_text][et_pb_audio audio=&#8221;https:\/\/webjornalismo.unicap.br\/bonitasdecorpo\/wp-content\/uploads\/2020\/12\/audio-4-rick.mp3&#8243; title=&#8221;Entrevista com Rick &#8211; Parte 4&#8243; _builder_version=&#8221;4.7.5&#8243; _module_preset=&#8221;default&#8221; width=&#8221;500px&#8221; width_tablet=&#8221;100%&#8221; width_phone=&#8221;100%&#8221; width_last_edited=&#8221;on|phone&#8221; locked=&#8221;off&#8221;][\/et_pb_audio][\/et_pb_column][et_pb_column type=&#8221;1_2&#8243; _builder_version=&#8221;4.7.4&#8243; _module_preset=&#8221;default&#8221;][et_pb_image src=&#8221;https:\/\/webjornalismo.unicap.br\/bonitasdecorpo\/wp-content\/uploads\/2020\/12\/IMG_345200.jpg&#8221; title_text=&#8221;IMG_345200&#8243; _builder_version=&#8221;4.7.4&#8243; _module_preset=&#8221;default&#8221;][\/et_pb_image][\/et_pb_column][\/et_pb_row][\/et_pb_section]<\/p>\n","protected":false},"excerpt":{"rendered":"<p>[et_pb_section fb_built=&#8221;1&#8243; fullwidth=&#8221;on&#8221; _builder_version=&#8221;4.7.4&#8243; _module_preset=&#8221;default&#8221; background_image=&#8221;https:\/\/webjornalismo.unicap.br\/bonitasdecorpo\/wp-content\/uploads\/2020\/12\/IMG_338600.jpg&#8221; background_position=&#8221;center_left&#8221;][et_pb_fullwidth_post_title meta=&#8221;off&#8221; featured_placement=&#8221;background&#8221; text_color=&#8221;light&#8221; _builder_version=&#8221;4.7.4&#8243; _module_preset=&#8221;default&#8221; title_text_color=&#8221;#ffffff&#8221; title_font_size=&#8221;70px&#8221; use_background_color_gradient=&#8221;on&#8221; background_color_gradient_start=&#8221;rgba(43,135,218,0)&#8221; background_color_gradient_end=&#8221;#000000&#8243; background_color_gradient_direction=&#8221;140deg&#8221; text_orientation=&#8221;right&#8221; custom_padding=&#8221;30vh||30vh||true|false&#8221;][\/et_pb_fullwidth_post_title][\/et_pb_section][et_pb_section fb_built=&#8221;1&#8243; _builder_version=&#8221;4.7.4&#8243; _module_preset=&#8221;default&#8221; background_color=&#8221;#79ab9e&#8221;][et_pb_row column_structure=&#8221;1_2,1_2&#8243; _builder_version=&#8221;4.7.4&#8243; _module_preset=&#8221;default&#8221;][et_pb_column type=&#8221;1_2&#8243; _builder_version=&#8221;4.7.4&#8243; _module_preset=&#8221;default&#8221;][et_pb_text _builder_version=&#8221;4.7.5&#8243; _module_preset=&#8221;default&#8221; header_font_size=&#8221;40px&#8221; background_layout=&#8221;dark&#8221;] Sobre entender o corpo, al\u00e9m de am\u00e1-lo O processo de autoconhecimento de Rick sobre o pr\u00f3prio corpo come\u00e7ou desde a adolesc\u00eancia, [&hellip;]<\/p>\n","protected":false},"author":2,"featured_media":0,"parent":0,"menu_order":0,"comment_status":"closed","ping_status":"closed","template":"","meta":{"_et_pb_use_builder":"on","_et_pb_old_content":"","_et_gb_content_width":""},"_links":{"self":[{"href":"https:\/\/webjornalismo.unicap.br\/bonitasdecorpo\/wp-json\/wp\/v2\/pages\/67"}],"collection":[{"href":"https:\/\/webjornalismo.unicap.br\/bonitasdecorpo\/wp-json\/wp\/v2\/pages"}],"about":[{"href":"https:\/\/webjornalismo.unicap.br\/bonitasdecorpo\/wp-json\/wp\/v2\/types\/page"}],"author":[{"embeddable":true,"href":"https:\/\/webjornalismo.unicap.br\/bonitasdecorpo\/wp-json\/wp\/v2\/users\/2"}],"replies":[{"embeddable":true,"href":"https:\/\/webjornalismo.unicap.br\/bonitasdecorpo\/wp-json\/wp\/v2\/comments?post=67"}],"version-history":[{"count":9,"href":"https:\/\/webjornalismo.unicap.br\/bonitasdecorpo\/wp-json\/wp\/v2\/pages\/67\/revisions"}],"predecessor-version":[{"id":254,"href":"https:\/\/webjornalismo.unicap.br\/bonitasdecorpo\/wp-json\/wp\/v2\/pages\/67\/revisions\/254"}],"wp:attachment":[{"href":"https:\/\/webjornalismo.unicap.br\/bonitasdecorpo\/wp-json\/wp\/v2\/media?parent=67"}],"curies":[{"name":"wp","href":"https:\/\/api.w.org\/{rel}","templated":true}]}}