{"id":58,"date":"2020-12-01T15:30:08","date_gmt":"2020-12-01T17:30:08","guid":{"rendered":"https:\/\/webjornalismo.unicap.br\/bonitasdecorpo\/?page_id=58"},"modified":"2020-12-15T21:06:54","modified_gmt":"2020-12-15T23:06:54","slug":"geisa-agricio","status":"publish","type":"page","link":"https:\/\/webjornalismo.unicap.br\/bonitasdecorpo\/geisa-agricio\/","title":{"rendered":"Geisa Agricio"},"content":{"rendered":"<p>[et_pb_section fb_built=&#8221;1&#8243; fullwidth=&#8221;on&#8221; _builder_version=&#8221;4.7.4&#8243; _module_preset=&#8221;default&#8221; background_image=&#8221;https:\/\/webjornalismo.unicap.br\/bonitasdecorpo\/wp-content\/uploads\/2020\/12\/geisa-topo.jpg&#8221;][et_pb_fullwidth_post_title meta=&#8221;off&#8221; featured_placement=&#8221;background&#8221; text_color=&#8221;light&#8221; _builder_version=&#8221;4.7.4&#8243; _module_preset=&#8221;default&#8221; title_text_color=&#8221;#ffffff&#8221; title_font_size=&#8221;70px&#8221; use_background_color_gradient=&#8221;on&#8221; background_color_gradient_start=&#8221;rgba(43,135,218,0)&#8221; background_color_gradient_end=&#8221;#000000&#8243; background_color_gradient_direction=&#8221;140deg&#8221; text_orientation=&#8221;right&#8221; custom_padding=&#8221;30vh||30vh||true|false&#8221;][\/et_pb_fullwidth_post_title][\/et_pb_section][et_pb_section fb_built=&#8221;1&#8243; _builder_version=&#8221;4.7.4&#8243; _module_preset=&#8221;default&#8221; background_color=&#8221;#79ab9e&#8221;][et_pb_row column_structure=&#8221;1_2,1_2&#8243; _builder_version=&#8221;4.7.4&#8243; _module_preset=&#8221;default&#8221; custom_padding=&#8221;||0px|||&#8221;][et_pb_column type=&#8221;1_2&#8243; _builder_version=&#8221;4.7.4&#8243; _module_preset=&#8221;default&#8221;][et_pb_text _builder_version=&#8221;4.7.5&#8243; _module_preset=&#8221;default&#8221; header_font_size=&#8221;40px&#8221; background_layout=&#8221;dark&#8221;]<\/p>\n<h1>\u00c9 gorda que chama<\/h1>\n<p>Geisa Agricio \u00e9 pernambucana, tem 39 anos e atua como gerente de desenvolvimento institucional do Pa\u00e7o do Frevo, que \u00e9 um espa\u00e7o cultural dedicado ao ritmo musical, e na lideran\u00e7a de comunica\u00e7\u00e3o do Cais do Valongo, que \u00e9 o porto que recebeu mais navios negreiros na Am\u00e9rica, ambos reconhecidos como patrim\u00f4nio da humanidade. Al\u00e9m disso, \u00e9 m\u00e3e, jornalista, mulher negra e reconhecidamente gorda h\u00e1 5 anos. O fato de se reconhecer como mulher gorda h\u00e1 poucos anos, n\u00e3o a eximiu de sentir outras dores durante a inf\u00e2ncia.<\/p>\n<p>A jornalista aprendeu com a fam\u00edlia, desde cedo, a valorizar sua identidade de pessoa negra. Sua m\u00e3e elogiava a beleza dos cabelos e dos tra\u00e7os da filha, refor\u00e7ando a percep\u00e7\u00e3o de que as pessoas s\u00e3o bonitas e n\u00e3o precisam se adequar aos padr\u00f5es da branquitude. \u201cEssa rela\u00e7\u00e3o com o corpo na inf\u00e2ncia, era um sentimento de desajuste. Inclusive, eu falo dessa coisa at\u00e9 no mercado, \u00e9 dif\u00edcil gostar do pr\u00f3prio cabelo se n\u00e3o existe produto para ele, como dar jeito nele. Ent\u00e3o, eu tinha que esconder minha natureza.[\/et_pb_text][et_pb_audio audio=&#8221;https:\/\/webjornalismo.unicap.br\/bonitasdecorpo\/wp-content\/uploads\/2020\/12\/audio-1-geisa.mp3&#8243; title=&#8221;Entrevista com Geisa &#8211; Parte 1&#8243; _builder_version=&#8221;4.7.5&#8243; _module_preset=&#8221;default&#8221; width=&#8221;500px&#8221; hover_enabled=&#8221;0&#8243; width_last_edited=&#8221;on|phone&#8221; width_phone=&#8221;100%&#8221; sticky_enabled=&#8221;0&#8243; width_tablet=&#8221;100%&#8221;][\/et_pb_audio][et_pb_text _builder_version=&#8221;4.7.5&#8243; _module_preset=&#8221;default&#8221; header_font_size=&#8221;40px&#8221; background_layout=&#8221;dark&#8221;]Com a pr\u00e9-adolesc\u00eancia, esse desajuste ficou cada vez mais evidenciado, Geisa come\u00e7ou a se comparar estruturalmente e corporalmente a realidades que n\u00e3o eram dela. Al\u00e9m do cabelo, ela se preocupava por usar um tamanho de roupa maior do que as suas amigas, 42. Com 14 anos, decidiu recorrer a um endocrinologista que explicou que o tamanho que ela usava era adequado \u00e0 sua estrutura \u00f3ssea e muscular, as palavras do m\u00e9dico nunca sa\u00edram da sua cabe\u00e7a: &#8220;No dia que voc\u00ea usar um 38, voc\u00ea estar\u00e1 doente\u201d. O que ela n\u00e3o sabia era que isso aconteceria mais para a frente.[\/et_pb_text][\/et_pb_column][et_pb_column type=&#8221;1_2&#8243; _builder_version=&#8221;4.7.4&#8243; _module_preset=&#8221;default&#8221;][et_pb_image src=&#8221;https:\/\/webjornalismo.unicap.br\/bonitasdecorpo\/wp-content\/uploads\/2020\/12\/IMG_4830.jpg&#8221; title_text=&#8221;IMG_4830&#8243; _builder_version=&#8221;4.7.4&#8243; _module_preset=&#8221;default&#8221;][\/et_pb_image][\/et_pb_column][\/et_pb_row][et_pb_row _builder_version=&#8221;4.7.4&#8243; _module_preset=&#8221;default&#8221; custom_padding=&#8221;||0px|||&#8221;][et_pb_column type=&#8221;4_4&#8243; _builder_version=&#8221;4.7.4&#8243; _module_preset=&#8221;default&#8221;][et_pb_text _builder_version=&#8221;4.7.5&#8243; _module_preset=&#8221;default&#8221; header_font_size=&#8221;40px&#8221; background_layout=&#8221;dark&#8221; width=&#8221;50%&#8221; hover_enabled=&#8221;0&#8243; width__hover_enabled=&#8221;off|desktop&#8221; width_last_edited=&#8221;on|phone&#8221; width_phone=&#8221;100%&#8221; sticky_enabled=&#8221;0&#8243; width_tablet=&#8221;100%&#8221;]Em 2005, completando 22 anos, Geisa teve uma doen\u00e7a na ves\u00edcula, durante 6 meses ela passou por uma alta restri\u00e7\u00e3o alimentar e perdeu cerca de 15 quilos. Foi a \u00e9poca na qual esteve mais magra durante sua vida adulta e finalmente coube \u201cno tal do short 38\u201d. Assim, ela percebeu o que realmente incomodava as pessoas em seu redor, n\u00e3o era seu quadro de sa\u00fade, mas o fato dela ser gorda. Socialmente, o emagrecimento \u00e9 sempre associado a algo positivo, com o intuito que as pessoas se reconhecem nos padr\u00f5es de beleza. Mesmo com uma maior inclus\u00e3o de corpos diversificados nas m\u00eddias tradicionais, sempre existe um padr\u00e3o que pode ser refletido at\u00e9 no nicho de pessoas plus size.[\/et_pb_text][et_pb_audio audio=&#8221;https:\/\/webjornalismo.unicap.br\/bonitasdecorpo\/wp-content\/uploads\/2020\/12\/audio-2-geisa.mp3&#8243; title=&#8221;Entrevista com Geisa &#8211; Parte 2&#8243; _builder_version=&#8221;4.7.5&#8243; _module_preset=&#8221;default&#8221; width=&#8221;500px&#8221; hover_enabled=&#8221;0&#8243; width_last_edited=&#8221;on|phone&#8221; width_phone=&#8221;100%&#8221; sticky_enabled=&#8221;0&#8243; width_tablet=&#8221;100%&#8221;][\/et_pb_audio][et_pb_text _builder_version=&#8221;4.7.5&#8243; _module_preset=&#8221;default&#8221; header_font_size=&#8221;40px&#8221; background_layout=&#8221;dark&#8221; width=&#8221;50%&#8221; hover_enabled=&#8221;0&#8243; sticky_enabled=&#8221;0&#8243; width_last_edited=&#8221;on|phone&#8221; width_phone=&#8221;100%&#8221; width_tablet=&#8221;100%&#8221;]<\/p>\n<p>A pr\u00e1tica do olhar sobre o pr\u00f3prio corpo foi um exerc\u00edcio que Geisa resolveu levar para a p\u00e1gina <a href=\"https:\/\/www.instagram.com\/gordaquechama\/\" target=\"_blank\" rel=\"noopener\">@gordaquechama<\/a> &#8211; perfil onde dialoga com sua amiga e jornalista Marta Telles. Assim, ela considera que ao se tornar uma curadora de novas possibilidades, ela abre espa\u00e7o para discutir tem\u00e1ticas sobre gordofobia, press\u00e3o est\u00e9tica e empoderamento partindo da sua viv\u00eancia, como tamb\u00e9m para chamar a aten\u00e7\u00e3o daquela amiga que \u00e9 magra ou daquele namorado t\u00f3xico que vivem de discursos violentos sobre o corpo gordo.<\/p>\n<p>[\/et_pb_text][et_pb_video src=&#8221;https:\/\/www.youtube.com\/watch?v=EUrmS-DkcPE&#8221; _builder_version=&#8221;4.7.5&#8243; _module_preset=&#8221;default&#8221;][\/et_pb_video][et_pb_text _builder_version=&#8221;4.7.5&#8243; _module_preset=&#8221;default&#8221; header_font_size=&#8221;40px&#8221; background_layout=&#8221;dark&#8221; width=&#8221;50%&#8221; hover_enabled=&#8221;0&#8243; width_last_edited=&#8221;on|phone&#8221; width_phone=&#8221;100%&#8221; sticky_enabled=&#8221;0&#8243; width_tablet=&#8221;100%&#8221;]A jornalista entende a import\u00e2ncia de trabalhar as interseccionalidades de cada mulher e a import\u00e2ncia de abordar diferentes narrativas. \u201c\u00c9 diferente a rela\u00e7\u00e3o do corpo gordo racialmente. A mulher branca tinha tudo para ser o padr\u00e3o, ela sendo gorda se sente falha pois ela sucumbiu, ela n\u00e3o atingiu aquela expectativa do que ela deveria ser. A mulher preta &#8211; estudando o corpo das mulheres africanas &#8211; nas culturas matriarcais, o corpo fazia parte do coletivo, n\u00e3o era t\u00e3o do indiv\u00edduo, at\u00e9 os verbos s\u00e3o mais pluralizados. A liberta\u00e7\u00e3o dos peitos, por exemplo, segundo esse feminismo branco&#8230; Quando paramos para pensar no corpo da mulher negra, isso n\u00e3o faz sentido, porque o nosso corpo sempre teve exposto em pra\u00e7a p\u00fablica.\u201d[\/et_pb_text][et_pb_audio audio=&#8221;https:\/\/webjornalismo.unicap.br\/bonitasdecorpo\/wp-content\/uploads\/2020\/12\/audio-3-geisa.mp3&#8243; title=&#8221;Entrevista com Geisa &#8211; Parte 3&#8243; _builder_version=&#8221;4.7.5&#8243; _module_preset=&#8221;default&#8221; width=&#8221;500px&#8221; hover_enabled=&#8221;0&#8243; width_last_edited=&#8221;on|phone&#8221; width_phone=&#8221;100%&#8221; sticky_enabled=&#8221;0&#8243; width_tablet=&#8221;100%&#8221;][\/et_pb_audio][et_pb_text _builder_version=&#8221;4.7.5&#8243; _module_preset=&#8221;default&#8221; header_font_size=&#8221;40px&#8221; background_layout=&#8221;dark&#8221; width=&#8221;50%&#8221; hover_enabled=&#8221;0&#8243; width__hover_enabled=&#8221;on|desktop&#8221; width_last_edited=&#8221;on|phone&#8221; width_phone=&#8221;100%&#8221; sticky_enabled=&#8221;0&#8243; width_tablet=&#8221;100%&#8221;]Nesse sentido, esse \u00e9 o papel que Geisa acredita que deve assumir enquanto comunicadora:  contribuir com uma comunica\u00e7\u00e3o que enxergue todas as pessoas, que as observe e as inclua em quest\u00f5es de complexidade e subjetividades. \u00c9 um risco introjetar pessoas gordas apenas em pautas relacionadas ao seu corpo, de forma a categoriz\u00e1-las apenas nesse recorte. \u201cA gente quer que pessoas gordas, negras, portadoras de defici\u00eancia possam viver todas as suas subjetividades, do amor, da ci\u00eancia, da crise existencial, da maternidade, da morte, do luto. Parece que em nosso caso tudo gira em torno do corpo.\u201d, defende a jornalista.<\/p>\n<p>Ela entende a import\u00e2ncia de existirem cada vez mais essas mulheres que trazem seus corpos de formas reais, sem filtro, altera\u00e7\u00f5es e que espalham a mensagem do corpo livre, mas tamb\u00e9m sabe que a falta de acesso de pessoas gordas \u00e0s posi\u00e7\u00f5es de poder ainda \u00e9 o grande problema. \u201cA gente gasta gera\u00e7\u00f5es e muitos recursos emocionais, f\u00edsicos, financeiros e sociais desperdi\u00e7ados nesse movimento de insatisfa\u00e7\u00e3o.  Na verdade, eu desisti de gastar o meu tempo brigando com isso e de focar em outras coisas, outros ganhos que eu posso ter al\u00e9m da grande vit\u00f3ria de conquistar um corpo que eu nem sei mais se \u00e9 bonito.\u201d[\/et_pb_text][et_pb_audio audio=&#8221;https:\/\/webjornalismo.unicap.br\/bonitasdecorpo\/wp-content\/uploads\/2020\/12\/audio-4-geisa.mp3&#8243; title=&#8221;Entrevista com Geisa &#8211; Parte 4&#8243; _builder_version=&#8221;4.7.5&#8243; _module_preset=&#8221;default&#8221; width=&#8221;500px&#8221; hover_enabled=&#8221;0&#8243; width_last_edited=&#8221;on|phone&#8221; width_phone=&#8221;100%&#8221; sticky_enabled=&#8221;0&#8243; width_tablet=&#8221;100%&#8221;][\/et_pb_audio][\/et_pb_column][\/et_pb_row][et_pb_row column_structure=&#8221;1_2,1_2&#8243; _builder_version=&#8221;4.7.4&#8243; _module_preset=&#8221;default&#8221; custom_padding=&#8221;0px|||||&#8221;][et_pb_column type=&#8221;1_2&#8243; _builder_version=&#8221;4.7.4&#8243; _module_preset=&#8221;default&#8221;][et_pb_text _builder_version=&#8221;4.7.5&#8243; _module_preset=&#8221;default&#8221; header_font_size=&#8221;40px&#8221; background_layout=&#8221;dark&#8221; hover_enabled=&#8221;0&#8243; sticky_enabled=&#8221;0&#8243; custom_margin_last_edited=&#8221;on|desktop&#8221; custom_margin_tablet=&#8221;25px||||false|false&#8221; custom_margin=&#8221;25px||||false|false&#8221;]<\/p>\n<p>Dessa forma, Geisa acredita que as mulheres gordas nunca ser\u00e3o vistas como o padr\u00e3o ideal de beleza &#8211; esse n\u00e3o \u00e9 o ponto da quest\u00e3o. Mas sim, entender como esse padr\u00e3o \u00e9 utilizado e comercializado para que a mulher coloque aquilo como a sua meta de vida. Existe um mercado movimentado por esse padr\u00e3o, de moda, produtos est\u00e9ticos e at\u00e9 um estilo de vida fitness. Uma das formas que ela tenta combater essa monopoliza\u00e7\u00e3o, \u00e9 atrav\u00e9s de seu consumo consciente. Segundo a pesquisa global da <a href=\"https:\/\/www.accenture.com\/ca-en\/insight-ditch-passivity\" target=\"_blank\" rel=\"noopener\">Accenture Strategy<\/a>, 83% dos consumidores brasileiros preferem comprar de empresas que defendem prop\u00f3sitos alinhados aos seus valores.<\/p>\n<p>Al\u00e9m de estar atenta aos posicionamentos das empresas, os espa\u00e7os que n\u00e3o tem mulheres gordas, pretas, ind\u00edgenas, LGBTQIA + precisam ser chamados \u00e0 aten\u00e7\u00e3o, para ent\u00e3o as pautas sobre gordofobia, machismo, racismo, etc. serem trabalhadas diariamente. \u201cEu como pessoa preta fico no inc\u00f4modo onde trabalho, trabalhamos negritude, diversidade, v\u00e1rios projetos\u2026 Mas a gente tem negros na lideran\u00e7a?\u201d. O Perfil Social, Racial e de G\u00eanero do Instituto Ethos realizado em 2019 aponta que pessoas negras ainda s\u00e3o sub-representadas no mercado.<\/p>\n<p>[\/et_pb_text][et_pb_code _builder_version=&#8221;4.7.5&#8243; _module_preset=&#8221;default&#8221;]<\/p>\n<div class=\"infogram-embed\" data-id=\"d4a1e8ea-3b33-4438-a0ee-f560c84720d0\" data-type=\"interactive\" data-title=\"infografico 1 - Geisa Agricio\"><\/div>\n<p><script>!function(e,i,n,s){var t=\"InfogramEmbeds\",d=e.getElementsByTagName(\"script\")[0];if(window[t]&&window[t].initialized)window[t].process&&window[t].process();else if(!e.getElementById(n)){var o=e.createElement(\"script\");o.async=1,o.id=n,o.src=\"https:\/\/e.infogram.com\/js\/dist\/embed-loader-min.js\",d.parentNode.insertBefore(o,d)}}(document,0,\"infogram-async\");<\/script>[\/et_pb_code][et_pb_text _builder_version=&#8221;4.7.5&#8243; _module_preset=&#8221;default&#8221; header_font_size=&#8221;40px&#8221; background_layout=&#8221;dark&#8221; hover_enabled=&#8221;0&#8243; sticky_enabled=&#8221;0&#8243;]A menina que Geisa recorda no in\u00edcio desta mat\u00e9ria que sofreu com a falta de representatividade, dificuldade para afirmar sua identidade e um sentimento de desajuste, est\u00e1 transformando essa experi\u00eancia, atrav\u00e9s da comunica\u00e7\u00e3o, em um narrativa para combater os padr\u00f5es classistas e elitistas que n\u00e3o pertenciam \u00e0 sua realidade. \u201cN\u00e3o vamos deixar de incomodar, no meu lugar de militante eu sempre digo que se conseguirmos causar o mesmo inc\u00f4modo que eles causam na gente, se eu conseguir constranger o quando fazem comigo, eu s\u00f3 o devolverei um pouco. O movimento \u00e9 ser esse inc\u00f4modo para as pessoas olharem para isso\u201d, finalizou.[\/et_pb_text][\/et_pb_column][et_pb_column type=&#8221;1_2&#8243; _builder_version=&#8221;4.7.4&#8243; _module_preset=&#8221;default&#8221;][et_pb_image src=&#8221;https:\/\/webjornalismo.unicap.br\/bonitasdecorpo\/wp-content\/uploads\/2020\/12\/IMG_4918.jpg&#8221; title_text=&#8221;IMG_4918&#8243; _builder_version=&#8221;4.7.4&#8243; _module_preset=&#8221;default&#8221;][\/et_pb_image][\/et_pb_column][\/et_pb_row][\/et_pb_section]<\/p>\n","protected":false},"excerpt":{"rendered":"<p>[et_pb_section fb_built=&#8221;1&#8243; fullwidth=&#8221;on&#8221; _builder_version=&#8221;4.7.4&#8243; _module_preset=&#8221;default&#8221; background_image=&#8221;https:\/\/webjornalismo.unicap.br\/bonitasdecorpo\/wp-content\/uploads\/2020\/12\/geisa-topo.jpg&#8221;][et_pb_fullwidth_post_title meta=&#8221;off&#8221; featured_placement=&#8221;background&#8221; text_color=&#8221;light&#8221; _builder_version=&#8221;4.7.4&#8243; _module_preset=&#8221;default&#8221; title_text_color=&#8221;#ffffff&#8221; title_font_size=&#8221;70px&#8221; use_background_color_gradient=&#8221;on&#8221; background_color_gradient_start=&#8221;rgba(43,135,218,0)&#8221; background_color_gradient_end=&#8221;#000000&#8243; background_color_gradient_direction=&#8221;140deg&#8221; text_orientation=&#8221;right&#8221; custom_padding=&#8221;30vh||30vh||true|false&#8221;][\/et_pb_fullwidth_post_title][\/et_pb_section][et_pb_section fb_built=&#8221;1&#8243; _builder_version=&#8221;4.7.4&#8243; _module_preset=&#8221;default&#8221; background_color=&#8221;#79ab9e&#8221;][et_pb_row column_structure=&#8221;1_2,1_2&#8243; _builder_version=&#8221;4.7.4&#8243; _module_preset=&#8221;default&#8221; custom_padding=&#8221;||0px|||&#8221;][et_pb_column type=&#8221;1_2&#8243; _builder_version=&#8221;4.7.4&#8243; _module_preset=&#8221;default&#8221;][et_pb_text _builder_version=&#8221;4.7.5&#8243; _module_preset=&#8221;default&#8221; header_font_size=&#8221;40px&#8221; background_layout=&#8221;dark&#8221;] \u00c9 gorda que chama Geisa Agricio \u00e9 pernambucana, tem 39 anos e atua como gerente de desenvolvimento institucional do Pa\u00e7o do [&hellip;]<\/p>\n","protected":false},"author":2,"featured_media":0,"parent":0,"menu_order":0,"comment_status":"closed","ping_status":"closed","template":"","meta":{"_et_pb_use_builder":"on","_et_pb_old_content":"","_et_gb_content_width":""},"_links":{"self":[{"href":"https:\/\/webjornalismo.unicap.br\/bonitasdecorpo\/wp-json\/wp\/v2\/pages\/58"}],"collection":[{"href":"https:\/\/webjornalismo.unicap.br\/bonitasdecorpo\/wp-json\/wp\/v2\/pages"}],"about":[{"href":"https:\/\/webjornalismo.unicap.br\/bonitasdecorpo\/wp-json\/wp\/v2\/types\/page"}],"author":[{"embeddable":true,"href":"https:\/\/webjornalismo.unicap.br\/bonitasdecorpo\/wp-json\/wp\/v2\/users\/2"}],"replies":[{"embeddable":true,"href":"https:\/\/webjornalismo.unicap.br\/bonitasdecorpo\/wp-json\/wp\/v2\/comments?post=58"}],"version-history":[{"count":12,"href":"https:\/\/webjornalismo.unicap.br\/bonitasdecorpo\/wp-json\/wp\/v2\/pages\/58\/revisions"}],"predecessor-version":[{"id":183,"href":"https:\/\/webjornalismo.unicap.br\/bonitasdecorpo\/wp-json\/wp\/v2\/pages\/58\/revisions\/183"}],"wp:attachment":[{"href":"https:\/\/webjornalismo.unicap.br\/bonitasdecorpo\/wp-json\/wp\/v2\/media?parent=58"}],"curies":[{"name":"wp","href":"https:\/\/api.w.org\/{rel}","templated":true}]}}