{"id":51,"date":"2020-12-01T15:28:51","date_gmt":"2020-12-01T17:28:51","guid":{"rendered":"https:\/\/webjornalismo.unicap.br\/bonitasdecorpo\/?page_id=51"},"modified":"2020-12-17T14:53:51","modified_gmt":"2020-12-17T16:53:51","slug":"corpolivre","status":"publish","type":"page","link":"https:\/\/webjornalismo.unicap.br\/bonitasdecorpo\/corpolivre\/","title":{"rendered":"#CorpoLivre"},"content":{"rendered":"<p>[et_pb_section fb_built=&#8221;1&#8243; fullwidth=&#8221;on&#8221; _builder_version=&#8221;4.7.4&#8243; _module_preset=&#8221;default&#8221; background_image=&#8221;https:\/\/webjornalismo.unicap.br\/bonitasdecorpo\/wp-content\/uploads\/2020\/12\/MOCAS.png&#8221; background_position=&#8221;bottom_right&#8221;][et_pb_fullwidth_post_title meta=&#8221;off&#8221; featured_placement=&#8221;background&#8221; text_color=&#8221;light&#8221; _builder_version=&#8221;4.7.4&#8243; _module_preset=&#8221;default&#8221; title_text_color=&#8221;#ffffff&#8221; title_font_size=&#8221;70px&#8221; use_background_color_gradient=&#8221;on&#8221; background_color_gradient_start=&#8221;rgba(43,135,218,0)&#8221; background_color_gradient_end=&#8221;#000000&#8243; background_color_gradient_direction=&#8221;140deg&#8221; text_orientation=&#8221;right&#8221; custom_padding=&#8221;30vh||30vh||true|false&#8221;][\/et_pb_fullwidth_post_title][\/et_pb_section][et_pb_section fb_built=&#8221;1&#8243; _builder_version=&#8221;4.7.4&#8243; _module_preset=&#8221;default&#8221; background_color=&#8221;#79ab9e&#8221;][et_pb_row column_structure=&#8221;1_2,1_2&#8243; _builder_version=&#8221;4.7.4&#8243; _module_preset=&#8221;default&#8221;][et_pb_column type=&#8221;1_2&#8243; _builder_version=&#8221;4.7.4&#8243; _module_preset=&#8221;default&#8221;][et_pb_text _builder_version=&#8221;4.7.5&#8243; _module_preset=&#8221;default&#8221; header_font_size=&#8221;40px&#8221; background_layout=&#8221;dark&#8221;]<\/p>\n<h1>O que \u00e9 o #CorpoLivre que aparece no meu feed?<\/h1>\n<p>\u201cUma cultura fixada na magreza feminina n\u00e3o significa uma obsess\u00e3o pela beleza feminina, mas uma obsess\u00e3o pela obedi\u00eancia feminina. A dieta \u00e9 o mais potente sedativo pol\u00edtico na hist\u00f3ria das mulheres. Uma popula\u00e7\u00e3o silenciosamente louca \u00e9 uma popula\u00e7\u00e3o d\u00f3cil\u201d. <\/p>\n<p>Ao desenvolver a teoria do mito da beleza, a escritora feminista Naomi Wolf explica o objetivo da sociedade patriarcal de exercer seu controle sobre as mulheres. Os padr\u00f5es est\u00e9ticos criados e amplificados a cada d\u00e9cada criam um sistema para fazer com que as mulheres sintam-se constantemente insatisfeitas consigo mesmas. Abre-se ent\u00e3o um leque de ofertas de cirurgias, rem\u00e9dios ou dietas milagrosas, que prometem &#8220;corrigir&#8221; caracter\u00edsticas e processos naturais dos corpos femininos.<\/p>\n<p>\u00c9 nesse contexto de controle que surge o movimento corpo livre ou body positive, junto ao combate \u00e0 gordofobia e \u00e0 press\u00e3o est\u00e9tica por corpos padronizados. Os termos est\u00e3o presentes nas redes sociais por meio de hashtags, debates e perfis de ativistas no Instagram, Twitter, Youtube e Facebook, entre outras. Os perfis de ativistas combatem uma ideologia controladora e patriarcal, impulsionando a mensagem de que a beleza est\u00e1 em todas as formas e tamanhos.[\/et_pb_text][\/et_pb_column][et_pb_column type=&#8221;1_2&#8243; _builder_version=&#8221;4.7.4&#8243; _module_preset=&#8221;default&#8221;][et_pb_image src=&#8221;https:\/\/webjornalismo.unicap.br\/bonitasdecorpo\/wp-content\/uploads\/2020\/12\/02.png&#8221; title_text=&#8221;02&#8243; _builder_version=&#8221;4.7.4&#8243; _module_preset=&#8221;default&#8221;][\/et_pb_image][\/et_pb_column][\/et_pb_row][et_pb_row _builder_version=&#8221;4.7.5&#8243; _module_preset=&#8221;default&#8221;][et_pb_column type=&#8221;4_4&#8243; _builder_version=&#8221;4.7.5&#8243; _module_preset=&#8221;default&#8221;][et_pb_slider _builder_version=&#8221;4.7.7&#8243; _module_preset=&#8221;default&#8221; auto=&#8221;on&#8221; hover_enabled=&#8221;0&#8243; sticky_enabled=&#8221;0&#8243;][et_pb_slide heading=&#8221;Ativismo gordo ou gordativismo&#8221; _builder_version=&#8221;4.7.7&#8243; _module_preset=&#8221;default&#8221; background_color=&#8221;#0c71c3&#8243; background_enable_color=&#8221;on&#8221; hover_enabled=&#8221;0&#8243; sticky_transition=&#8221;on&#8221; sticky_enabled=&#8221;0&#8243;]Movimento que luta por acessibilidade e reconhecimento das pessoas gordas<br \/>\n(fonte: <a href=\"https:\/\/jornaldebrasilia.com.br\/brasil\/gordo-ativismo-movimento-luta-por-acessibilidade-e-reconhecimento\/\" target=\"_blank\" rel=\"noopener\">Guilherme Fontes<\/a>)[\/et_pb_slide][et_pb_slide heading=&#8221;Gordofobia&#8221; _builder_version=&#8221;4.7.5&#8243; _module_preset=&#8221;default&#8221; background_color=&#8221;#8300e9&#8243; background_enable_color=&#8221;on&#8221; sticky_transition=&#8221;on&#8221;]\u00c9 uma forma de opress\u00e3o reproduzida nos pensamentos e comportamentos sociais que promove a exclus\u00e3o de pessoas gordas e desencadeia um processo interior de culpabiliza\u00e7\u00e3o e a autopercep\u00e7\u00e3o negativa sobre seus corpos<br \/>\n(fonte: <a href=\"https:\/\/www.instagram.com\/lamagduchi\/?hl=pt\" target=\"_blank\" rel=\"noopener\">Magdalena Pi\u00f1eyro<\/a>)[\/et_pb_slide][et_pb_slide heading=&#8221;Press\u00e3o est\u00e9tica&#8221; _builder_version=&#8221;4.7.5&#8243; _module_preset=&#8221;default&#8221; background_color=&#8221;#e09900&#8243; background_enable_color=&#8221;on&#8221; sticky_transition=&#8221;on&#8221;]Ao contr\u00e1rio da gordofobia que s\u00f3 pode ser vivenciada por pessoas gordas, a press\u00e3o est\u00e9tica \u00e9 algo que pode atingir todas as pessoas[\/et_pb_slide][et_pb_slide heading=&#8221;Corpo livre&#8221; _builder_version=&#8221;4.7.7&#8243; _module_preset=&#8221;default&#8221; background_color=&#8221;#0c71c3&#8243; background_enable_color=&#8221;on&#8221; hover_enabled=&#8221;0&#8243; sticky_transition=&#8221;on&#8221; sticky_enabled=&#8221;0&#8243;]<\/p>\n<p>Movimento que promove a aceita\u00e7\u00e3o corporal para quebrar a estigmatiza\u00e7\u00e3o de um modelo padr\u00e3o de beleza<br \/>\n(fonte: Alexandra Gurgel)<\/p>\n<p>[\/et_pb_slide][et_pb_slide heading=&#8221;Body shaming&#8221; _builder_version=&#8221;4.7.7&#8243; _module_preset=&#8221;default&#8221; background_color=&#8221;#8300e9&#8243; background_enable_color=&#8221;on&#8221; hover_enabled=&#8221;0&#8243; sticky_transition=&#8221;on&#8221; sticky_enabled=&#8221;0&#8243;]<\/p>\n<p>Traduzindo literalmente, significa vergonha do corpo e \u00e9 ridiculariza\u00e7\u00e3o do corpo de outra pessoa<br \/> (fonte: <a href=\"https:\/\/www.instagram.com\/tv\/B_ORfD8JAm_\/\" target=\"_blank\" rel=\"noopener noreferrer\">Alexandra Gurgel<\/a>)<\/p>\n<p>[\/et_pb_slide][\/et_pb_slider][\/et_pb_column][\/et_pb_row][et_pb_row _builder_version=&#8221;4.7.4&#8243; _module_preset=&#8221;default&#8221;][et_pb_column type=&#8221;4_4&#8243; _builder_version=&#8221;4.7.4&#8243; _module_preset=&#8221;default&#8221;][et_pb_text _builder_version=&#8221;4.7.5&#8243; _module_preset=&#8221;default&#8221; header_font_size=&#8221;40px&#8221; background_layout=&#8221;dark&#8221; width=&#8221;50%&#8221; width_tablet=&#8221;100%&#8221; width_phone=&#8221;&#8221; width_last_edited=&#8221;on|tablet&#8221;]<\/p>\n<p>O movimento <em>body positive<\/em> surgiu em Los Angeles, nos Estados Unidos, juntamente com o ativismo gordo, entre as d\u00e9cadas de 1960 e 1970, atrav\u00e9s de um grupo de mulheres feministas. Ao mesmo tempo em que lutavam pelo direito ao voto e pela igualdade de g\u00eanero e, ainda, dentro do feminismo negro, pela abertura de discuss\u00f5es raciais em rela\u00e7\u00e3o \u00e0 especifidades das mulheres negras, se observava o quanto o pessoal \u00e9 pol\u00edtico. As pautas sobre a sexualidade, o corpo, as rela\u00e7\u00f5es de domina\u00e7\u00e3o entre os sexos favoreceram o ativismo gordo e o movimento body positive.<\/p>\n<p>No Brasil, o movimento vem ganhando for\u00e7a nos espa\u00e7o virtuais, com a hashtag #CorpoLivre, nome adaptado pela jornalista, escritora e influencer Alexandra Gurgel. Aos nove anos ela fez a sua primeira dieta por conta das press\u00f5es est\u00e9ticas que sofria. Desde ent\u00e3o, embarcou em uma jornada que envolveu bulimia, anorexia, a realiza\u00e7\u00e3o de uma cirurgia de lipoaspira\u00e7\u00e3o e, ainda, uma tentativa de su\u00edcidio. Hoje, a carioca tem 31 anos e uma rela\u00e7\u00e3o saud\u00e1vel com o corpo, resultado de um processo de auto reflex\u00e3o, no qual percebeu que a sua insatisfa\u00e7\u00e3o era resultado dos padr\u00f5es de beleza impostos pela sociedade. Tem uma conta com 961 mil seguidores no instagram,495 mil no youtube e 89,7 mil no twitter. De l\u00e1, aborda pautas relacionadas \u00e0 gordofobia, autoestima, amor pr\u00f3prio e as problem\u00e1ticas que originam dos padr\u00f5es de beleza.<\/p>\n<p>[\/et_pb_text][et_pb_video src=&#8221;https:\/\/www.youtube.com\/watch?v=WwqacUPtHq4&#8243; _builder_version=&#8221;4.7.5&#8243; _module_preset=&#8221;default&#8221; custom_margin=&#8221;||0px||false|false&#8221; custom_padding=&#8221;||0px||false|false&#8221;][\/et_pb_video][et_pb_text _builder_version=&#8221;4.7.5&#8243; _module_preset=&#8221;default&#8221; text_text_color=&#8221;#ffffff&#8221; text_font_size=&#8221;13px&#8221; text_orientation=&#8221;right&#8221; custom_margin=&#8221;0px||||false|false&#8221; custom_padding=&#8221;0px||||false|false&#8221;]Ted Talk de Alexandra sobre a cultura do corpo perfeito[\/et_pb_text][\/et_pb_column][\/et_pb_row][et_pb_row column_structure=&#8221;1_2,1_2&#8243; _builder_version=&#8221;4.7.4&#8243; _module_preset=&#8221;default&#8221;][et_pb_column type=&#8221;1_2&#8243; _builder_version=&#8221;4.7.4&#8243; _module_preset=&#8221;default&#8221;][et_pb_text _builder_version=&#8221;4.7.5&#8243; _module_preset=&#8221;default&#8221; header_font_size=&#8221;40px&#8221; background_layout=&#8221;dark&#8221;]\u201cXanda\u201d \u00e9 uma das diversas influencers que v\u00eam se posicionando nos seus perfis e usando sua plataforma para trazer aten\u00e7\u00e3o a como n\u00f3s movimentamos uma ind\u00fastria de produtos e procedimentos est\u00e9ticos. Em um v\u00eddeo publicado recentemente nas suas redes sociais, ela  divulgou uma pesquisa da Sociedade Brasileira de Cirurgias Pl\u00e1sticas que aponta um aumento de 141% em procedimentos feitos em jovens de 13 e 18 anos nos \u00faltimos dez anos.[\/et_pb_text][et_pb_text _builder_version=&#8221;4.7.5&#8243; _module_preset=&#8221;default&#8221; header_font_size=&#8221;40px&#8221; background_layout=&#8221;dark&#8221;]<\/p>\n<p>A ativista ressalta que, coincidentemente, o Instagram tamb\u00e9m completou um d\u00e9cada em funcionamento. A rede social \u00e9 uma forte estimuladora de ferramentas e lifestyles que contribuem com dist\u00farbios mentais que afetam a autoestima dos seus usu\u00e1rios. Com filtros que cada vez mais mudam o aspecto da pele, afinam os narizes e preenchem bocas, gerando um fen\u00f4meno chamado de \u201c<a href=\"https:\/\/stealthelook.com.br\/os-filtros-do-instagram-estao-impactando-negativamente-nossa-autoestima\/\">snapchat dysmorphia<\/a>\u201d, referente a outro aplicativo que popularizou o uso de filtros.<\/p>\n<p>Como uma forma de combater os comportamentos gordof\u00f3bicos que s\u00e3o reproduzidos nos feeds e timelines, com memes, piadas, coment\u00e1rios e at\u00e9 a pol\u00edtica de censura de imagens, Alexandra criou a p\u00e1gina do <a href=\"https:\/\/www.instagram.com\/movimentocorpolivre\/\">@movimentocorpolivre<\/a>. A conta encoraja pessoas a postarem fotos que exibem seus corpos reais, gordos, magros, com estrias, peitos ca\u00eddos, peitos pequenos, celulite, cicatrizes e qualquer outra marca que n\u00e3o cabe dentro de um padr\u00e3o inalcan\u00e7\u00e1vel. Assim, o movimento vem despertando uma onda de pessoas a marcarem presen\u00e7a, como \u00e9 o caso de Bielo Pereira que conheceu essa ativismo em uma festa chamada Toda Grandona que \u00e9 voltada para as pessoas gordas.<\/p>\n<p>Big\u00eanere, prete e gorde, s\u00e3o as palavras que a apresentadora e empres\u00e1ria Bielo usa para se descrever no seu instagram. A influencer digital tamb\u00e9m se identifica como intersexo e transg\u00eanere pois apesar de ter sido identificada biologicamente com o g\u00eanero masculino, ela apresenta caracter\u00edsticas fenot\u00edpicas do g\u00eanero feminino. Assim, ela aceita pronomes masculinos, femininos e linguagem neutra.<\/p>\n<p>Com 158 mil seguidores no instagram e apenas 27 anos, <a href=\"https:\/\/www.instagram.com\/hellobielo\/\" target=\"_blank\" rel=\"noopener\">Bielo<\/a> produz conte\u00fado voltado para a desconstru\u00e7\u00e3o dos padr\u00f5es de g\u00eanero, beleza e racismo. Em entrevista \u00e0 <a href=\"https:\/\/www.cartacapital.com.br\/diversidade\/contra-a-gordofobia-movimento-corpo-livre-ganha-forca-na-internet\/\" target=\"_blank\" rel=\"noopener\">Carta Capital<\/a>, disse: &#8220;Antes mesmo de a pessoa olhar e ver se eu era gay ou preta, j\u00e1 me via como gorda. A gordofobia vem antes de tudo. At\u00e9 dentro da causa negra e trans eu sinto preconceito pelo meu corpo\u201d.<\/p>\n<p>[\/et_pb_text][\/et_pb_column][et_pb_column type=&#8221;1_2&#8243; _builder_version=&#8221;4.7.4&#8243; _module_preset=&#8221;default&#8221;][et_pb_code admin_label=&#8221;C\u00f3digo&#8221; _builder_version=&#8221;4.7.5&#8243; _module_preset=&#8221;default&#8221;]<\/p>\n<div class=\"infogram-embed\" data-id=\"49e5208c-a183-4761-9cc7-4fab994ee0f1\" data-type=\"interactive\" data-title=\"Infogr\u00e1fico 1 - Corpo Livre\"><\/div>\n<p><script>!function(e,i,n,s){var t=\"InfogramEmbeds\",d=e.getElementsByTagName(\"script\")[0];if(window[t]&&window[t].initialized)window[t].process&&window[t].process();else if(!e.getElementById(n)){var o=e.createElement(\"script\");o.async=1,o.id=n,o.src=\"https:\/\/e.infogram.com\/js\/dist\/embed-loader-min.js\",d.parentNode.insertBefore(o,d)}}(document,0,\"infogram-async\");<\/script>[\/et_pb_code][et_pb_image src=&#8221;https:\/\/webjornalismo.unicap.br\/bonitasdecorpo\/wp-content\/uploads\/2020\/12\/04.png&#8221; title_text=&#8221;04&#8243; _builder_version=&#8221;4.7.4&#8243; _module_preset=&#8221;default&#8221;][\/et_pb_image][\/et_pb_column][\/et_pb_row][et_pb_row _builder_version=&#8221;4.7.4&#8243; _module_preset=&#8221;default&#8221;][et_pb_column type=&#8221;4_4&#8243; _builder_version=&#8221;4.7.4&#8243; _module_preset=&#8221;default&#8221;][et_pb_video src=&#8221;https:\/\/www.youtube.com\/watch?v=Q19DF6CH63Y&#8221; _builder_version=&#8221;4.7.5&#8243; _module_preset=&#8221;default&#8221; custom_margin=&#8221;||0px||false|false&#8221; custom_padding=&#8221;||0px||false|false&#8221;][\/et_pb_video][et_pb_text _builder_version=&#8221;4.7.5&#8243; _module_preset=&#8221;default&#8221; text_text_color=&#8221;#ffffff&#8221; text_font_size=&#8221;13px&#8221; text_orientation=&#8221;right&#8221; custom_margin=&#8221;0px||||false|false&#8221; custom_padding=&#8221;0px||||false|false&#8221;]Palestra \u201cAprendendo a me Amar\u201d de Biel no evento Conecta em 2019[\/et_pb_text][et_pb_text _builder_version=&#8221;4.7.5&#8243; _module_preset=&#8221;default&#8221; header_font_size=&#8221;40px&#8221; background_layout=&#8221;dark&#8221; width=&#8221;50%&#8221; width_tablet=&#8221;100%&#8221; width_phone=&#8221;&#8221; width_last_edited=&#8221;on|phone&#8221;]<\/p>\n<p>Atrav\u00e9s do gordativismo e do movimento Corpo Livre, Alexandra Gurgel foi uma das inspira\u00e7\u00f5es de Bielo Pereira para criar uma plataforma ativista. Al\u00e9m das duas, outras mulheres como Letticia Munniz, Raissa Galv\u00e3o, Thais Carla, Luana Carvalho, v\u00eam usando seus perfis para mostrar que um corpo gordo \u00e9 infinito de possibilidades, mas que tamb\u00e9m n\u00e3o as define. Gorda tamb\u00e9m pode ser fashionista, dan\u00e7arina, apresentadora, modelo, etc. Liberdade corporal n\u00e3o \u00e9 uma apologia \u00e0 obesidade e sim a abertura de espa\u00e7os e di\u00e1logos para todas as formas, \u00e9 isso que elas defendem.<\/p>\n<p>[\/et_pb_text][\/et_pb_column][\/et_pb_row][\/et_pb_section]<\/p>\n","protected":false},"excerpt":{"rendered":"<p>[et_pb_section fb_built=&#8221;1&#8243; fullwidth=&#8221;on&#8221; _builder_version=&#8221;4.7.4&#8243; _module_preset=&#8221;default&#8221; background_image=&#8221;https:\/\/webjornalismo.unicap.br\/bonitasdecorpo\/wp-content\/uploads\/2020\/12\/MOCAS.png&#8221; background_position=&#8221;bottom_right&#8221;][et_pb_fullwidth_post_title meta=&#8221;off&#8221; featured_placement=&#8221;background&#8221; text_color=&#8221;light&#8221; _builder_version=&#8221;4.7.4&#8243; _module_preset=&#8221;default&#8221; title_text_color=&#8221;#ffffff&#8221; title_font_size=&#8221;70px&#8221; use_background_color_gradient=&#8221;on&#8221; background_color_gradient_start=&#8221;rgba(43,135,218,0)&#8221; background_color_gradient_end=&#8221;#000000&#8243; background_color_gradient_direction=&#8221;140deg&#8221; text_orientation=&#8221;right&#8221; custom_padding=&#8221;30vh||30vh||true|false&#8221;][\/et_pb_fullwidth_post_title][\/et_pb_section][et_pb_section fb_built=&#8221;1&#8243; _builder_version=&#8221;4.7.4&#8243; _module_preset=&#8221;default&#8221; background_color=&#8221;#79ab9e&#8221;][et_pb_row column_structure=&#8221;1_2,1_2&#8243; _builder_version=&#8221;4.7.4&#8243; _module_preset=&#8221;default&#8221;][et_pb_column type=&#8221;1_2&#8243; _builder_version=&#8221;4.7.4&#8243; _module_preset=&#8221;default&#8221;][et_pb_text _builder_version=&#8221;4.7.5&#8243; _module_preset=&#8221;default&#8221; header_font_size=&#8221;40px&#8221; background_layout=&#8221;dark&#8221;] O que \u00e9 o #CorpoLivre que aparece no meu feed? \u201cUma cultura fixada na magreza feminina n\u00e3o significa uma obsess\u00e3o pela [&hellip;]<\/p>\n","protected":false},"author":2,"featured_media":0,"parent":0,"menu_order":0,"comment_status":"closed","ping_status":"closed","template":"","meta":{"_et_pb_use_builder":"on","_et_pb_old_content":"","_et_gb_content_width":""},"_links":{"self":[{"href":"https:\/\/webjornalismo.unicap.br\/bonitasdecorpo\/wp-json\/wp\/v2\/pages\/51"}],"collection":[{"href":"https:\/\/webjornalismo.unicap.br\/bonitasdecorpo\/wp-json\/wp\/v2\/pages"}],"about":[{"href":"https:\/\/webjornalismo.unicap.br\/bonitasdecorpo\/wp-json\/wp\/v2\/types\/page"}],"author":[{"embeddable":true,"href":"https:\/\/webjornalismo.unicap.br\/bonitasdecorpo\/wp-json\/wp\/v2\/users\/2"}],"replies":[{"embeddable":true,"href":"https:\/\/webjornalismo.unicap.br\/bonitasdecorpo\/wp-json\/wp\/v2\/comments?post=51"}],"version-history":[{"count":17,"href":"https:\/\/webjornalismo.unicap.br\/bonitasdecorpo\/wp-json\/wp\/v2\/pages\/51\/revisions"}],"predecessor-version":[{"id":261,"href":"https:\/\/webjornalismo.unicap.br\/bonitasdecorpo\/wp-json\/wp\/v2\/pages\/51\/revisions\/261"}],"wp:attachment":[{"href":"https:\/\/webjornalismo.unicap.br\/bonitasdecorpo\/wp-json\/wp\/v2\/media?parent=51"}],"curies":[{"name":"wp","href":"https:\/\/api.w.org\/{rel}","templated":true}]}}