{"id":431,"date":"2021-12-02T22:37:41","date_gmt":"2021-12-03T01:37:41","guid":{"rendered":"https:\/\/webjornalismo.unicap.br\/blogueiras\/?page_id=431"},"modified":"2021-12-10T12:21:45","modified_gmt":"2021-12-10T15:21:45","slug":"pretas-na-rede","status":"publish","type":"page","link":"https:\/\/webjornalismo.unicap.br\/blogueiras\/pretas-na-rede\/","title":{"rendered":"Pretas na rede"},"content":{"rendered":"<p>[et_pb_section fb_built=&#8221;1&#8243; _builder_version=&#8221;4.14.2&#8243; _module_preset=&#8221;default&#8221; background_color=&#8221;gcid-495bebcd-c9e6-4abe-8562-50c1f6340cd8&#8243; background_enable_image=&#8221;off&#8221; background_size=&#8221;contain&#8221; background_position=&#8221;top_right&#8221; global_colors_info=&#8221;{%22gcid-495bebcd-c9e6-4abe-8562-50c1f6340cd8%22:%91%22background_color%22%93}&#8221;][et_pb_row column_structure=&#8221;1_2,1_2&#8243; make_equal=&#8221;on&#8221; _builder_version=&#8221;4.14.2&#8243; _module_preset=&#8221;default&#8221; width=&#8221;100%&#8221; custom_padding=&#8221;0px||0px||false|false&#8221; global_colors_info=&#8221;{}&#8221;][et_pb_column type=&#8221;1_2&#8243; module_class=&#8221;full-height&#8221; _builder_version=&#8221;4.14.2&#8243; _module_preset=&#8221;default&#8221; custom_padding_tablet=&#8221;&#8221; custom_padding_phone=&#8221;|||40px|false|false&#8221; custom_padding_last_edited=&#8221;on|phone&#8221; global_colors_info=&#8221;{}&#8221;][et_pb_post_title meta=&#8221;off&#8221; featured_image=&#8221;off&#8221; _builder_version=&#8221;4.14.2&#8243; _module_preset=&#8221;default&#8221; title_text_color=&#8221;gcid-a582bc18-6f66-4357-aa49-294bceee8318&#8243; global_colors_info=&#8221;{%22gcid-a582bc18-6f66-4357-aa49-294bceee8318%22:%91%22title_text_color%22%93}&#8221;][\/et_pb_post_title][et_pb_text _builder_version=&#8221;4.14.2&#8243; _module_preset=&#8221;default&#8221; header_text_color=&#8221;#FFFFFF&#8221; header_font_size=&#8221;50px&#8221; width_tablet=&#8221;&#8221; width_phone=&#8221;80%&#8221; width_last_edited=&#8221;on|phone&#8221; header_font_size_tablet=&#8221;50px&#8221; header_font_size_phone=&#8221;36px&#8221; header_font_size_last_edited=&#8221;on|phone&#8221; global_colors_info=&#8221;{}&#8221;]<\/p>\n<h1>Elas sabem que pode ser o que quiserem!<\/h1>\n<p>[\/et_pb_text][\/et_pb_column][et_pb_column type=&#8221;1_2&#8243; module_class=&#8221;full-height&#8221; _builder_version=&#8221;4.14.2&#8243; _module_preset=&#8221;default&#8221; global_colors_info=&#8221;{}&#8221;][et_pb_image src=&#8221;https:\/\/webjornalismo.unicap.br\/blogueiras\/wp-content\/uploads\/2021\/12\/ilustra-pretas.png&#8221; title_text=&#8221;ilustra-pretas&#8221; _builder_version=&#8221;4.14.2&#8243; _module_preset=&#8221;default&#8221; global_colors_info=&#8221;{}&#8221;][\/et_pb_image][\/et_pb_column][\/et_pb_row][\/et_pb_section][et_pb_section fb_built=&#8221;1&#8243; _builder_version=&#8221;4.14.2&#8243; _module_preset=&#8221;default&#8221; global_colors_info=&#8221;{}&#8221;][et_pb_row _builder_version=&#8221;4.14.2&#8243; _module_preset=&#8221;default&#8221; global_colors_info=&#8221;{}&#8221;][et_pb_column type=&#8221;4_4&#8243; _builder_version=&#8221;4.14.2&#8243; _module_preset=&#8221;default&#8221; global_colors_info=&#8221;{}&#8221;][et_pb_text _builder_version=&#8221;4.14.2&#8243; _module_preset=&#8221;default&#8221; width=&#8221;70%&#8221; module_alignment=&#8221;center&#8221; module_alignment_last_edited=&#8221;off|tablet&#8221; global_colors_info=&#8221;{}&#8221;]<\/p>\n<p>Quantas das blogueiras que voc\u00ea segue no Instagram, s\u00e3o negras? J\u00e1 parou para pensar nisso? Se n\u00e3o, est\u00e1 mais do que na hora de refletir sobre o assunto e procurar conhecer mais mulheres pretas produtoras de conte\u00fado na internet. N\u00e3o \u00e9 que haja poucas influenciadoras negras nas redes sociais, o problema \u00e9 a n\u00e3o valoriza\u00e7\u00e3o dessas profissionais. Seja das marcas que n\u00e3o as procuram para fechar publicidades e contratos, ou quando procuram, oferecem menos do que as demais influenciadoras ganham, do pr\u00f3prio algoritmo, que n\u00e3o entrega seu conte\u00fado e muitas vezes at\u00e9 mesmo do p\u00fablico que acompanha, mas n\u00e3o engaja em suas publica\u00e7\u00f5es.<\/p>\n<p>Uma pesquisa realizada pelo site O Globo, mostrou que dos mais de 900 mil perfis de influenciadores cadastrados na plataforma de dados da SamyRoad, empresa de marketing de influ\u00eancia, apenas 20% s\u00e3o de pessoas negras. Mesmo presentes em 56 segmentos diferentes, elas n\u00e3o predominam entre usu\u00e1rios com mais de 5 mil seguidores.<\/p>\n<p>Mas, apesar de todas essas barreiras, as mulheres pretas t\u00eam se posicionado e decidido n\u00e3o abrir m\u00e3o de ocupar todos os espa\u00e7os que lhe s\u00e3o poss\u00edveis, produzindo conte\u00fado sobre os mais diversos temas e assuntos, vencendo o algoritmo e o preconceito.<\/p>\n<p>[\/et_pb_text][\/et_pb_column][\/et_pb_row][\/et_pb_section][et_pb_section fb_built=&#8221;1&#8243; admin_label=&#8221;Thamires&#8221; _builder_version=&#8221;4.14.2&#8243; _module_preset=&#8221;default&#8221; background_color=&#8221;#ededed&#8221; global_colors_info=&#8221;{}&#8221;][et_pb_row column_structure=&#8221;1_2,1_2&#8243; use_custom_gutter=&#8221;on&#8221; gutter_width=&#8221;1&#8243; make_equal=&#8221;on&#8221; _builder_version=&#8221;4.14.2&#8243; _module_preset=&#8221;default&#8221; background_color=&#8221;gcid-495bebcd-c9e6-4abe-8562-50c1f6340cd8&#8243; module_alignment=&#8221;center&#8221; global_colors_info=&#8221;{%22gcid-495bebcd-c9e6-4abe-8562-50c1f6340cd8%22:%91%22background_color%22%93}&#8221;][et_pb_column type=&#8221;1_2&#8243; module_class=&#8221;full-height&#8221; _builder_version=&#8221;4.14.2&#8243; _module_preset=&#8221;default&#8221; custom_padding=&#8221;|3%||3%|false|true&#8221; border_width_right=&#8221;1px&#8221; border_color_right=&#8221;#FFFFFF&#8221; global_colors_info=&#8221;{}&#8221;][et_pb_text _builder_version=&#8221;4.14.2&#8243; _module_preset=&#8221;default&#8221; header_text_align=&#8221;right&#8221; header_text_color=&#8221;gcid-a582bc18-6f66-4357-aa49-294bceee8318&#8243; header_font_size=&#8221;40px&#8221; module_alignment=&#8221;right&#8221; header_text_align_tablet=&#8221;right&#8221; header_text_align_phone=&#8221;left&#8221; header_text_align_last_edited=&#8221;on|phone&#8221; global_colors_info=&#8221;{%22gcid-a582bc18-6f66-4357-aa49-294bceee8318%22:%91%22header_text_color%22%93}&#8221;]<\/p>\n<h1>Sharon Baptista<\/h1>\n<p>[\/et_pb_text][\/et_pb_column][et_pb_column type=&#8221;1_2&#8243; module_class=&#8221;full-height&#8221; _builder_version=&#8221;4.14.2&#8243; _module_preset=&#8221;default&#8221; custom_padding=&#8221;|3%||3%|false|false&#8221; global_colors_info=&#8221;{}&#8221;][et_pb_text _builder_version=&#8221;4.14.2&#8243; _module_preset=&#8221;default&#8221; text_font=&#8221;||on||||||&#8221; text_font_size=&#8221;30px&#8221; text_line_height=&#8221;1.2em&#8221; background_layout=&#8221;dark&#8221; module_alignment=&#8221;left&#8221; global_colors_info=&#8221;{}&#8221;]<\/p>\n<p>\u201cEu entendi que, por ser uma mulher plural, eu posso e quero falar sobre os mais diversos assuntos\u201d<\/p>\n<p>[\/et_pb_text][\/et_pb_column][\/et_pb_row][et_pb_row _builder_version=&#8221;4.14.2&#8243; _module_preset=&#8221;default&#8221; global_colors_info=&#8221;{}&#8221;][et_pb_column type=&#8221;4_4&#8243; _builder_version=&#8221;4.14.2&#8243; _module_preset=&#8221;default&#8221; global_colors_info=&#8221;{}&#8221;][et_pb_gallery gallery_ids=&#8221;608,609,610&#8243; posts_number=&#8221;3&#8243; db_images_per_row=&#8221;3&#8243; db_image_max_width=&#8221;100%&#8221; dbdb_version=&#8221;3.6.8&#8243; orientation=&#8221;portrait&#8221; show_title_and_caption=&#8221;off&#8221; show_pagination=&#8221;off&#8221; zoom_icon_color=&#8221;gcid-495bebcd-c9e6-4abe-8562-50c1f6340cd8&#8243; _builder_version=&#8221;4.14.2&#8243; _module_preset=&#8221;default&#8221; hover_enabled=&#8221;0&#8243; global_colors_info=&#8221;{%22gcid-495bebcd-c9e6-4abe-8562-50c1f6340cd8%22:%91%22zoom_icon_color%22%93}&#8221; sticky_enabled=&#8221;0&#8243;][\/et_pb_gallery][\/et_pb_column][\/et_pb_row][et_pb_row column_structure=&#8221;3_4,1_4&#8243; _builder_version=&#8221;4.14.2&#8243; _module_preset=&#8221;default&#8221; global_colors_info=&#8221;{}&#8221;][et_pb_column type=&#8221;3_4&#8243; module_class=&#8221;full-height&#8221; _builder_version=&#8221;4.14.2&#8243; _module_preset=&#8221;default&#8221; global_colors_info=&#8221;{}&#8221;][et_pb_text _builder_version=&#8221;4.14.2&#8243; _module_preset=&#8221;default&#8221; module_alignment=&#8221;center&#8221; global_colors_info=&#8221;{}&#8221;]<\/p>\n<p>Aos 26 anos de idade, Sharon foi a primeira da fam\u00edlia a se formar em um curso superior. E foi durante o per\u00edodo em que estudou Jornalismo, na Universidade Cat\u00f3lica de Pernambuco, que ela descobriu o gosto pela produ\u00e7\u00e3o de conte\u00fado para a internet. Sharon conta que sua primeira experi\u00eancia com esse universo foi atrav\u00e9s de uma viagem para cobrir a edi\u00e7\u00e3o de n\u00famero 48 do S\u00e3o Paulo Fashion Week, em 2019. L\u00e1, juntamente com outras duas colegas estudantes de moda, ela teve a oportunidade de produzir uma s\u00e9rie de conte\u00fados sobre o evento, no qual abordava n\u00e3o s\u00f3 os desfiles, como tamb\u00e9m a pauta que cada um defendia.\u201dEu percebi um retorno muito grande do meu p\u00fablico no Instagram e isso me animou\u201d, conta ela.<\/p>\n<p>Para Sharon, entender que ela n\u00e3o s\u00f3 poderia como deveria ocupar o espa\u00e7o de comunicadora e n\u00e3o apenas nos ve\u00edculos, mas tamb\u00e9m nas redes sociais, foi o que lhe abriu um imenso leque de possibilidades na carreira enquanto jornalista e tamb\u00e9m como produtora de conte\u00fado. No seu perfil no Instagram, \u00e9 poss\u00edvel encontrar os mais diversos assuntos e debates, desde dicas sobre jornalismo, ao empoderamento negro feminino. \u201cEu entendo que quando uma mulher preta est\u00e1 \u00e0 frente de uma c\u00e2mera, ela tem muito o que falar. E eu vejo a c\u00e2mera como uma \u00f3tima ferramenta para estarmos ecoando nossa voz\u201d.<\/p>\n<p>Na entrevista abaixo, Sharon fala dos assuntos diversos que fazem parte do seu dia dia de mulher comunicadora:<\/p>\n<p>[\/et_pb_text][\/et_pb_column][et_pb_column type=&#8221;1_4&#8243; _builder_version=&#8221;4.14.2&#8243; _module_preset=&#8221;default&#8221; background_color=&#8221;#FFFFFF&#8221; custom_padding=&#8221;30px||20px||false|false&#8221; border_radii=&#8221;on|10px|10px|10px|10px&#8221; box_shadow_style=&#8221;preset4&#8243; box_shadow_horizontal=&#8221;5px&#8221; box_shadow_vertical=&#8221;5px&#8221; box_shadow_color=&#8221;rgba(0,0,0,0.1)&#8221; global_colors_info=&#8221;{}&#8221;][et_pb_blurb title=&#8221;@sharonbaptista&#8221; url=&#8221;https:\/\/www.instagram.com\/sharonbaptista\/&#8221; url_new_window=&#8221;on&#8221; use_icon=&#8221;on&#8221; font_icon=&#8221;&#xe0b1;||divi||400&#8243; icon_color=&#8221;gcid-a582bc18-6f66-4357-aa49-294bceee8318&#8243; image_icon_width=&#8221;60px&#8221; _builder_version=&#8221;4.14.2&#8243; _module_preset=&#8221;default&#8221; header_font=&#8221;|600|||||||&#8221; header_text_align=&#8221;center&#8221; custom_margin=&#8221;||0px||false|false&#8221; custom_padding=&#8221;||||false|false&#8221; link_option_url_new_window=&#8221;on&#8221; custom_css_blurb_image=&#8221;margin-bottom:15px;&#8221; global_colors_info=&#8221;{%22gcid-a582bc18-6f66-4357-aa49-294bceee8318%22:%91%22icon_color%22%93}&#8221;][\/et_pb_blurb][et_pb_number_counter title=&#8221;publica\u00e7\u00f5es&#8221; number=&#8221;534&#8243; percent_sign=&#8221;off&#8221; admin_label=&#8221;Contador de N\u00fameros&#8221; _builder_version=&#8221;4.14.2&#8243; _module_preset=&#8221;default&#8221; number_text_color=&#8221;gcid-a582bc18-6f66-4357-aa49-294bceee8318&#8243; number_font_size=&#8221;46px&#8221; custom_margin=&#8221;0px||0px||false|false&#8221; custom_padding=&#8221;0px||0px||false|false&#8221; custom_css_percent=&#8221;margin-bottom:-10px !important;&#8221; global_colors_info=&#8221;{%22gcid-a582bc18-6f66-4357-aa49-294bceee8318%22:%91%22number_text_color%22%93}&#8221;][\/et_pb_number_counter][et_pb_number_counter title=&#8221;seguidores&#8221; number=&#8221;4462&#8243; percent_sign=&#8221;off&#8221; _builder_version=&#8221;4.14.2&#8243; _module_preset=&#8221;default&#8221; number_text_color=&#8221;#ff316c&#8221; number_font_size=&#8221;46px&#8221; custom_margin=&#8221;0px||0px||false|false&#8221; custom_padding=&#8221;0px||0px||false|false&#8221; custom_css_percent=&#8221;margin-bottom:-10px !important;&#8221; global_colors_info=&#8221;{%22gcid-495bebcd-c9e6-4abe-8562-50c1f6340cd8%22:%91%22number_text_color%22,%22number_text_color%22%93}&#8221;][\/et_pb_number_counter][et_pb_number_counter title=&#8221;seguindo&#8221; number=&#8221;2612&#8243; percent_sign=&#8221;off&#8221; _builder_version=&#8221;4.14.2&#8243; _module_preset=&#8221;default&#8221; number_text_color=&#8221;#ff316c&#8221; number_font_size=&#8221;46px&#8221; custom_margin=&#8221;0px||0px||false|false&#8221; custom_padding=&#8221;0px||0px||false|false&#8221; custom_css_percent=&#8221;margin-bottom:-10px !important;&#8221; global_colors_info=&#8221;{%22gcid-495bebcd-c9e6-4abe-8562-50c1f6340cd8%22:%91%22number_text_color%22,%22number_text_color%22%93}&#8221;][\/et_pb_number_counter][\/et_pb_column][\/et_pb_row][et_pb_row _builder_version=&#8221;4.14.2&#8243; _module_preset=&#8221;default&#8221; global_colors_info=&#8221;{}&#8221;][et_pb_column type=&#8221;4_4&#8243; _builder_version=&#8221;4.14.2&#8243; _module_preset=&#8221;default&#8221; global_colors_info=&#8221;{}&#8221;][et_pb_code _builder_version=&#8221;4.14.2&#8243; _module_preset=&#8221;default&#8221; global_colors_info=&#8221;{}&#8221;]<iframe loading=\"lazy\" width=\"560\" height=\"315\" src=\"https:\/\/www.youtube-nocookie.com\/embed\/Nu9dGJiXaJE?controls=0\" title=\"YouTube video player\" frameborder=\"0\" allow=\"accelerometer; autoplay; clipboard-write; encrypted-media; gyroscope; picture-in-picture\" allowfullscreen><\/iframe>[\/et_pb_code][et_pb_text _builder_version=&#8221;4.14.2&#8243; _module_preset=&#8221;default&#8221; width=&#8221;70%&#8221; module_alignment=&#8221;center&#8221; global_colors_info=&#8221;{}&#8221;]<\/p>\n<p>A desvaloriza\u00e7\u00e3o no mercado ficou exposta atrav\u00e9s de pesquisa feita no Brasil pela Black Influence, Site Mundo Negro, YOUPIX, Squid e Sharp, que ouviu cerca de 760 criadores de conte\u00fado, entre brancos, pardos, pretos, amarelos e ind\u00edgenas. Os resultados mostram que os influenciadores pretos s\u00e3o menos contratados para campanhas de publicidade. Entre os entrevistados, 53% j\u00e1 tinham feito alguma campanha, por\u00e9m, a propor\u00e7\u00e3o era 17% menor do que a da m\u00e9dia geral das respostas. Confira no gr\u00e1fico abaixo a diferen\u00e7a de valores:<\/p>\n<p>[\/et_pb_text][et_pb_code _builder_version=&#8221;4.14.2&#8243; _module_preset=&#8221;default&#8221; width=&#8221;70%&#8221; module_alignment=&#8221;center&#8221; locked=&#8221;off&#8221; global_colors_info=&#8221;{}&#8221;]<\/p>\n<div class=\"infogram-embed\" data-id=\"90e175d2-7b21-4e44-b1f7-98e1c8cd22c5\" data-type=\"interactive\" data-title=\"Influencers pretos\"><\/div>\n<p><script>!function(e,i,n,s){var t=\"InfogramEmbeds\",d=e.getElementsByTagName(\"script\")[0];if(window[t]&&window[t].initialized)window[t].process&&window[t].process();else if(!e.getElementById(n)){var o=e.createElement(\"script\");o.async=1,o.id=n,o.src=\"https:\/\/e.infogram.com\/js\/dist\/embed-loader-min.js\",d.parentNode.insertBefore(o,d)}}(document,0,\"infogram-async\");<\/script><\/p>\n<div style=\"padding:8px 0;font-family:Arial!important;font-size:13px!important;line-height:15px!important;text-align:center;border-top:1px solid #dadada;margin:0 30px\"><a href=\"https:\/\/infogram.com\/90e175d2-7b21-4e44-b1f7-98e1c8cd22c5\" style=\"color:#989898!important;text-decoration:none!important;\" target=\"_blank\" rel=\"noopener\">Influencers pretos<\/a><!\u2013- [et_pb_br_holder] -\u2013><a href=\"https:\/\/infogram.com\" style=\"color:#989898!important;text-decoration:none!important;\" target=\"_blank\" rel=\"nofollow noopener\">Infogram<\/a><\/div>\n<p>[\/et_pb_code][\/et_pb_column][\/et_pb_row][\/et_pb_section][et_pb_section fb_built=&#8221;1&#8243; admin_label=&#8221;Maria&#8221; _builder_version=&#8221;4.14.2&#8243; _module_preset=&#8221;default&#8221; background_enable_color=&#8221;off&#8221; custom_padding=&#8221;||100px||false|false&#8221; global_colors_info=&#8221;{}&#8221;][et_pb_row column_structure=&#8221;1_2,1_2&#8243; use_custom_gutter=&#8221;on&#8221; gutter_width=&#8221;1&#8243; make_equal=&#8221;on&#8221; _builder_version=&#8221;4.14.2&#8243; _module_preset=&#8221;default&#8221; background_color=&#8221;gcid-495bebcd-c9e6-4abe-8562-50c1f6340cd8&#8243; module_alignment=&#8221;center&#8221; global_colors_info=&#8221;{%22gcid-495bebcd-c9e6-4abe-8562-50c1f6340cd8%22:%91%22background_color%22%93}&#8221;][et_pb_column type=&#8221;1_2&#8243; module_class=&#8221;full-height&#8221; _builder_version=&#8221;4.14.2&#8243; _module_preset=&#8221;default&#8221; custom_padding=&#8221;|3%||3%|false|true&#8221; border_width_right=&#8221;1px&#8221; border_color_right=&#8221;#FFFFFF&#8221; global_colors_info=&#8221;{}&#8221;][et_pb_text _builder_version=&#8221;4.14.2&#8243; _module_preset=&#8221;default&#8221; header_text_align=&#8221;right&#8221; header_text_color=&#8221;gcid-a582bc18-6f66-4357-aa49-294bceee8318&#8243; header_font_size=&#8221;40px&#8221; module_alignment=&#8221;right&#8221; header_text_align_tablet=&#8221;right&#8221; header_text_align_phone=&#8221;left&#8221; header_text_align_last_edited=&#8221;on|phone&#8221; global_colors_info=&#8221;{%22gcid-a582bc18-6f66-4357-aa49-294bceee8318%22:%91%22header_text_color%22%93}&#8221;]<\/p>\n<h1>Jack Inoc\u00eancio<\/h1>\n<p>[\/et_pb_text][\/et_pb_column][et_pb_column type=&#8221;1_2&#8243; module_class=&#8221;full-height&#8221; _builder_version=&#8221;4.14.2&#8243; _module_preset=&#8221;default&#8221; custom_padding=&#8221;|3%||3%|false|false&#8221; global_colors_info=&#8221;{}&#8221;][et_pb_text _builder_version=&#8221;4.14.2&#8243; _module_preset=&#8221;default&#8221; text_font=&#8221;||on||||||&#8221; text_font_size=&#8221;30px&#8221; text_line_height=&#8221;1.2em&#8221; background_layout=&#8221;dark&#8221; module_alignment=&#8221;left&#8221; global_colors_info=&#8221;{}&#8221;]<\/p>\n<p>\u201cO autocuidado me fez entender que amando a mim, eu posso amar o outro melhor!&#8221;<\/p>\n<p>[\/et_pb_text][\/et_pb_column][\/et_pb_row][et_pb_row _builder_version=&#8221;4.14.2&#8243; _module_preset=&#8221;default&#8221; global_colors_info=&#8221;{}&#8221;][et_pb_column type=&#8221;4_4&#8243; _builder_version=&#8221;4.14.2&#8243; _module_preset=&#8221;default&#8221; global_colors_info=&#8221;{}&#8221;][et_pb_gallery gallery_ids=&#8221;614,615,616&#8243; posts_number=&#8221;3&#8243; db_images_per_row=&#8221;3&#8243; db_image_max_width=&#8221;100%&#8221; dbdb_version=&#8221;3.6.8&#8243; orientation=&#8221;portrait&#8221; show_title_and_caption=&#8221;off&#8221; show_pagination=&#8221;off&#8221; zoom_icon_color=&#8221;gcid-495bebcd-c9e6-4abe-8562-50c1f6340cd8&#8243; _builder_version=&#8221;4.14.2&#8243; _module_preset=&#8221;default&#8221; global_colors_info=&#8221;{%22gcid-495bebcd-c9e6-4abe-8562-50c1f6340cd8%22:%91%22zoom_icon_color%22%93,%22gcid-a582bc18-6f66-4357-aa49-294bceee8318%22:%91%22zoom_icon_color%22%93}&#8221;][\/et_pb_gallery][\/et_pb_column][\/et_pb_row][et_pb_row column_structure=&#8221;3_4,1_4&#8243; _builder_version=&#8221;4.14.2&#8243; _module_preset=&#8221;default&#8221; global_colors_info=&#8221;{}&#8221;][et_pb_column type=&#8221;3_4&#8243; module_class=&#8221;full-height&#8221; _builder_version=&#8221;4.14.2&#8243; _module_preset=&#8221;default&#8221; global_colors_info=&#8221;{}&#8221;][et_pb_text _builder_version=&#8221;4.14.2&#8243; _module_preset=&#8221;default&#8221; module_alignment=&#8221;center&#8221; global_colors_info=&#8221;{}&#8221;]<\/p>\n<p>A hist\u00f3ria de Jack com a internet \u00e9 baseada na empatia, como ela mesma define, uma vez que o que a fez come\u00e7ar a produzir conte\u00fado para o Instagram foi o entendimento de que ela poderia ajudar outras mulheres a passar por experi\u00eancias que ela j\u00e1 tinha vivenciado, nas mais diversas \u00e1reas de sua vida.<\/p>\n<p>Jack trabalha como secret\u00e1ria da igreja da qual faz parte e \u00e9 l\u00e1, tamb\u00e9m, onde desenvolve um projeto voltado para as meninas e mulheres da Igreja, o BBG (Blush, Batom e Gl\u00f3ria). Foi o BBG que a impulsionou a trazer para as redes sociais o que ela j\u00e1 vivia na pr\u00e1tica, em seu dia-a-dia. \u201cO desejo de me inserir no contexto da internet surgiu quando eu percebi que poderia ser uma influ\u00eancia positiva na vida de outras mulheres, ajudando elas a lidar e a superar traumas e dificuldades que eu j\u00e1 vivi um dia\u201d, afirma. E foi no in\u00edcio da pandemia, em 2020, que ela decidiu dar o pontap\u00e9 inicial na produ\u00e7\u00e3o, ainda de maneira t\u00edmida, com seus textos sobre amor pr\u00f3prio, autoestima e autocuidado, voltados inteiramente para o p\u00fablico feminino.<\/p>\n<p>N\u00e3o demorou muito para que Jack come\u00e7asse a ter um retorno positivo das suas seguidoras, que a estimularam a continuar, fazendo com que ela ultrapassasse o n\u00famero de 10 mil seguidores em seu perfil. \u201cPara mim foi uma surpresa ver a conta crescendo t\u00e3o r\u00e1pido\u201d, explica. Ao mesmo tempo que ela se surpreendeu com o alcance de suas publica\u00e7\u00f5es, teve a certeza de que estava no caminho certo e que deveria continuar.<\/p>\n<p>Na entrevista abaixo, Jack fala mais sobre como tem trilhado esse caminho de ajudar outras mulheres a cultivar o autoamor.<\/p>\n<p>[\/et_pb_text][\/et_pb_column][et_pb_column type=&#8221;1_4&#8243; _builder_version=&#8221;4.14.2&#8243; _module_preset=&#8221;default&#8221; background_color=&#8221;#ededed&#8221; custom_padding=&#8221;30px||20px||false|false&#8221; border_radii=&#8221;on|10px|10px|10px|10px&#8221; box_shadow_style=&#8221;preset4&#8243; box_shadow_horizontal=&#8221;5px&#8221; box_shadow_vertical=&#8221;5px&#8221; box_shadow_color=&#8221;rgba(0,0,0,0.1)&#8221; global_colors_info=&#8221;{}&#8221;][et_pb_blurb title=&#8221;@jack_layne123&#8243; url=&#8221;https:\/\/www.instagram.com\/jack_layne123\/&#8221; url_new_window=&#8221;on&#8221; use_icon=&#8221;on&#8221; font_icon=&#8221;&#xe0b1;||divi||400&#8243; icon_color=&#8221;#ff316c&#8221; image_icon_width=&#8221;60px&#8221; _builder_version=&#8221;4.14.2&#8243; _module_preset=&#8221;default&#8221; header_font=&#8221;|600|||||||&#8221; header_text_align=&#8221;center&#8221; custom_margin=&#8221;||0px||false|false&#8221; custom_padding=&#8221;||||false|false&#8221; link_option_url_new_window=&#8221;on&#8221; custom_css_blurb_image=&#8221;margin-bottom:15px;&#8221; global_colors_info=&#8221;{%22gcid-495bebcd-c9e6-4abe-8562-50c1f6340cd8%22:%91%22icon_color%22%93,%22gcid-a582bc18-6f66-4357-aa49-294bceee8318%22:%91%22icon_color%22%93}&#8221;][\/et_pb_blurb][et_pb_number_counter title=&#8221;publica\u00e7\u00f5es&#8221; number=&#8221;309&#8243; percent_sign=&#8221;off&#8221; admin_label=&#8221;Contador de N\u00fameros&#8221; _builder_version=&#8221;4.14.2&#8243; _module_preset=&#8221;default&#8221; number_text_color=&#8221;#ff316c&#8221; number_font_size=&#8221;46px&#8221; custom_margin=&#8221;0px||0px||false|false&#8221; custom_padding=&#8221;0px||0px||false|false&#8221; custom_css_percent=&#8221;margin-bottom:-10px !important;&#8221; global_colors_info=&#8221;{%22gcid-495bebcd-c9e6-4abe-8562-50c1f6340cd8%22:%91%22number_text_color%22%93}&#8221;][\/et_pb_number_counter][et_pb_number_counter title=&#8221;seguidores&#8221; number=&#8221;11k&#8221; percent_sign=&#8221;off&#8221; _builder_version=&#8221;4.14.2&#8243; _module_preset=&#8221;default&#8221; number_text_color=&#8221;#ff316c&#8221; number_font_size=&#8221;46px&#8221; custom_margin=&#8221;0px||0px||false|false&#8221; custom_padding=&#8221;0px||0px||false|false&#8221; custom_css_percent=&#8221;margin-bottom:-10px !important;&#8221; global_colors_info=&#8221;{%22gcid-495bebcd-c9e6-4abe-8562-50c1f6340cd8%22:%91%22number_text_color%22,%22number_text_color%22%93}&#8221;][\/et_pb_number_counter][et_pb_number_counter title=&#8221;seguindo&#8221; number=&#8221;4633&#8243; percent_sign=&#8221;off&#8221; _builder_version=&#8221;4.14.2&#8243; _module_preset=&#8221;default&#8221; number_text_color=&#8221;#ff316c&#8221; number_font_size=&#8221;46px&#8221; custom_margin=&#8221;0px||0px||false|false&#8221; custom_padding=&#8221;0px||0px||false|false&#8221; custom_css_percent=&#8221;margin-bottom:-10px !important;&#8221; global_colors_info=&#8221;{%22gcid-495bebcd-c9e6-4abe-8562-50c1f6340cd8%22:%91%22number_text_color%22,%22number_text_color%22%93}&#8221;][\/et_pb_number_counter][\/et_pb_column][\/et_pb_row][et_pb_row _builder_version=&#8221;4.14.2&#8243; _module_preset=&#8221;default&#8221; global_colors_info=&#8221;{}&#8221;][et_pb_column type=&#8221;4_4&#8243; _builder_version=&#8221;4.14.2&#8243; _module_preset=&#8221;default&#8221; global_colors_info=&#8221;{}&#8221;][et_pb_code _builder_version=&#8221;4.14.2&#8243; _module_preset=&#8221;default&#8221; global_colors_info=&#8221;{}&#8221;]<iframe loading=\"lazy\" width=\"560\" height=\"315\" src=\"https:\/\/www.youtube-nocookie.com\/embed\/AFfTBQ3YT-E?controls=0\" title=\"YouTube video player\" frameborder=\"0\" allow=\"accelerometer; autoplay; clipboard-write; encrypted-media; gyroscope; picture-in-picture\" allowfullscreen><\/iframe>[\/et_pb_code][\/et_pb_column][\/et_pb_row][\/et_pb_section]<\/p>\n","protected":false},"excerpt":{"rendered":"<p>Elas sabem que pode ser o que quiserem!Quantas das blogueiras que voc\u00ea segue no Instagram, s\u00e3o negras? J\u00e1 parou para pensar nisso? Se n\u00e3o, est\u00e1 mais do que na hora de refletir sobre o assunto e procurar conhecer mais mulheres pretas produtoras de conte\u00fado na internet. N\u00e3o \u00e9 que haja poucas influenciadoras negras nas redes [&hellip;]<\/p>\n","protected":false},"author":2,"featured_media":0,"parent":0,"menu_order":0,"comment_status":"closed","ping_status":"closed","template":"","meta":{"_et_pb_use_builder":"on","_et_pb_old_content":"<!-- wp:divi\/placeholder \/-->","_et_gb_content_width":""},"_links":{"self":[{"href":"https:\/\/webjornalismo.unicap.br\/blogueiras\/wp-json\/wp\/v2\/pages\/431"}],"collection":[{"href":"https:\/\/webjornalismo.unicap.br\/blogueiras\/wp-json\/wp\/v2\/pages"}],"about":[{"href":"https:\/\/webjornalismo.unicap.br\/blogueiras\/wp-json\/wp\/v2\/types\/page"}],"author":[{"embeddable":true,"href":"https:\/\/webjornalismo.unicap.br\/blogueiras\/wp-json\/wp\/v2\/users\/2"}],"replies":[{"embeddable":true,"href":"https:\/\/webjornalismo.unicap.br\/blogueiras\/wp-json\/wp\/v2\/comments?post=431"}],"version-history":[{"count":12,"href":"https:\/\/webjornalismo.unicap.br\/blogueiras\/wp-json\/wp\/v2\/pages\/431\/revisions"}],"predecessor-version":[{"id":707,"href":"https:\/\/webjornalismo.unicap.br\/blogueiras\/wp-json\/wp\/v2\/pages\/431\/revisions\/707"}],"wp:attachment":[{"href":"https:\/\/webjornalismo.unicap.br\/blogueiras\/wp-json\/wp\/v2\/media?parent=431"}],"curies":[{"name":"wp","href":"https:\/\/api.w.org\/{rel}","templated":true}]}}