{"id":429,"date":"2021-12-02T22:37:26","date_gmt":"2021-12-03T01:37:26","guid":{"rendered":"https:\/\/webjornalismo.unicap.br\/blogueiras\/?page_id=429"},"modified":"2021-12-10T22:35:56","modified_gmt":"2021-12-11T01:35:56","slug":"maternidade-real","status":"publish","type":"page","link":"https:\/\/webjornalismo.unicap.br\/blogueiras\/maternidade-real\/","title":{"rendered":"Maternidade Real"},"content":{"rendered":"<p>[et_pb_section fb_built=&#8221;1&#8243; _builder_version=&#8221;4.14.2&#8243; _module_preset=&#8221;default&#8221; background_color=&#8221;gcid-f4763e99-3e7e-4a09-9bec-390099f254a4&#8243; background_enable_image=&#8221;off&#8221; background_size=&#8221;contain&#8221; background_position=&#8221;top_right&#8221; global_colors_info=&#8221;{%22gcid-f4763e99-3e7e-4a09-9bec-390099f254a4%22:%91%22background_color%22%93}&#8221;][et_pb_row column_structure=&#8221;1_2,1_2&#8243; make_equal=&#8221;on&#8221; _builder_version=&#8221;4.14.2&#8243; _module_preset=&#8221;default&#8221; width=&#8221;100%&#8221; custom_padding=&#8221;0px||0px||false|false&#8221; global_colors_info=&#8221;{}&#8221;][et_pb_column type=&#8221;1_2&#8243; module_class=&#8221;full-height&#8221; _builder_version=&#8221;4.14.2&#8243; _module_preset=&#8221;default&#8221; custom_padding_tablet=&#8221;&#8221; custom_padding_phone=&#8221;|||40px|false|false&#8221; custom_padding_last_edited=&#8221;on|phone&#8221; global_colors_info=&#8221;{}&#8221;][et_pb_post_title meta=&#8221;off&#8221; featured_image=&#8221;off&#8221; _builder_version=&#8221;4.14.2&#8243; _module_preset=&#8221;default&#8221; title_text_color=&#8221;gcid-495bebcd-c9e6-4abe-8562-50c1f6340cd8&#8243; global_colors_info=&#8221;{%22gcid-495bebcd-c9e6-4abe-8562-50c1f6340cd8%22:%91%22title_text_color%22%93}&#8221;][\/et_pb_post_title][et_pb_text _builder_version=&#8221;4.14.2&#8243; _module_preset=&#8221;default&#8221; header_text_color=&#8221;#FFFFFF&#8221; header_font_size=&#8221;50px&#8221; width_tablet=&#8221;&#8221; width_phone=&#8221;80%&#8221; width_last_edited=&#8221;on|phone&#8221; header_font_size_tablet=&#8221;50px&#8221; header_font_size_phone=&#8221;36px&#8221; header_font_size_last_edited=&#8221;on|phone&#8221; global_colors_info=&#8221;{}&#8221;]<\/p>\n<h1>As dores e as del\u00edcias que a maternidade pode proporcionar.<\/h1>\n<p>[\/et_pb_text][\/et_pb_column][et_pb_column type=&#8221;1_2&#8243; module_class=&#8221;full-height&#8221; _builder_version=&#8221;4.14.2&#8243; _module_preset=&#8221;default&#8221; global_colors_info=&#8221;{}&#8221;][et_pb_image src=&#8221;https:\/\/webjornalismo.unicap.br\/blogueiras\/wp-content\/uploads\/2021\/12\/ilustra-gravidez2.png&#8221; title_text=&#8221;ilustra-gravidez2&#8243; _builder_version=&#8221;4.14.2&#8243; _module_preset=&#8221;default&#8221; global_colors_info=&#8221;{}&#8221;][\/et_pb_image][\/et_pb_column][\/et_pb_row][\/et_pb_section][et_pb_section fb_built=&#8221;1&#8243; _builder_version=&#8221;4.14.2&#8243; _module_preset=&#8221;default&#8221; global_colors_info=&#8221;{}&#8221;][et_pb_row _builder_version=&#8221;4.14.2&#8243; _module_preset=&#8221;default&#8221; global_colors_info=&#8221;{}&#8221;][et_pb_column type=&#8221;4_4&#8243; _builder_version=&#8221;4.14.2&#8243; _module_preset=&#8221;default&#8221; global_colors_info=&#8221;{}&#8221;][et_pb_text _builder_version=&#8221;4.14.2&#8243; _module_preset=&#8221;default&#8221; width=&#8221;70%&#8221; module_alignment=&#8221;center&#8221; module_alignment_last_edited=&#8221;off|tablet&#8221; global_colors_info=&#8221;{}&#8221;]<\/p>\n<p>Sonhar, gerar, parir, criar, educar\u2026a maternidade \u00e9 um misto de sentimentos e experi\u00eancias, onde cada mulher vive e constr\u00f3i sua hist\u00f3ria \u00e0 sua maneira. Se voc\u00ea conversar, por exemplo,\u00a0 com tr\u00eas m\u00e3es, com certeza ouvir\u00e1 tr\u00eas relatos completamente diferentes, mas com alguns pontos comuns entre si tamb\u00e9m. Uma coisa \u00e9 certa: n\u00e3o existe uma forma perfeita, um \u00fanico jeito ou uma receita pronta que todas as mulheres devem seguir. A singularidade \u00e9 justamente o que torna a maternidade algo t\u00e3o especial e assustadoramente lindo de se viver.<\/p>\n<p>Nas redes sociais, apesar de haver um certo padr\u00e3o, pintado por muitas blogueiras famosas, onde a maternidade parece ser um eterno mar de rosas, tamb\u00e9m \u00e9 poss\u00edvel observar que muitas mulheres t\u00eam decidido encarar a #maternidadereal de frente e falar sobre isso, mostrando n\u00e3o s\u00f3 as del\u00edcias, mas tamb\u00e9m as dores que o \u201cser m\u00e3e\u201d trouxe para suas vidas.<\/p>\n<p>[\/et_pb_text][\/et_pb_column][\/et_pb_row][\/et_pb_section][et_pb_section fb_built=&#8221;1&#8243; admin_label=&#8221;Thamires&#8221; _builder_version=&#8221;4.14.2&#8243; _module_preset=&#8221;default&#8221; background_color=&#8221;#ededed&#8221; global_colors_info=&#8221;{}&#8221;][et_pb_row column_structure=&#8221;1_2,1_2&#8243; use_custom_gutter=&#8221;on&#8221; gutter_width=&#8221;1&#8243; make_equal=&#8221;on&#8221; _builder_version=&#8221;4.14.2&#8243; _module_preset=&#8221;default&#8221; background_color=&#8221;gcid-f4763e99-3e7e-4a09-9bec-390099f254a4&#8243; module_alignment=&#8221;center&#8221; global_colors_info=&#8221;{%22gcid-f4763e99-3e7e-4a09-9bec-390099f254a4%22:%91%22background_color%22%93}&#8221;][et_pb_column type=&#8221;1_2&#8243; module_class=&#8221;full-height&#8221; _builder_version=&#8221;4.14.2&#8243; _module_preset=&#8221;default&#8221; custom_padding=&#8221;|3%||3%|false|true&#8221; border_width_right=&#8221;1px&#8221; border_color_right=&#8221;#FFFFFF&#8221; global_colors_info=&#8221;{}&#8221;][et_pb_text _builder_version=&#8221;4.14.2&#8243; _module_preset=&#8221;default&#8221; header_text_align=&#8221;right&#8221; header_text_color=&#8221;gcid-495bebcd-c9e6-4abe-8562-50c1f6340cd8&#8243; header_font_size=&#8221;40px&#8221; module_alignment=&#8221;right&#8221; header_text_align_tablet=&#8221;right&#8221; header_text_align_phone=&#8221;left&#8221; header_text_align_last_edited=&#8221;on|phone&#8221; global_colors_info=&#8221;{%22gcid-495bebcd-c9e6-4abe-8562-50c1f6340cd8%22:%91%22header_text_color%22%93}&#8221;]<\/p>\n<h1>Erika Lima<\/h1>\n<p>[\/et_pb_text][\/et_pb_column][et_pb_column type=&#8221;1_2&#8243; module_class=&#8221;full-height&#8221; _builder_version=&#8221;4.14.2&#8243; _module_preset=&#8221;default&#8221; custom_padding=&#8221;|3%||3%|false|false&#8221; global_colors_info=&#8221;{}&#8221;][et_pb_text _builder_version=&#8221;4.14.2&#8243; _module_preset=&#8221;default&#8221; text_font=&#8221;||on||||||&#8221; text_font_size=&#8221;30px&#8221; text_line_height=&#8221;1.2em&#8221; background_layout=&#8221;dark&#8221; module_alignment=&#8221;left&#8221; global_colors_info=&#8221;{}&#8221;]<\/p>\n<p>\u201cEu n\u00e3o sou apenas a m\u00e3e das g\u00eameas autistas. Antes de tudo, eu sou mulher, tenho minha individualidade\u201d<\/p>\n<p>[\/et_pb_text][\/et_pb_column][\/et_pb_row][et_pb_row _builder_version=&#8221;4.14.2&#8243; _module_preset=&#8221;default&#8221; global_colors_info=&#8221;{}&#8221;][et_pb_column type=&#8221;4_4&#8243; _builder_version=&#8221;4.14.2&#8243; _module_preset=&#8221;default&#8221; global_colors_info=&#8221;{}&#8221;][et_pb_gallery gallery_ids=&#8221;573,574,575&#8243; posts_number=&#8221;3&#8243; db_images_per_row=&#8221;3&#8243; db_image_max_width=&#8221;100%&#8221; dbdb_version=&#8221;3.6.8&#8243; orientation=&#8221;portrait&#8221; show_title_and_caption=&#8221;off&#8221; show_pagination=&#8221;off&#8221; zoom_icon_color=&#8221;gcid-f4763e99-3e7e-4a09-9bec-390099f254a4&#8243; _builder_version=&#8221;4.14.2&#8243; _module_preset=&#8221;default&#8221; global_colors_info=&#8221;{%22gcid-f4763e99-3e7e-4a09-9bec-390099f254a4%22:%91%22zoom_icon_color%22%93}&#8221;][\/et_pb_gallery][\/et_pb_column][\/et_pb_row][et_pb_row column_structure=&#8221;3_4,1_4&#8243; _builder_version=&#8221;4.14.2&#8243; _module_preset=&#8221;default&#8221; global_colors_info=&#8221;{}&#8221;][et_pb_column type=&#8221;3_4&#8243; module_class=&#8221;full-height&#8221; _builder_version=&#8221;4.14.2&#8243; _module_preset=&#8221;default&#8221; global_colors_info=&#8221;{}&#8221;][et_pb_text _builder_version=&#8221;4.14.2&#8243; _module_preset=&#8221;default&#8221; module_alignment=&#8221;center&#8221; global_colors_info=&#8221;{}&#8221;]<\/p>\n<p>Cheia de personalidade, falante e de riso f\u00e1cil, Erika Leal \u00e9 daquelas pessoas que, se deixar, fala por horas a fio sobre qualquer assunto. O nascimento de suas filhas g\u00eameas, Laura e Luna, trouxe um mundo de novas descobertas enquanto mulher, mas tamb\u00e9m de muitos desafios. Ela conta que se separou do pai das meninas pouco tempo depois que elas completaram tr\u00eas meses de vida e, desde ent\u00e3o, se tornou uma m\u00e3e solo, que batalha para proporcionar a melhor qualidade de vida para as meninas, que foram diagnosticadas com autismo com dois anos e cinco meses.<\/p>\n<p>\u201cNo Brasil, eles retardam muito o diagn\u00f3stico do autismo. Eu j\u00e1 desconfiava que minhas filhas eram, mas sofri muito at\u00e9 conseguir ser encaminhada para um m\u00e9dico que me desse certeza\u201d, afirma Erika, ao contar sobre o per\u00edodo quando ela come\u00e7ou a perceber que o desenvolvimento das meninas n\u00e3o acompanha o ritmo da maioria das crian\u00e7as que ela conhecia.<\/p>\n<p>Confira abaixo a entrevista onde Erika conta mais sobre sua hist\u00f3ria com a maternidade e com a internet.<\/p>\n<p>[\/et_pb_text][\/et_pb_column][et_pb_column type=&#8221;1_4&#8243; _builder_version=&#8221;4.14.2&#8243; _module_preset=&#8221;default&#8221; background_color=&#8221;#FFFFFF&#8221; custom_padding=&#8221;30px||20px||false|false&#8221; border_radii=&#8221;on|10px|10px|10px|10px&#8221; box_shadow_style=&#8221;preset4&#8243; box_shadow_horizontal=&#8221;5px&#8221; box_shadow_vertical=&#8221;5px&#8221; box_shadow_color=&#8221;rgba(0,0,0,0.1)&#8221; global_colors_info=&#8221;{}&#8221;][et_pb_blurb title=&#8221;@erika.leal82&#8243; url=&#8221;https:\/\/www.instagram.com\/erika.leal82\/&#8221; url_new_window=&#8221;on&#8221; use_icon=&#8221;on&#8221; font_icon=&#8221;&#xe0b1;||divi||400&#8243; icon_color=&#8221;gcid-495bebcd-c9e6-4abe-8562-50c1f6340cd8&#8243; image_icon_width=&#8221;60px&#8221; _builder_version=&#8221;4.14.2&#8243; _module_preset=&#8221;default&#8221; header_font=&#8221;|600|||||||&#8221; header_text_align=&#8221;center&#8221; custom_margin=&#8221;||0px||false|false&#8221; custom_padding=&#8221;||||false|false&#8221; link_option_url_new_window=&#8221;on&#8221; custom_css_blurb_image=&#8221;margin-bottom:15px;&#8221; global_colors_info=&#8221;{%22gcid-495bebcd-c9e6-4abe-8562-50c1f6340cd8%22:%91%22icon_color%22%93}&#8221;][\/et_pb_blurb][et_pb_number_counter title=&#8221;publica\u00e7\u00f5es&#8221; number=&#8221;583&#8243; percent_sign=&#8221;off&#8221; admin_label=&#8221;Contador de N\u00fameros&#8221; _builder_version=&#8221;4.14.2&#8243; _module_preset=&#8221;default&#8221; number_text_color=&#8221;gcid-495bebcd-c9e6-4abe-8562-50c1f6340cd8&#8243; number_font_size=&#8221;46px&#8221; custom_margin=&#8221;0px||0px||false|false&#8221; custom_padding=&#8221;0px||0px||false|false&#8221; custom_css_percent=&#8221;margin-bottom:-10px !important;&#8221; global_colors_info=&#8221;{%22gcid-495bebcd-c9e6-4abe-8562-50c1f6340cd8%22:%91%22number_text_color%22%93}&#8221;][\/et_pb_number_counter][et_pb_number_counter title=&#8221;seguidores&#8221; number=&#8221;988&#8243; percent_sign=&#8221;off&#8221; _builder_version=&#8221;4.14.2&#8243; _module_preset=&#8221;default&#8221; number_text_color=&#8221;gcid-495bebcd-c9e6-4abe-8562-50c1f6340cd8&#8243; number_font_size=&#8221;46px&#8221; custom_margin=&#8221;0px||0px||false|false&#8221; custom_padding=&#8221;0px||0px||false|false&#8221; custom_css_percent=&#8221;margin-bottom:-10px !important;&#8221; global_colors_info=&#8221;{%22gcid-495bebcd-c9e6-4abe-8562-50c1f6340cd8%22:%91%22number_text_color%22,%22number_text_color%22%93}&#8221;][\/et_pb_number_counter][et_pb_number_counter title=&#8221;seguindo&#8221; number=&#8221;1981&#8243; percent_sign=&#8221;off&#8221; _builder_version=&#8221;4.14.2&#8243; _module_preset=&#8221;default&#8221; number_text_color=&#8221;gcid-495bebcd-c9e6-4abe-8562-50c1f6340cd8&#8243; number_font_size=&#8221;46px&#8221; custom_margin=&#8221;0px||0px||false|false&#8221; custom_padding=&#8221;0px||0px||false|false&#8221; custom_css_percent=&#8221;margin-bottom:-10px !important;&#8221; global_colors_info=&#8221;{%22gcid-495bebcd-c9e6-4abe-8562-50c1f6340cd8%22:%91%22number_text_color%22,%22number_text_color%22%93}&#8221;][\/et_pb_number_counter][\/et_pb_column][\/et_pb_row][et_pb_row _builder_version=&#8221;4.14.2&#8243; _module_preset=&#8221;default&#8221; global_colors_info=&#8221;{}&#8221;][et_pb_column type=&#8221;4_4&#8243; _builder_version=&#8221;4.14.2&#8243; _module_preset=&#8221;default&#8221; global_colors_info=&#8221;{}&#8221;][et_pb_code _builder_version=&#8221;4.14.2&#8243; _module_preset=&#8221;default&#8221; hover_enabled=&#8221;0&#8243; global_colors_info=&#8221;{}&#8221; sticky_enabled=&#8221;0&#8243;]<iframe loading=\"lazy\" width=\"560\" height=\"315\" src=\"https:\/\/www.youtube-nocookie.com\/embed\/eVUp3iyfYCU?controls=0\" title=\"YouTube video player\" frameborder=\"0\" allow=\"accelerometer; autoplay; clipboard-write; encrypted-media; gyroscope; picture-in-picture\" allowfullscreen><\/iframe>[\/et_pb_code][et_pb_text _builder_version=&#8221;4.14.2&#8243; _module_preset=&#8221;default&#8221; width=&#8221;70%&#8221; module_alignment=&#8221;center&#8221; global_colors_info=&#8221;{}&#8221;]<\/p>\n<p>Para se ter uma ideia da preval\u00eancia do autismo, dados recentes divulgados pelo Center for Disease Control and Prevention mostram que a cada 44 crian\u00e7as nascidas nos Estados Unidos, uma tem autismo. Veja abaixo o crescimento de casos ao longo dos anos.<\/p>\n<p>[\/et_pb_text][et_pb_image src=&#8221;https:\/\/webjornalismo.unicap.br\/blogueiras\/wp-content\/uploads\/2021\/12\/grafico-gravidez.jpg&#8221; title_text=&#8221;grafico-gravidez&#8221; align=&#8221;center&#8221; _builder_version=&#8221;4.14.2&#8243; _module_preset=&#8221;default&#8221; width=&#8221;70%&#8221; global_colors_info=&#8221;{}&#8221;][\/et_pb_image][\/et_pb_column][\/et_pb_row][\/et_pb_section][et_pb_section fb_built=&#8221;1&#8243; admin_label=&#8221;Maria&#8221; _builder_version=&#8221;4.14.2&#8243; _module_preset=&#8221;default&#8221; background_enable_color=&#8221;off&#8221; global_colors_info=&#8221;{}&#8221;][et_pb_row column_structure=&#8221;1_2,1_2&#8243; use_custom_gutter=&#8221;on&#8221; gutter_width=&#8221;1&#8243; make_equal=&#8221;on&#8221; _builder_version=&#8221;4.14.2&#8243; _module_preset=&#8221;default&#8221; background_color=&#8221;gcid-f4763e99-3e7e-4a09-9bec-390099f254a4&#8243; module_alignment=&#8221;center&#8221; global_colors_info=&#8221;{%22gcid-f4763e99-3e7e-4a09-9bec-390099f254a4%22:%91%22background_color%22%93}&#8221;][et_pb_column type=&#8221;1_2&#8243; module_class=&#8221;full-height&#8221; _builder_version=&#8221;4.14.2&#8243; _module_preset=&#8221;default&#8221; custom_padding=&#8221;|3%||3%|false|true&#8221; border_width_right=&#8221;1px&#8221; border_color_right=&#8221;#FFFFFF&#8221; global_colors_info=&#8221;{}&#8221;][et_pb_text _builder_version=&#8221;4.14.2&#8243; _module_preset=&#8221;default&#8221; header_text_align=&#8221;right&#8221; header_text_color=&#8221;gcid-495bebcd-c9e6-4abe-8562-50c1f6340cd8&#8243; header_font_size=&#8221;40px&#8221; module_alignment=&#8221;right&#8221; header_text_align_tablet=&#8221;right&#8221; header_text_align_phone=&#8221;left&#8221; header_text_align_last_edited=&#8221;on|phone&#8221; global_colors_info=&#8221;{%22gcid-495bebcd-c9e6-4abe-8562-50c1f6340cd8%22:%91%22header_text_color%22%93}&#8221;]<\/p>\n<h1>Vika Jardim<\/h1>\n<p>[\/et_pb_text][\/et_pb_column][et_pb_column type=&#8221;1_2&#8243; module_class=&#8221;full-height&#8221; _builder_version=&#8221;4.14.2&#8243; _module_preset=&#8221;default&#8221; custom_padding=&#8221;|3%||3%|false|false&#8221; global_colors_info=&#8221;{}&#8221;][et_pb_text _builder_version=&#8221;4.14.2&#8243; _module_preset=&#8221;default&#8221; text_font=&#8221;||on||||||&#8221; text_font_size=&#8221;30px&#8221; text_line_height=&#8221;1.2em&#8221; background_layout=&#8221;dark&#8221; module_alignment=&#8221;left&#8221; global_colors_info=&#8221;{}&#8221;]<\/p>\n<p>\u201cA m\u00e3e perfeita nunca existiu. E t\u00e1 tudo bem&#8221;<\/p>\n<p>[\/et_pb_text][\/et_pb_column][\/et_pb_row][et_pb_row _builder_version=&#8221;4.14.2&#8243; _module_preset=&#8221;default&#8221; global_colors_info=&#8221;{}&#8221;][et_pb_column type=&#8221;4_4&#8243; _builder_version=&#8221;4.14.2&#8243; _module_preset=&#8221;default&#8221; global_colors_info=&#8221;{}&#8221;][et_pb_gallery gallery_ids=&#8221;590,591,592&#8243; posts_number=&#8221;3&#8243; db_images_per_row=&#8221;3&#8243; db_image_max_width=&#8221;100%&#8221; dbdb_version=&#8221;3.6.8&#8243; orientation=&#8221;portrait&#8221; show_title_and_caption=&#8221;off&#8221; show_pagination=&#8221;off&#8221; zoom_icon_color=&#8221;gcid-f4763e99-3e7e-4a09-9bec-390099f254a4&#8243; _builder_version=&#8221;4.14.2&#8243; _module_preset=&#8221;default&#8221; global_colors_info=&#8221;{%22gcid-f4763e99-3e7e-4a09-9bec-390099f254a4%22:%91%22zoom_icon_color%22%93}&#8221;][\/et_pb_gallery][\/et_pb_column][\/et_pb_row][et_pb_row column_structure=&#8221;3_4,1_4&#8243; _builder_version=&#8221;4.14.2&#8243; _module_preset=&#8221;default&#8221; global_colors_info=&#8221;{}&#8221;][et_pb_column type=&#8221;3_4&#8243; module_class=&#8221;full-height&#8221; _builder_version=&#8221;4.14.2&#8243; _module_preset=&#8221;default&#8221; global_colors_info=&#8221;{}&#8221;][et_pb_text _builder_version=&#8221;4.14.2&#8243; _module_preset=&#8221;default&#8221; module_alignment=&#8221;center&#8221; global_colors_info=&#8221;{}&#8221;]Vivian Jardim, mais conhecida como \u201cVika\u201d, tem uma hist\u00f3ria regada de coragem, afeto, acolhimento e autoconhecimento quando o assunto \u00e9 maternidade. Ela sempre sonhou em ser m\u00e3e, e conta que suas duas gesta\u00e7\u00f5es foram muito diferentes uma da outra. Foi justamente durante esse per\u00edodo de descobertas, que ela se interessou por conhecer mais sobre a <a href=\"https:\/\/www.gestaamoris.com.br\/doula-e-doulagem-como-funciona\/\" target=\"_blank\" rel=\"noopener\">doulagem<\/a> e, mais tarde, tornar-se doula, incentivada por amigas que, como ela relata, \u201csempre disseram que isso era a minha cara\u201d.<\/p>\n<p>Em 2013, Vika teve sua primeira gravidez planejada por ela e o marido e muito esperada por toda a fam\u00edlia, pois seria a primeira neta tanto dos av\u00f3s paternos quanto dos maternos. Apesar de querer um parto normal, na \u00e9poca, por sugest\u00e3o da m\u00e9dica que a acompanhava, ela acabou realizando uma cesariana que, s\u00f3 mais tarde, descobriu que n\u00e3o era realmente necess\u00e1ria. Tr\u00eas anos depois, em 2016, ela engravidou de seu segundo filho e foi quando conseguiu seu t\u00e3o sonhado parto normal, \u201cmas cheio de intercorr\u00eancias\u201d, como ela relembra.<\/p>\n<p>\u201cN\u00f3s vivemos num cen\u00e1rio extremamente <a href=\"https:\/\/unimaterna.com.br\/como-saber-se-meu-obstetra-e-cesarista\/\" target=\"_blank\" rel=\"noopener\">cesarista <\/a>e isso acontece, muitas vezes, por uma quest\u00e3o de agenda mesmo. Os m\u00e9dicos est\u00e3o sempre correndo, ent\u00e3o, optam sempre pelo m\u00e9todo mais r\u00e1pido\u201d, afirma ela.<\/p>\n<p>Foi a partir de sua pr\u00f3pria experi\u00eancia com a maternidade que Vika tornou-se doula. Confira abaixo a entrevista onde ela conta o que a levou a falar das suas experi\u00eancias pessoais e de trabalho na internet:[\/et_pb_text][\/et_pb_column][et_pb_column type=&#8221;1_4&#8243; _builder_version=&#8221;4.14.2&#8243; _module_preset=&#8221;default&#8221; background_color=&#8221;#ededed&#8221; custom_padding=&#8221;30px||20px||false|false&#8221; border_radii=&#8221;on|10px|10px|10px|10px&#8221; box_shadow_style=&#8221;preset4&#8243; box_shadow_horizontal=&#8221;5px&#8221; box_shadow_vertical=&#8221;5px&#8221; box_shadow_color=&#8221;rgba(0,0,0,0.1)&#8221; global_colors_info=&#8221;{}&#8221;][et_pb_blurb title=&#8221;@vikajardim.doula&#8221; url=&#8221;https:\/\/www.instagram.com\/vikajardim.doula\/&#8221; url_new_window=&#8221;on&#8221; use_icon=&#8221;on&#8221; font_icon=&#8221;&#xe0b1;||divi||400&#8243; icon_color=&#8221;gcid-495bebcd-c9e6-4abe-8562-50c1f6340cd8&#8243; image_icon_width=&#8221;60px&#8221; _builder_version=&#8221;4.14.2&#8243; _module_preset=&#8221;default&#8221; header_font=&#8221;|600|||||||&#8221; header_text_align=&#8221;center&#8221; custom_margin=&#8221;||0px||false|false&#8221; custom_padding=&#8221;||||false|false&#8221; link_option_url_new_window=&#8221;on&#8221; custom_css_blurb_image=&#8221;margin-bottom:15px;&#8221; global_colors_info=&#8221;{%22gcid-495bebcd-c9e6-4abe-8562-50c1f6340cd8%22:%91%22icon_color%22%93}&#8221;][\/et_pb_blurb][et_pb_number_counter title=&#8221;publica\u00e7\u00f5es&#8221; number=&#8221;2021&#8243; percent_sign=&#8221;off&#8221; admin_label=&#8221;Contador de N\u00fameros&#8221; _builder_version=&#8221;4.14.2&#8243; _module_preset=&#8221;default&#8221; number_text_color=&#8221;gcid-495bebcd-c9e6-4abe-8562-50c1f6340cd8&#8243; number_font_size=&#8221;46px&#8221; custom_margin=&#8221;0px||0px||false|false&#8221; custom_padding=&#8221;0px||0px||false|false&#8221; custom_css_percent=&#8221;margin-bottom:-10px !important;&#8221; global_colors_info=&#8221;{%22gcid-495bebcd-c9e6-4abe-8562-50c1f6340cd8%22:%91%22number_text_color%22%93}&#8221;][\/et_pb_number_counter][et_pb_number_counter title=&#8221;seguidores&#8221; number=&#8221;3594&#8243; percent_sign=&#8221;off&#8221; _builder_version=&#8221;4.14.2&#8243; _module_preset=&#8221;default&#8221; number_text_color=&#8221;gcid-495bebcd-c9e6-4abe-8562-50c1f6340cd8&#8243; number_font_size=&#8221;46px&#8221; custom_margin=&#8221;0px||0px||false|false&#8221; custom_padding=&#8221;0px||0px||false|false&#8221; custom_css_percent=&#8221;margin-bottom:-10px !important;&#8221; global_colors_info=&#8221;{%22gcid-495bebcd-c9e6-4abe-8562-50c1f6340cd8%22:%91%22number_text_color%22,%22number_text_color%22%93}&#8221;][\/et_pb_number_counter][et_pb_number_counter title=&#8221;seguindo&#8221; number=&#8221;2103&#8243; percent_sign=&#8221;off&#8221; _builder_version=&#8221;4.14.2&#8243; _module_preset=&#8221;default&#8221; number_text_color=&#8221;gcid-495bebcd-c9e6-4abe-8562-50c1f6340cd8&#8243; number_font_size=&#8221;46px&#8221; custom_margin=&#8221;0px||0px||false|false&#8221; custom_padding=&#8221;0px||0px||false|false&#8221; custom_css_percent=&#8221;margin-bottom:-10px !important;&#8221; global_colors_info=&#8221;{%22gcid-495bebcd-c9e6-4abe-8562-50c1f6340cd8%22:%91%22number_text_color%22,%22number_text_color%22%93}&#8221;][\/et_pb_number_counter][\/et_pb_column][\/et_pb_row][et_pb_row _builder_version=&#8221;4.14.2&#8243; _module_preset=&#8221;default&#8221; global_colors_info=&#8221;{}&#8221;][et_pb_column type=&#8221;4_4&#8243; _builder_version=&#8221;4.14.2&#8243; _module_preset=&#8221;default&#8221; global_colors_info=&#8221;{}&#8221;][et_pb_code _builder_version=&#8221;4.14.2&#8243; _module_preset=&#8221;default&#8221; global_colors_info=&#8221;{}&#8221;]<iframe loading=\"lazy\" width=\"560\" height=\"315\" src=\"https:\/\/www.youtube-nocookie.com\/embed\/j944GZmQdWE?controls=0\" title=\"YouTube video player\" frameborder=\"0\" allow=\"accelerometer; autoplay; clipboard-write; encrypted-media; gyroscope; picture-in-picture\" allowfullscreen><\/iframe>[\/et_pb_code][et_pb_text _builder_version=&#8221;4.14.2&#8243; _module_preset=&#8221;default&#8221; text_font=&#8221;||on||||||&#8221; text_text_color=&#8221;gcid-f4763e99-3e7e-4a09-9bec-390099f254a4&#8243; text_font_size=&#8221;30px&#8221; text_line_height=&#8221;1.2em&#8221; background_layout=&#8221;dark&#8221; width=&#8221;70%&#8221; module_alignment=&#8221;center&#8221; global_colors_info=&#8221;{%22gcid-f4763e99-3e7e-4a09-9bec-390099f254a4%22:%91%22text_text_color%22%93}&#8221;]\u201cMinha DPP \u00e9 20 de mar\u00e7o e meu desejo \u00e9 por um PN, mas ainda n\u00e3o sei se ser\u00e1 PD, por ser um VAB2C. O que sei \u00e9 que, caso seja um PH, quero evitar a episio, kristeller, cred\u00e9 ou coisa do tipo.\u201d[\/et_pb_text][et_pb_text _builder_version=&#8221;4.14.2&#8243; _module_preset=&#8221;default&#8221; width=&#8221;70%&#8221; module_alignment=&#8221;center&#8221; global_colors_info=&#8221;{}&#8221;]<\/p>\n<p>Se voc\u00ea n\u00e3o \u00e9 muito familiarizado com o universo da gesta\u00e7\u00e3o e da maternidade, \u00e9 prov\u00e1vel que n\u00e3o tenha ouvido muito sobre nenhum dos termos e abrevia\u00e7\u00f5es usados acima. Por isso, criamos um Dicion\u00e1rio da gravidez e do parto humanizado para te ajudar a entender melhor o que cada sigla significa.<\/p>\n<p>[\/et_pb_text][\/et_pb_column][\/et_pb_row][\/et_pb_section][et_pb_section fb_built=&#8221;1&#8243; admin_label=&#8221;Barbara&#8221; _builder_version=&#8221;4.14.2&#8243; _module_preset=&#8221;default&#8221; background_color=&#8221;#ededed&#8221; custom_padding=&#8221;||100px||false|false&#8221; global_colors_info=&#8221;{}&#8221;][et_pb_row column_structure=&#8221;1_2,1_2&#8243; use_custom_gutter=&#8221;on&#8221; gutter_width=&#8221;1&#8243; make_equal=&#8221;on&#8221; _builder_version=&#8221;4.14.2&#8243; _module_preset=&#8221;default&#8221; background_color=&#8221;gcid-f4763e99-3e7e-4a09-9bec-390099f254a4&#8243; module_alignment=&#8221;center&#8221; global_colors_info=&#8221;{%22gcid-f4763e99-3e7e-4a09-9bec-390099f254a4%22:%91%22background_color%22%93}&#8221;][et_pb_column type=&#8221;1_2&#8243; module_class=&#8221;full-height&#8221; _builder_version=&#8221;4.14.2&#8243; _module_preset=&#8221;default&#8221; custom_padding=&#8221;|3%||3%|false|true&#8221; border_color_right=&#8221;#FFFFFF&#8221; global_colors_info=&#8221;{}&#8221;][et_pb_text _builder_version=&#8221;4.14.2&#8243; _module_preset=&#8221;default&#8221; header_text_align=&#8221;left&#8221; header_text_color=&#8221;gcid-495bebcd-c9e6-4abe-8562-50c1f6340cd8&#8243; header_font_size=&#8221;40px&#8221; module_alignment=&#8221;right&#8221; header_text_align_tablet=&#8221;right&#8221; header_text_align_phone=&#8221;left&#8221; header_text_align_last_edited=&#8221;on|phone&#8221; global_colors_info=&#8221;{%22gcid-495bebcd-c9e6-4abe-8562-50c1f6340cd8%22:%91%22header_text_color%22%93}&#8221;]<\/p>\n<h1>Dicion\u00e1rio do parto humanizado<\/h1>\n<p>[\/et_pb_text][\/et_pb_column][et_pb_column type=&#8221;1_2&#8243; module_class=&#8221;full-height&#8221; _builder_version=&#8221;4.14.2&#8243; _module_preset=&#8221;default&#8221; custom_padding=&#8221;|3%||3%|false|false&#8221; global_colors_info=&#8221;{}&#8221;][\/et_pb_column][\/et_pb_row][et_pb_row column_structure=&#8221;1_2,1_2&#8243; use_custom_gutter=&#8221;on&#8221; gutter_width=&#8221;1&#8243; make_equal=&#8221;on&#8221; _builder_version=&#8221;4.14.2&#8243; _module_preset=&#8221;default&#8221; background_color=&#8221;gcid-f4763e99-3e7e-4a09-9bec-390099f254a4&#8243; module_alignment=&#8221;center&#8221; custom_padding=&#8221;||60px||false|false&#8221; global_colors_info=&#8221;{%22gcid-f4763e99-3e7e-4a09-9bec-390099f254a4%22:%91%22background_color%22%93}&#8221;][et_pb_column type=&#8221;1_2&#8243; _builder_version=&#8221;4.14.2&#8243; _module_preset=&#8221;default&#8221; custom_padding=&#8221;|3%||3%|false|true&#8221; border_color_right=&#8221;#FFFFFF&#8221; global_colors_info=&#8221;{}&#8221;][et_pb_text _builder_version=&#8221;4.14.2&#8243; _module_preset=&#8221;default&#8221; header_2_text_color=&#8221;gcid-0cdec148-4d07-42a4-8cfc-35cc7244e321&#8243; background_layout=&#8221;dark&#8221; global_colors_info=&#8221;{%22gcid-0cdec148-4d07-42a4-8cfc-35cc7244e321%22:%91%22header_2_text_color%22%93}&#8221;]<\/p>\n<h2>DPP<\/h2>\n<p>Data Prov\u00e1vel do Parto \u2013 \u00c9 a data, calculada com base na \u00faltima menstrua\u00e7\u00e3o ou primeiro ultrassonografia, em que a mulher completa 40 semanas, ou seja, teoricamente a data mais prov\u00e1vel para o beb\u00ea resolver nascer naturalmente. Como a natureza \u00e9 imprevis\u00edvel \u2013 e nem sempre (ou quase) o c\u00e1lculo da idade gestacional \u00e9 exato, a DPP \u00e9 apenas uma ideia pra se basear. S\u00e3o poucas as gr\u00e1vidas que entram em trabalho de parto e t\u00eam seu beb\u00ea exatamente na DPP do in\u00edcio da gesta\u00e7\u00e3o.<br \/>\n<\/p>\n<h2>PN<\/h2>\n<p>Essa abrevia\u00e7\u00e3o pode ser usada para dois diferentes termos: Parto Normal ou Parto Natural. Ambos s\u00e3o partos vaginais, mas a principal diferen\u00e7a entre os dois \u00e9 que no Parto Natural a mulher n\u00e3o recebe nenhum tipo de medicamento durante o trabalho de parto, como ocitocina sint\u00e9tica ou anestesia, por exemplo.<br \/>\n<\/p>\n<h2>PD<\/h2>\n<p>Abrevia\u00e7\u00e3o para Parto Domiciliar, que \u00e9 realizado fora do ambiente hospitalar, geralmente na resid\u00eancia da gestante. A grande maioria dos partos domiciliares s\u00e3o programados e t\u00eam acompanhamento de uma equipe com profissionais capacitados para acompanhar o trabalho de parto e p\u00f3s parto, incluindo um obstetra, enfermeira obst\u00e9trica ou obstetriz (al\u00e9m de doula e pediatra, se for do desejo dos pais).<br \/>\n<\/p>\n<h2>VBAC<\/h2>\n<p>Vaginal Birth After Cesarean = Parto Vaginal Ap\u00f3s Ces\u00e1rea: A tradu\u00e7\u00e3o \u00e9 auto explicativa, n\u00e9? Pode se ter tamb\u00e9m, por exemplo, um VBA2C \u2013 parto vaginal ap\u00f3s duas ces\u00e1reas e assim por diante.<br \/>\n<\/p>\n<h2>Episio<\/h2>\n<p>Abrevia\u00e7\u00e3o de Episiotomia: corte cir\u00fargico realizado na regi\u00e3o do per\u00edneo, a partir da vagina, e que pretende ampliar o canal do parto para facilitar a passagem do beb\u00ea na \u00faltima fase do expulsivo, evitando uma poss\u00edvel lacera\u00e7\u00e3o irregular.[\/et_pb_text][\/et_pb_column][et_pb_column type=&#8221;1_2&#8243; _builder_version=&#8221;4.14.2&#8243; _module_preset=&#8221;default&#8221; custom_padding=&#8221;|3%||3%|false|false&#8221; global_colors_info=&#8221;{}&#8221;][et_pb_text _builder_version=&#8221;4.14.2&#8243; _module_preset=&#8221;default&#8221; header_2_text_color=&#8221;gcid-0cdec148-4d07-42a4-8cfc-35cc7244e321&#8243; background_layout=&#8221;dark&#8221; global_colors_info=&#8221;{%22gcid-0cdec148-4d07-42a4-8cfc-35cc7244e321%22:%91%22header_2_text_color%22%93}&#8221;]<\/p>\n<h2>Cred\u00e9 (M\u00e9todo de Cred\u00e9)<\/h2>\n<p>Trata-se do famoso col\u00edrio de nitrato de prata que \u00e9 administrado no rec\u00e9m-nascido logo ap\u00f3s o nascimento. O m\u00e9todo tornou-se obrigat\u00f3rio no Brasil h\u00e1 algumas d\u00e9cadas pra combater uma doen\u00e7a denominada Oftalmia Neonatal, que pode acometer o rec\u00e9m nascido que nasce de parto vaginal quando a m\u00e3e est\u00e1 contaminada com as DSTs Gonorreia ou Clam\u00eddia.<br \/>\n<\/p>\n<h2>Kristeller<\/h2>\n<p>Press\u00e3o sobre a barriga da gr\u00e1vida durante o expulsivo para adiantar a sa\u00edda do beb\u00ea. Hoje essa t\u00e9cnica, criada em 1867 e ainda muito utilizada por alguns m\u00e9dicos e enfermeiros,  \u00e9 considerada viol\u00eancia obst\u00e9trica e pode oferecer riscos tanto para a m\u00e3e quanto para o beb\u00ea,  como fraturas, sofrimento fetal e hematomas, por exemplo.<br \/>\n<\/p>\n<h2>Litotomia<\/h2>\n<p>Aquela \u201ccl\u00e1ssica\u201d (infelizmente) posi\u00e7\u00e3o de parir em que a mulher fica deitada com as pernas amarradas em perneiras (posi\u00e7\u00e3o ginecol\u00f3gica, sabe?). Apesar de ainda muito usada por v\u00e1rios m\u00e9dicos, h\u00e1 evid\u00eancias cient\u00edficas de que a posi\u00e7\u00e3o de litotomia n\u00e3o auxilia em nada no trabalho de parto, pelo contr\u00e1rio, a maioria das mulheres que s\u00e3o sujeitas a essa pr\u00e1tica reclamam de desconforto e dificuldade no expulsivo, o que acaba prolongando e tornando o parto mais doloroso.<br \/>\n<\/p>\n<h2>ILA<\/h2>\n<p>\u00cdndice de L\u00edquido Amni\u00f3tico: O l\u00edquido amni\u00f3tico \u00e9 o fluido que preenche a bolsa amni\u00f3tica e no qual o embri\u00e3o fica imerso durante a gesta\u00e7\u00e3o. Quando esse l\u00edquido est\u00e1 em menor ou maior quantidade do que deveria (oligodr\u00e2mnio ou polihidr\u00e2mnio, respectivamente) pode indicar problemas para a m\u00e3e e para o beb\u00ea e requerer corre\u00e7\u00e3o.<br \/>\n<\/p>\n<h2>PP<\/h2>\n<p>Placenta Pr\u00e9via: Tamb\u00e9m conhecida como placenta de inser\u00e7\u00e3o baixa, \u00e9 uma complica\u00e7\u00e3o da gravidez causada pelo posicionamento da placenta, que se implanta na parte inferior do \u00fatero, cobrindo parcial ou totalmente o colo do \u00fatero. Quase sempre \u00e9 indica\u00e7\u00e3o para uma ces\u00e1rea necess\u00e1ria.[\/et_pb_text][\/et_pb_column][\/et_pb_row][\/et_pb_section]<\/p>\n","protected":false},"excerpt":{"rendered":"<p>As dores e as del\u00edcias que a maternidade pode proporcionar.Sonhar, gerar, parir, criar, educar\u2026a maternidade \u00e9 um misto de sentimentos e experi\u00eancias, onde cada mulher vive e constr\u00f3i sua hist\u00f3ria \u00e0 sua maneira. Se voc\u00ea conversar, por exemplo,\u00a0 com tr\u00eas m\u00e3es, com certeza ouvir\u00e1 tr\u00eas relatos completamente diferentes, mas com alguns pontos comuns entre si [&hellip;]<\/p>\n","protected":false},"author":2,"featured_media":0,"parent":0,"menu_order":0,"comment_status":"closed","ping_status":"closed","template":"","meta":{"_et_pb_use_builder":"on","_et_pb_old_content":"<!-- wp:divi\/placeholder \/-->","_et_gb_content_width":""},"_links":{"self":[{"href":"https:\/\/webjornalismo.unicap.br\/blogueiras\/wp-json\/wp\/v2\/pages\/429"}],"collection":[{"href":"https:\/\/webjornalismo.unicap.br\/blogueiras\/wp-json\/wp\/v2\/pages"}],"about":[{"href":"https:\/\/webjornalismo.unicap.br\/blogueiras\/wp-json\/wp\/v2\/types\/page"}],"author":[{"embeddable":true,"href":"https:\/\/webjornalismo.unicap.br\/blogueiras\/wp-json\/wp\/v2\/users\/2"}],"replies":[{"embeddable":true,"href":"https:\/\/webjornalismo.unicap.br\/blogueiras\/wp-json\/wp\/v2\/comments?post=429"}],"version-history":[{"count":20,"href":"https:\/\/webjornalismo.unicap.br\/blogueiras\/wp-json\/wp\/v2\/pages\/429\/revisions"}],"predecessor-version":[{"id":718,"href":"https:\/\/webjornalismo.unicap.br\/blogueiras\/wp-json\/wp\/v2\/pages\/429\/revisions\/718"}],"wp:attachment":[{"href":"https:\/\/webjornalismo.unicap.br\/blogueiras\/wp-json\/wp\/v2\/media?parent=429"}],"curies":[{"name":"wp","href":"https:\/\/api.w.org\/{rel}","templated":true}]}}