{"id":427,"date":"2021-12-02T22:36:59","date_gmt":"2021-12-03T01:36:59","guid":{"rendered":"https:\/\/webjornalismo.unicap.br\/blogueiras\/?page_id=427"},"modified":"2021-12-09T22:03:09","modified_gmt":"2021-12-10T01:03:09","slug":"corpo-livre","status":"publish","type":"page","link":"https:\/\/webjornalismo.unicap.br\/blogueiras\/corpo-livre\/","title":{"rendered":"Corpo Livre"},"content":{"rendered":"<p>[et_pb_section fb_built=&#8221;1&#8243; _builder_version=&#8221;4.14.2&#8243; _module_preset=&#8221;default&#8221; background_color=&#8221;gcid-a582bc18-6f66-4357-aa49-294bceee8318&#8243; background_enable_image=&#8221;off&#8221; background_size=&#8221;contain&#8221; background_position=&#8221;top_right&#8221; global_colors_info=&#8221;{%22gcid-a582bc18-6f66-4357-aa49-294bceee8318%22:%91%22background_color%22%93}&#8221;][et_pb_row column_structure=&#8221;1_2,1_2&#8243; make_equal=&#8221;on&#8221; _builder_version=&#8221;4.14.2&#8243; _module_preset=&#8221;default&#8221; width=&#8221;100%&#8221; custom_padding=&#8221;0px||0px||false|false&#8221; global_colors_info=&#8221;{}&#8221;][et_pb_column type=&#8221;1_2&#8243; module_class=&#8221;full-height&#8221; _builder_version=&#8221;4.14.2&#8243; _module_preset=&#8221;default&#8221; custom_padding_tablet=&#8221;&#8221; custom_padding_phone=&#8221;|||40px|false|false&#8221; custom_padding_last_edited=&#8221;on|phone&#8221; global_colors_info=&#8221;{}&#8221;][et_pb_post_title meta=&#8221;off&#8221; featured_image=&#8221;off&#8221; _builder_version=&#8221;4.14.2&#8243; _module_preset=&#8221;default&#8221; title_text_color=&#8221;gcid-495bebcd-c9e6-4abe-8562-50c1f6340cd8&#8243; global_colors_info=&#8221;{%22gcid-495bebcd-c9e6-4abe-8562-50c1f6340cd8%22:%91%22title_text_color%22%93}&#8221;][\/et_pb_post_title][et_pb_text _builder_version=&#8221;4.14.2&#8243; _module_preset=&#8221;default&#8221; header_text_color=&#8221;#FFFFFF&#8221; header_font_size=&#8221;50px&#8221; width_tablet=&#8221;&#8221; width_phone=&#8221;80%&#8221; width_last_edited=&#8221;on|phone&#8221; header_font_size_tablet=&#8221;50px&#8221; header_font_size_phone=&#8221;36px&#8221; header_font_size_last_edited=&#8221;on|phone&#8221; global_colors_info=&#8221;{}&#8221;]<\/p>\n<h1>Aprendendo a amar<br \/>o corpo como ele \u00e9,<br \/>n\u00e3o como dizem que<br \/>ele deve ser<\/h1>\n<p>[\/et_pb_text][\/et_pb_column][et_pb_column type=&#8221;1_2&#8243; module_class=&#8221;full-height&#8221; _builder_version=&#8221;4.14.2&#8243; _module_preset=&#8221;default&#8221; global_colors_info=&#8221;{}&#8221;][et_pb_image src=&#8221;https:\/\/webjornalismo.unicap.br\/blogueiras\/wp-content\/uploads\/2021\/12\/ilustra-corpo.png&#8221; title_text=&#8221;ilustra-corpo&#8221; _builder_version=&#8221;4.14.2&#8243; _module_preset=&#8221;default&#8221; global_colors_info=&#8221;{}&#8221;][\/et_pb_image][\/et_pb_column][\/et_pb_row][\/et_pb_section][et_pb_section fb_built=&#8221;1&#8243; _builder_version=&#8221;4.14.2&#8243; _module_preset=&#8221;default&#8221; global_colors_info=&#8221;{}&#8221;][et_pb_row _builder_version=&#8221;4.14.2&#8243; _module_preset=&#8221;default&#8221; global_colors_info=&#8221;{}&#8221;][et_pb_column type=&#8221;4_4&#8243; _builder_version=&#8221;4.14.2&#8243; _module_preset=&#8221;default&#8221; global_colors_info=&#8221;{}&#8221;][et_pb_text _builder_version=&#8221;4.14.2&#8243; _module_preset=&#8221;default&#8221; width=&#8221;70%&#8221; module_alignment=&#8221;center&#8221; module_alignment_last_edited=&#8221;off|tablet&#8221; global_colors_info=&#8221;{}&#8221;]<\/p>\n<p>Talvez o termo ainda seja uma novidade para alguns, mas a verdade \u00e9 que se fala em \u201cbody positive\u201d &#8211; \u201ccorpo positivo\u201d na tradu\u00e7\u00e3o literal &#8211; desde a d\u00e9cada de 60, onde campanhas contra a discrimina\u00e7\u00e3o p\u00fablica de pessoas obesas, bem como de pessoas com defici\u00eancias, cicatrizes e queimaduras j\u00e1 eram realizadas. Mais tarde, em 1996, Connie Sobczac ajudou a firmar a ideia, atrav\u00e9s da cria\u00e7\u00e3o da funda\u00e7\u00e3o \u201cThe Body Positive Movement\u201d, que tinha basicamente o objetivo de estimular as pessoas a se livrarem dos padr\u00f5es impostos pela sociedade e se aceitarem como s\u00e3o, visando combater a vergonha do corpo gerada pelas expectativas irreais que a sociedade projeta em todos, especialmente nas mulheres.<\/p>\n<p>Mesmo estando j\u00e1 h\u00e1 algumas d\u00e9cadas circulando, o movimento ganhou uma express\u00e3o maior a partir de 2015, quando teve um enorme crescimento atrav\u00e9s da difus\u00e3o nas redes sociais. De l\u00e1 para c\u00e1, tem se tornado cada vez mais conhecido e propagado nas redes e na vida real. Meninas e mulheres t\u00eam assumido a liberdade de mostrarem seus corpos como s\u00e3o atrav\u00e9s das m\u00eddias digitais, onde movimentos como o #bodypositive tem se espalhado por todo o mundo.<\/p>\n<p>[\/et_pb_text][\/et_pb_column][\/et_pb_row][\/et_pb_section][et_pb_section fb_built=&#8221;1&#8243; admin_label=&#8221;Thamires&#8221; _builder_version=&#8221;4.14.2&#8243; _module_preset=&#8221;default&#8221; background_color=&#8221;#ededed&#8221; global_colors_info=&#8221;{}&#8221;][et_pb_row column_structure=&#8221;1_2,1_2&#8243; use_custom_gutter=&#8221;on&#8221; gutter_width=&#8221;1&#8243; make_equal=&#8221;on&#8221; _builder_version=&#8221;4.14.2&#8243; _module_preset=&#8221;default&#8221; background_color=&#8221;gcid-a582bc18-6f66-4357-aa49-294bceee8318&#8243; module_alignment=&#8221;center&#8221; global_colors_info=&#8221;{%22gcid-a582bc18-6f66-4357-aa49-294bceee8318%22:%91%22background_color%22%93}&#8221;][et_pb_column type=&#8221;1_2&#8243; module_class=&#8221;full-height&#8221; _builder_version=&#8221;4.14.2&#8243; _module_preset=&#8221;default&#8221; custom_padding=&#8221;|3%||3%|false|true&#8221; border_width_right=&#8221;1px&#8221; border_color_right=&#8221;#FFFFFF&#8221; global_colors_info=&#8221;{}&#8221;][et_pb_text _builder_version=&#8221;4.14.2&#8243; _module_preset=&#8221;default&#8221; header_text_align=&#8221;right&#8221; header_text_color=&#8221;gcid-495bebcd-c9e6-4abe-8562-50c1f6340cd8&#8243; header_font_size=&#8221;40px&#8221; module_alignment=&#8221;right&#8221; header_text_align_tablet=&#8221;right&#8221; header_text_align_phone=&#8221;left&#8221; header_text_align_last_edited=&#8221;on|phone&#8221; global_colors_info=&#8221;{%22gcid-495bebcd-c9e6-4abe-8562-50c1f6340cd8%22:%91%22header_text_color%22%93}&#8221;]<\/p>\n<h1>Thamires Lima<\/h1>\n<p>[\/et_pb_text][\/et_pb_column][et_pb_column type=&#8221;1_2&#8243; module_class=&#8221;full-height&#8221; _builder_version=&#8221;4.14.2&#8243; _module_preset=&#8221;default&#8221; custom_padding=&#8221;|3%||3%|false|false&#8221; global_colors_info=&#8221;{}&#8221;][et_pb_text _builder_version=&#8221;4.14.2&#8243; _module_preset=&#8221;default&#8221; text_font=&#8221;||on||||||&#8221; text_font_size=&#8221;30px&#8221; text_line_height=&#8221;1.2em&#8221; background_layout=&#8221;dark&#8221; module_alignment=&#8221;left&#8221; global_colors_info=&#8221;{}&#8221;]<\/p>\n<p>\u201cEu sempre fui essa pessoa que n\u00e3o espera muito da opini\u00e3o dos outros. Eu vou l\u00e1 e fa\u00e7o\u201d<\/p>\n<p>[\/et_pb_text][\/et_pb_column][\/et_pb_row][et_pb_row _builder_version=&#8221;4.14.2&#8243; _module_preset=&#8221;default&#8221; global_colors_info=&#8221;{}&#8221;][et_pb_column type=&#8221;4_4&#8243; _builder_version=&#8221;4.14.2&#8243; _module_preset=&#8221;default&#8221; global_colors_info=&#8221;{}&#8221;][et_pb_gallery gallery_ids=&#8221;504,503,502&#8243; posts_number=&#8221;3&#8243; db_images_per_row=&#8221;3&#8243; db_image_max_width=&#8221;100%&#8221; dbdb_version=&#8221;3.6.8&#8243; orientation=&#8221;portrait&#8221; show_title_and_caption=&#8221;off&#8221; show_pagination=&#8221;off&#8221; zoom_icon_color=&#8221;gcid-a582bc18-6f66-4357-aa49-294bceee8318&#8243; _builder_version=&#8221;4.14.2&#8243; _module_preset=&#8221;default&#8221; global_colors_info=&#8221;{%22gcid-a582bc18-6f66-4357-aa49-294bceee8318%22:%91%22zoom_icon_color%22%93}&#8221;][\/et_pb_gallery][\/et_pb_column][\/et_pb_row][et_pb_row column_structure=&#8221;3_4,1_4&#8243; _builder_version=&#8221;4.14.2&#8243; _module_preset=&#8221;default&#8221; global_colors_info=&#8221;{}&#8221;][et_pb_column type=&#8221;3_4&#8243; module_class=&#8221;full-height&#8221; _builder_version=&#8221;4.14.2&#8243; _module_preset=&#8221;default&#8221; global_colors_info=&#8221;{}&#8221;][et_pb_text _builder_version=&#8221;4.14.2&#8243; _module_preset=&#8221;default&#8221; module_alignment=&#8221;center&#8221; global_colors_info=&#8221;{}&#8221;]<\/p>\n<p>Crescida em meio evang\u00e9lico, acostumada a esperar ansiosa pelo domingo para escolher o \u201clook do culto\u201d, Thamires sempre gostou de fotografia, comunica\u00e7\u00e3o e das redes sociais. Sua primeira intera\u00e7\u00e3o com esse universo, foi com as p\u00e1ginas de conte\u00fado gospel que repostavam as fotos dos seus looks, sempre muito bem produzidos. Mais tarde, quando come\u00e7ou a estagiar no Centro da cidade, ela teve a ideia de criar um Instagram para compartilhar fotos de roupas e acess\u00f3rios com pre\u00e7os mais acess\u00edveis, que ela encontrava pelo Recife. A conta se chamava @varalfotografico e fazia o maior sucesso, pois suas seguidoras costumavam interagir sempre e elogiar o conte\u00fado.<\/p>\n<p>Mas, com o tempo, ela percebeu que era dif\u00edcil dividir a audi\u00eancia do seu p\u00fablico em duas contas na plataforma e decidiu ent\u00e3o juntar tudo em seu perfil pessoal. A partir desse momento, Thamires passou a falar n\u00e3o s\u00f3 de moda e fotografia, mas a usar a plataforma para falar de si, do seu processo de aceita\u00e7\u00e3o e como ela n\u00e3o se enxergava mais nos padr\u00f5es da sua inf\u00e2ncia: sempre de saia longa e cabelo grande.<\/p>\n<p>No v\u00eddeo a seguir, Thamires conta mais sobre sua hist\u00f3ria com seu pr\u00f3prio corpo.<\/p>\n<p>[\/et_pb_text][\/et_pb_column][et_pb_column type=&#8221;1_4&#8243; _builder_version=&#8221;4.14.2&#8243; _module_preset=&#8221;default&#8221; background_color=&#8221;#FFFFFF&#8221; custom_padding=&#8221;30px||20px||false|false&#8221; border_radii=&#8221;on|10px|10px|10px|10px&#8221; box_shadow_style=&#8221;preset4&#8243; box_shadow_horizontal=&#8221;5px&#8221; box_shadow_vertical=&#8221;5px&#8221; box_shadow_color=&#8221;rgba(0,0,0,0.1)&#8221; global_colors_info=&#8221;{}&#8221;][et_pb_blurb title=&#8221;@thamiresslimaa&#8221; url=&#8221;https:\/\/www.instagram.com\/thamiresslimaa\/&#8221; url_new_window=&#8221;on&#8221; use_icon=&#8221;on&#8221; font_icon=&#8221;&#xe0b1;||divi||400&#8243; icon_color=&#8221;gcid-495bebcd-c9e6-4abe-8562-50c1f6340cd8&#8243; image_icon_width=&#8221;60px&#8221; _builder_version=&#8221;4.14.2&#8243; _module_preset=&#8221;default&#8221; header_font=&#8221;|600|||||||&#8221; header_text_align=&#8221;center&#8221; custom_margin=&#8221;||0px||false|false&#8221; custom_padding=&#8221;||||false|false&#8221; link_option_url_new_window=&#8221;on&#8221; custom_css_blurb_image=&#8221;margin-bottom:15px;&#8221; global_colors_info=&#8221;{%22gcid-495bebcd-c9e6-4abe-8562-50c1f6340cd8%22:%91%22icon_color%22%93}&#8221;][\/et_pb_blurb][et_pb_number_counter title=&#8221;publica\u00e7\u00f5es&#8221; number=&#8221;2218&#8243; percent_sign=&#8221;off&#8221; admin_label=&#8221;Contador de N\u00fameros&#8221; _builder_version=&#8221;4.14.2&#8243; _module_preset=&#8221;default&#8221; number_text_color=&#8221;gcid-495bebcd-c9e6-4abe-8562-50c1f6340cd8&#8243; number_font_size=&#8221;46px&#8221; custom_margin=&#8221;0px||0px||false|false&#8221; custom_padding=&#8221;0px||0px||false|false&#8221; custom_css_percent=&#8221;margin-bottom:-10px !important;&#8221; global_colors_info=&#8221;{%22gcid-495bebcd-c9e6-4abe-8562-50c1f6340cd8%22:%91%22number_text_color%22%93}&#8221;][\/et_pb_number_counter][et_pb_number_counter title=&#8221;seguidores&#8221; number=&#8221;6971&#8243; percent_sign=&#8221;off&#8221; _builder_version=&#8221;4.14.2&#8243; _module_preset=&#8221;default&#8221; number_text_color=&#8221;gcid-495bebcd-c9e6-4abe-8562-50c1f6340cd8&#8243; number_font_size=&#8221;46px&#8221; custom_margin=&#8221;0px||0px||false|false&#8221; custom_padding=&#8221;0px||0px||false|false&#8221; custom_css_percent=&#8221;margin-bottom:-10px !important;&#8221; global_colors_info=&#8221;{%22gcid-495bebcd-c9e6-4abe-8562-50c1f6340cd8%22:%91%22number_text_color%22,%22number_text_color%22%93}&#8221;][\/et_pb_number_counter][et_pb_number_counter title=&#8221;seguindo&#8221; number=&#8221;2626&#8243; percent_sign=&#8221;off&#8221; _builder_version=&#8221;4.14.2&#8243; _module_preset=&#8221;default&#8221; number_text_color=&#8221;gcid-495bebcd-c9e6-4abe-8562-50c1f6340cd8&#8243; number_font_size=&#8221;46px&#8221; custom_margin=&#8221;0px||0px||false|false&#8221; custom_padding=&#8221;0px||0px||false|false&#8221; custom_css_percent=&#8221;margin-bottom:-10px !important;&#8221; global_colors_info=&#8221;{%22gcid-495bebcd-c9e6-4abe-8562-50c1f6340cd8%22:%91%22number_text_color%22,%22number_text_color%22%93}&#8221;][\/et_pb_number_counter][\/et_pb_column][\/et_pb_row][et_pb_row _builder_version=&#8221;4.14.2&#8243; _module_preset=&#8221;default&#8221; global_colors_info=&#8221;{}&#8221;][et_pb_column type=&#8221;4_4&#8243; _builder_version=&#8221;4.14.2&#8243; _module_preset=&#8221;default&#8221; global_colors_info=&#8221;{}&#8221;][et_pb_code _builder_version=&#8221;4.14.2&#8243; _module_preset=&#8221;default&#8221; global_colors_info=&#8221;{}&#8221;]<iframe loading=\"lazy\" width=\"560\" height=\"315\" src=\"https:\/\/www.youtube-nocookie.com\/embed\/gQDK79PZ2Ps?controls=0\" title=\"YouTube video player\" frameborder=\"0\" allow=\"accelerometer; autoplay; clipboard-write; encrypted-media; gyroscope; picture-in-picture\" allowfullscreen><\/iframe>[\/et_pb_code][et_pb_text _builder_version=&#8221;4.14.2&#8243; _module_preset=&#8221;default&#8221; width=&#8221;70%&#8221; module_alignment=&#8221;center&#8221; global_colors_info=&#8221;{}&#8221;]O pr\u00e9-julgamento baseado na apar\u00eancia f\u00edsica das pessoas afeta a sa\u00fade mental e f\u00edsica de diversas pessoas ao redor do mundo, com a gordofobia n\u00e3o \u00e9 diferente. Quem pratica esse ato cruel contra o corpo do outro muitas vezes n\u00e3o faz ideia de como um \u201csimples\u201d coment\u00e1rio pode n\u00e3o s\u00f3 afetar as pessoas que o recebem, como tamb\u00e9m fortalecer todo um sistema de preconceito. No gr\u00e1fico abaixo \u00e9 poss\u00edvel observar como a gordofobia est\u00e1 presente na vida dos brasileiros muito mais do que se imagina.[\/et_pb_text][et_pb_code _builder_version=&#8221;4.14.2&#8243; _module_preset=&#8221;default&#8221; width=&#8221;70%&#8221; module_alignment=&#8221;center&#8221; global_colors_info=&#8221;{}&#8221;]<\/p>\n<div class=\"infogram-embed\" data-id=\"1b8b01e7-336f-458a-a309-4ed529b0e270\" data-type=\"interactive\" data-title=\"gordofobia no Brasil\"><\/div>\n<p><script>!function(e,i,n,s){var t=\"InfogramEmbeds\",d=e.getElementsByTagName(\"script\")[0];if(window[t]&&window[t].initialized)window[t].process&&window[t].process();else if(!e.getElementById(n)){var o=e.createElement(\"script\");o.async=1,o.id=n,o.src=\"https:\/\/e.infogram.com\/js\/dist\/embed-loader-min.js\",d.parentNode.insertBefore(o,d)}}(document,0,\"infogram-async\");<\/script><\/p>\n<div style=\"padding:8px 0;font-family:Arial!important;font-size:13px!important;line-height:15px!important;text-align:center;border-top:1px solid #dadada;margin:0 30px\"><a href=\"https:\/\/infogram.com\/1b8b01e7-336f-458a-a309-4ed529b0e270\" style=\"color:#989898!important;text-decoration:none!important;\" target=\"_blank\" rel=\"noopener\">gordofobia no Brasil<\/a><!\u2013- [et_pb_br_holder] -\u2013><a href=\"https:\/\/infogram.com\" style=\"color:#989898!important;text-decoration:none!important;\" target=\"_blank\" rel=\"nofollow noopener\">Infogram<\/a><\/div>\n<p>[\/et_pb_code][\/et_pb_column][\/et_pb_row][\/et_pb_section][et_pb_section fb_built=&#8221;1&#8243; admin_label=&#8221;Maria&#8221; _builder_version=&#8221;4.14.2&#8243; _module_preset=&#8221;default&#8221; background_enable_color=&#8221;off&#8221; global_colors_info=&#8221;{}&#8221;][et_pb_row column_structure=&#8221;1_2,1_2&#8243; use_custom_gutter=&#8221;on&#8221; gutter_width=&#8221;1&#8243; make_equal=&#8221;on&#8221; _builder_version=&#8221;4.14.2&#8243; _module_preset=&#8221;default&#8221; background_color=&#8221;gcid-a582bc18-6f66-4357-aa49-294bceee8318&#8243; module_alignment=&#8221;center&#8221; global_colors_info=&#8221;{%22gcid-a582bc18-6f66-4357-aa49-294bceee8318%22:%91%22background_color%22%93}&#8221;][et_pb_column type=&#8221;1_2&#8243; module_class=&#8221;full-height&#8221; _builder_version=&#8221;4.14.2&#8243; _module_preset=&#8221;default&#8221; custom_padding=&#8221;|3%||3%|false|true&#8221; border_width_right=&#8221;1px&#8221; border_color_right=&#8221;#FFFFFF&#8221; global_colors_info=&#8221;{}&#8221;][et_pb_text _builder_version=&#8221;4.14.2&#8243; _module_preset=&#8221;default&#8221; header_text_align=&#8221;right&#8221; header_text_color=&#8221;gcid-495bebcd-c9e6-4abe-8562-50c1f6340cd8&#8243; header_font_size=&#8221;40px&#8221; module_alignment=&#8221;right&#8221; header_text_align_tablet=&#8221;right&#8221; header_text_align_phone=&#8221;left&#8221; header_text_align_last_edited=&#8221;on|phone&#8221; global_colors_info=&#8221;{%22gcid-495bebcd-c9e6-4abe-8562-50c1f6340cd8%22:%91%22header_text_color%22%93}&#8221;]<\/p>\n<h1>Maria Carolina Alves<\/h1>\n<p>[\/et_pb_text][\/et_pb_column][et_pb_column type=&#8221;1_2&#8243; module_class=&#8221;full-height&#8221; _builder_version=&#8221;4.14.2&#8243; _module_preset=&#8221;default&#8221; custom_padding=&#8221;|3%||3%|false|false&#8221; global_colors_info=&#8221;{}&#8221;][et_pb_text _builder_version=&#8221;4.14.2&#8243; _module_preset=&#8221;default&#8221; text_font=&#8221;||on||||||&#8221; text_font_size=&#8221;30px&#8221; text_line_height=&#8221;1.2em&#8221; background_layout=&#8221;dark&#8221; module_alignment=&#8221;left&#8221; global_colors_info=&#8221;{}&#8221;]<\/p>\n<p>\u201cEu sempre me vi dentro da internet&#8221;<\/p>\n<p>[\/et_pb_text][\/et_pb_column][\/et_pb_row][et_pb_row _builder_version=&#8221;4.14.2&#8243; _module_preset=&#8221;default&#8221; global_colors_info=&#8221;{}&#8221;][et_pb_column type=&#8221;4_4&#8243; _builder_version=&#8221;4.14.2&#8243; _module_preset=&#8221;default&#8221; global_colors_info=&#8221;{}&#8221;][et_pb_gallery gallery_ids=&#8221;539,540,538&#8243; posts_number=&#8221;3&#8243; db_images_per_row=&#8221;3&#8243; db_image_max_width=&#8221;100%&#8221; dbdb_version=&#8221;3.6.8&#8243; orientation=&#8221;portrait&#8221; show_title_and_caption=&#8221;off&#8221; show_pagination=&#8221;off&#8221; zoom_icon_color=&#8221;gcid-a582bc18-6f66-4357-aa49-294bceee8318&#8243; _builder_version=&#8221;4.14.2&#8243; _module_preset=&#8221;default&#8221; global_colors_info=&#8221;{%22gcid-a582bc18-6f66-4357-aa49-294bceee8318%22:%91%22zoom_icon_color%22%93}&#8221;][\/et_pb_gallery][\/et_pb_column][\/et_pb_row][et_pb_row column_structure=&#8221;3_4,1_4&#8243; _builder_version=&#8221;4.14.2&#8243; _module_preset=&#8221;default&#8221; global_colors_info=&#8221;{}&#8221;][et_pb_column type=&#8221;3_4&#8243; module_class=&#8221;full-height&#8221; _builder_version=&#8221;4.14.2&#8243; _module_preset=&#8221;default&#8221; global_colors_info=&#8221;{}&#8221;][et_pb_text _builder_version=&#8221;4.14.2&#8243; _module_preset=&#8221;default&#8221; module_alignment=&#8221;center&#8221; global_colors_info=&#8221;{}&#8221;]Formada em fotografia, uma paix\u00e3o que alimenta desde a inf\u00e2ncia, quando ganhou sua primeira c\u00e2mera, Maria Carolina fazia parte do time que afirmava que nunca iria trabalhar com as famosas \u201cinfluenciadoras digitais\u201d.\u00a0 Seu foco era ser fot\u00f3grafa de eventos, mais especificamente de casamentos. Mas isso mudou quando ela percebeu que a vida a estava levando para um caminho bem diferente dos seus planos, \u201ctrabalhar nesse meio foi algo muito natural, os trabalhos foram surgindo e, enquanto eu ia fazendo, fui conhecendo pessoas incr\u00edveis\u201d, afirma ela.<\/p>\n<p>Mais do que um hobby ou passatempo, a internet e as redes sociais sempre foram algo que Carol amou se dedicar. Desde a \u00e9poca em que o auge eram o Photoscape e o Tumblr, ela conta que produzia fotos e textos com o maior empenho, e com o Instagram n\u00e3o \u00e9 diferente. \u201cEu t\u00f4 l\u00e1 porque hoje nosso trabalho precisa muito, voc\u00ea tem que ter presen\u00e7a nas redes. Mas eu tamb\u00e9m amo estar na frente das c\u00e2meras, ser fotografada. Eu sempre me vi dentro da internet\u201d.<\/p>\n<p>Considerando que um grande n\u00famero de profiss\u00f5es hoje marcam presen\u00e7a nas redes sociais para garantir clientes e se manterem &#8220;not\u00e1veis&#8221;, com os fot\u00f3grafos n\u00e3o \u00e9 diferente, principalmente por ser uma profiss\u00e3o extremamente visual. Carol afirma que estar nas redes pela sua profiss\u00e3o a fez gostar de n\u00e3o s\u00f3 divulgar seu trabalho como fot\u00f3grafa, mas tamb\u00e9m de come\u00e7ar a produzir conte\u00fado para o seu p\u00fablico, o que a tornou uma influenciadora digital.<\/p>\n<p>Assista abaixo a entrevista onde Carol conta sobre sua hist\u00f3ria com a internet e como isso influenciou no seu processo de descoberta e aceita\u00e7\u00e3o.[\/et_pb_text][\/et_pb_column][et_pb_column type=&#8221;1_4&#8243; _builder_version=&#8221;4.14.2&#8243; _module_preset=&#8221;default&#8221; background_color=&#8221;#ededed&#8221; custom_padding=&#8221;30px||20px||false|false&#8221; border_radii=&#8221;on|10px|10px|10px|10px&#8221; box_shadow_style=&#8221;preset4&#8243; box_shadow_horizontal=&#8221;5px&#8221; box_shadow_vertical=&#8221;5px&#8221; box_shadow_color=&#8221;rgba(0,0,0,0.1)&#8221; global_colors_info=&#8221;{}&#8221;][et_pb_blurb title=&#8221;@mariaoucarolina&#8221; url=&#8221;https:\/\/www.instagram.com\/mariaoucarolina\/&#8221; url_new_window=&#8221;on&#8221; use_icon=&#8221;on&#8221; font_icon=&#8221;&#xe0b1;||divi||400&#8243; icon_color=&#8221;gcid-495bebcd-c9e6-4abe-8562-50c1f6340cd8&#8243; image_icon_width=&#8221;60px&#8221; _builder_version=&#8221;4.14.2&#8243; _module_preset=&#8221;default&#8221; header_font=&#8221;|600|||||||&#8221; header_text_align=&#8221;center&#8221; custom_margin=&#8221;||0px||false|false&#8221; custom_padding=&#8221;||||false|false&#8221; link_option_url_new_window=&#8221;on&#8221; custom_css_blurb_image=&#8221;margin-bottom:15px;&#8221; global_colors_info=&#8221;{%22gcid-495bebcd-c9e6-4abe-8562-50c1f6340cd8%22:%91%22icon_color%22%93}&#8221;][\/et_pb_blurb][et_pb_number_counter title=&#8221;publica\u00e7\u00f5es&#8221; number=&#8221;552&#8243; percent_sign=&#8221;off&#8221; admin_label=&#8221;Contador de N\u00fameros&#8221; _builder_version=&#8221;4.14.2&#8243; _module_preset=&#8221;default&#8221; number_text_color=&#8221;gcid-495bebcd-c9e6-4abe-8562-50c1f6340cd8&#8243; number_font_size=&#8221;46px&#8221; custom_margin=&#8221;0px||0px||false|false&#8221; custom_padding=&#8221;0px||0px||false|false&#8221; custom_css_percent=&#8221;margin-bottom:-10px !important;&#8221; global_colors_info=&#8221;{%22gcid-495bebcd-c9e6-4abe-8562-50c1f6340cd8%22:%91%22number_text_color%22%93}&#8221;][\/et_pb_number_counter][et_pb_number_counter title=&#8221;seguidores&#8221; number=&#8221;4083&#8243; percent_sign=&#8221;off&#8221; _builder_version=&#8221;4.14.2&#8243; _module_preset=&#8221;default&#8221; number_text_color=&#8221;gcid-495bebcd-c9e6-4abe-8562-50c1f6340cd8&#8243; number_font_size=&#8221;46px&#8221; custom_margin=&#8221;0px||0px||false|false&#8221; custom_padding=&#8221;0px||0px||false|false&#8221; custom_css_percent=&#8221;margin-bottom:-10px !important;&#8221; global_colors_info=&#8221;{%22gcid-495bebcd-c9e6-4abe-8562-50c1f6340cd8%22:%91%22number_text_color%22,%22number_text_color%22%93}&#8221;][\/et_pb_number_counter][et_pb_number_counter title=&#8221;seguindo&#8221; number=&#8221;526&#8243; percent_sign=&#8221;off&#8221; _builder_version=&#8221;4.14.2&#8243; _module_preset=&#8221;default&#8221; number_text_color=&#8221;gcid-495bebcd-c9e6-4abe-8562-50c1f6340cd8&#8243; number_font_size=&#8221;46px&#8221; custom_margin=&#8221;0px||0px||false|false&#8221; custom_padding=&#8221;0px||0px||false|false&#8221; custom_css_percent=&#8221;margin-bottom:-10px !important;&#8221; global_colors_info=&#8221;{%22gcid-495bebcd-c9e6-4abe-8562-50c1f6340cd8%22:%91%22number_text_color%22,%22number_text_color%22%93}&#8221;][\/et_pb_number_counter][\/et_pb_column][\/et_pb_row][et_pb_row _builder_version=&#8221;4.14.2&#8243; _module_preset=&#8221;default&#8221; global_colors_info=&#8221;{}&#8221;][et_pb_column type=&#8221;4_4&#8243; _builder_version=&#8221;4.14.2&#8243; _module_preset=&#8221;default&#8221; global_colors_info=&#8221;{}&#8221;][et_pb_code _builder_version=&#8221;4.14.2&#8243; _module_preset=&#8221;default&#8221; global_colors_info=&#8221;{}&#8221;]<iframe loading=\"lazy\" width=\"560\" height=\"315\" src=\"https:\/\/www.youtube-nocookie.com\/embed\/-vWM1KX8KGY?controls=0\" title=\"YouTube video player\" frameborder=\"0\" allow=\"accelerometer; autoplay; clipboard-write; encrypted-media; gyroscope; picture-in-picture\" allowfullscreen><\/iframe>[\/et_pb_code][\/et_pb_column][\/et_pb_row][\/et_pb_section][et_pb_section fb_built=&#8221;1&#8243; admin_label=&#8221;Barbara&#8221; _builder_version=&#8221;4.14.2&#8243; _module_preset=&#8221;default&#8221; background_color=&#8221;#ededed&#8221; custom_padding=&#8221;||100px||false|false&#8221; global_colors_info=&#8221;{}&#8221;][et_pb_row column_structure=&#8221;1_2,1_2&#8243; use_custom_gutter=&#8221;on&#8221; gutter_width=&#8221;1&#8243; make_equal=&#8221;on&#8221; _builder_version=&#8221;4.14.2&#8243; _module_preset=&#8221;default&#8221; background_color=&#8221;gcid-a582bc18-6f66-4357-aa49-294bceee8318&#8243; module_alignment=&#8221;center&#8221; global_colors_info=&#8221;{%22gcid-a582bc18-6f66-4357-aa49-294bceee8318%22:%91%22background_color%22%93}&#8221;][et_pb_column type=&#8221;1_2&#8243; module_class=&#8221;full-height&#8221; _builder_version=&#8221;4.14.2&#8243; _module_preset=&#8221;default&#8221; custom_padding=&#8221;|3%||3%|false|true&#8221; border_width_right=&#8221;1px&#8221; border_color_right=&#8221;#FFFFFF&#8221; global_colors_info=&#8221;{}&#8221;][et_pb_text _builder_version=&#8221;4.14.2&#8243; _module_preset=&#8221;default&#8221; header_text_align=&#8221;right&#8221; header_text_color=&#8221;gcid-495bebcd-c9e6-4abe-8562-50c1f6340cd8&#8243; header_font_size=&#8221;40px&#8221; module_alignment=&#8221;right&#8221; header_text_align_tablet=&#8221;right&#8221; header_text_align_phone=&#8221;left&#8221; header_text_align_last_edited=&#8221;on|phone&#8221; global_colors_info=&#8221;{%22gcid-495bebcd-c9e6-4abe-8562-50c1f6340cd8%22:%91%22header_text_color%22%93}&#8221;]<\/p>\n<h1>B\u00e1rbara Luz<\/h1>\n<p>[\/et_pb_text][\/et_pb_column][et_pb_column type=&#8221;1_2&#8243; module_class=&#8221;full-height&#8221; _builder_version=&#8221;4.14.2&#8243; _module_preset=&#8221;default&#8221; custom_padding=&#8221;|3%||3%|false|false&#8221; global_colors_info=&#8221;{}&#8221;][et_pb_text _builder_version=&#8221;4.14.2&#8243; _module_preset=&#8221;default&#8221; text_font=&#8221;||on||||||&#8221; text_font_size=&#8221;30px&#8221; text_line_height=&#8221;1.2em&#8221; background_layout=&#8221;dark&#8221; module_alignment=&#8221;left&#8221; global_colors_info=&#8221;{}&#8221;]\u201cDesde crian\u00e7a eu sempre tive o desejo de ser Miss, mas sabia que n\u00e3o cabia a mim por estar sempre acima do peso\u201d[\/et_pb_text][\/et_pb_column][\/et_pb_row][et_pb_row _builder_version=&#8221;4.14.2&#8243; _module_preset=&#8221;default&#8221; global_colors_info=&#8221;{}&#8221;][et_pb_column type=&#8221;4_4&#8243; _builder_version=&#8221;4.14.2&#8243; _module_preset=&#8221;default&#8221; global_colors_info=&#8221;{}&#8221;][et_pb_gallery gallery_ids=&#8221;554,556,555&#8243; posts_number=&#8221;3&#8243; db_images_per_row=&#8221;3&#8243; db_image_max_width=&#8221;100%&#8221; dbdb_version=&#8221;3.6.8&#8243; orientation=&#8221;portrait&#8221; show_title_and_caption=&#8221;off&#8221; show_pagination=&#8221;off&#8221; zoom_icon_color=&#8221;gcid-a582bc18-6f66-4357-aa49-294bceee8318&#8243; _builder_version=&#8221;4.14.2&#8243; _module_preset=&#8221;default&#8221; global_colors_info=&#8221;{%22gcid-a582bc18-6f66-4357-aa49-294bceee8318%22:%91%22zoom_icon_color%22%93}&#8221;][\/et_pb_gallery][\/et_pb_column][\/et_pb_row][et_pb_row column_structure=&#8221;3_4,1_4&#8243; _builder_version=&#8221;4.14.2&#8243; _module_preset=&#8221;default&#8221; global_colors_info=&#8221;{}&#8221;][et_pb_column type=&#8221;3_4&#8243; module_class=&#8221;full-height&#8221; _builder_version=&#8221;4.14.2&#8243; _module_preset=&#8221;default&#8221; global_colors_info=&#8221;{}&#8221;][et_pb_text _builder_version=&#8221;4.14.2&#8243; _module_preset=&#8221;default&#8221; module_alignment=&#8221;center&#8221; global_colors_info=&#8221;{}&#8221;]<\/p>\n<p>Desde a inf\u00e2ncia, B\u00e1rbara Luz tinha o desejo pelas passarelas e por conhecer mais sobre moda. Mas, por saber que n\u00e3o se encaixaria nos padr\u00f5es exigidos por esse universo, ela deixou o sonho de lado. O que ela n\u00e3o imaginava era que aquele sonho de crian\u00e7a, que um dia foi colocado na gaveta, n\u00e3o s\u00f3 se tornaria realidade, mas transformaria ela em uma refer\u00eancia como mulher para diversas outras. Babi, como \u00e9 carinhosamente chamada por seus amigos e seguidores das redes, conta que descobriu o universo dos concursos de Misses Plus Size atrav\u00e9s de uma tia, que mora em Bras\u00edlia. Foi l\u00e1 onde ocorreu o primeiro concurso do qual ela teve conhecimento, em 2012, e que despertou sua vontade de pesquisar sobre o assunto.<\/p>\n<p>Em 2014, quando o concurso teve sua primeira edi\u00e7\u00e3o em Pernambuco, Babi, incentivada por amigos e familiares, decidiu se inscrever. \u201cInicialmente era s\u00f3 uma brincadeira, mas eu acho que ningu\u00e9m entra num concurso sem o interesse de ganhar!\u201d, afirma ela, ao lembrar que foi a partir desse momento que seu interesse por investir na carreira como Miss Plus Size se iniciou. O que era a princ\u00edpio apenas uma brincadeira, levou B\u00e1rbara Luz a conquistar o t\u00edtulo de primeira Miss Plus Size Pernambuco, abrindo as portas para uma s\u00e9rie de oportunidades que tornaram sua trajet\u00f3ria no ramo linda e marcante.<\/p>\n<p>Confira abaixo a entrevista com B\u00e1rbara Luz:<\/p>\n<p>[\/et_pb_text][\/et_pb_column][et_pb_column type=&#8221;1_4&#8243; _builder_version=&#8221;4.14.2&#8243; _module_preset=&#8221;default&#8221; background_color=&#8221;#FFFFFF&#8221; custom_padding=&#8221;30px||20px||false|false&#8221; border_radii=&#8221;on|10px|10px|10px|10px&#8221; box_shadow_style=&#8221;preset4&#8243; box_shadow_horizontal=&#8221;5px&#8221; box_shadow_vertical=&#8221;5px&#8221; box_shadow_color=&#8221;rgba(0,0,0,0.1)&#8221; global_colors_info=&#8221;{}&#8221;][et_pb_blurb title=&#8221;@babiluzzz&#8221; url=&#8221;https:\/\/www.instagram.com\/babiluzzz\/&#8221; url_new_window=&#8221;on&#8221; use_icon=&#8221;on&#8221; font_icon=&#8221;&#xe0b1;||divi||400&#8243; icon_color=&#8221;gcid-495bebcd-c9e6-4abe-8562-50c1f6340cd8&#8243; image_icon_width=&#8221;60px&#8221; _builder_version=&#8221;4.14.2&#8243; _module_preset=&#8221;default&#8221; header_font=&#8221;|600|||||||&#8221; header_text_align=&#8221;center&#8221; custom_margin=&#8221;||0px||false|false&#8221; custom_padding=&#8221;||||false|false&#8221; link_option_url_new_window=&#8221;on&#8221; custom_css_blurb_image=&#8221;margin-bottom:15px;&#8221; global_colors_info=&#8221;{%22gcid-495bebcd-c9e6-4abe-8562-50c1f6340cd8%22:%91%22icon_color%22%93}&#8221;][\/et_pb_blurb][et_pb_number_counter title=&#8221;publica\u00e7\u00f5es&#8221; number=&#8221;974&#8243; percent_sign=&#8221;off&#8221; admin_label=&#8221;Contador de N\u00fameros&#8221; _builder_version=&#8221;4.14.2&#8243; _module_preset=&#8221;default&#8221; number_text_color=&#8221;gcid-495bebcd-c9e6-4abe-8562-50c1f6340cd8&#8243; number_font_size=&#8221;46px&#8221; custom_margin=&#8221;0px||0px||false|false&#8221; custom_padding=&#8221;0px||0px||false|false&#8221; custom_css_percent=&#8221;margin-bottom:-10px !important;&#8221; global_colors_info=&#8221;{%22gcid-495bebcd-c9e6-4abe-8562-50c1f6340cd8%22:%91%22number_text_color%22%93}&#8221;][\/et_pb_number_counter][et_pb_number_counter title=&#8221;seguidores&#8221; number=&#8221;20.1k&#8221; percent_sign=&#8221;off&#8221; _builder_version=&#8221;4.14.2&#8243; _module_preset=&#8221;default&#8221; number_text_color=&#8221;gcid-495bebcd-c9e6-4abe-8562-50c1f6340cd8&#8243; number_font_size=&#8221;46px&#8221; custom_margin=&#8221;0px||0px||false|false&#8221; custom_padding=&#8221;0px||0px||false|false&#8221; custom_css_percent=&#8221;margin-bottom:-10px !important;&#8221; global_colors_info=&#8221;{%22gcid-495bebcd-c9e6-4abe-8562-50c1f6340cd8%22:%91%22number_text_color%22,%22number_text_color%22%93}&#8221;][\/et_pb_number_counter][et_pb_number_counter title=&#8221;seguindo&#8221; number=&#8221;1194&#8243; percent_sign=&#8221;off&#8221; _builder_version=&#8221;4.14.2&#8243; _module_preset=&#8221;default&#8221; number_text_color=&#8221;gcid-495bebcd-c9e6-4abe-8562-50c1f6340cd8&#8243; number_font_size=&#8221;46px&#8221; custom_margin=&#8221;0px||0px||false|false&#8221; custom_padding=&#8221;0px||0px||false|false&#8221; custom_css_percent=&#8221;margin-bottom:-10px !important;&#8221; global_colors_info=&#8221;{%22gcid-495bebcd-c9e6-4abe-8562-50c1f6340cd8%22:%91%22number_text_color%22,%22number_text_color%22%93}&#8221;][\/et_pb_number_counter][\/et_pb_column][\/et_pb_row][et_pb_row _builder_version=&#8221;4.14.2&#8243; _module_preset=&#8221;default&#8221; global_colors_info=&#8221;{}&#8221;][et_pb_column type=&#8221;4_4&#8243; _builder_version=&#8221;4.14.2&#8243; _module_preset=&#8221;default&#8221; global_colors_info=&#8221;{}&#8221;][et_pb_code _builder_version=&#8221;4.14.2&#8243; _module_preset=&#8221;default&#8221; global_colors_info=&#8221;{}&#8221;]<iframe loading=\"lazy\" width=\"560\" height=\"315\" src=\"https:\/\/www.youtube-nocookie.com\/embed\/01U2KpmoNm8?controls=0\" title=\"YouTube video player\" frameborder=\"0\" allow=\"accelerometer; autoplay; clipboard-write; encrypted-media; gyroscope; picture-in-picture\" allowfullscreen><\/iframe>[\/et_pb_code][et_pb_text _builder_version=&#8221;4.14.2&#8243; _module_preset=&#8221;default&#8221; width=&#8221;70%&#8221; module_alignment=&#8221;center&#8221; global_colors_info=&#8221;{}&#8221;]<\/p>\n<p>Apesar de ter suas origens ainda incertas, devido \u00e0 escassez de informa\u00e7\u00f5es, h\u00e1 alguns relatos hist\u00f3ricos que podem garantir que a moda Plus Size n\u00e3o \u00e9 uma novidade do s\u00e9culo XXI, como muitos pensam. Mesmo que tenha ganhado notoriedade e espa\u00e7o no mundo h\u00e1 pouco mais de dez anos, a verdade \u00e9 que essa vertente da moda vem se fortalecendo ao longo das d\u00e9cadas atrav\u00e9s de personalidades e marcas que escolheram ter um olhar mais abrangente e livre de preconceitos sobre a realidade dos corpos femininos e suas necessidades!<\/p>\n<p>Na timeline abaixo voc\u00ea pode conhecer um pouco mais sobre o caminho que a moda Plus Size tem percorrido desde seu surgimento at\u00e9 os dias atuais.<\/p>\n<p>[\/et_pb_text][et_pb_code _builder_version=&#8221;4.14.2&#8243; _module_preset=&#8221;default&#8221; module_alignment=&#8221;center&#8221; min_height=&#8221;400px&#8221; global_colors_info=&#8221;{}&#8221;]\n    <div id=\"timeline-embed\"><\/div>\n    <script type=\"text\/javascript\">\/\/ <![CDATA[\n        var timeline_config = {\n            width: \"100%\",\n            height: \"650\",\n            source: \"1drzvYqccjbmn-XrolMHOEsl3mM0jOIwMFLxs3V_rz18\",\n            embed_id: \"timeline-embed\",\n            start_at_end: false,\n            start_at_slide: \"0\",\n            start_zoom_adjust: \"\",\n            initial_zoom:\"2\",\n            hash_bookmark: false,\n            font: \"\",\n            debug: false,\n            lang: \"en\",\n\t\t\tmaptype: \"\",\n\t\t\tscript_path: \"https:\/\/webjornalismo.unicap.br\/blogueiras\/wp-content\/plugins\/knight-lab-timelinejs\/v3\/js\/\"\n        }\n\/\/ ]]><\/script>\n        [\/et_pb_code][et_pb_text _builder_version=&#8221;4.14.2&#8243; _module_preset=&#8221;default&#8221; width=&#8221;70%&#8221; module_alignment=&#8221;center&#8221; global_colors_info=&#8221;{}&#8221;]<\/p>\n<p>Atrav\u00e9s dessas evolu\u00e7\u00f5es em sua trajet\u00f3ria, o universo Plus Size deixou de ser objeto de curiosidade para se tornar uma pauta debatida com frequ\u00eancia e motivo de muitas reflex\u00f5es mundo afora. Se antes muitas mulheres gordas se escondiam embaixo de roupas largas, que n\u00e3o valorizavam suas curvas, hoje, elas t\u00eam empoderamento suficiente para usar pe\u00e7as que ressaltam suas formas, ao inv\u00e9s de escond\u00ea-las. N\u00e3o s\u00f3 nas roupas, mas tamb\u00e9m em suas falas, posicionamentos, rodas de di\u00e1logos e, por que n\u00e3o, em suas redes sociais, mulheres gordas t\u00eam levantado suas vozes em busca de empatia, respeito e visibilidade.<\/p>\n<p>[\/et_pb_text][\/et_pb_column][\/et_pb_row][\/et_pb_section]<\/p>\n","protected":false},"excerpt":{"rendered":"<p>Aprendendo a amaro corpo como ele \u00e9,n\u00e3o como dizem queele deve serTalvez o termo ainda seja uma novidade para alguns, mas a verdade \u00e9 que se fala em \u201cbody positive\u201d &#8211; \u201ccorpo positivo\u201d na tradu\u00e7\u00e3o literal &#8211; desde a d\u00e9cada de 60, onde campanhas contra a discrimina\u00e7\u00e3o p\u00fablica de pessoas obesas, bem como de pessoas [&hellip;]<\/p>\n","protected":false},"author":2,"featured_media":0,"parent":0,"menu_order":0,"comment_status":"closed","ping_status":"closed","template":"","meta":{"_et_pb_use_builder":"on","_et_pb_old_content":"<!-- wp:divi\/placeholder \/-->","_et_gb_content_width":""},"_links":{"self":[{"href":"https:\/\/webjornalismo.unicap.br\/blogueiras\/wp-json\/wp\/v2\/pages\/427"}],"collection":[{"href":"https:\/\/webjornalismo.unicap.br\/blogueiras\/wp-json\/wp\/v2\/pages"}],"about":[{"href":"https:\/\/webjornalismo.unicap.br\/blogueiras\/wp-json\/wp\/v2\/types\/page"}],"author":[{"embeddable":true,"href":"https:\/\/webjornalismo.unicap.br\/blogueiras\/wp-json\/wp\/v2\/users\/2"}],"replies":[{"embeddable":true,"href":"https:\/\/webjornalismo.unicap.br\/blogueiras\/wp-json\/wp\/v2\/comments?post=427"}],"version-history":[{"count":60,"href":"https:\/\/webjornalismo.unicap.br\/blogueiras\/wp-json\/wp\/v2\/pages\/427\/revisions"}],"predecessor-version":[{"id":601,"href":"https:\/\/webjornalismo.unicap.br\/blogueiras\/wp-json\/wp\/v2\/pages\/427\/revisions\/601"}],"wp:attachment":[{"href":"https:\/\/webjornalismo.unicap.br\/blogueiras\/wp-json\/wp\/v2\/media?parent=427"}],"curies":[{"name":"wp","href":"https:\/\/api.w.org\/{rel}","templated":true}]}}