{"id":6116,"date":"2021-06-02T22:01:14","date_gmt":"2021-06-03T01:01:14","guid":{"rendered":"https:\/\/webjornalismo.unicap.br\/bibliobulico\/?page_id=6116"},"modified":"2021-06-02T22:21:41","modified_gmt":"2021-06-03T01:21:41","slug":"ultima-viagem","status":"publish","type":"page","link":"https:\/\/webjornalismo.unicap.br\/bibliobulico\/ultima-viagem\/","title":{"rendered":"\u00daltima Viagem"},"content":{"rendered":"<p>[et_pb_section fb_built=&#8221;1&#8243; admin_label=&#8221;Hero Section&#8221; _builder_version=&#8221;4.9.4&#8243; background_color=&#8221;rgba(0,0,0,0.7)&#8221; background_image=&#8221;https:\/\/webjornalismo.unicap.br\/bibliobulico\/wp-content\/uploads\/2021\/06\/IMG_8316-scaled.jpg&#8221; background_position=&#8221;bottom_right&#8221; background_blend=&#8221;multiply&#8221; background_enable_video_mp4=&#8221;off&#8221; background_enable_video_webm=&#8221;off&#8221; background_video_width=&#8221;1920&#8243; background_video_height=&#8221;1080&#8243; custom_margin=&#8221;|||&#8221; custom_padding=&#8221;18%||18%|&#8221; animation_style=&#8221;fade&#8221; hover_enabled=&#8221;0&#8243; title_text=&#8221;IMG_8316&#8243; sticky_enabled=&#8221;0&#8243;][et_pb_row _builder_version=&#8221;4.9.4&#8243;][et_pb_column type=&#8221;4_4&#8243; _builder_version=&#8221;4.9.4&#8243; custom_padding=&#8221;|||&#8221; custom_padding__hover=&#8221;|||&#8221;][et_pb_text _builder_version=&#8221;4.9.4&#8243; text_font=&#8221;||||||||&#8221; text_font_size=&#8221;24px&#8221; text_line_height=&#8221;1.6em&#8221; header_font=&#8221;||||||||&#8221; header_font_size=&#8221;80px&#8221; header_line_height=&#8221;1.1em&#8221; header_2_font=&#8221;||||||||&#8221; text_orientation=&#8221;center&#8221; background_layout=&#8221;dark&#8221; module_alignment=&#8221;center&#8221; hover_enabled=&#8221;0&#8243; header_font_size_tablet=&#8221;&#8221; header_font_size_phone=&#8221;48px&#8221; header_font_size_last_edited=&#8221;on|phone&#8221; text_text_shadow_style=&#8221;preset3&#8243; sticky_enabled=&#8221;0&#8243;]<\/p>\n<h3>\u00daLTIMA VIAGEM<\/h3>\n<h1>Muito mais do que<br \/>\ndecifrar palavras<\/h1>\n<p>[\/et_pb_text][\/et_pb_column][\/et_pb_row][\/et_pb_section][et_pb_section fb_built=&#8221;1&#8243; admin_label=&#8221;Texto&#8221; _builder_version=&#8221;4.9.4&#8243; custom_padding=&#8221;100px||100px||false|false&#8221; hover_enabled=&#8221;0&#8243; sticky_enabled=&#8221;0&#8243;][et_pb_row admin_label=&#8221;Text Area&#8221; _builder_version=&#8221;4.9.4&#8243; max_width=&#8221;700px&#8221; hover_enabled=&#8221;0&#8243; border_color_bottom=&#8221;#e0e0e0&#8243; use_custom_width=&#8221;on&#8221; custom_width_px=&#8221;700px&#8221; sticky_enabled=&#8221;0&#8243; custom_padding=&#8221;||15px||false|false&#8221;][et_pb_column type=&#8221;4_4&#8243; _builder_version=&#8221;3.25&#8243; custom_padding=&#8221;|||&#8221; custom_padding__hover=&#8221;|||&#8221;][et_pb_image src=&#8221;https:\/\/webjornalismo.unicap.br\/bibliobulico\/wp-content\/uploads\/2021\/06\/TIRINHA.jpg&#8221; _builder_version=&#8221;4.9.4&#8243; _module_preset=&#8221;default&#8221; title_text=&#8221;TIRINHA%93&#8243; show_bottom_space=&#8221;off&#8221; hover_enabled=&#8221;0&#8243; sticky_enabled=&#8221;0&#8243;][\/et_pb_image][et_pb_text _builder_version=&#8221;4.9.4&#8243; _module_preset=&#8221;default&#8221; text_text_color=&#8221;#afafaf&#8221; text_font_size=&#8221;12px&#8221; custom_margin=&#8221;0px||||false|false&#8221; custom_padding=&#8221;0px||||false|false&#8221; hover_enabled=&#8221;0&#8243; sticky_enabled=&#8221;0&#8243;]Cr\u00e9ditos: LunarBaboon (Instagram) \/ tradu\u00e7\u00e3o: Melhores Tirinhas (Instagram)[\/et_pb_text][et_pb_text _builder_version=&#8221;4.9.4&#8243; text_font=&#8221;||||||||&#8221; text_line_height=&#8221;1.8em&#8221; header_font_size=&#8221;36px&#8221; animation_style=&#8221;fade&#8221; animation_direction=&#8221;bottom&#8221; animation_starting_opacity=&#8221;100%&#8221; hover_enabled=&#8221;0&#8243; sticky_enabled=&#8221;0&#8243;]<\/p>\n<p>Sempre lembro do meu pai falando \u201cminha filha, eu queria muito ler mais, mas eu n\u00e3o tenho esse h\u00e1bito\u201d. Essa mensagem permanece na minha cabe\u00e7a. Desde o momento que eu me formei na alfabetiza\u00e7\u00e3o, at\u00e9 antes disso, meus pais me incentivaram muito \u00e0 leitura. Minha m\u00e3e, pedagoga e professora de escola, \u00e9 a pessoa que sempre caminhou junto comigo para essa forma\u00e7\u00e3o, inclusive, me ensinando a ler. Quando eu quase reprovei na alfabetiza\u00e7\u00e3o, ela me disse, \u201ceu sentei com voc\u00ea e lhe ensinei. Mas n\u00e3o queria ver voc\u00ea repetindo uma s\u00e9rie\u201d. Meu pai, militar, da maneira dele, me incentivou tamb\u00e9m, trazia do quartel gibis de um personagem chamado \u201cRecrutinha\u201d, que eu e meu irm\u00e3o divid\u00edamos.<\/p>\n<p>Aos poucos, fui entendendo os meus gostos. Comecei com Harry Potter, o meu primeiro contato com um livro mais \u201ccheio\u201d, li os sete duas vezes. Depois passei para algo mais robusto, como Dom Casmurro, e n\u00e3o entendi nada, n\u00e3o entendi mesmo. Mas decidi continuar, pois tinha chegado uma professora de literatura nova no ensino m\u00e9dio, chamada Jennifer.<\/p>\n<p>[\/et_pb_text][\/et_pb_column][\/et_pb_row][et_pb_row admin_label=&#8221;Text Area&#8221; _builder_version=&#8221;4.9.4&#8243; max_width=&#8221;700px&#8221; hover_enabled=&#8221;0&#8243; border_color_bottom=&#8221;#e0e0e0&#8243; use_custom_width=&#8221;on&#8221; custom_width_px=&#8221;700px&#8221; column_structure=&#8221;3_4,1_4&#8243; custom_padding=&#8221;0px||15px||false|false&#8221; sticky_enabled=&#8221;0&#8243;][et_pb_column type=&#8221;3_4&#8243; _builder_version=&#8221;3.25&#8243; custom_padding=&#8221;|||&#8221; custom_padding__hover=&#8221;|||&#8221;][et_pb_text _builder_version=&#8221;4.9.4&#8243; text_font=&#8221;||||||||&#8221; text_line_height=&#8221;1.8em&#8221; header_font_size=&#8221;36px&#8221; animation_style=&#8221;fade&#8221; animation_direction=&#8221;bottom&#8221; animation_starting_opacity=&#8221;100%&#8221; hover_enabled=&#8221;0&#8243; sticky_enabled=&#8221;0&#8243;]<\/p>\n<p>Jennifer nos falava de hist\u00f3rias como O Corti\u00e7o e Senhora de uma maneira que at\u00e9 a turma do fund\u00e3o brigava com quem ousasse conversar na aula. Ela subia nas cadeiras, gesticulava, elevava a voz, sorria, brincava&#8230; ela vivia o livro, era uma verdadeira performance. Aquele foi o meu primeiro contato com o amor pela literatura. At\u00e9 hoje, eu lembro dela quando leio algum livro que ela tenha nos \u201cfor\u00e7ado\u201d a ler e apresentar na sala. Gostaria de um dia agradecer a ela e dividir hist\u00f3rias do mesmo jeito que ela fez comigo.<\/p>\n<p>[\/et_pb_text][\/et_pb_column][et_pb_column type=&#8221;1_4&#8243; _builder_version=&#8221;3.25&#8243; custom_padding=&#8221;|||&#8221; custom_padding__hover=&#8221;|||&#8221;][et_pb_text _builder_version=&#8221;4.9.4&#8243; _module_preset=&#8221;default&#8221; header_font=&#8221;||on||||||&#8221; header_line_height=&#8221;1.2em&#8221; header_5_text_align=&#8221;right&#8221; hover_enabled=&#8221;0&#8243; sticky_enabled=&#8221;0&#8243;]<\/p>\n<h1>\u201c\u00c9 preciso que a leitura seja um ato de amor\u201d.<\/h1>\n<h5>&#8211; Paulo Freire<\/h5>\n<p>[\/et_pb_text][\/et_pb_column][\/et_pb_row][et_pb_row admin_label=&#8221;Text Area&#8221; _builder_version=&#8221;4.9.4&#8243; max_width=&#8221;700px&#8221; border_color_bottom=&#8221;#e0e0e0&#8243; use_custom_width=&#8221;on&#8221; custom_width_px=&#8221;700px&#8221; custom_padding=&#8221;0px||15px||false|false&#8221; hover_enabled=&#8221;0&#8243; sticky_enabled=&#8221;0&#8243;][et_pb_column type=&#8221;4_4&#8243; _builder_version=&#8221;3.25&#8243; custom_padding=&#8221;|||&#8221; custom_padding__hover=&#8221;|||&#8221;][et_pb_text _builder_version=&#8221;4.9.4&#8243; text_font=&#8221;||||||||&#8221; text_line_height=&#8221;1.8em&#8221; header_font_size=&#8221;36px&#8221; animation_style=&#8221;fade&#8221; animation_direction=&#8221;bottom&#8221; animation_starting_opacity=&#8221;100%&#8221; hover_enabled=&#8221;0&#8243; sticky_enabled=&#8221;0&#8243;]Ap\u00f3s o ensino m\u00e9dio, eu passei um ano no cursinho. Eu odiava. Ent\u00e3o, todo santo dia eu passava as horas vagas lendo. Foi nessa hora que eu vi que a leitura n\u00e3o \u00e9 apenas did\u00e1tica, mas sim uma terapia. No ano seguinte, eu entrei para faculdade. A vida corrida e adapta\u00e7\u00e3o foram coisas que, por vezes, me distanciaram. Conheci uma pessoa que lia demais, conheci v\u00e1rias pessoas que liam demais, era quase uma disputa. Fiquei para tr\u00e1s, queria viver, queria come\u00e7ar a beber cerveja e falar com a galera de mundos diferentes do meu. N\u00e3o tinha tempo para sentar e ler. N\u00e3o me arrependo disso.<\/p>\n<p>Foi em 2020, na pandemia, que o novo normal repleto de incertezas me fez voltar a ler para espantar a ansiedade. Comecei aos poucos e, logo, comprar livros se tornou uma compuls\u00e3o. Comecei a pensar que era incr\u00edvel, e absurdo ao mesmo tempo, o fato de que a hist\u00f3ria e as emo\u00e7\u00f5es que um livro conta filme nenhum consegue transmitir. [\/et_pb_text][\/et_pb_column][\/et_pb_row][et_pb_row admin_label=&#8221;Text Area&#8221; _builder_version=&#8221;4.9.4&#8243; max_width=&#8221;700px&#8221; border_color_bottom=&#8221;#e0e0e0&#8243; use_custom_width=&#8221;on&#8221; custom_width_px=&#8221;700px&#8221; column_structure=&#8221;1_2,1_2&#8243; custom_padding=&#8221;0px||15px||false|false&#8221; hover_enabled=&#8221;0&#8243; sticky_enabled=&#8221;0&#8243;][et_pb_column type=&#8221;1_2&#8243; _builder_version=&#8221;3.25&#8243; custom_padding=&#8221;|||&#8221; custom_padding__hover=&#8221;|||&#8221;][et_pb_text _builder_version=&#8221;4.9.4&#8243; text_font=&#8221;||||||||&#8221; text_line_height=&#8221;1.8em&#8221; header_font_size=&#8221;36px&#8221; animation_style=&#8221;fade&#8221; animation_direction=&#8221;bottom&#8221; animation_starting_opacity=&#8221;100%&#8221; hover_enabled=&#8221;0&#8243; sticky_enabled=&#8221;0&#8243;]Ent\u00e3o, conheci Evelyn Hugo, imigrante porto-riquenha que era uma das maiores estrelas de Hollywood, entre os anos 50 a 70. Evelyn me disse que \u201co mundo prefere mulheres que n\u00e3o t\u00eam no\u00e7\u00e3o do pr\u00f3prio poder, mas estou de saco cheio disso\u201d, e ela est\u00e1 completamente certa. Conheci tamb\u00e9m Elizabeth Bennet, minha m\u00e3e que apresentou, uma mo\u00e7a considerada at\u00e9 rebelde para os padr\u00f5es femininos de comportamento l\u00e1 na Inglaterra do s\u00e9c. 18. Ela se casou com um cara t\u00e3o orgulhoso quanto ela, mas n\u00e3o deixou de ter o pulso forte nas suas convic\u00e7\u00f5es. Na Inglaterra Vitoriana, eu conheci Dorian Gray. Ele era vaidoso demais, e essa foi a sua ru\u00edna. J\u00e1 a Daisy Jones eu n\u00e3o simpatizei muito. Achei ela muito mimada e foi por conta dela que o The Six, banda quase t\u00e3o grande quanto os Beatles nos anos 70, tiveram desentendimentos e se separaram.[\/et_pb_text][\/et_pb_column][et_pb_column type=&#8221;1_2&#8243; _builder_version=&#8221;3.25&#8243; custom_padding=&#8221;|||&#8221; custom_padding__hover=&#8221;|||&#8221;][et_pb_image src=&#8221;https:\/\/webjornalismo.unicap.br\/bibliobulico\/wp-content\/uploads\/2021\/06\/IMG_8063-scaled.jpg&#8221; _builder_version=&#8221;4.9.4&#8243; _module_preset=&#8221;default&#8221; title_text=&#8221;IMG_8063&#8243; hover_enabled=&#8221;0&#8243; sticky_enabled=&#8221;0&#8243;][\/et_pb_image][\/et_pb_column][\/et_pb_row][et_pb_row admin_label=&#8221;Text Area&#8221; _builder_version=&#8221;4.9.4&#8243; max_width=&#8221;700px&#8221; border_color_bottom=&#8221;#e0e0e0&#8243; use_custom_width=&#8221;on&#8221; custom_width_px=&#8221;700px&#8221; custom_padding=&#8221;0px||15px||false|false&#8221; hover_enabled=&#8221;0&#8243; sticky_enabled=&#8221;0&#8243;][et_pb_column type=&#8221;4_4&#8243; _builder_version=&#8221;3.25&#8243; custom_padding=&#8221;|||&#8221; custom_padding__hover=&#8221;|||&#8221;][et_pb_text _builder_version=&#8221;4.9.4&#8243; text_font=&#8221;||||||||&#8221; text_line_height=&#8221;1.8em&#8221; header_font_size=&#8221;36px&#8221; animation_style=&#8221;fade&#8221; animation_direction=&#8221;bottom&#8221; animation_starting_opacity=&#8221;100%&#8221; hover_enabled=&#8221;0&#8243; sticky_enabled=&#8221;0&#8243;]A minha pr\u00f3xima viagem vai ser para Moscou do in\u00edcio da d\u00e9cada 1920, em plena Ditadura Stalinista. Fiquei sabendo que al\u00e9m da situa\u00e7\u00e3o pol\u00edtica e ca\u00f3tica devido ao governo, chegou um sujeito meio estranho acompanhado de um gato preto gigante e uma bruxa de fogo. Ele \u00e9 meio maluco, diz que \u00e9 o diabo, veio com hist\u00f3rias de que aconselhou P\u00f4ncio Pilatos no julgamento de Jesus e que tamb\u00e9m ajudou a matar os Czares da dinastia Romanov, na R\u00fassia Imperial. Est\u00e1 atr\u00e1s de uma mo\u00e7a chamada Margarida. Convidou todo mundo para uma grande festa \u00e0 procura dessa mo\u00e7a. Quero ver o que vai acontecer no desenrolar da sua estadia, e tamb\u00e9m o que ele tem a contar sobre a participa\u00e7\u00e3o do diabo em eventos hist\u00f3ricos mundiais.<\/p>\n<p>Cada passo nessa estrada foi em \u00e9pocas diferentes, com amigos diferentes, que mesmo vivendo no imagin\u00e1rio de algu\u00e9m que os colocaram no papel, sempre tinham alguma coisa para falar para mim naquele momento. Um conselho, uma li\u00e7\u00e3o, ou s\u00f3 me ajudar a esquecer um pouco a tristeza. Sou grata por isso, grata pela uni\u00e3o do real e fict\u00edcio que me formaram, e ainda formam, como pessoa. Ningu\u00e9m teve a minha m\u00e3e, meu pai, Jennifer e todos os outros que me encontraram nesse caminho. Sou ciente desse privil\u00e9gio e agradecida por ter chegado at\u00e9 aqui.[\/et_pb_text][\/et_pb_column][\/et_pb_row][et_pb_row admin_label=&#8221;Text Area&#8221; _builder_version=&#8221;4.9.4&#8243; max_width=&#8221;700px&#8221; border_color_bottom=&#8221;#e0e0e0&#8243; use_custom_width=&#8221;on&#8221; custom_width_px=&#8221;700px&#8221; column_structure=&#8221;1_3,2_3&#8243; hover_enabled=&#8221;0&#8243; sticky_enabled=&#8221;0&#8243; background_color=&#8221;#080808&#8243; custom_padding=&#8221;|25px||25px|false|true&#8221;][et_pb_column type=&#8221;1_3&#8243; _builder_version=&#8221;3.25&#8243; custom_padding=&#8221;|||&#8221; custom_padding__hover=&#8221;|||&#8221;][et_pb_text _builder_version=&#8221;4.9.4&#8243; text_font=&#8221;||||||||&#8221; text_line_height=&#8221;1.3em&#8221; header_font_size=&#8221;36px&#8221; animation_style=&#8221;fade&#8221; animation_direction=&#8221;bottom&#8221; animation_starting_opacity=&#8221;100%&#8221; hover_enabled=&#8221;0&#8243; sticky_enabled=&#8221;0&#8243; text_font_size=&#8221;20px&#8221;]Para os que gostam de ser imersos em um novo mundo, segue essa playlist para ajudar nessa viagem:[\/et_pb_text][\/et_pb_column][et_pb_column type=&#8221;2_3&#8243; _builder_version=&#8221;3.25&#8243; custom_padding=&#8221;|||&#8221; hover_enabled=&#8221;0&#8243; custom_padding__hover=&#8221;|||&#8221; sticky_enabled=&#8221;0&#8243;][et_pb_code _builder_version=&#8221;4.9.4&#8243; _module_preset=&#8221;default&#8221; hover_enabled=&#8221;0&#8243; sticky_enabled=&#8221;0&#8243;]<iframe loading=\"lazy\" src=\"https:\/\/open.spotify.com\/embed\/playlist\/6Aw9T0YysWqfJoCFMbpcWO?theme=0\" width=\"100%\" height=\"380\" frameBorder=\"0\" allowtransparency=\"true\" allow=\"encrypted-media\"><\/iframe>[\/et_pb_code][\/et_pb_column][\/et_pb_row][\/et_pb_section]<\/p>\n","protected":false},"excerpt":{"rendered":"<p>[et_pb_section fb_built=&#8221;1&#8243; admin_label=&#8221;Hero Section&#8221; _builder_version=&#8221;4.9.4&#8243; background_color=&#8221;rgba(0,0,0,0.7)&#8221; background_image=&#8221;https:\/\/webjornalismo.unicap.br\/bibliobulico\/wp-content\/uploads\/2021\/06\/IMG_8316-scaled.jpg&#8221; background_position=&#8221;bottom_right&#8221; background_blend=&#8221;multiply&#8221; background_enable_video_mp4=&#8221;off&#8221; background_enable_video_webm=&#8221;off&#8221; background_video_width=&#8221;1920&#8243; background_video_height=&#8221;1080&#8243; custom_margin=&#8221;|||&#8221; custom_padding=&#8221;18%||18%|&#8221; animation_style=&#8221;fade&#8221; hover_enabled=&#8221;0&#8243; title_text=&#8221;IMG_8316&#8243; sticky_enabled=&#8221;0&#8243;][et_pb_row _builder_version=&#8221;4.9.4&#8243;][et_pb_column type=&#8221;4_4&#8243; _builder_version=&#8221;4.9.4&#8243; custom_padding=&#8221;|||&#8221; custom_padding__hover=&#8221;|||&#8221;][et_pb_text _builder_version=&#8221;4.9.4&#8243; text_font=&#8221;||||||||&#8221; text_font_size=&#8221;24px&#8221; text_line_height=&#8221;1.6em&#8221; header_font=&#8221;||||||||&#8221; header_font_size=&#8221;80px&#8221; header_line_height=&#8221;1.1em&#8221; header_2_font=&#8221;||||||||&#8221; text_orientation=&#8221;center&#8221; background_layout=&#8221;dark&#8221; module_alignment=&#8221;center&#8221; hover_enabled=&#8221;0&#8243; header_font_size_tablet=&#8221;&#8221; header_font_size_phone=&#8221;48px&#8221; header_font_size_last_edited=&#8221;on|phone&#8221; text_text_shadow_style=&#8221;preset3&#8243; sticky_enabled=&#8221;0&#8243;] \u00daLTIMA VIAGEM Muito mais do que decifrar palavras [\/et_pb_text][\/et_pb_column][\/et_pb_row][\/et_pb_section][et_pb_section fb_built=&#8221;1&#8243; admin_label=&#8221;Texto&#8221; _builder_version=&#8221;4.9.4&#8243; custom_padding=&#8221;100px||100px||false|false&#8221; hover_enabled=&#8221;0&#8243; [&hellip;]<\/p>\n","protected":false},"author":1,"featured_media":0,"parent":0,"menu_order":0,"comment_status":"closed","ping_status":"closed","template":"","meta":{"_et_pb_use_builder":"on","_et_pb_old_content":"","_et_gb_content_width":""},"_links":{"self":[{"href":"https:\/\/webjornalismo.unicap.br\/bibliobulico\/wp-json\/wp\/v2\/pages\/6116"}],"collection":[{"href":"https:\/\/webjornalismo.unicap.br\/bibliobulico\/wp-json\/wp\/v2\/pages"}],"about":[{"href":"https:\/\/webjornalismo.unicap.br\/bibliobulico\/wp-json\/wp\/v2\/types\/page"}],"author":[{"embeddable":true,"href":"https:\/\/webjornalismo.unicap.br\/bibliobulico\/wp-json\/wp\/v2\/users\/1"}],"replies":[{"embeddable":true,"href":"https:\/\/webjornalismo.unicap.br\/bibliobulico\/wp-json\/wp\/v2\/comments?post=6116"}],"version-history":[{"count":9,"href":"https:\/\/webjornalismo.unicap.br\/bibliobulico\/wp-json\/wp\/v2\/pages\/6116\/revisions"}],"predecessor-version":[{"id":6138,"href":"https:\/\/webjornalismo.unicap.br\/bibliobulico\/wp-json\/wp\/v2\/pages\/6116\/revisions\/6138"}],"wp:attachment":[{"href":"https:\/\/webjornalismo.unicap.br\/bibliobulico\/wp-json\/wp\/v2\/media?parent=6116"}],"curies":[{"name":"wp","href":"https:\/\/api.w.org\/{rel}","templated":true}]}}