{"id":6054,"date":"2021-06-02T19:35:46","date_gmt":"2021-06-02T22:35:46","guid":{"rendered":"https:\/\/webjornalismo.unicap.br\/bibliobulico\/?page_id=6054"},"modified":"2021-06-04T19:39:55","modified_gmt":"2021-06-04T22:39:55","slug":"espaco-leitor","status":"publish","type":"page","link":"https:\/\/webjornalismo.unicap.br\/bibliobulico\/espaco-leitor\/","title":{"rendered":"Espa\u00e7o Leitor"},"content":{"rendered":"<p>[et_pb_section fb_built=&#8221;1&#8243; admin_label=&#8221;Hero Section&#8221; _builder_version=&#8221;4.9.4&#8243; background_color=&#8221;rgba(0,0,0,0.7)&#8221; background_image=&#8221;https:\/\/webjornalismo.unicap.br\/bibliobulico\/wp-content\/uploads\/2021\/06\/IMG_7927-scaled.jpg&#8221; background_position=&#8221;bottom_right&#8221; background_blend=&#8221;multiply&#8221; background_enable_video_mp4=&#8221;off&#8221; background_enable_video_webm=&#8221;off&#8221; background_video_width=&#8221;1920&#8243; background_video_height=&#8221;1080&#8243; custom_margin=&#8221;|||&#8221; custom_padding=&#8221;18%||18%|&#8221; animation_style=&#8221;fade&#8221;][et_pb_row _builder_version=&#8221;4.9.4&#8243;][et_pb_column type=&#8221;4_4&#8243; _builder_version=&#8221;4.9.4&#8243; custom_padding=&#8221;|||&#8221; custom_padding__hover=&#8221;|||&#8221;][et_pb_text _builder_version=&#8221;4.9.4&#8243; text_font=&#8221;||||||||&#8221; text_font_size=&#8221;24px&#8221; text_line_height=&#8221;1.6em&#8221; header_font=&#8221;||||||||&#8221; header_font_size=&#8221;80px&#8221; header_line_height=&#8221;1.1em&#8221; header_2_font=&#8221;||||||||&#8221; text_orientation=&#8221;center&#8221; background_layout=&#8221;dark&#8221; module_alignment=&#8221;center&#8221; header_font_size_tablet=&#8221;&#8221; header_font_size_phone=&#8221;48px&#8221; header_font_size_last_edited=&#8221;on|phone&#8221; text_text_shadow_style=&#8221;preset3&#8243;]<\/p>\n<h1>ESPA\u00c7O LEITOR<\/h1>\n<p>Bibliob\u00falico \u00e9 a pessoa que l\u00ea tanto a ponto de esquecer do mundo \u00e0 sua volta. E aqui \u00e9 um espa\u00e7o dedicado aos f\u00e3s da literatura para compartilharem suas viagens sem sair do lugar, no mundo dos livros.<\/p>\n<p>[\/et_pb_text][\/et_pb_column][\/et_pb_row][\/et_pb_section][et_pb_section fb_built=&#8221;1&#8243; admin_label=&#8221;Texto&#8221; _builder_version=&#8221;4.9.4&#8243; custom_padding=&#8221;100px||0px||false|false&#8221;][et_pb_row column_structure=&#8221;3_5,2_5&#8243; admin_label=&#8221;Crescimento&#8221; _builder_version=&#8221;4.9.4&#8243; max_width=&#8221;700px&#8221; custom_padding=&#8221;||||false|false&#8221; border_width_bottom=&#8221;1px&#8221; border_color_bottom=&#8221;#e0e0e0&#8243; use_custom_width=&#8221;on&#8221; custom_width_px=&#8221;700px&#8221;][et_pb_column type=&#8221;3_5&#8243; _builder_version=&#8221;3.25&#8243; custom_padding=&#8221;|||&#8221; custom_padding__hover=&#8221;|||&#8221;][et_pb_text module_class=&#8221;personagem&#8221; _builder_version=&#8221;4.9.4&#8243; text_font=&#8221;||||||||&#8221; text_font_size=&#8221;15px&#8221; text_line_height=&#8221;1.5em&#8221; header_text_color=&#8221;#8d2020&#8243; header_font_size=&#8221;36px&#8221; header_3_font_size=&#8221;19px&#8221; animation_style=&#8221;fade&#8221; animation_direction=&#8221;bottom&#8221; animation_starting_opacity=&#8221;100%&#8221;]<\/p>\n<h1>Crescimento<\/h1>\n<h2>Carmem Cristiane, 50 anos<\/h2>\n<h3>Livro preferido: Orgulho e Preconceito (1813), Jane Austen<\/h3>\n<p>A leitura \u00e9 uma valiosa viagem onde dinamiza o racioc\u00ednio e a interpreta\u00e7\u00e3o. \u00c9 importante para alimentar a compet\u00eancia da comunica\u00e7\u00e3o e do relacionamento interpessoal. Nos tornamos pessoas mais anal\u00edticas e com uma vis\u00e3o melhor interpretada sobre o &#8220;o ser e o universo&#8221;. <\/p>\n<p>Apaixonada pela leitura&#8230; n\u00e3o. Amo mesmo \u00e9 escrever, mas sei que este gosto pela escrita n\u00e3o existiria se n\u00e3o fosse a leitura. Comecei com poesias e ainda lembro que a primeira que me fascinou foi &#8220;Can\u00e7\u00e3o de ex\u00edlio&#8221;, de Gon\u00e7alves Dias. Era como uma hist\u00f3ria, um recado, uma s\u00faplica que eu li aos meus 9 anos de idade, tendo como apoio um candeeiro fumacento pendurado na parede do meu quarto. Passava as folhas em c\u00e2mera lenta, pois se minha m\u00e3e escutasse qualquer barulho\u2026 ah! Foi meu tempo de descobertas, foi meu bilhete para um outro mundo, onde eu poderia ser qualquer pessoa ou estar em qualquer lugar.<\/p>\n<p>Orgulho e Preconceito \u00e9 um livro especial. Ele al\u00e9m de me permitir viver em outra \u00e9poca, ainda abriu mais uma porta&#8230; que eu levei minha filha. Essa foi a melhor de todas. Algu\u00e9m conhece o caminho que est\u00e1 em minhas m\u00e3os? Voc\u00ea vai amar! N\u00e3o \u00e9 mesmo, minha filha?[\/et_pb_text][\/et_pb_column][et_pb_column type=&#8221;2_5&#8243; _builder_version=&#8221;3.25&#8243; custom_padding=&#8221;|||&#8221; custom_padding__hover=&#8221;|||&#8221;][et_pb_image src=&#8221;https:\/\/webjornalismo.unicap.br\/bibliobulico\/wp-content\/uploads\/2021\/06\/IMG_7891-scaled.jpg&#8221; title_text=&#8221;IMG_7891&#8243; _builder_version=&#8221;4.9.4&#8243; _module_preset=&#8221;default&#8221;][\/et_pb_image][\/et_pb_column][\/et_pb_row][et_pb_row column_structure=&#8221;2_5,3_5&#8243; admin_label=&#8221;Calmaria&#8221; _builder_version=&#8221;4.9.4&#8243; max_width=&#8221;700px&#8221; custom_padding=&#8221;||||false|false&#8221; border_width_bottom=&#8221;1px&#8221; border_color_bottom=&#8221;#e0e0e0&#8243; use_custom_width=&#8221;on&#8221; custom_width_px=&#8221;700px&#8221;][et_pb_column type=&#8221;2_5&#8243; _builder_version=&#8221;3.25&#8243; custom_padding=&#8221;|||&#8221; custom_padding__hover=&#8221;|||&#8221;][et_pb_image src=&#8221;https:\/\/webjornalismo.unicap.br\/bibliobulico\/wp-content\/uploads\/2021\/06\/19afbc07-9738-49b2-baa2-a041b5989ff4.jpg&#8221; title_text=&#8221;19afbc07-9738-49b2-baa2-a041b5989ff4&#8243; _builder_version=&#8221;4.9.4&#8243; _module_preset=&#8221;default&#8221;][\/et_pb_image][\/et_pb_column][et_pb_column type=&#8221;3_5&#8243; _builder_version=&#8221;3.25&#8243; custom_padding=&#8221;|||&#8221; custom_padding__hover=&#8221;|||&#8221;][et_pb_text module_class=&#8221;personagem&#8221; _builder_version=&#8221;4.9.4&#8243; text_font=&#8221;||||||||&#8221; text_font_size=&#8221;15px&#8221; text_line_height=&#8221;1.5em&#8221; header_text_color=&#8221;#8d2020&#8243; header_font_size=&#8221;36px&#8221; header_3_font_size=&#8221;19px&#8221; animation_style=&#8221;fade&#8221; animation_direction=&#8221;bottom&#8221; animation_starting_opacity=&#8221;100%&#8221;]<\/p>\n<h1>Calmaria<\/h1>\n<h2>Ra\u00edssa Moura, 22 anos<\/h2>\n<h3>Livro preferido: As Aventuras de Sherlock Holmes (1892), Arthur Conan Doyle<\/h3>\n<p>Ler hoje em dia para mim \u00e9 sin\u00f4nimo de autocuidado. Eu leio para descansar, viajar no espa\u00e7o-tempo de uma hist\u00f3ria e, realmente, me ver em outro mundo. Fui introduzida \u00e0 leitura desde pequena e sempre adorei, mas com o tempo e as obriga\u00e7\u00f5es (inclusive obriga\u00e7\u00f5es liter\u00e1rias da escola) eu me afastei desse h\u00e1bito. Minha irm\u00e3 costuma brincar comigo, quando digo que quero comprar um livro, porque tenho v\u00e1rios na estante que comecei e n\u00e3o terminei. Isso aconteceu comigo de um tempo para c\u00e1. Me perdi na leitura e perdi o prazer que eu tinha em viajar pelas letras e linhas. Talvez, pelo cansa\u00e7o. Ler demanda curiosidade e aten\u00e7\u00e3o e, em algumas vezes, eu n\u00e3o queria ter que me debru\u00e7ar e sair da realidade para entrar em outra. Vai que essa nova dimens\u00e3o \u00e9 mais complicada do que a que eu vivo?<\/p>\n<p>At\u00e9 que finalmente reparei que ler \u00e9 um ato de amor pr\u00f3prio. Tamb\u00e9m \u00e9 um privil\u00e9gio poder ler e saber ler. Passei a procurar livros que fizessem mais meu estilo, como romances atuais e cl\u00e1ssicos, como Sherlock Holmes, e consegui trazer o h\u00e1bito que tinha se perdido de volta. Hoje posso dizer que leio quando quero descansar e que amo poder mergulhar em novas hist\u00f3rias, que trazem conforto, ang\u00fastia e, por qu\u00ea n\u00e3o, desconforto. A leitura, atualmente, \u00e9 um dos meus passatempos preferidos. Definitivamente, dessa vez, n\u00e3o vou deixar os livros fugirem de mim &#8211; e nem fugirei deles.[\/et_pb_text][\/et_pb_column][\/et_pb_row][et_pb_row column_structure=&#8221;3_5,2_5&#8243; admin_label=&#8221;Religi\u00e3o&#8221; _builder_version=&#8221;4.9.4&#8243; max_width=&#8221;700px&#8221; custom_padding=&#8221;||||false|false&#8221; border_width_bottom=&#8221;1px&#8221; border_color_bottom=&#8221;#e0e0e0&#8243; use_custom_width=&#8221;on&#8221; custom_width_px=&#8221;700px&#8221;][et_pb_column type=&#8221;3_5&#8243; _builder_version=&#8221;3.25&#8243; custom_padding=&#8221;|||&#8221; custom_padding__hover=&#8221;|||&#8221;][et_pb_text module_class=&#8221;personagem&#8221; _builder_version=&#8221;4.9.4&#8243; text_font=&#8221;||||||||&#8221; text_font_size=&#8221;15px&#8221; text_line_height=&#8221;1.5em&#8221; header_text_color=&#8221;#8d2020&#8243; header_font_size=&#8221;36px&#8221; header_3_font_size=&#8221;19px&#8221; animation_style=&#8221;fade&#8221; animation_direction=&#8221;bottom&#8221; animation_starting_opacity=&#8221;100%&#8221;]<\/p>\n<h1>Religi\u00e3o<\/h1>\n<h2>Ulysses Gad\u00ealha, 26 anos<\/h2>\n<h3>Livro preferido: C\u00e2ndido ou O Otimismo (1759), Voltaire<\/h3>\n<p>Ler, pra mim, \u00e9 como uma religi\u00e3o, cujo objetivo maior \u00e9 o conhecimento. Quando eu leio meus livros, eu mergulho nas reflex\u00f5es que as obras trazem, tanto que, por vezes, me pego distra\u00eddo pensando nas coisas que o autor diz. Sou f\u00e3 de fic\u00e7\u00e3o e de obras te\u00f3ricas, porque acho que os livros s\u00e3o como a extens\u00e3o dos pensamentos e emo\u00e7\u00f5es. A gente se permite viajar pelas frases e palavras, se alimentando daquelas ideias, dando significado a tudo que a gente vive. Me sinto plenamente realizado pela rela\u00e7\u00e3o que constru\u00ed com os livros![\/et_pb_text][\/et_pb_column][et_pb_column type=&#8221;2_5&#8243; _builder_version=&#8221;3.25&#8243; custom_padding=&#8221;|||&#8221; custom_padding__hover=&#8221;|||&#8221;][et_pb_image src=&#8221;https:\/\/webjornalismo.unicap.br\/bibliobulico\/wp-content\/uploads\/2021\/06\/4d80e8e2-5714-4e6c-9ed8-6ff6bf31256f.jpg&#8221; title_text=&#8221;4d80e8e2-5714-4e6c-9ed8-6ff6bf31256f&#8221; _builder_version=&#8221;4.9.4&#8243; _module_preset=&#8221;default&#8221;][\/et_pb_image][\/et_pb_column][\/et_pb_row][et_pb_row column_structure=&#8221;2_5,3_5&#8243; admin_label=&#8221;Afago&#8221; _builder_version=&#8221;4.9.4&#8243; max_width=&#8221;700px&#8221; custom_padding=&#8221;||||false|false&#8221; border_width_bottom=&#8221;1px&#8221; border_color_bottom=&#8221;#e0e0e0&#8243; use_custom_width=&#8221;on&#8221; custom_width_px=&#8221;700px&#8221;][et_pb_column type=&#8221;2_5&#8243; _builder_version=&#8221;3.25&#8243; custom_padding=&#8221;|||&#8221; custom_padding__hover=&#8221;|||&#8221;][et_pb_image src=&#8221;https:\/\/webjornalismo.unicap.br\/bibliobulico\/wp-content\/uploads\/2021\/06\/b308611f-643a-45bb-bd6e-1292e6b8b868.jpg&#8221; title_text=&#8221;b308611f-643a-45bb-bd6e-1292e6b8b868&#8243; _builder_version=&#8221;4.9.4&#8243; _module_preset=&#8221;default&#8221;][\/et_pb_image][\/et_pb_column][et_pb_column type=&#8221;3_5&#8243; _builder_version=&#8221;3.25&#8243; custom_padding=&#8221;|||&#8221; custom_padding__hover=&#8221;|||&#8221;][et_pb_text module_class=&#8221;personagem&#8221; _builder_version=&#8221;4.9.4&#8243; text_font=&#8221;||||||||&#8221; text_font_size=&#8221;15px&#8221; text_line_height=&#8221;1.5em&#8221; header_text_color=&#8221;#8d2020&#8243; header_font_size=&#8221;36px&#8221; header_3_font_size=&#8221;19px&#8221; animation_style=&#8221;fade&#8221; animation_direction=&#8221;bottom&#8221; animation_starting_opacity=&#8221;100%&#8221;]<\/p>\n<h1>Afago<\/h1>\n<h2>Rannya Freitas, 19 anos<\/h2>\n<h3>Livro preferido: Felicidade Clandestina (1971), Clarice Lispector<\/h3>\n<p>Leio porque \u00e9 atrav\u00e9s das viagens descritas em c\u00f3digos que, embora fincada neste tempo e espa\u00e7o, posso conversar com quem viveu em outrora. Leio porque a licen\u00e7a po\u00e9tica aquece o meu ser, por vezes, ansioso diante desta modernidade l\u00edquida. Leio porque, acima de tudo, s\u00e3o as folhas que me compreendem, desde a B\u00edblia at\u00e9 os artigos que buscam explicar as inquieta\u00e7\u00f5es pelas quais nos permitimos o \u00edmpeto da coragem para buscar solu\u00e7\u00f5es. Leio porque \u00e9 assim que a vida, em grande medida, faz sentido para mim.[\/et_pb_text][\/et_pb_column][\/et_pb_row][et_pb_row column_structure=&#8221;3_5,2_5&#8243; admin_label=&#8221;Sonho&#8221; _builder_version=&#8221;4.9.4&#8243; max_width=&#8221;700px&#8221; custom_padding=&#8221;||||false|false&#8221; border_width_bottom=&#8221;1px&#8221; border_color_bottom=&#8221;#e0e0e0&#8243; use_custom_width=&#8221;on&#8221; custom_width_px=&#8221;700px&#8221;][et_pb_column type=&#8221;3_5&#8243; _builder_version=&#8221;3.25&#8243; custom_padding=&#8221;|||&#8221; custom_padding__hover=&#8221;|||&#8221;][et_pb_text module_class=&#8221;personagem&#8221; _builder_version=&#8221;4.9.4&#8243; text_font=&#8221;||||||||&#8221; text_font_size=&#8221;15px&#8221; text_line_height=&#8221;1.5em&#8221; header_text_color=&#8221;#8d2020&#8243; header_font_size=&#8221;36px&#8221; header_3_font_size=&#8221;19px&#8221; animation_style=&#8221;fade&#8221; animation_direction=&#8221;bottom&#8221; animation_starting_opacity=&#8221;100%&#8221;]<\/p>\n<h1><\/h1>\n<h1>Sonho<\/h1>\n<h2>Thaise de Mac\u00eado F.G. de Lima, 9 anos<\/h2>\n<h3>Livro preferido: Numa Noite Muito Escura (2010), Simon Prescott<\/h3>\n<p>Eu gosto muito de ler porque v\u00e1rias pessoas dizem que eu leio bem, que escrevo bem. Quando eu mostrei \u00e0 minha tia da escola um texto que eu fiz sobre humildade ela gostou muito e disse que eu tenho muito talento para ser escritora.<\/p>\n<p>Toda vez que eu leio um livro, ou um gibi, parece que eu estou vendo a imagem que o livro conta e eu gosto muito porque parece que eu estou l\u00e1 na hist\u00f3ria, participando da hist\u00f3ria.<\/p>\n<p>Eu gosto muito de ler, muito, e escrever. Quando eu crescer quero ser escritora. Ent\u00e3o, por isso, eu gosto de ler.<\/p>\n<p>[\/et_pb_text][\/et_pb_column][et_pb_column type=&#8221;2_5&#8243; _builder_version=&#8221;3.25&#8243; custom_padding=&#8221;|||&#8221; custom_padding__hover=&#8221;|||&#8221;][et_pb_image src=&#8221;https:\/\/webjornalismo.unicap.br\/bibliobulico\/wp-content\/uploads\/2021\/06\/814fb7a6-3666-45f2-9374-ea15faa23ba6.jpg&#8221; title_text=&#8221;814fb7a6-3666-45f2-9374-ea15faa23ba6&#8243; _builder_version=&#8221;4.9.4&#8243; _module_preset=&#8221;default&#8221; locked=&#8221;off&#8221;][\/et_pb_image][\/et_pb_column][\/et_pb_row][\/et_pb_section][et_pb_section fb_built=&#8221;1&#8243; admin_label=&#8221;Texto&#8221; _builder_version=&#8221;4.9.4&#8243; custom_padding=&#8221;100px||0px||false|false&#8221;][et_pb_row column_structure=&#8221;2_5,3_5&#8243; admin_label=&#8221;Resgate&#8221; _builder_version=&#8221;4.9.4&#8243; max_width=&#8221;700px&#8221; custom_padding=&#8221;||||false|false&#8221; border_width_bottom=&#8221;1px&#8221; border_color_bottom=&#8221;#e0e0e0&#8243; use_custom_width=&#8221;on&#8221; custom_width_px=&#8221;700px&#8221;][et_pb_column type=&#8221;2_5&#8243; _builder_version=&#8221;3.25&#8243; custom_padding=&#8221;|||&#8221; custom_padding__hover=&#8221;|||&#8221;][et_pb_image src=&#8221;https:\/\/webjornalismo.unicap.br\/bibliobulico\/wp-content\/uploads\/2021\/06\/a01a23c2-686c-4c39-aa24-6bfbe95a3f0a.jpg&#8221; title_text=&#8221;a01a23c2-686c-4c39-aa24-6bfbe95a3f0a&#8221; _builder_version=&#8221;4.9.4&#8243; _module_preset=&#8221;default&#8221; locked=&#8221;off&#8221;][\/et_pb_image][\/et_pb_column][et_pb_column type=&#8221;3_5&#8243; _builder_version=&#8221;3.25&#8243; custom_padding=&#8221;|||&#8221; custom_padding__hover=&#8221;|||&#8221;][et_pb_text module_class=&#8221;personagem&#8221; _builder_version=&#8221;4.9.4&#8243; text_font=&#8221;||||||||&#8221; text_font_size=&#8221;15px&#8221; text_line_height=&#8221;1.5em&#8221; header_text_color=&#8221;#8d2020&#8243; header_font_size=&#8221;36px&#8221; header_3_font_size=&#8221;19px&#8221; animation_style=&#8221;fade&#8221; animation_direction=&#8221;bottom&#8221; animation_starting_opacity=&#8221;100%&#8221;]<\/p>\n<h1>Resgate<\/h1>\n<h2>Desid\u00e9ria Maria de Mac\u00eado, 64 anos<\/h2>\n<h3>Livro preferido: Capit\u00e3es de Areia (1937), Jorge Amado<\/h3>\n<p>Eu adoro a leitura. Para mim a leitura \u00e9 muito importante. Come\u00e7ou muito cedo, aos quatro anos de idade eu comecei a aprender a ler com a minha irm\u00e3 e de l\u00e1 pra c\u00e1 esse gosto s\u00f3 fez aumentar, cada dia que se passa eu gosto ainda mais. <\/p>\n<p>A primeira poesia que eu gravei, que eu decorei, eu tinha sete anos de idade, era uma poesia de Olavo Bilac chamada \u201cAve Maria\u201d. Li Machado de Assis, Jos\u00e9 de Alencar, v\u00e1rias obras de Olavo Bilac, depois passei por Cec\u00edlia Meireles, depois Jorge Amado, v\u00e1rios autores me encantaram. Autores inclusive de outros pa\u00edses.<br \/>\nPara mim a leitura \u00e9 um resgate social, um resgate da pessoa como cidad\u00e3. Todo ser humano tem direito a ler e escrever. <\/p>\n<p>Eu amo a leitura, ela \u00e9 parte de mim, faz parte da minha vida, do meu dia a dia. Ler para mim \u00e9 a maior divers\u00e3o, \u00e9 o maior prazer.  [\/et_pb_text][\/et_pb_column][\/et_pb_row][et_pb_row column_structure=&#8221;3_5,2_5&#8243; admin_label=&#8221;Provoca\u00e7\u00e3o&#8221; _builder_version=&#8221;4.9.4&#8243; max_width=&#8221;700px&#8221; custom_padding=&#8221;||||false|false&#8221; border_width_bottom=&#8221;1px&#8221; border_color_bottom=&#8221;#e0e0e0&#8243; use_custom_width=&#8221;on&#8221; custom_width_px=&#8221;700px&#8221;][et_pb_column type=&#8221;3_5&#8243; _builder_version=&#8221;3.25&#8243; custom_padding=&#8221;|||&#8221; custom_padding__hover=&#8221;|||&#8221;][et_pb_text module_class=&#8221;personagem&#8221; _builder_version=&#8221;4.9.4&#8243; text_font=&#8221;||||||||&#8221; text_font_size=&#8221;15px&#8221; text_line_height=&#8221;1.5em&#8221; header_text_color=&#8221;#8d2020&#8243; header_font_size=&#8221;36px&#8221; header_3_font_size=&#8221;19px&#8221; animation_style=&#8221;fade&#8221; animation_direction=&#8221;bottom&#8221; animation_starting_opacity=&#8221;100%&#8221;]<\/p>\n<h1>Provoca\u00e7\u00e3o<\/h1>\n<h2>Saulo Fonseca, 25 anos<\/h2>\n<h3>Livro preferido: O Manifesto Libert\u00e1rio (1973), Murray Rothbard<\/h3>\n<p>Leio, primeiramente, pois se tornou um h\u00e1bito por conta do est\u00edmulo precoce dos meus pais. Segundamente, porque me sinto bem quando leio; o repert\u00f3rio intelectual \u00e9 uma virtude que valorizo no indiv\u00edduo e investir nele me \u00e9 prazeroso, e tamb\u00e9m traz a sensa\u00e7\u00e3o de n\u00e3o ser mais um vagante que n\u00e3o sabe para onde est\u00e1 indo ou o que faz no mundo. E, por \u00faltimo, mas n\u00e3o menos importante, porque creio que a intelig\u00eancia me trar\u00e1 um bem estar material a m\u00e9dio prazo. Alguns dos g\u00eaneros que mais gosto de ler s\u00e3o filosofia, psicologia, economia e arte.[\/et_pb_text][\/et_pb_column][et_pb_column type=&#8221;2_5&#8243; _builder_version=&#8221;3.25&#8243; custom_padding=&#8221;|||&#8221; custom_padding__hover=&#8221;|||&#8221;][et_pb_image src=&#8221;https:\/\/webjornalismo.unicap.br\/bibliobulico\/wp-content\/uploads\/2021\/06\/45611f75-1c7a-41b4-9bfd-1376cb0fd969.jpg&#8221; title_text=&#8221;45611f75-1c7a-41b4-9bfd-1376cb0fd969&#8243; _builder_version=&#8221;4.9.4&#8243; _module_preset=&#8221;default&#8221;][\/et_pb_image][\/et_pb_column][\/et_pb_row][et_pb_row column_structure=&#8221;2_5,3_5&#8243; admin_label=&#8221;Autoconhecimento&#8221; _builder_version=&#8221;4.9.4&#8243; max_width=&#8221;700px&#8221; custom_padding=&#8221;||||false|false&#8221; border_width_bottom=&#8221;1px&#8221; border_color_bottom=&#8221;#e0e0e0&#8243; use_custom_width=&#8221;on&#8221; custom_width_px=&#8221;700px&#8221;][et_pb_column type=&#8221;2_5&#8243; _builder_version=&#8221;3.25&#8243; custom_padding=&#8221;|||&#8221; custom_padding__hover=&#8221;|||&#8221;][et_pb_image src=&#8221;https:\/\/webjornalismo.unicap.br\/bibliobulico\/wp-content\/uploads\/2021\/06\/ee03bef7-a927-4bb6-9310-6e6170a253f4.jpg&#8221; title_text=&#8221;ee03bef7-a927-4bb6-9310-6e6170a253f4&#8243; _builder_version=&#8221;4.9.4&#8243; _module_preset=&#8221;default&#8221;][\/et_pb_image][\/et_pb_column][et_pb_column type=&#8221;3_5&#8243; _builder_version=&#8221;3.25&#8243; custom_padding=&#8221;|||&#8221; custom_padding__hover=&#8221;|||&#8221;][et_pb_text module_class=&#8221;personagem&#8221; _builder_version=&#8221;4.9.4&#8243; text_font=&#8221;||||||||&#8221; text_font_size=&#8221;15px&#8221; text_line_height=&#8221;1.5em&#8221; header_text_color=&#8221;#8d2020&#8243; header_font_size=&#8221;36px&#8221; header_3_font_size=&#8221;19px&#8221; animation_style=&#8221;fade&#8221; animation_direction=&#8221;bottom&#8221; animation_starting_opacity=&#8221;100%&#8221;]<\/p>\n<h1>Autoconhecimento<\/h1>\n<h2>Mylena Cristina, 24 anos<\/h2>\n<h3>Livro preferido: Manifesto do Partido Comunista (1848), Friedrich Engels e Karl Marx<\/h3>\n<p>A leitura \u00e9 um h\u00e1bito que exercita minha capacidade de conhecer e refletir sobre a humanidade. O que come\u00e7ou como um entretenimento, hoje \u00e9 um exerc\u00edcio de forma\u00e7\u00e3o humana e de medita\u00e7\u00e3o emocional. Leio n\u00e3o s\u00f3 para entender o mundo, mas principalmente para provocar o descobrimento de novas formas de ser humano, de me for\u00e7ar a entend\u00ea-los. Dentro da singularidade do cotidiano, a leitura \u00e9 uma porta para o plural, o n\u00e3o percebido e o desconhecido. Por isso, o exerc\u00edcio da leitura \u00e9 uma pr\u00e1tica di\u00e1ria e fundamental para mim.[\/et_pb_text][\/et_pb_column][\/et_pb_row][et_pb_row column_structure=&#8221;3_5,2_5&#8243; admin_label=&#8221;Ref\u00fagio&#8221; _builder_version=&#8221;4.9.4&#8243; max_width=&#8221;700px&#8221; custom_padding=&#8221;||||false|false&#8221; border_width_bottom=&#8221;1px&#8221; border_color_bottom=&#8221;#e0e0e0&#8243; use_custom_width=&#8221;on&#8221; custom_width_px=&#8221;700px&#8221;][et_pb_column type=&#8221;3_5&#8243; _builder_version=&#8221;3.25&#8243; custom_padding=&#8221;|||&#8221; custom_padding__hover=&#8221;|||&#8221;][et_pb_text module_class=&#8221;personagem&#8221; _builder_version=&#8221;4.9.4&#8243; text_font=&#8221;||||||||&#8221; text_font_size=&#8221;15px&#8221; text_line_height=&#8221;1.5em&#8221; header_text_color=&#8221;#8d2020&#8243; header_font_size=&#8221;36px&#8221; header_3_font_size=&#8221;19px&#8221; animation_style=&#8221;fade&#8221; animation_direction=&#8221;bottom&#8221; animation_starting_opacity=&#8221;100%&#8221;]<\/p>\n<h1>Ref\u00fagio<\/h1>\n<h2>Malu Cavalcanti, 24 anos<\/h2>\n<h3>Livro preferido: Pollyana (1913), Eleanor H. Porter<\/h3>\n<p>Desde que eu me entendo por gente eu amo ler. Quando era mais nova e eu tinha pesadelos de madrugada, meu pai sempre pegava meu livro favorito da estante pra ler para mim. E, desde que aprendi a ler, eu sempre ficava fascinada. \u00c0s vezes, me imagino dentro da hist\u00f3ria ou crio os personagens na minha cabe\u00e7a. A quest\u00e3o \u00e9: a leitura me submerge pra dentro da hist\u00f3ria. Quando eu leio eu sinto uma esp\u00e9cie de euforia. \u00c0s vezes, pra mim, a hist\u00f3ria \u00e9 t\u00e3o cativante que nem me importo de estar cansada: vou querer ir at\u00e9 o final. Ler pra mim, al\u00e9m de, politicamente falando, ser de certo modo algo revolucion\u00e1rio, ainda me faz sair um pouco da realidade, pois quando estou lendo, me foco apenas naquela leitura e esque\u00e7o o mundo afora.[\/et_pb_text][\/et_pb_column][et_pb_column type=&#8221;2_5&#8243; _builder_version=&#8221;3.25&#8243; custom_padding=&#8221;|||&#8221; custom_padding__hover=&#8221;|||&#8221;][et_pb_image src=&#8221;https:\/\/webjornalismo.unicap.br\/bibliobulico\/wp-content\/uploads\/2021\/06\/455c9bee-28f7-4910-8486-82815c760512.jpg&#8221; title_text=&#8221;455c9bee-28f7-4910-8486-82815c760512&#8243; _builder_version=&#8221;4.9.4&#8243; _module_preset=&#8221;default&#8221;][\/et_pb_image][\/et_pb_column][\/et_pb_row][et_pb_row column_structure=&#8221;2_5,3_5&#8243; admin_label=&#8221;Desenvolvimento&#8221; _builder_version=&#8221;4.9.4&#8243; max_width=&#8221;700px&#8221; custom_padding=&#8221;||||false|false&#8221; border_width_bottom=&#8221;1px&#8221; border_color_bottom=&#8221;#e0e0e0&#8243; use_custom_width=&#8221;on&#8221; custom_width_px=&#8221;700px&#8221;][et_pb_column type=&#8221;2_5&#8243; _builder_version=&#8221;3.25&#8243; custom_padding=&#8221;|||&#8221; custom_padding__hover=&#8221;|||&#8221;][et_pb_image src=&#8221;https:\/\/webjornalismo.unicap.br\/bibliobulico\/wp-content\/uploads\/2021\/06\/ccccc.jpg&#8221; title_text=&#8221;ccccc&#8221; _builder_version=&#8221;4.9.4&#8243; _module_preset=&#8221;default&#8221;][\/et_pb_image][\/et_pb_column][et_pb_column type=&#8221;3_5&#8243; _builder_version=&#8221;3.25&#8243; custom_padding=&#8221;|||&#8221; custom_padding__hover=&#8221;|||&#8221;][et_pb_text module_class=&#8221;personagem&#8221; _builder_version=&#8221;4.9.4&#8243; text_font=&#8221;||||||||&#8221; text_font_size=&#8221;15px&#8221; text_line_height=&#8221;1.5em&#8221; header_text_color=&#8221;#8d2020&#8243; header_font_size=&#8221;36px&#8221; header_3_font_size=&#8221;19px&#8221; animation_style=&#8221;fade&#8221; animation_direction=&#8221;bottom&#8221; animation_starting_opacity=&#8221;100%&#8221;]<\/p>\n<h1>Desenvolvimento<\/h1>\n<h2>Thalles Gustavo, 22 anos<\/h2>\n<h3>Livro preferido: O Processo (1925), Franz Kafka<\/h3>\n<p>Ler pra mim foi um processo transformador, consegui me entender e encontrar respostas de d\u00favidas que tive durante muito tempo. Acho divertid\u00edssimo a leitura por sempre adquirir novos conhecimentos e \u201csentir\u201d uma evolu\u00e7\u00e3o o tempo todo. Sempre que compro um livro novo me divirto muito com esse processo de ler ele, e depois fazer uma an\u00e1lise do que achei do livro, fora que procuro fazer an\u00e1lises criativas ou divago nos pensamentos tentando sempre relacionar isso com uma ajuda minha pessoal ou para um o grupo que estou. Ent\u00e3o, vejo a leitura como algo fascinante e que \u00e9 um procedimento de envolvimento com o meu autodesenvolvimento.[\/et_pb_text][\/et_pb_column][\/et_pb_row][et_pb_row column_structure=&#8221;3_5,2_5&#8243; admin_label=&#8221;Imagina\u00e7\u00e3o&#8221; _builder_version=&#8221;4.9.4&#8243; max_width=&#8221;700px&#8221; custom_padding=&#8221;||||false|false&#8221; border_width_bottom=&#8221;1px&#8221; border_color_bottom=&#8221;#e0e0e0&#8243; use_custom_width=&#8221;on&#8221; custom_width_px=&#8221;700px&#8221;][et_pb_column type=&#8221;3_5&#8243; _builder_version=&#8221;3.25&#8243; custom_padding=&#8221;|||&#8221; custom_padding__hover=&#8221;|||&#8221;][et_pb_text module_class=&#8221;personagem&#8221; _builder_version=&#8221;4.9.4&#8243; text_font=&#8221;||||||||&#8221; text_font_size=&#8221;15px&#8221; text_line_height=&#8221;1.5em&#8221; header_text_color=&#8221;#8d2020&#8243; header_font_size=&#8221;36px&#8221; header_3_font_size=&#8221;19px&#8221; animation_style=&#8221;fade&#8221; animation_direction=&#8221;bottom&#8221; animation_starting_opacity=&#8221;100%&#8221;]<\/p>\n<h1>Imagina\u00e7\u00e3o<\/h1>\n<h2>Enrique Andrade, 24 anos<\/h2>\n<h3>Livro preferido: Morte e Vida Severina (1955), Jo\u00e3o Cabral de Melo Neto<\/h3>\n<p>Penso ser uma mentira apontar um \u00fanico valor ao h\u00e1bito de ler. Digo isto acreditando na pluralidade que a leitura pode nos apresentar. Ler \u00e9 uma via para pluralidade, \u00e9 um caminho sem volta para o alargamento das possibilidades de existir e conhecer o(s) mundo(s). Assim sendo, a leitura \u00e9 a possibilidade de, como as crian\u00e7as fazem, armar a barraca com um len\u00e7ol velho e adentrar, construir realidades e analisar as realidades existentes. Ler me ensina(ou) que nada \u00e9. As coisas est\u00e3o por ser e se fazem a cada momento. N\u00f3s fazemos e somos feitos pelas p\u00e1ginas de livros e de vida que nos permitimos ler.[\/et_pb_text][\/et_pb_column][et_pb_column type=&#8221;2_5&#8243; _builder_version=&#8221;3.25&#8243; custom_padding=&#8221;|||&#8221; custom_padding__hover=&#8221;|||&#8221;][et_pb_image src=&#8221;https:\/\/webjornalismo.unicap.br\/bibliobulico\/wp-content\/uploads\/2021\/06\/tommy.jpg&#8221; title_text=&#8221;tommy&#8221; _builder_version=&#8221;4.9.4&#8243; _module_preset=&#8221;default&#8221;][\/et_pb_image][\/et_pb_column][\/et_pb_row][\/et_pb_section][et_pb_section fb_built=&#8221;1&#8243; admin_label=&#8221;Texto&#8221; _builder_version=&#8221;4.9.4&#8243; custom_padding=&#8221;0px||0px||false|false&#8221;][et_pb_row column_structure=&#8221;2_5,3_5&#8243; admin_label=&#8221;Realidade&#8221; _builder_version=&#8221;4.9.4&#8243; max_width=&#8221;700px&#8221; custom_padding=&#8221;||||false|false&#8221; border_width_bottom=&#8221;1px&#8221; border_color_bottom=&#8221;#e0e0e0&#8243; use_custom_width=&#8221;on&#8221; custom_width_px=&#8221;700px&#8221;][et_pb_column type=&#8221;2_5&#8243; _builder_version=&#8221;3.25&#8243; custom_padding=&#8221;|||&#8221; custom_padding__hover=&#8221;|||&#8221;][et_pb_image src=&#8221;https:\/\/webjornalismo.unicap.br\/bibliobulico\/wp-content\/uploads\/2021\/06\/33913dea-7526-4aa5-83e8-915740d62eae.jpg&#8221; title_text=&#8221;33913dea-7526-4aa5-83e8-915740d62eae&#8221; _builder_version=&#8221;4.9.4&#8243; _module_preset=&#8221;default&#8221;][\/et_pb_image][\/et_pb_column][et_pb_column type=&#8221;3_5&#8243; _builder_version=&#8221;3.25&#8243; custom_padding=&#8221;|||&#8221; custom_padding__hover=&#8221;|||&#8221;][et_pb_text module_class=&#8221;personagem&#8221; _builder_version=&#8221;4.9.4&#8243; text_font=&#8221;||||||||&#8221; text_font_size=&#8221;15px&#8221; text_line_height=&#8221;1.5em&#8221; header_text_color=&#8221;#8d2020&#8243; header_font_size=&#8221;36px&#8221; header_3_font_size=&#8221;19px&#8221; animation_style=&#8221;fade&#8221; animation_direction=&#8221;bottom&#8221; animation_starting_opacity=&#8221;100%&#8221;]<\/p>\n<h1>Realidade<\/h1>\n<h2>Deborah Torres, 19 anos<\/h2>\n<h3>Livro preferido: As Brumas de Avalon (1979), Marion Zimmer Bradley<\/h3>\n<p>Meus pais n\u00e3o liam para mim enquanto eu era crian\u00e7a, nem mesmo falavam sobre isso e eu n\u00e3o gostava dos poucos livros na escola. O que me fez despertar o interesse em leitura, foi o mesmo que me despertou para a pintura: desenhos animados japoneses.<\/p>\n<p>Os animes tinham a hist\u00f3ria principal, mas eu queria a mais, mesmo que fosse em um universo inteiro diferente, por\u00e9m mantendo os mesmos personagens, essas seriam as fanfics. Foi um ano inteiro, dos meus 11 aos 12, virando noites e sonhando com a continua\u00e7\u00e3o das hist\u00f3rias que os f\u00e3s faziam. Mas chegou um momento que minha irm\u00e3 recomendou um livro de verdade, com personagens autorais e eu descobri que eles tamb\u00e9m eram interessantes.<\/p>\n<p>Antes, pelo menos durante minha adolesc\u00eancia quase toda, eu interiormente lia personagens femininas em primeiras pessoas (mesmo em livros de fic\u00e7\u00e3o e fantasia) para descobrir como as pessoas se comportam, os di\u00e1logos dos adultos ou mesmo querer saber coisas pelas quais adolescentes viviam no ensino m\u00e9dio para me preparar quando chegasse minha vez.<\/p>\n<p>Mas a fic\u00e7\u00e3o n\u00e3o chega aos p\u00e9s da realidade e eu n\u00e3o me apaixonaria pelo mocinho porque estamos nos encarando e ele \u00e9 bonito, sem termos nunca falado uma palavra com o outro. Que eu com 18 anos posso estar no mesmo cargo que algu\u00e9m com 30. Que sou capaz de fazer coisas ruins, mesmo tendo julgado como irracionais os que fizeram o mesmo.<\/p>\n<p>Hoje em dia, por enquanto, consigo apenas ler aquilo que seja bem constru\u00eddo, como se a narrativa fosse t\u00e3o l\u00f3gica que pudesse acontecer. A evolu\u00e7\u00e3o do meu gosto liter\u00e1rio \u00e9 como se antes fossem novelas mexicanas produzidas pela Disney e agora s\u00e3o filmes nomeados a melhor roteiro e melhores atores pelo Oscar.[\/et_pb_text][\/et_pb_column][\/et_pb_row][et_pb_row column_structure=&#8221;3_5,2_5&#8243; admin_label=&#8221;Lar&#8221; _builder_version=&#8221;4.9.4&#8243; max_width=&#8221;700px&#8221; custom_padding=&#8221;||||false|false&#8221; border_width_bottom=&#8221;1px&#8221; border_color_bottom=&#8221;#e0e0e0&#8243; use_custom_width=&#8221;on&#8221; custom_width_px=&#8221;700px&#8221;][et_pb_column type=&#8221;3_5&#8243; _builder_version=&#8221;3.25&#8243; custom_padding=&#8221;|||&#8221; custom_padding__hover=&#8221;|||&#8221;][et_pb_text module_class=&#8221;personagem&#8221; _builder_version=&#8221;4.9.4&#8243; text_font=&#8221;||||||||&#8221; text_font_size=&#8221;15px&#8221; text_line_height=&#8221;1.5em&#8221; header_text_color=&#8221;#8d2020&#8243; header_font_size=&#8221;36px&#8221; header_3_font_size=&#8221;19px&#8221; animation_style=&#8221;fade&#8221; animation_direction=&#8221;bottom&#8221; animation_starting_opacity=&#8221;100%&#8221;]<\/p>\n<h1>Lar<\/h1>\n<h2>Ygor Nunes, 23 anos<\/h2>\n<h3>Livro preferido: O Evangelho Segundo Jesus Cristo (1991), Jos\u00e9 Saramago<\/h3>\n<p>A palavra, esp\u00e9cime tipo de abstra\u00e7\u00e3o, \u00e9 sempre ef\u00eamera. \u00c9 de sua natureza morrer quando nasce. Sendo assim, na tentativa de perpetu\u00e1-la, a presenteamos com uma casa: a escrita.<\/p>\n<p>Nela, podem morar ideias novas e velhas, de algu\u00e9m que acabou de conhec\u00ea-la ou de um velho confidente seu. De algu\u00e9m rec\u00e9m chegado ou h\u00e1 muitos s\u00e9culos j\u00e1 ido. Independente do tempo, ali a ideia permanece sempre \u00e0 espera de algu\u00e9m que passe pela porta, entre na casa, e se surpreenda com a mob\u00edlia da sala. Lendo, visito lares. L\u00e1, eu sei que eu posso entrar. Eu sou de casa.[\/et_pb_text][\/et_pb_column][et_pb_column type=&#8221;2_5&#8243; _builder_version=&#8221;3.25&#8243; custom_padding=&#8221;|||&#8221; custom_padding__hover=&#8221;|||&#8221;][et_pb_image src=&#8221;https:\/\/webjornalismo.unicap.br\/bibliobulico\/wp-content\/uploads\/2021\/06\/8b805049-b87b-48e6-8ec6-129fad9e971d.jpg&#8221; title_text=&#8221;8b805049-b87b-48e6-8ec6-129fad9e971d&#8221; _builder_version=&#8221;4.9.4&#8243; _module_preset=&#8221;default&#8221;][\/et_pb_image][\/et_pb_column][\/et_pb_row][et_pb_row column_structure=&#8221;2_5,3_5&#8243; admin_label=&#8221;Terapia&#8221; _builder_version=&#8221;4.9.4&#8243; max_width=&#8221;700px&#8221; custom_padding=&#8221;||||false|false&#8221; border_width_bottom=&#8221;1px&#8221; border_color_bottom=&#8221;#e0e0e0&#8243; use_custom_width=&#8221;on&#8221; custom_width_px=&#8221;700px&#8221;][et_pb_column type=&#8221;2_5&#8243; _builder_version=&#8221;3.25&#8243; custom_padding=&#8221;|||&#8221; custom_padding__hover=&#8221;|||&#8221;][et_pb_image src=&#8221;https:\/\/webjornalismo.unicap.br\/bibliobulico\/wp-content\/uploads\/2021\/06\/EF42289A-08B0-4D5D-B1DF-92908DEC72D3.jpg&#8221; title_text=&#8221;EF42289A-08B0-4D5D-B1DF-92908DEC72D3&#8243; _builder_version=&#8221;4.9.4&#8243; _module_preset=&#8221;default&#8221;][\/et_pb_image][\/et_pb_column][et_pb_column type=&#8221;3_5&#8243; _builder_version=&#8221;3.25&#8243; custom_padding=&#8221;|||&#8221; custom_padding__hover=&#8221;|||&#8221;][et_pb_text module_class=&#8221;personagem&#8221; _builder_version=&#8221;4.9.4&#8243; text_font=&#8221;||||||||&#8221; text_font_size=&#8221;15px&#8221; text_line_height=&#8221;1.5em&#8221; header_text_color=&#8221;#8d2020&#8243; header_font_size=&#8221;36px&#8221; header_3_font_size=&#8221;19px&#8221; animation_style=&#8221;fade&#8221; animation_direction=&#8221;bottom&#8221; animation_starting_opacity=&#8221;100%&#8221;]<\/p>\n<h1>Terapia<\/h1>\n<h2>Aline Veloso, 28 anos<\/h2>\n<h3>Livro preferido: Harry Potter e as Rel\u00edquias da Morte (2007), J.K. Rowling<\/h3>\n<p>Sou leitora desde os 4 anos de idade. Aos 5 anos amoleci meus primeiros dentes quando tropecei e ca\u00ed na volta da escola, porque lia um livro enquanto andava. Hoje em dia, a leitura tem sido fundamental na luta contra a minha ansiedade. Enquanto leio, esque\u00e7o das minhas paranoias, acalmo meus ataques de p\u00e2nico, e mergulho em mundos que apenas a leitura \u00e9 capaz de me proporcionar. Enquanto educadora, acredito firmemente que a leitura (de livros, jornais, r\u00f3tulos de shampoo, seja o que for), associada a interpreta\u00e7\u00e3o textual, \u00e9 capaz de mudar os rumos do nosso pa\u00eds e transformar vidas.[\/et_pb_text][\/et_pb_column][\/et_pb_row][et_pb_row column_structure=&#8221;3_5,2_5&#8243; admin_label=&#8221;Acolhimento&#8221; _builder_version=&#8221;4.9.4&#8243; max_width=&#8221;700px&#8221; custom_padding=&#8221;||||false|false&#8221; border_width_bottom=&#8221;1px&#8221; border_color_bottom=&#8221;#e0e0e0&#8243; use_custom_width=&#8221;on&#8221; custom_width_px=&#8221;700px&#8221;][et_pb_column type=&#8221;3_5&#8243; _builder_version=&#8221;3.25&#8243; custom_padding=&#8221;|||&#8221; custom_padding__hover=&#8221;|||&#8221;][et_pb_text module_class=&#8221;personagem&#8221; _builder_version=&#8221;4.9.4&#8243; text_font=&#8221;||||||||&#8221; text_font_size=&#8221;15px&#8221; text_line_height=&#8221;1.5em&#8221; header_text_color=&#8221;#8d2020&#8243; header_font_size=&#8221;36px&#8221; header_3_font_size=&#8221;19px&#8221; animation_style=&#8221;fade&#8221; animation_direction=&#8221;bottom&#8221; animation_starting_opacity=&#8221;100%&#8221;]<\/p>\n<h1>Acolhimento<\/h1>\n<h2>Luiza Pernambucano Souza, 22 anos<\/h2>\n<h3>Livro preferido: Os Sete Maridos, de Evelyn Hugo<\/h3>\n<p>N\u00e3o lembro quando foi que comecei a ler. Desde crian\u00e7a sempre tive livros ao meu redor e toda semana ia na biblioteca do col\u00e9gio pegar livros. Eu adorava livros infantis e com o passar do tempo fui evoluindo no estilo de leitura. Aos 10 anos, lembro de ler meu primeiro livro maiorzinho que foi O Di\u00e1rio da Princesa da Meg Cabot. Antes disso, eu j\u00e1 lia os livros de Judy Moody e Meu Querido Di\u00e1rio Ot\u00e1rio.<\/p>\n<p>Anos depois, comecei a ler sagas liter\u00e1rias como Percy Jackson e Jogos Vorazes. Essa \u00e9poca foi muito incr\u00edvel porque meus amigos no col\u00e9gio tamb\u00e9m liam, ent\u00e3o t\u00ednhamos muito assunto em comum e gost\u00e1vamos bastante de conversar sobre livros e as suas adapta\u00e7\u00f5es cinematogr\u00e1ficas. <\/p>\n<p>Sempre achei que lendo livros eu conseguia ser transportada para dentro da hist\u00f3ria de uma forma singular. Acho que \u00e9 isso que tanto amo, n\u00e3o s\u00f3 \u00e9 uma forma de viver outras realidades mas tamb\u00e9m de aprender sobre realidades diferentes das nossas. At\u00e9 hoje, o mundo liter\u00e1rio me proporciona amizades. Em 2019, conheci uma amiga na faculdade e ficamos muito pr\u00f3ximas pelo fato de ambas amarem leitura.<br \/>\nUm ano depois criamos um Instagram liter\u00e1rio chamado @quelivromassa para podermos compartilhar essa paix\u00e3o com outras pessoas.[\/et_pb_text][\/et_pb_column][et_pb_column type=&#8221;2_5&#8243; _builder_version=&#8221;3.25&#8243; custom_padding=&#8221;|||&#8221; custom_padding__hover=&#8221;|||&#8221;][et_pb_image src=&#8221;https:\/\/webjornalismo.unicap.br\/bibliobulico\/wp-content\/uploads\/2021\/06\/1b3a29e4-9387-4c3c-9bef-ca275d0265c5.jpg&#8221; title_text=&#8221;1b3a29e4-9387-4c3c-9bef-ca275d0265c5&#8243; _builder_version=&#8221;4.9.4&#8243; _module_preset=&#8221;default&#8221;][\/et_pb_image][\/et_pb_column][\/et_pb_row][et_pb_row column_structure=&#8221;2_5,3_5&#8243; admin_label=&#8221;Descobertas&#8221; _builder_version=&#8221;4.9.4&#8243; max_width=&#8221;700px&#8221; custom_padding=&#8221;||||false|false&#8221; border_width_bottom=&#8221;1px&#8221; border_color_bottom=&#8221;#e0e0e0&#8243; use_custom_width=&#8221;on&#8221; custom_width_px=&#8221;700px&#8221;][et_pb_column type=&#8221;2_5&#8243; _builder_version=&#8221;3.25&#8243; custom_padding=&#8221;|||&#8221; custom_padding__hover=&#8221;|||&#8221;][et_pb_image src=&#8221;https:\/\/webjornalismo.unicap.br\/bibliobulico\/wp-content\/uploads\/2021\/06\/WhatsApp-Image-2021-05-30-at-22.27.36.jpeg&#8221; title_text=&#8221;WhatsApp Image 2021-05-30 at 22.27.36&#8243; _builder_version=&#8221;4.9.4&#8243; _module_preset=&#8221;default&#8221;][\/et_pb_image][\/et_pb_column][et_pb_column type=&#8221;3_5&#8243; _builder_version=&#8221;3.25&#8243; custom_padding=&#8221;|||&#8221; custom_padding__hover=&#8221;|||&#8221;][et_pb_text module_class=&#8221;personagem&#8221; _builder_version=&#8221;4.9.4&#8243; text_font=&#8221;||||||||&#8221; text_font_size=&#8221;15px&#8221; text_line_height=&#8221;1.5em&#8221; header_text_color=&#8221;#8d2020&#8243; header_font_size=&#8221;36px&#8221; header_3_font_size=&#8221;19px&#8221; animation_style=&#8221;fade&#8221; animation_direction=&#8221;bottom&#8221; animation_starting_opacity=&#8221;100%&#8221;]<\/p>\n<h1>Descobertas<\/h1>\n<h2>Victor Freitas, 23 anos<\/h2>\n<h3>Livro preferido: O Grande Gatsby (1925), F. Scott Fitzgerald <\/h3>\n<p>Desde pequeno, sempre gostei mais de ler do que qualquer outra coisa. Enquanto meus amigos preferiam jogar bola eu ficava sentado em algum canto mergulhando em uma hist\u00f3ria nova. J\u00e1 perdi a no\u00e7\u00e3o de quantas noites virei por n\u00e3o conseguir largar o livro at\u00e9 descobrir o que acontece e de quantos impactos j\u00e1 tive com cada reviravolta. Ainda tive o prazer de conhecer pessoas maravilhosas com a mesma paix\u00e3o e trabalhar com v\u00e1rias em projetos relacionados. N\u00e3o me importa se s\u00e3o hist\u00f3rias de fic\u00e7\u00e3o, n\u00e3o-fic\u00e7\u00e3o ou livros acad\u00eamicos, se \u00e9 algo de Puzo, S\u00fcskind ou Foucault, sempre vou ter a mesma paix\u00e3o ao abrir um livro novo e descobrir o que tem ali.[\/et_pb_text][\/et_pb_column][\/et_pb_row][et_pb_row column_structure=&#8221;3_5,2_5&#8243; admin_label=&#8221;Gratid\u00e3o&#8221; _builder_version=&#8221;4.9.4&#8243; max_width=&#8221;700px&#8221; custom_padding=&#8221;||||false|false&#8221; border_width_bottom=&#8221;1px&#8221; border_color_bottom=&#8221;#e0e0e0&#8243; use_custom_width=&#8221;on&#8221; custom_width_px=&#8221;700px&#8221;][et_pb_column type=&#8221;3_5&#8243; _builder_version=&#8221;3.25&#8243; custom_padding=&#8221;|||&#8221; custom_padding__hover=&#8221;|||&#8221;][et_pb_text module_class=&#8221;personagem&#8221; _builder_version=&#8221;4.9.4&#8243; text_font=&#8221;||||||||&#8221; text_font_size=&#8221;15px&#8221; text_line_height=&#8221;1.5em&#8221; header_text_color=&#8221;#8d2020&#8243; header_font_size=&#8221;36px&#8221; header_3_font_size=&#8221;19px&#8221; animation_style=&#8221;fade&#8221; animation_direction=&#8221;bottom&#8221; animation_starting_opacity=&#8221;100%&#8221;]<\/p>\n<h1>Gratid\u00e3o<\/h1>\n<h2>Isabela Alves, 23 anos<\/h2>\n<h3>Livro preferido: O Fio da Navalha (1944), William Somerset Maugham<\/h3>\n<p>Meu primeiro incentivo \u00e0 leitura aconteceu quando entrei na escola privada, e n\u00e3o foi, como o esperado, por parte do curr\u00edculo escolar que prescrevia paradid\u00e1ticos (em m\u00e9dia 4 ao ano). J\u00e1 tinha lido livros de filmes que tinha visto, mas o h\u00e1bito come\u00e7ou quando conheci uma amiga muito especial pra mim, atualmente. Ela sempre estava lendo algo, comecei a partilhar desse h\u00e1bito com ela (ela me emprestava os livros da sua m\u00e3e). Acho que comecei por \u201cA Menina que Roubava Livros&#8221; e me emocionei. A partir da\u00ed, percebi como estar lendo era gratificante pra mim. Ler experi\u00eancias de pessoas e personagens, estar em locais nunca visitados e sentir como outro parece encanto, magia ou viagem, contando ainda com a autonomia da nossa imagina\u00e7\u00e3o particular. Para mim, e acredito que para todos aqueles que se permitem reservar algum tempo para leitura, somos de alguma forma suspensos e alheios \u00e0 realidade. Por meio de p\u00e1ginas, vivemos mais de uma vida, milhares delas e de nenhuma forma humanamente isso seria poss\u00edvel.[\/et_pb_text][\/et_pb_column][et_pb_column type=&#8221;2_5&#8243; _builder_version=&#8221;3.25&#8243; custom_padding=&#8221;|||&#8221; custom_padding__hover=&#8221;|||&#8221;][et_pb_image src=&#8221;https:\/\/webjornalismo.unicap.br\/bibliobulico\/wp-content\/uploads\/2021\/06\/52d5931c-d3dd-49c6-a906-fcf2413e4b9b.jpg&#8221; title_text=&#8221;52d5931c-d3dd-49c6-a906-fcf2413e4b9b&#8221; _builder_version=&#8221;4.9.4&#8243; _module_preset=&#8221;default&#8221;][\/et_pb_image][\/et_pb_column][\/et_pb_row][et_pb_row column_structure=&#8221;2_5,3_5&#8243; admin_label=&#8221;Descobertas&#8221; _builder_version=&#8221;4.9.4&#8243; max_width=&#8221;700px&#8221; custom_padding=&#8221;||100px||false|false&#8221; hover_enabled=&#8221;0&#8243; border_width_bottom=&#8221;1px&#8221; border_color_bottom=&#8221;#e0e0e0&#8243; use_custom_width=&#8221;on&#8221; custom_width_px=&#8221;700px&#8221; sticky_enabled=&#8221;0&#8243;][et_pb_column type=&#8221;2_5&#8243; _builder_version=&#8221;3.25&#8243; custom_padding=&#8221;|||&#8221; custom_padding__hover=&#8221;|||&#8221;][et_pb_image src=&#8221;https:\/\/webjornalismo.unicap.br\/bibliobulico\/wp-content\/uploads\/2021\/06\/25eca649-b607-4d96-bc0b-fdd3b0a5743f.jpg&#8221; title_text=&#8221;25eca649-b607-4d96-bc0b-fdd3b0a5743f&#8221; _builder_version=&#8221;4.9.4&#8243; _module_preset=&#8221;default&#8221; hover_enabled=&#8221;0&#8243; sticky_enabled=&#8221;0&#8243;][\/et_pb_image][\/et_pb_column][et_pb_column type=&#8221;3_5&#8243; _builder_version=&#8221;3.25&#8243; custom_padding=&#8221;|||&#8221; custom_padding__hover=&#8221;|||&#8221;][et_pb_text module_class=&#8221;personagem&#8221; _builder_version=&#8221;4.9.4&#8243; text_font=&#8221;||||||||&#8221; text_font_size=&#8221;15px&#8221; text_line_height=&#8221;1.5em&#8221; header_text_color=&#8221;#8d2020&#8243; header_font_size=&#8221;36px&#8221; header_3_font_size=&#8221;19px&#8221; animation_style=&#8221;fade&#8221; animation_direction=&#8221;bottom&#8221; animation_starting_opacity=&#8221;100%&#8221; hover_enabled=&#8221;0&#8243; sticky_enabled=&#8221;0&#8243;]<\/p>\n<h1>Identidade<\/h1>\n<h2>Gabriela Buarque, 23 anos<\/h2>\n<h3>Livro preferido: Alice no Pa\u00eds das Maravilhas (1865), Lewis Carroll<\/h3>\n<p>Comecei a ler desde muito cedo. Minha av\u00f3 comprava livros para que eu ficasse quieta. Eles foram minha primeira companhia, mas passamos um tempo separados. Quando nos reencontramos, tudo voltou. \u00c9 uma das partes de mim que me deixa 100% completa. Leio sobre tudo, mas prefiro a fantasia, os monstros, adoro a intensidade com que eles s\u00e3o descritos e a forma como o autor tenta passar esse sentimento de medo quando no final o sentimento principal \u00e9 o amor. Gosto de pensar e dizer que no terror (meu g\u00eanero preferido) a ideia principal geralmente n\u00e3o \u00e9 o medo, mas o amor \u2014 com um cora\u00e7\u00e3o partido. E parece contradit\u00f3rio dizer que isso \u00e9 parte do que preenche a minha exist\u00eancia mas \u00e9 extremamente reconfortante. S\u00e3o os objetos mais importantes da minha vida![\/et_pb_text][\/et_pb_column][\/et_pb_row][\/et_pb_section]<\/p>\n","protected":false},"excerpt":{"rendered":"<p>[et_pb_section fb_built=&#8221;1&#8243; admin_label=&#8221;Hero Section&#8221; _builder_version=&#8221;4.9.4&#8243; background_color=&#8221;rgba(0,0,0,0.7)&#8221; background_image=&#8221;https:\/\/webjornalismo.unicap.br\/bibliobulico\/wp-content\/uploads\/2021\/06\/IMG_7927-scaled.jpg&#8221; background_position=&#8221;bottom_right&#8221; background_blend=&#8221;multiply&#8221; background_enable_video_mp4=&#8221;off&#8221; background_enable_video_webm=&#8221;off&#8221; background_video_width=&#8221;1920&#8243; background_video_height=&#8221;1080&#8243; custom_margin=&#8221;|||&#8221; custom_padding=&#8221;18%||18%|&#8221; animation_style=&#8221;fade&#8221;][et_pb_row _builder_version=&#8221;4.9.4&#8243;][et_pb_column type=&#8221;4_4&#8243; _builder_version=&#8221;4.9.4&#8243; custom_padding=&#8221;|||&#8221; custom_padding__hover=&#8221;|||&#8221;][et_pb_text _builder_version=&#8221;4.9.4&#8243; text_font=&#8221;||||||||&#8221; text_font_size=&#8221;24px&#8221; text_line_height=&#8221;1.6em&#8221; header_font=&#8221;||||||||&#8221; header_font_size=&#8221;80px&#8221; header_line_height=&#8221;1.1em&#8221; header_2_font=&#8221;||||||||&#8221; text_orientation=&#8221;center&#8221; background_layout=&#8221;dark&#8221; module_alignment=&#8221;center&#8221; header_font_size_tablet=&#8221;&#8221; header_font_size_phone=&#8221;48px&#8221; header_font_size_last_edited=&#8221;on|phone&#8221; text_text_shadow_style=&#8221;preset3&#8243;] ESPA\u00c7O LEITOR Bibliob\u00falico \u00e9 a pessoa que l\u00ea tanto a ponto de esquecer do mundo \u00e0 sua volta. E [&hellip;]<\/p>\n","protected":false},"author":1,"featured_media":0,"parent":0,"menu_order":0,"comment_status":"closed","ping_status":"closed","template":"","meta":{"_et_pb_use_builder":"on","_et_pb_old_content":"","_et_gb_content_width":""},"_links":{"self":[{"href":"https:\/\/webjornalismo.unicap.br\/bibliobulico\/wp-json\/wp\/v2\/pages\/6054"}],"collection":[{"href":"https:\/\/webjornalismo.unicap.br\/bibliobulico\/wp-json\/wp\/v2\/pages"}],"about":[{"href":"https:\/\/webjornalismo.unicap.br\/bibliobulico\/wp-json\/wp\/v2\/types\/page"}],"author":[{"embeddable":true,"href":"https:\/\/webjornalismo.unicap.br\/bibliobulico\/wp-json\/wp\/v2\/users\/1"}],"replies":[{"embeddable":true,"href":"https:\/\/webjornalismo.unicap.br\/bibliobulico\/wp-json\/wp\/v2\/comments?post=6054"}],"version-history":[{"count":20,"href":"https:\/\/webjornalismo.unicap.br\/bibliobulico\/wp-json\/wp\/v2\/pages\/6054\/revisions"}],"predecessor-version":[{"id":6148,"href":"https:\/\/webjornalismo.unicap.br\/bibliobulico\/wp-json\/wp\/v2\/pages\/6054\/revisions\/6148"}],"wp:attachment":[{"href":"https:\/\/webjornalismo.unicap.br\/bibliobulico\/wp-json\/wp\/v2\/media?parent=6054"}],"curies":[{"name":"wp","href":"https:\/\/api.w.org\/{rel}","templated":true}]}}