{"id":5725,"date":"2021-05-31T23:16:44","date_gmt":"2021-06-01T02:16:44","guid":{"rendered":"https:\/\/webjornalismo.unicap.br\/bibliobulico\/?page_id=5725"},"modified":"2021-06-01T21:29:08","modified_gmt":"2021-06-02T00:29:08","slug":"apresentacao","status":"publish","type":"page","link":"https:\/\/webjornalismo.unicap.br\/bibliobulico\/apresentacao\/","title":{"rendered":"Apresenta\u00e7\u00e3o"},"content":{"rendered":"<p>[et_pb_section fb_built=&#8221;1&#8243; admin_label=&#8221;Hero Section&#8221; _builder_version=&#8221;4.9.4&#8243; background_image=&#8221;https:\/\/webjornalismo.unicap.br\/bibliobulico\/wp-content\/uploads\/2021\/05\/IMG_7880-scaled.jpg&#8221; background_position=&#8221;bottom_right&#8221; background_enable_video_mp4=&#8221;off&#8221; background_enable_video_webm=&#8221;off&#8221; background_video_width=&#8221;1920&#8243; background_video_height=&#8221;1080&#8243; custom_margin=&#8221;|||&#8221; custom_padding=&#8221;18%||18%|&#8221; animation_style=&#8221;fade&#8221; hover_enabled=&#8221;0&#8243; title_text=&#8221;IMG_7880&#8243; sticky_enabled=&#8221;0&#8243; background_color=&#8221;rgba(0,0,0,0.7)&#8221; background_blend=&#8221;multiply&#8221;][et_pb_row _builder_version=&#8221;4.9.4&#8243;][et_pb_column type=&#8221;4_4&#8243; _builder_version=&#8221;4.9.4&#8243; custom_padding=&#8221;|||&#8221; custom_padding__hover=&#8221;|||&#8221;][et_pb_text _builder_version=&#8221;4.9.4&#8243; text_font=&#8221;||||||||&#8221; text_font_size=&#8221;24px&#8221; text_line_height=&#8221;1.6em&#8221; header_font=&#8221;||||||||&#8221; header_font_size=&#8221;80px&#8221; header_line_height=&#8221;1.1em&#8221; header_2_font=&#8221;||||||||&#8221; text_orientation=&#8221;center&#8221; background_layout=&#8221;dark&#8221; module_alignment=&#8221;center&#8221; hover_enabled=&#8221;0&#8243; header_font_size_tablet=&#8221;&#8221; header_font_size_phone=&#8221;48px&#8221; header_font_size_last_edited=&#8221;on|phone&#8221; text_text_shadow_style=&#8221;preset3&#8243; sticky_enabled=&#8221;0&#8243;]<\/p>\n<h3>APRESENTA\u00c7\u00c3O<\/h3>\n<h1>Bibliodiversidade<\/h1>\n<p>Bibliodiversidade \u00e9 a palavra usada para definir a diversidade cultural aplicada ao mundo do livro e das editoras. Na literatura, cada hist\u00f3ria \u00e9 \u00fanica, um leque imenso repleto de ideias, experi\u00eancias, pensamentos e tamb\u00e9m fantasias. \u00c9 na bibliodiversidade que muitos autores e editoras encontraram seu lugar. Nela, cada leitor pode ter um universo diferente a desfrutar<\/p>\n<p>[\/et_pb_text][\/et_pb_column][\/et_pb_row][\/et_pb_section][et_pb_section fb_built=&#8221;1&#8243; admin_label=&#8221;Texto&#8221; _builder_version=&#8221;4.9.4&#8243; custom_padding=&#8221;100px||0px||false|false&#8221;][et_pb_row admin_label=&#8221;Text Area&#8221; _builder_version=&#8221;4.9.4&#8243; max_width=&#8221;700px&#8221; custom_padding=&#8221;20px|||&#8221; border_width_bottom=&#8221;1px&#8221; border_color_bottom=&#8221;#e0e0e0&#8243; use_custom_width=&#8221;on&#8221; custom_width_px=&#8221;700px&#8221;][et_pb_column type=&#8221;4_4&#8243; _builder_version=&#8221;3.25&#8243; custom_padding=&#8221;|||&#8221; custom_padding__hover=&#8221;|||&#8221;][et_pb_text _builder_version=&#8221;4.9.4&#8243; text_font=&#8221;||||||||&#8221; text_line_height=&#8221;1.8em&#8221; header_font_size=&#8221;36px&#8221; animation_style=&#8221;fade&#8221; animation_direction=&#8221;bottom&#8221; animation_starting_opacity=&#8221;100%&#8221;]<\/p>\n<h1>Cl\u00e1ssicos para a nova gera\u00e7\u00e3o<\/h1>\n<h2>Editora Antof\u00e1gica \u2013 Rio de Janeiro<\/h2>\n<p>A partir da provoca\u00e7\u00e3o \u201co que queremos de uma editora?\u201d, a Antof\u00e1gica surgiu com a proposta de trazer uma experi\u00eancia al\u00e9m dos textos. Assim, ela oferece uma imers\u00e3o est\u00e9tica em suas obras que se tornou a caracter\u00edstica mais forte dos seus trabalhos. O prop\u00f3sito da Antof\u00e1gica \u00e9 levar os cl\u00e1ssicos da literatura ao alcance de todos, desmistificando a ideia de que se trata de um tipo de literatura chata e dif\u00edcil demais de se acompanhar. De acordo com o editor Daniel Lameira, em entrevista para o portal IGN Brasil, &#8220;a ideia \u00e9 mostrar que o texto cl\u00e1ssico n\u00e3o \u00e9 dif\u00edcil. \u00c9 tirar esse medo dos leitores quando se deparam com um cl\u00e1ssico. O que importa \u00e9 viver aquilo. Mostrar que isso \u00e9 t\u00e3o contempor\u00e2neo, que dialoga com todas nossas ang\u00fastias hoje, de forma que talvez muita gente ainda n\u00e3o saiba&#8221;, aposta.[\/et_pb_text][et_pb_video src=&#8221;https:\/\/www.youtube.com\/watch?v=PW5M4Zd4fSU&#8221; image_src=&#8221;\/\/i.ytimg.com\/vi\/PW5M4Zd4fSU\/hqdefault.jpg&#8221; _builder_version=&#8221;4.9.4&#8243; _module_preset=&#8221;default&#8221; custom_margin=&#8221;||0px||false|false&#8221; custom_padding=&#8221;||0px||false|false&#8221;][\/et_pb_video][et_pb_text _builder_version=&#8221;4.9.4&#8243; _module_preset=&#8221;default&#8221; text_text_color=&#8221;#afafaf&#8221; text_font_size=&#8221;12px&#8221; custom_margin=&#8221;0px||||false|false&#8221; custom_padding=&#8221;0px||||false|false&#8221;]O que \u00e9 um cl\u00e1ssico? \/ Cr\u00e9ditos: Canal Oficial Editora Antof\u00e1gica \/ Youtube[\/et_pb_text][et_pb_text _builder_version=&#8221;4.9.4&#8243; text_font=&#8221;||||||||&#8221; text_line_height=&#8221;1.8em&#8221; header_font_size=&#8221;36px&#8221; animation_style=&#8221;fade&#8221; animation_direction=&#8221;bottom&#8221; animation_starting_opacity=&#8221;100%&#8221;]Seu primeiro lan\u00e7amento foi em 2019, com uma nova edi\u00e7\u00e3o do cl\u00e1ssico A Metamorfose (1915), de Franz Kafka. hoje, a Antof\u00e1gica conta com uma equipe fixa composta por Luciana Fracchetta (head of content), Daniel Lameira (publisher), S\u00e9rgio Drummond e Rafael Drummond (s\u00f3cios). Al\u00e9m deles, h\u00e1 tamb\u00e9m convidados especiais que comp\u00f5em cada livro lan\u00e7ado, j\u00e1 tendo passado por esse universo liter\u00e1rio o ator e apresentador Greg\u00f3rio Duvivier, no pref\u00e1cio de 1984 (George Orwell); o professor, youtuber e drag queen Rita von Hunty, na apresenta\u00e7\u00e3o de O Grande Gatsby (Fitzgerald), entre outros. <\/p>\n<p>Atualmente, a editora conta com 20 t\u00edtulos publicados, entre eles, autores como Machado de Assis, Virginia Woolf, Lima Barreto e at\u00e9 um dos pilares da literatura russa, Nikolai G\u00f3gol, todos eles seguindo o estilo j\u00e1 marcado pela editora, que \u00e9 a arte e a literatura dialogando entre si para chegarem juntas a melhor experi\u00eancia ao se ler um cl\u00e1ssico. [\/et_pb_text][et_pb_text _builder_version=&#8221;4.9.4&#8243; _module_preset=&#8221;default&#8221; background_video_mp4=&#8221;https:\/\/webjornalismo.unicap.br\/bibliobulico\/wp-content\/uploads\/2021\/05\/1_0_GIF_2.mp4&#8243; background_video_width=&#8221;960&#8243; background_video_height=&#8221;720&#8243; background_video_pause_outside_viewport=&#8221;off&#8221; min_height=&#8221;525px&#8221; custom_margin=&#8221;||0px||false|false&#8221; custom_padding=&#8221;||0px||false|false&#8221;][\/et_pb_text][et_pb_text _builder_version=&#8221;4.9.4&#8243; _module_preset=&#8221;default&#8221; text_text_color=&#8221;#afafaf&#8221; text_font_size=&#8221;12px&#8221; custom_margin=&#8221;0px||||false|false&#8221; custom_padding=&#8221;0px||||false|false&#8221;]Anima\u00e7\u00e3o: B\u00e1rbara Rodrigues[\/et_pb_text][et_pb_text _builder_version=&#8221;4.9.4&#8243; text_font=&#8221;||||||||&#8221; text_line_height=&#8221;1.8em&#8221; header_font_size=&#8221;36px&#8221; animation_style=&#8221;fade&#8221; animation_direction=&#8221;bottom&#8221; animation_starting_opacity=&#8221;100%&#8221;]<\/p>\n<p>Quer continuar viajando no tempo junto com a Antof\u00e1gica? <a href=\"https:\/\/antofagica.com.br\/\" target=\"_blank\" rel=\"noopener\"><strong>Entra aqui!<\/strong><\/a><\/p>\n<p>[\/et_pb_text][\/et_pb_column][\/et_pb_row][et_pb_row admin_label=&#8221;Text Area&#8221; _builder_version=&#8221;4.9.4&#8243; max_width=&#8221;700px&#8221; custom_padding=&#8221;20px|||&#8221; border_width_bottom=&#8221;1px&#8221; border_color_bottom=&#8221;#e0e0e0&#8243; use_custom_width=&#8221;on&#8221; custom_width_px=&#8221;700px&#8221;][et_pb_column type=&#8221;4_4&#8243; _builder_version=&#8221;3.25&#8243; custom_padding=&#8221;|||&#8221; custom_padding__hover=&#8221;|||&#8221;][et_pb_text _builder_version=&#8221;4.9.4&#8243; text_font=&#8221;||||||||&#8221; text_line_height=&#8221;1.8em&#8221; header_font_size=&#8221;36px&#8221; animation_style=&#8221;fade&#8221; animation_direction=&#8221;bottom&#8221; animation_starting_opacity=&#8221;100%&#8221;]<\/p>\n<h1>Literatura brasileira e registros da mem\u00f3ria<\/h1>\n<h2>Editora Nega Lilu \u2013 Goi\u00e2nia<\/h2>\n<p>\u201cBotei em pr\u00e1tica o meu esp\u00edrito punk e criei uma editora\u201d. \u00c9 dessa forma bem humorada que Larissa Mundim, fundadora da Nega Lilu, conta a hist\u00f3ria de onde tudo come\u00e7ou. A Nega Lilu surgiu de um desejo pessoal de Larissa. N\u00e3o era especificamente ter uma editora. Ela queria ser escritora. Mas, de acordo com Larissa, \u201c\u00e9 dif\u00edcil querer fazer um romance ficcional diferent\u00e3o no Brasil Central e despertar o interesse de alguma editora, isso seria um sonho, uma ilus\u00e3o&#8221;, afirma.<\/p>\n<p>Larissa chegou \u00e0 conclus\u00e3o de que se ela realmente queria aquilo, ela mesma deveria fazer. \u201cConheci a autopublica\u00e7\u00e3o sem nem saber que existia isso\u201d, lembra. Assim, em 2013, o CNPJ da Nega Lilu foi registrado um dia antes do seu primeiro lan\u00e7amento, o romance de fic\u00e7\u00e3o Sem Palavras, escrito pela pr\u00f3pria.[\/et_pb_text][et_pb_image src=&#8221;https:\/\/webjornalismo.unicap.br\/bibliobulico\/wp-content\/uploads\/2021\/05\/IMG_7877-scaled.jpg&#8221; title_text=&#8221;IMG_7877&#8243; show_bottom_space=&#8221;off&#8221; _builder_version=&#8221;4.9.4&#8243; _module_preset=&#8221;default&#8221;][\/et_pb_image][et_pb_text _builder_version=&#8221;4.9.4&#8243; _module_preset=&#8221;default&#8221; text_text_color=&#8221;#afafaf&#8221; text_font_size=&#8221;12px&#8221; custom_margin=&#8221;0px||||false|false&#8221; custom_padding=&#8221;0px||||false|false&#8221;]Foto: B\u00e1rbara Rodrigues[\/et_pb_text][et_pb_text _builder_version=&#8221;4.9.4&#8243; text_font=&#8221;||||||||&#8221; text_line_height=&#8221;1.8em&#8221; header_font_size=&#8221;36px&#8221; animation_style=&#8221;fade&#8221; animation_direction=&#8221;bottom&#8221; animation_starting_opacity=&#8221;100%&#8221;]Com a equipe formada, a proposta da Nega Lilu de publicar livros se expandiu e ela come\u00e7ou a convidar outros autores e autoras goianos, geralmente iniciantes. Assim, a Nega Lilu chegou nos principais meios de circula\u00e7\u00e3o das produ\u00e7\u00f5es independentes, as feiras. A editora firmou, cada vez mais, a sua hist\u00f3ria com percep\u00e7\u00f5es sobre a invisibilidade e construiu um trabalho que n\u00e3o trata apenas de fazer livros, mas tamb\u00e9m visa um mercado editorial renovado a partir de uma postura independente. <\/p>\n<p>Hoje, a Nega Lilu possui seis selos, Nega Lilu: literatura brasileira e projetos especiais; Eclea: biografias e registro da mem\u00f3ria; Pantheon: poesia; Naduk: publica\u00e7\u00f5es experimentais e novos autores; Tuci: infantojuvenil; \u00c73: e-books, audiobooks e similares. Ela trabalha na regi\u00e3o central do pa\u00eds, mas dialoga com o Brasil como um todo, circulando e levando publica\u00e7\u00f5es de autores de primeira viagem, mas que t\u00eam muita coisa a dizer.[\/et_pb_text][et_pb_video src=&#8221;https:\/\/youtu.be\/SzctkVgei6o&#8221; image_src=&#8221;\/\/i.ytimg.com\/vi\/SzctkVgei6o\/hqdefault.jpg&#8221; _builder_version=&#8221;4.9.4&#8243; _module_preset=&#8221;default&#8221; custom_margin=&#8221;||0px||false|false&#8221; custom_padding=&#8221;||0px||false|false&#8221;][\/et_pb_video][et_pb_text _builder_version=&#8221;4.9.4&#8243; _module_preset=&#8221;default&#8221; text_text_color=&#8221;#afafaf&#8221; text_font_size=&#8221;12px&#8221; text_line_height=&#8221;1.2em&#8221; custom_margin=&#8221;0px||||false|false&#8221; custom_padding=&#8221;5px||||false|false&#8221;]Espet\u00e1culo Nega Lilu. Narrativa que envolve as personagens em cena \u00e9 adaptada do livro \u201cSem Palavras\u201d, escrito por Larissa Mundim e Valentina Prado, publicado pela NegaLilu Editora em 2013. Na performance coreografada por Valeska Gon\u00e7alves, as duas personagens, Nega e Lilu, ganham materialidade nos corpos das bailarinas Gabriela Leite e Isabel Mamede.[\/et_pb_text][et_pb_text _builder_version=&#8221;4.9.4&#8243; text_font=&#8221;||||||||&#8221; text_line_height=&#8221;1.8em&#8221; header_font_size=&#8221;36px&#8221; animation_style=&#8221;fade&#8221; animation_direction=&#8221;bottom&#8221; animation_starting_opacity=&#8221;100%&#8221;]<\/p>\n<p>Vem <a href=\"https:\/\/www.conchaeditora.com.br\/\" target=\"_blank\" rel=\"noopener\"><strong>aqui<\/strong> <\/a>pra conferir mais do esp\u00edrito punk da Nega Lilu<\/p>\n<p>[\/et_pb_text][\/et_pb_column][\/et_pb_row][et_pb_row admin_label=&#8221;Text Area&#8221; _builder_version=&#8221;4.9.4&#8243; max_width=&#8221;700px&#8221; custom_padding=&#8221;20px|||&#8221; border_width_bottom=&#8221;1px&#8221; border_color_bottom=&#8221;#e0e0e0&#8243; use_custom_width=&#8221;on&#8221; custom_width_px=&#8221;700px&#8221;][et_pb_column type=&#8221;4_4&#8243; _builder_version=&#8221;3.25&#8243; custom_padding=&#8221;|||&#8221; custom_padding__hover=&#8221;|||&#8221;][et_pb_text _builder_version=&#8221;4.9.4&#8243; text_font=&#8221;||||||||&#8221; text_line_height=&#8221;1.8em&#8221; header_font_size=&#8221;36px&#8221; animation_style=&#8221;fade&#8221; animation_direction=&#8221;bottom&#8221; animation_starting_opacity=&#8221;100%&#8221;]<\/p>\n<h1>Revistas liter\u00e1rias e livros nordestinos<\/h1>\n<h2>Editora Vacatussa \u2013 Recife<\/h2>\n<p>\u201cNem que a vaca tussa\u201d. Foi dessa famosa express\u00e3o que a ideia inicial do que hoje \u00e9 uma editora independente surgiu. A Vacatussa foi criada por ex-alunos da Oficina de Literatura de Raimundo Carrero, em 2004, no Recife. Eles se reuniam semanalmente para produzir e debater a literatura. Assim, a Revista Vacatussa surgiu, com o objetivo de publicar, n\u00e3o s\u00f3 o que era produzido por eles, mas, tamb\u00e9m, dar uma for\u00e7a na divulga\u00e7\u00e3o de outros autores independentes. Com o tempo, a editora foi se aprimorando, ganhou ilustra\u00e7\u00f5es por todo o seu conte\u00fado e tamb\u00e9m conquistou o incentivo de institui\u00e7\u00f5es como as prefeituras de Olinda e de Recife, al\u00e9m da Bienal do Livro de Pernambuco.<\/p>\n<p>Em 2006, a editora ampliou a visibilidade da sua proposta liter\u00e1ria. Com o website <a href=\"https:\/\/www.vacatussa.com\/\" target=\"_blank\" rel=\"noopener\"><strong>vacatussa.com<\/strong><\/a> o grupo aprimorou o trabalho nas suas publica\u00e7\u00f5es de textos ficcionais e, assim, consolidou o VACATUSSA como um espa\u00e7o de reflex\u00e3o e do exerc\u00edcio da cr\u00edtica liter\u00e1ria, atrav\u00e9s da produ\u00e7\u00e3o de resenhas de livros. O endere\u00e7o, que come\u00e7ou com a estrutura de blog, logo se tornou um site oficial, aprimorando o conte\u00fado, com cr\u00edticas de livros, colunas, convidados, cr\u00f4nicas, contos e poemas.<\/p>\n<p>[\/et_pb_text][et_pb_image src=&#8221;https:\/\/webjornalismo.unicap.br\/bibliobulico\/wp-content\/uploads\/2021\/05\/169297533_3736073086440395_5464116055502972539_n.jpg&#8221; title_text=&#8221;169297533_3736073086440395_5464116055502972539_n&#8221; show_bottom_space=&#8221;off&#8221; _builder_version=&#8221;4.9.4&#8243; _module_preset=&#8221;default&#8221;][\/et_pb_image][et_pb_text _builder_version=&#8221;4.9.4&#8243; _module_preset=&#8221;default&#8221; text_text_color=&#8221;#afafaf&#8221; text_font_size=&#8221;12px&#8221; custom_margin=&#8221;0px||||false|false&#8221; custom_padding=&#8221;0px||||false|false&#8221;]Foto: Vacatussa \/ Divulga\u00e7\u00e3o[\/et_pb_text][et_pb_text _builder_version=&#8221;4.9.4&#8243; text_font=&#8221;||||||||&#8221; text_line_height=&#8221;1.8em&#8221; header_font_size=&#8221;36px&#8221; animation_style=&#8221;fade&#8221; animation_direction=&#8221;bottom&#8221; animation_starting_opacity=&#8221;100%&#8221;]A ideia de transformar a Vacatussa em editora veio da percep\u00e7\u00e3o de que eles j\u00e1 dominavam todo o processo de cria\u00e7\u00e3o de um livro, pois esse trabalho j\u00e1 era feito pela equipe da Vacatussa para outras editoras. \u201cA gente j\u00e1 estava com a faca e o queijo na m\u00e3o. Por isso, come\u00e7amos a pensar que estava na hora de ter um retorno financeiro\u201d, relata o fundador da editora, Thiago Corr\u00eaa. <\/p>\n<p>Foi s\u00f3 em 2019 que a Editora Vacatussa surgiu, a partir da ideia de comercializar o produto que j\u00e1 fazia h\u00e1 15 anos como dossi\u00ea. A editora se firmou ainda mais quando Thiago se tornou pai. A partir do seu conv\u00edvio com crian\u00e7as, ele passou a escrever livros infantis de suas experi\u00eancias. Em abril de 2021, foi publicado o seu primeiro livro chamado A engenhoca, contando a hist\u00f3ria de Nicolau, personagem que, ao se tornar pai da pequena Aurora, precisa aprender a lidar com quest\u00f5es da vida comum. Assim, ele ent\u00e3o decide criar uma m\u00e1quina para continuar observando as estrelas e tamb\u00e9m conseguir ser um bom pai para Aurora.[\/et_pb_text][et_pb_code _builder_version=&#8221;4.9.4&#8243; _module_preset=&#8221;default&#8221;]<\/p>\n<blockquote class=\"instagram-media\" data-instgrm-captioned data-instgrm-permalink=\"https:\/\/www.instagram.com\/p\/CPiwwUwLmqr\/?utm_source=ig_embed&#038;utm_campaign=loading\" data-instgrm-version=\"13\" style=\" background:#FFF; border:0; border-radius:3px; box-shadow:0 0 1px 0 rgba(0,0,0,0.5),0 1px 10px 0 rgba(0,0,0,0.15); margin: 1px; max-width:540px; min-width:326px; padding:0; width:99.375%; width:-webkit-calc(100% - 2px); width:calc(100% - 2px);\">\n<div style=\"padding:16px;\"> <a href=\"https:\/\/www.instagram.com\/p\/CPiwwUwLmqr\/?utm_source=ig_embed&#038;utm_campaign=loading\" style=\" background:#FFFFFF; line-height:0; padding:0 0; text-align:center; text-decoration:none; width:100%;\" target=\"_blank\" rel=\"noopener\"> <\/p>\n<div style=\" display: flex; flex-direction: row; align-items: center;\">\n<div style=\"background-color: #F4F4F4; border-radius: 50%; flex-grow: 0; height: 40px; margin-right: 14px; width: 40px;\"><\/div>\n<div style=\"display: flex; flex-direction: column; flex-grow: 1; justify-content: center;\">\n<div style=\" background-color: #F4F4F4; border-radius: 4px; flex-grow: 0; height: 14px; margin-bottom: 6px; width: 100px;\"><\/div>\n<div style=\" background-color: #F4F4F4; border-radius: 4px; flex-grow: 0; height: 14px; width: 60px;\"><\/div>\n<\/div>\n<\/div>\n<div style=\"padding: 19% 0;\"><\/div>\n<div style=\"display:block; height:50px; margin:0 auto 12px; width:50px;\"><svg width=\"50px\" height=\"50px\" viewBox=\"0 0 60 60\" version=\"1.1\" xmlns=\"https:\/\/www.w3.org\/2000\/svg\" xmlns:xlink=\"https:\/\/www.w3.org\/1999\/xlink\"><g stroke=\"none\" stroke-width=\"1\" fill=\"none\" fill-rule=\"evenodd\"><g transform=\"translate(-511.000000, -20.000000)\" fill=\"#000000\"><g><path d=\"M556.869,30.41 C554.814,30.41 553.148,32.076 553.148,34.131 C553.148,36.186 554.814,37.852 556.869,37.852 C558.924,37.852 560.59,36.186 560.59,34.131 C560.59,32.076 558.924,30.41 556.869,30.41 M541,60.657 C535.114,60.657 530.342,55.887 530.342,50 C530.342,44.114 535.114,39.342 541,39.342 C546.887,39.342 551.658,44.114 551.658,50 C551.658,55.887 546.887,60.657 541,60.657 M541,33.886 C532.1,33.886 524.886,41.1 524.886,50 C524.886,58.899 532.1,66.113 541,66.113 C549.9,66.113 557.115,58.899 557.115,50 C557.115,41.1 549.9,33.886 541,33.886 M565.378,62.101 C565.244,65.022 564.756,66.606 564.346,67.663 C563.803,69.06 563.154,70.057 562.106,71.106 C561.058,72.155 560.06,72.803 558.662,73.347 C557.607,73.757 556.021,74.244 553.102,74.378 C549.944,74.521 548.997,74.552 541,74.552 C533.003,74.552 532.056,74.521 528.898,74.378 C525.979,74.244 524.393,73.757 523.338,73.347 C521.94,72.803 520.942,72.155 519.894,71.106 C518.846,70.057 518.197,69.06 517.654,67.663 C517.244,66.606 516.755,65.022 516.623,62.101 C516.479,58.943 516.448,57.996 516.448,50 C516.448,42.003 516.479,41.056 516.623,37.899 C516.755,34.978 517.244,33.391 517.654,32.338 C518.197,30.938 518.846,29.942 519.894,28.894 C520.942,27.846 521.94,27.196 523.338,26.654 C524.393,26.244 525.979,25.756 528.898,25.623 C532.057,25.479 533.004,25.448 541,25.448 C548.997,25.448 549.943,25.479 553.102,25.623 C556.021,25.756 557.607,26.244 558.662,26.654 C560.06,27.196 561.058,27.846 562.106,28.894 C563.154,29.942 563.803,30.938 564.346,32.338 C564.756,33.391 565.244,34.978 565.378,37.899 C565.522,41.056 565.552,42.003 565.552,50 C565.552,57.996 565.522,58.943 565.378,62.101 M570.82,37.631 C570.674,34.438 570.167,32.258 569.425,30.349 C568.659,28.377 567.633,26.702 565.965,25.035 C564.297,23.368 562.623,22.342 560.652,21.575 C558.743,20.834 556.562,20.326 553.369,20.18 C550.169,20.033 549.148,20 541,20 C532.853,20 531.831,20.033 528.631,20.18 C525.438,20.326 523.257,20.834 521.349,21.575 C519.376,22.342 517.703,23.368 516.035,25.035 C514.368,26.702 513.342,28.377 512.574,30.349 C511.834,32.258 511.326,34.438 511.181,37.631 C511.035,40.831 511,41.851 511,50 C511,58.147 511.035,59.17 511.181,62.369 C511.326,65.562 511.834,67.743 512.574,69.651 C513.342,71.625 514.368,73.296 516.035,74.965 C517.703,76.634 519.376,77.658 521.349,78.425 C523.257,79.167 525.438,79.673 528.631,79.82 C531.831,79.965 532.853,80.001 541,80.001 C549.148,80.001 550.169,79.965 553.369,79.82 C556.562,79.673 558.743,79.167 560.652,78.425 C562.623,77.658 564.297,76.634 565.965,74.965 C567.633,73.296 568.659,71.625 569.425,69.651 C570.167,67.743 570.674,65.562 570.82,62.369 C570.966,59.17 571,58.147 571,50 C571,41.851 570.966,40.831 570.82,37.631\"><\/path><\/g><\/g><\/g><\/svg><\/div>\n<div style=\"padding-top: 8px;\">\n<div style=\" color:#3897f0; font-family:Arial,sans-serif; font-size:14px; font-style:normal; font-weight:550; line-height:18px;\"> View this post on Instagram<\/div>\n<\/div>\n<div style=\"padding: 12.5% 0;\"><\/div>\n<div style=\"display: flex; flex-direction: row; margin-bottom: 14px; align-items: center;\">\n<div>\n<div style=\"background-color: #F4F4F4; border-radius: 50%; height: 12.5px; width: 12.5px; transform: translateX(0px) translateY(7px);\"><\/div>\n<div style=\"background-color: #F4F4F4; height: 12.5px; transform: rotate(-45deg) translateX(3px) translateY(1px); width: 12.5px; flex-grow: 0; margin-right: 14px; margin-left: 2px;\"><\/div>\n<div style=\"background-color: #F4F4F4; border-radius: 50%; height: 12.5px; width: 12.5px; transform: translateX(9px) translateY(-18px);\"><\/div>\n<\/div>\n<div style=\"margin-left: 8px;\">\n<div style=\" background-color: #F4F4F4; border-radius: 50%; flex-grow: 0; height: 20px; width: 20px;\"><\/div>\n<div style=\" width: 0; height: 0; border-top: 2px solid transparent; border-left: 6px solid #f4f4f4; border-bottom: 2px solid transparent; transform: translateX(16px) translateY(-4px) rotate(30deg)\"><\/div>\n<\/div>\n<div style=\"margin-left: auto;\">\n<div style=\" width: 0px; border-top: 8px solid #F4F4F4; border-right: 8px solid transparent; transform: translateY(16px);\"><\/div>\n<div style=\" background-color: #F4F4F4; flex-grow: 0; height: 12px; width: 16px; transform: translateY(-4px);\"><\/div>\n<div style=\" width: 0; height: 0; border-top: 8px solid #F4F4F4; border-left: 8px solid transparent; transform: translateY(-4px) translateX(8px);\"><\/div>\n<\/div>\n<\/div>\n<div style=\"display: flex; flex-direction: column; flex-grow: 1; justify-content: center; margin-bottom: 24px;\">\n<div style=\" background-color: #F4F4F4; border-radius: 4px; flex-grow: 0; height: 14px; margin-bottom: 6px; width: 224px;\"><\/div>\n<div style=\" background-color: #F4F4F4; border-radius: 4px; flex-grow: 0; height: 14px; width: 144px;\"><\/div>\n<\/div>\n<p><\/a><pee style=\" color:#c9c8cd; font-family:Arial,sans-serif; font-size:14px; line-height:17px; margin-bottom:0; margin-top:8px; overflow:hidden; padding:8px 0 7px; text-align:center; text-overflow:ellipsis; white-space:nowrap;\"><a href=\"https:\/\/www.instagram.com\/p\/CPiwwUwLmqr\/?utm_source=ig_embed&#038;utm_campaign=loading\" style=\" color:#c9c8cd; font-family:Arial,sans-serif; font-size:14px; font-style:normal; font-weight:normal; line-height:17px; text-decoration:none;\" target=\"_blank\" rel=\"noopener\">A post shared by vacatussa (@vacatussa.editora)<\/a><\/pee><\/div>\n<\/blockquote>\n<p> <script async src=\"\/\/www.instagram.com\/embed.js\"><\/script>[\/et_pb_code][et_pb_text _builder_version=&#8221;4.9.4&#8243; text_font=&#8221;||||||||&#8221; text_line_height=&#8221;1.8em&#8221; header_font_size=&#8221;36px&#8221; animation_style=&#8221;fade&#8221; animation_direction=&#8221;bottom&#8221; animation_starting_opacity=&#8221;100%&#8221;]<\/p>\n<p>Hoje a Vacatussa segue com publica\u00e7\u00f5es mais maduras, voltadas para todas as idades. Com um acervo que conta com livros infantis, biografias, poesias, contos e ensaios, voc\u00ea pode conferir e adquirir os trabalhos da editora a partir do site: <a href=\"https:\/\/www.vacatussa.com\/\" target=\"_blank\" rel=\"noopener\"><strong>https:\/\/www.vacatussa.com\/<\/strong><\/a><\/p>\n<p>[\/et_pb_text][\/et_pb_column][\/et_pb_row][et_pb_row admin_label=&#8221;Text Area&#8221; _builder_version=&#8221;4.9.4&#8243; max_width=&#8221;700px&#8221; custom_padding=&#8221;20px|||&#8221; border_width_bottom=&#8221;1px&#8221; border_color_bottom=&#8221;#e0e0e0&#8243; use_custom_width=&#8221;on&#8221; custom_width_px=&#8221;700px&#8221;][et_pb_column type=&#8221;4_4&#8243; _builder_version=&#8221;3.25&#8243; custom_padding=&#8221;|||&#8221; custom_padding__hover=&#8221;|||&#8221;][et_pb_text _builder_version=&#8221;4.9.4&#8243; text_font=&#8221;||||||||&#8221; text_line_height=&#8221;1.8em&#8221; header_font_size=&#8221;36px&#8221; animation_style=&#8221;fade&#8221; animation_direction=&#8221;bottom&#8221; animation_starting_opacity=&#8221;100%&#8221;]<\/p>\n<h1>Incentivo liter\u00e1rio atrav\u00e9s do afeto<\/h1>\n<h2>Concha Editora &#8211; Rio Grande do Sul<\/h2>\n<p>A Concha existe para colaborar com a cena liter\u00e1ria do Sul. A especialidade dela \u00e9 literatura cr\u00edtica liter\u00e1ria, mas eles tamb\u00e9m projetam para o futuro receberem projetos acad\u00eamicos e experimentos em arte. Ela incentiva escritores a desenvolver trabalhos art\u00edsticos que expressem seus potenciais criativos autorais e tamb\u00e9m que encontrem seus leitores. A forma que a Concha encontrou para realizar esse trabalho foi atrav\u00e9s do livro. Al\u00e9m disso, realiza cursos, oficinas, consultorias e tamb\u00e9m promove eventos de divulga\u00e7\u00e3o liter\u00e1ria.[\/et_pb_text][et_pb_image src=&#8221;https:\/\/webjornalismo.unicap.br\/bibliobulico\/wp-content\/uploads\/2021\/05\/83280021_1566242450190255_2314001351132053504_n.jpg&#8221; title_text=&#8221;83280021_1566242450190255_2314001351132053504_n&#8221; show_bottom_space=&#8221;off&#8221; _builder_version=&#8221;4.9.4&#8243; _module_preset=&#8221;default&#8221;][\/et_pb_image][et_pb_text _builder_version=&#8221;4.9.4&#8243; _module_preset=&#8221;default&#8221; text_text_color=&#8221;#afafaf&#8221; text_font_size=&#8221;12px&#8221; custom_margin=&#8221;0px||||false|false&#8221; custom_padding=&#8221;0px||||false|false&#8221;]Foto: Divulga\u00e7\u00e3o \/ Concha Editora[\/et_pb_text][et_pb_text _builder_version=&#8221;4.9.4&#8243; text_font=&#8221;||||||||&#8221; text_line_height=&#8221;1.8em&#8221; header_font_size=&#8221;36px&#8221; animation_style=&#8221;fade&#8221; animation_direction=&#8221;bottom&#8221; animation_starting_opacity=&#8221;100%&#8221;]A Concha come\u00e7ou em 2016, com a conclus\u00e3o do doutorado em Escrita Criativa de Andr\u00e9ia Pires, fundadora da editora. Mas, antes mesmo disso, ela j\u00e1 era envolvida com o mundo da literatura, participando de projetos coletivos de escritores. \u201cAs editoras independentes ainda n\u00e3o tinham chegado no Rio Grande do Sul. Por isso, decidimos trazer uma. Come\u00e7amos a nos mexer para construir uma cooperativa, mas cada um seguiu seu rumo da vida e a ideia ficou esquecida\u201d, lembra. A ideia voltou a ser lembrada a partir da percep\u00e7\u00e3o de Andr\u00e9ia da falta de representatividade de mulheres na literatura local. E em um momento de coragem no final do curso, foi criada a Concha, com seu primeiro lan\u00e7amento \u201cAntes que o mundo aconte\u00e7a\u201d, do autor Daniel Baz.<\/p>\n<p>Um dos diferenciais da Concha \u00e9 a sua base estrutural. Ela n\u00e3o tem um endere\u00e7o comercial aberto, nem uma equipe fixa de colaboradores. Seu trabalho come\u00e7a na curadoria, com uma equipe especializada, que atua  atrav\u00e9s de videochamadas e coworking. Ent\u00e3o, para cada livro produzido, existe uma equipe completamente diferente por tr\u00e1s. A divulga\u00e7\u00e3o \u00e9 toda feita atrav\u00e9s do Instagram diretamente com a \u201cconcharia\u201d, apelido carinhoso que a fundadora da Concha, Andr\u00e9ia Pires, deu para os seus leitores; as vendas s\u00e3o feitas pelo site da editora e, atrav\u00e9s da internet, qualquer casa no mundo pode receber um livro da Concha.[\/et_pb_text][et_pb_gallery gallery_ids=&#8221;5737,5738,5739,5741,5740&#8243; fullwidth=&#8221;on&#8221; _builder_version=&#8221;4.9.4&#8243; _module_preset=&#8221;default&#8221; custom_margin=&#8221;||0px||false|false&#8221; custom_padding=&#8221;||0px||false|false&#8221; auto=&#8221;on&#8221; auto_speed=&#8221;6000&#8243;][\/et_pb_gallery][et_pb_text _builder_version=&#8221;4.9.4&#8243; _module_preset=&#8221;default&#8221; text_text_color=&#8221;#afafaf&#8221; text_font_size=&#8221;12px&#8221; custom_margin=&#8221;0px||||false|false&#8221; custom_padding=&#8221;0px||||false|false&#8221;]<\/p>\n<p>Fotos: Divulga\u00e7\u00e3o \/ Concha Editora<\/p>\n<p>[\/et_pb_text][et_pb_text _builder_version=&#8221;4.9.4&#8243; text_font=&#8221;||||||||&#8221; text_line_height=&#8221;1.8em&#8221; header_font_size=&#8221;36px&#8221; animation_style=&#8221;fade&#8221; animation_direction=&#8221;bottom&#8221; animation_starting_opacity=&#8221;100%&#8221;]<\/p>\n<p>Com sete t\u00edtulos lan\u00e7ados e quase 1.000 livros em circula\u00e7\u00e3o, a editora coleciona prest\u00edgio na \u00e1rea cultural. Foi quatro vezes finalista de pr\u00eamios como o Pr\u00eamio Ages de Literatura, promovido pela Associa\u00e7\u00e3o Ga\u00facha de Escritores. Realizou cerca de 20 eventos e reuniu mais de 30 autores da regi\u00e3o prestigiados, tanto em seus livros como em textos para o Blog da Concha, que pode ser conferido <a href=\"https:\/\/www.conchaeditora.com.br\/blogdaconcha\" target=\"_blank\" rel=\"noopener\"><strong>aqui<\/strong><\/a>.<\/p>\n<p>\u201cA editora tem esse nome de Concha porque tem uma rela\u00e7\u00e3o imediata com o mar. O Rio Grande do Sul tem \u00e1gua por todos os lados, tem a Laguna dos Patos de um lado e, do outro, tem o oceano. Tudo na cidade tem essa simbologia, e a nossa hist\u00f3ria \u00e9 contar a hist\u00f3ria daqui, da nossa identidade,\u201d revela Andr\u00e9ia Pires<\/p>\n<p>Para navegar um pouco mais nessas \u00e1guas, mergulha <a href=\"https:\/\/www.conchaeditora.com.br\/\" target=\"_blank\" rel=\"noopener\"><strong>aqui<\/strong><\/a>.<\/p>\n<p>[\/et_pb_text][\/et_pb_column][\/et_pb_row][\/et_pb_section]<\/p>\n","protected":false},"excerpt":{"rendered":"<p>[et_pb_section fb_built=&#8221;1&#8243; admin_label=&#8221;Hero Section&#8221; _builder_version=&#8221;4.9.4&#8243; background_image=&#8221;https:\/\/webjornalismo.unicap.br\/bibliobulico\/wp-content\/uploads\/2021\/05\/IMG_7880-scaled.jpg&#8221; background_position=&#8221;bottom_right&#8221; background_enable_video_mp4=&#8221;off&#8221; background_enable_video_webm=&#8221;off&#8221; background_video_width=&#8221;1920&#8243; background_video_height=&#8221;1080&#8243; custom_margin=&#8221;|||&#8221; custom_padding=&#8221;18%||18%|&#8221; animation_style=&#8221;fade&#8221; hover_enabled=&#8221;0&#8243; title_text=&#8221;IMG_7880&#8243; sticky_enabled=&#8221;0&#8243; background_color=&#8221;rgba(0,0,0,0.7)&#8221; background_blend=&#8221;multiply&#8221;][et_pb_row _builder_version=&#8221;4.9.4&#8243;][et_pb_column type=&#8221;4_4&#8243; _builder_version=&#8221;4.9.4&#8243; custom_padding=&#8221;|||&#8221; custom_padding__hover=&#8221;|||&#8221;][et_pb_text _builder_version=&#8221;4.9.4&#8243; text_font=&#8221;||||||||&#8221; text_font_size=&#8221;24px&#8221; text_line_height=&#8221;1.6em&#8221; header_font=&#8221;||||||||&#8221; header_font_size=&#8221;80px&#8221; header_line_height=&#8221;1.1em&#8221; header_2_font=&#8221;||||||||&#8221; text_orientation=&#8221;center&#8221; background_layout=&#8221;dark&#8221; module_alignment=&#8221;center&#8221; hover_enabled=&#8221;0&#8243; header_font_size_tablet=&#8221;&#8221; header_font_size_phone=&#8221;48px&#8221; header_font_size_last_edited=&#8221;on|phone&#8221; text_text_shadow_style=&#8221;preset3&#8243; sticky_enabled=&#8221;0&#8243;] APRESENTA\u00c7\u00c3O Bibliodiversidade Bibliodiversidade \u00e9 a palavra usada para definir a diversidade cultural aplicada ao [&hellip;]<\/p>\n","protected":false},"author":1,"featured_media":0,"parent":0,"menu_order":0,"comment_status":"closed","ping_status":"closed","template":"","meta":{"_et_pb_use_builder":"on","_et_pb_old_content":"","_et_gb_content_width":""},"_links":{"self":[{"href":"https:\/\/webjornalismo.unicap.br\/bibliobulico\/wp-json\/wp\/v2\/pages\/5725"}],"collection":[{"href":"https:\/\/webjornalismo.unicap.br\/bibliobulico\/wp-json\/wp\/v2\/pages"}],"about":[{"href":"https:\/\/webjornalismo.unicap.br\/bibliobulico\/wp-json\/wp\/v2\/types\/page"}],"author":[{"embeddable":true,"href":"https:\/\/webjornalismo.unicap.br\/bibliobulico\/wp-json\/wp\/v2\/users\/1"}],"replies":[{"embeddable":true,"href":"https:\/\/webjornalismo.unicap.br\/bibliobulico\/wp-json\/wp\/v2\/comments?post=5725"}],"version-history":[{"count":12,"href":"https:\/\/webjornalismo.unicap.br\/bibliobulico\/wp-json\/wp\/v2\/pages\/5725\/revisions"}],"predecessor-version":[{"id":6038,"href":"https:\/\/webjornalismo.unicap.br\/bibliobulico\/wp-json\/wp\/v2\/pages\/5725\/revisions\/6038"}],"wp:attachment":[{"href":"https:\/\/webjornalismo.unicap.br\/bibliobulico\/wp-json\/wp\/v2\/media?parent=5725"}],"curies":[{"name":"wp","href":"https:\/\/api.w.org\/{rel}","templated":true}]}}